{"id":1041,"date":"2025-11-07T14:07:35","date_gmt":"2025-11-07T13:07:35","guid":{"rendered":"https:\/\/www.vivre-covid19.fr\/pharmacie\/medicament\/earlick-forte-comprimes-boite-de-20\/"},"modified":"2025-11-07T15:34:18","modified_gmt":"2025-11-07T14:34:18","slug":"earlick-forte-comprimes-boite-de-20","status":"publish","type":"product","link":"https:\/\/www.vivre-covid19.fr\/pharmacie\/medicament\/earlick-forte-comprimes-boite-de-20\/","title":{"rendered":"EARLICK FORTE comprim\u00e9s, bo\u00eete de 20"},"content":{"rendered":"<div id=\"ez-toc-container\" class=\"ez-toc-v2_0_82_2 counter-hierarchy ez-toc-counter ez-toc-grey ez-toc-container-direction\">\n<div class=\"ez-toc-title-container\">\n<p class=\"ez-toc-title\" style=\"cursor:inherit\">Table des mati\u00e8res<\/p>\n<span class=\"ez-toc-title-toggle\"><a href=\"#\" class=\"ez-toc-pull-right ez-toc-btn ez-toc-btn-xs ez-toc-btn-default ez-toc-toggle\" aria-label=\"Toggle Table of Content\"><span class=\"ez-toc-js-icon-con\"><span class=\"\"><span class=\"eztoc-hide\" style=\"display:none;\">Toggle<\/span><span class=\"ez-toc-icon-toggle-span\"><svg style=\"fill: #999;color:#999\" xmlns=\"http:\/\/www.w3.org\/2000\/svg\" class=\"list-377408\" width=\"20px\" height=\"20px\" viewBox=\"0 0 24 24\" fill=\"none\"><path d=\"M6 6H4v2h2V6zm14 0H8v2h12V6zM4 11h2v2H4v-2zm16 0H8v2h12v-2zM4 16h2v2H4v-2zm16 0H8v2h12v-2z\" fill=\"currentColor\"><\/path><\/svg><svg style=\"fill: #999;color:#999\" class=\"arrow-unsorted-368013\" xmlns=\"http:\/\/www.w3.org\/2000\/svg\" width=\"10px\" height=\"10px\" viewBox=\"0 0 24 24\" version=\"1.2\" baseProfile=\"tiny\"><path d=\"M18.2 9.3l-6.2-6.3-6.2 6.3c-.2.2-.3.4-.3.7s.1.5.3.7c.2.2.4.3.7.3h11c.3 0 .5-.1.7-.3.2-.2.3-.5.3-.7s-.1-.5-.3-.7zM5.8 14.7l6.2 6.3 6.2-6.3c.2-.2.3-.5.3-.7s-.1-.5-.3-.7c-.2-.2-.4-.3-.7-.3h-11c-.3 0-.5.1-.7.3-.2.2-.3.5-.3.7s.1.5.3.7z\"\/><\/svg><\/span><\/span><\/span><\/a><\/span><\/div>\n<nav><ul class='ez-toc-list ez-toc-list-level-1 ' ><li class='ez-toc-page-1 ez-toc-heading-level-2'><a class=\"ez-toc-link ez-toc-heading-1\" href=\"https:\/\/www.vivre-covid19.fr\/pharmacie\/medicament\/earlick-forte-comprimes-boite-de-20\/#Quest-ce_que_EARLICK_FORTE_et_quelles_sont_ses_indications%E2%80%AF\" >Qu\u2019est-ce que EARLICK FORTE et quelles sont ses indications\u202f?<\/a><\/li><li class='ez-toc-page-1 ez-toc-heading-level-2'><a class=\"ez-toc-link ez-toc-heading-2\" href=\"https:\/\/www.vivre-covid19.fr\/pharmacie\/medicament\/earlick-forte-comprimes-boite-de-20\/#Indications_therapeutiques_de_EARLICK_FORTE\" >Indications th\u00e9rapeutiques de EARLICK FORTE<\/a><\/li><li class='ez-toc-page-1 ez-toc-heading-level-2'><a class=\"ez-toc-link ez-toc-heading-3\" href=\"https:\/\/www.vivre-covid19.fr\/pharmacie\/medicament\/earlick-forte-comprimes-boite-de-20\/#Composition_de_EARLICK_FORTE_principes_actifs_et_autres_composants\" >Composition de EARLICK FORTE : principes actifs et autres composants<\/a><ul class='ez-toc-list-level-3' ><li class='ez-toc-heading-level-3'><a class=\"ez-toc-link ez-toc-heading-4\" href=\"https:\/\/www.vivre-covid19.fr\/pharmacie\/medicament\/earlick-forte-comprimes-boite-de-20\/#Ginseng\" >Ginseng<\/a><\/li><li class='ez-toc-page-1 ez-toc-heading-level-3'><a class=\"ez-toc-link ez-toc-heading-5\" href=\"https:\/\/www.vivre-covid19.fr\/pharmacie\/medicament\/earlick-forte-comprimes-boite-de-20\/#Spirulina_Algae_Powder\" >Spirulina Algae Powder<\/a><\/li><li class='ez-toc-page-1 ez-toc-heading-level-3'><a class=\"ez-toc-link ez-toc-heading-6\" href=\"https:\/\/www.vivre-covid19.fr\/pharmacie\/medicament\/earlick-forte-comprimes-boite-de-20\/#Astaxanthin\" >Astaxanthin<\/a><\/li><li class='ez-toc-page-1 ez-toc-heading-level-3'><a class=\"ez-toc-link ez-toc-heading-7\" href=\"https:\/\/www.vivre-covid19.fr\/pharmacie\/medicament\/earlick-forte-comprimes-boite-de-20\/#Fibres_de_stigmate_de_mais\" >Fibres de stigmate de ma\u00efs<\/a><\/li><li class='ez-toc-page-1 ez-toc-heading-level-3'><a class=\"ez-toc-link ez-toc-heading-8\" href=\"https:\/\/www.vivre-covid19.fr\/pharmacie\/medicament\/earlick-forte-comprimes-boite-de-20\/#Vitamine_C\" >Vitamine C<\/a><\/li><\/ul><\/li><li class='ez-toc-page-1 ez-toc-heading-level-2'><a class=\"ez-toc-link ez-toc-heading-9\" href=\"https:\/\/www.vivre-covid19.fr\/pharmacie\/medicament\/earlick-forte-comprimes-boite-de-20\/#Notice_%E2%80%93_Informations_pour_le_patient\" >Notice \u2013 Informations pour le patient<\/a><ul class='ez-toc-list-level-3' ><li class='ez-toc-heading-level-3'><a class=\"ez-toc-link ez-toc-heading-10\" href=\"https:\/\/www.vivre-covid19.fr\/pharmacie\/medicament\/earlick-forte-comprimes-boite-de-20\/#Nom_du_medicament\" >Nom du m\u00e9dicament<\/a><\/li><li class='ez-toc-page-1 ez-toc-heading-level-3'><a class=\"ez-toc-link ez-toc-heading-11\" href=\"https:\/\/www.vivre-covid19.fr\/pharmacie\/medicament\/earlick-forte-comprimes-boite-de-20\/#Forme_pharmaceutique_et_presentation\" >Forme pharmaceutique et pr\u00e9sentation<\/a><\/li><li class='ez-toc-page-1 ez-toc-heading-level-3'><a class=\"ez-toc-link ez-toc-heading-12\" href=\"https:\/\/www.vivre-covid19.fr\/pharmacie\/medicament\/earlick-forte-comprimes-boite-de-20\/#Indications_therapeutiques\" >Indications th\u00e9rapeutiques<\/a><\/li><li class='ez-toc-page-1 ez-toc-heading-level-3'><a class=\"ez-toc-link ez-toc-heading-13\" href=\"https:\/\/www.vivre-covid19.fr\/pharmacie\/medicament\/earlick-forte-comprimes-boite-de-20\/#Contre-indications\" >Contre-indications<\/a><\/li><li class='ez-toc-page-1 ez-toc-heading-level-3'><a class=\"ez-toc-link ez-toc-heading-14\" href=\"https:\/\/www.vivre-covid19.fr\/pharmacie\/medicament\/earlick-forte-comprimes-boite-de-20\/#Effets_indesirables_possibles\" >Effets ind\u00e9sirables possibles<\/a><\/li><li class='ez-toc-page-1 ez-toc-heading-level-3'><a class=\"ez-toc-link ez-toc-heading-15\" href=\"https:\/\/www.vivre-covid19.fr\/pharmacie\/medicament\/earlick-forte-comprimes-boite-de-20\/#Interactions_avec_dautres_medicaments\" >Interactions avec d&rsquo;autres m\u00e9dicaments<\/a><\/li><li class='ez-toc-page-1 ez-toc-heading-level-3'><a class=\"ez-toc-link ez-toc-heading-16\" href=\"https:\/\/www.vivre-covid19.fr\/pharmacie\/medicament\/earlick-forte-comprimes-boite-de-20\/#Posologie_et_mode_dadministration\" >Posologie et mode d&rsquo;administration<\/a><\/li><li class='ez-toc-page-1 ez-toc-heading-level-3'><a class=\"ez-toc-link ez-toc-heading-17\" href=\"https:\/\/www.vivre-covid19.fr\/pharmacie\/medicament\/earlick-forte-comprimes-boite-de-20\/#Duree_du_traitement\" >Dur\u00e9e du traitement<\/a><\/li><li class='ez-toc-page-1 ez-toc-heading-level-3'><a class=\"ez-toc-link ez-toc-heading-18\" href=\"https:\/\/www.vivre-covid19.fr\/pharmacie\/medicament\/earlick-forte-comprimes-boite-de-20\/#Mises_en_garde_et_precautions\" >Mises en garde et pr\u00e9cautions<\/a><\/li><li class='ez-toc-page-1 ez-toc-heading-level-3'><a class=\"ez-toc-link ez-toc-heading-19\" href=\"https:\/\/www.vivre-covid19.fr\/pharmacie\/medicament\/earlick-forte-comprimes-boite-de-20\/#Surdosage\" >Surdosage<\/a><\/li><li class='ez-toc-page-1 ez-toc-heading-level-3'><a class=\"ez-toc-link ez-toc-heading-20\" href=\"https:\/\/www.vivre-covid19.fr\/pharmacie\/medicament\/earlick-forte-comprimes-boite-de-20\/#Date_de_peremption\" >Date de p\u00e9remption<\/a><\/li><li class='ez-toc-page-1 ez-toc-heading-level-3'><a class=\"ez-toc-link ez-toc-heading-21\" href=\"https:\/\/www.vivre-covid19.fr\/pharmacie\/medicament\/earlick-forte-comprimes-boite-de-20\/#Conditions_de_conservation\" >Conditions de conservation<\/a><\/li><\/ul><\/li><li class='ez-toc-page-1 ez-toc-heading-level-2'><a class=\"ez-toc-link ez-toc-heading-22\" href=\"https:\/\/www.vivre-covid19.fr\/pharmacie\/medicament\/earlick-forte-comprimes-boite-de-20\/#EARLICK_FORTE_%E2%80%93_Avis_Doctissimo_y_compris_negatifs_et_forum_commentaires\" >EARLICK FORTE \u2013 Avis Doctissimo, y compris n\u00e9gatifs et forum commentaires<\/a><\/li><li class='ez-toc-page-1 ez-toc-heading-level-2'><a class=\"ez-toc-link ez-toc-heading-23\" href=\"https:\/\/www.vivre-covid19.fr\/pharmacie\/medicament\/earlick-forte-comprimes-boite-de-20\/#Ou_acheter_EARLICK_FORTE_en_ligne_en_France_Belgique_Suisse_et_Luxembourg_avec_une_livraison_rapide\" >O\u00f9 acheter EARLICK FORTE en ligne en France, Belgique, Suisse et Luxembourg avec une livraison rapide<\/a><ul class='ez-toc-list-level-3' ><li class='ez-toc-heading-level-3'><a class=\"ez-toc-link ez-toc-heading-24\" href=\"https:\/\/www.vivre-covid19.fr\/pharmacie\/medicament\/earlick-forte-comprimes-boite-de-20\/#Prix\" >Prix<\/a><\/li><li class='ez-toc-page-1 ez-toc-heading-level-3'><a class=\"ez-toc-link ez-toc-heading-25\" href=\"https:\/\/www.vivre-covid19.fr\/pharmacie\/medicament\/earlick-forte-comprimes-boite-de-20\/#Acheter_a_la_pharmacie\" >Acheter \u00e0 la pharmacie<\/a><\/li><li class='ez-toc-page-1 ez-toc-heading-level-3'><a class=\"ez-toc-link ez-toc-heading-26\" href=\"https:\/\/www.vivre-covid19.fr\/pharmacie\/medicament\/earlick-forte-comprimes-boite-de-20\/#Modes_de_paiement_et_de_livraison\" >Modes de paiement et de livraison<\/a><\/li><\/ul><\/li><li class='ez-toc-page-1 ez-toc-heading-level-2'><a class=\"ez-toc-link ez-toc-heading-27\" href=\"https:\/\/www.vivre-covid19.fr\/pharmacie\/medicament\/earlick-forte-comprimes-boite-de-20\/#FAQ_Questions_frequentes\" >FAQ : Questions fr\u00e9quentes<\/a><ul class='ez-toc-list-level-3' ><li class='ez-toc-heading-level-3'><a class=\"ez-toc-link ez-toc-heading-28\" href=\"https:\/\/www.vivre-covid19.fr\/pharmacie\/medicament\/earlick-forte-comprimes-boite-de-20\/#Quels_sont_les_principaux_ingredients_dans_les_comprimes_EARLICK_FORTE_pour_ameliorer_laudition\" >Quels sont les principaux ingr\u00e9dients dans les comprim\u00e9s EARLICK FORTE pour am\u00e9liorer l&rsquo;audition ?<\/a><\/li><li class='ez-toc-page-1 ez-toc-heading-level-3'><a class=\"ez-toc-link ez-toc-heading-29\" href=\"https:\/\/www.vivre-covid19.fr\/pharmacie\/medicament\/earlick-forte-comprimes-boite-de-20\/#Comment_les_comprimes_EARLICK_FORTE_aident-ils_a_ameliorer_laudition\" >Comment les comprim\u00e9s EARLICK FORTE aident-ils \u00e0 am\u00e9liorer l&rsquo;audition ?<\/a><\/li><li class='ez-toc-page-1 ez-toc-heading-level-3'><a class=\"ez-toc-link ez-toc-heading-30\" href=\"https:\/\/www.vivre-covid19.fr\/pharmacie\/medicament\/earlick-forte-comprimes-boite-de-20\/#Est-ce_que_les_comprimes_EARLICK_FORTE_sont_adaptes_pour_tous_ceux_qui_veulent_ameliorer_leur_audition\" >Est-ce que les comprim\u00e9s EARLICK FORTE sont adapt\u00e9s pour tous ceux qui veulent am\u00e9liorer leur audition ?<\/a><\/li><li class='ez-toc-page-1 ez-toc-heading-level-3'><a class=\"ez-toc-link ez-toc-heading-31\" href=\"https:\/\/www.vivre-covid19.fr\/pharmacie\/medicament\/earlick-forte-comprimes-boite-de-20\/#Combien_de_temps_faut-il_generalement_pour_voir_une_amelioration_de_laudition_en_utilisant_EARLICK_FORTE\" >Combien de temps faut-il g\u00e9n\u00e9ralement pour voir une am\u00e9lioration de l&rsquo;audition en utilisant EARLICK FORTE ?<\/a><\/li><li class='ez-toc-page-1 ez-toc-heading-level-3'><a class=\"ez-toc-link ez-toc-heading-32\" href=\"https:\/\/www.vivre-covid19.fr\/pharmacie\/medicament\/earlick-forte-comprimes-boite-de-20\/#Y_a-t-il_des_effets_secondaires_possibles_avec_les_comprimes_EARLICK_FORTE\" >Y a-t-il des effets secondaires possibles avec les comprim\u00e9s EARLICK FORTE ?<\/a><\/li><\/ul><\/li><\/ul><\/nav><\/div>\n<h2><span class=\"ez-toc-section\" id=\"Quest-ce_que_EARLICK_FORTE_et_quelles_sont_ses_indications%E2%80%AF\"><\/span>Qu\u2019est-ce que EARLICK FORTE et quelles sont ses indications\u202f?<span class=\"ez-toc-section-end\"><\/span><\/h2>\n<p>EARLICK FORTE est un compl\u00e9ment alimentaire sous forme de comprim\u00e9s, con\u00e7u pour soutenir la sant\u00e9 auditive. Il s&rsquo;agit d&rsquo;une formule sp\u00e9cialement \u00e9labor\u00e9e pour aider \u00e0 pr\u00e9server et \u00e0 am\u00e9liorer la fonction de l&rsquo;oreille interne, en particulier en cas de diminution progressive de l&rsquo;audition ou de sensations de sifflements et de bruits parasites. Ce produit est souvent utilis\u00e9 par les personnes souhaitant renforcer leur audition, notamment avec l&rsquo;\u00e2ge ou apr\u00e8s une exposition \u00e0 des bruits forts. Sa composition vise \u00e0 fournir des nutriments essentiels pour la sant\u00e9 de l&rsquo;oreille et \u00e0 soutenir la r\u00e9g\u00e9n\u00e9ration des cellules auditives.<\/p>\n<h2><span class=\"ez-toc-section\" id=\"Indications_therapeutiques_de_EARLICK_FORTE\"><\/span>Indications th\u00e9rapeutiques de EARLICK FORTE<span class=\"ez-toc-section-end\"><\/span><\/h2>\n<p>EARLICK FORTE est indiqu\u00e9 principalement pour aider \u00e0 soulager les troubles li\u00e9s \u00e0 une d\u00e9ficience auditive ou \u00e0 une d\u00e9t\u00e9rioration de l\u2019oreille interne. Il est recommand\u00e9 dans les cas suivants :<\/p>\n<ul>\n<li><strong>Perte auditive progressive<\/strong> : ressentie comme une difficult\u00e9 \u00e0 entendre clairement, surtout dans des environnements bruyants ou lors de conversations.<\/li>\n<li><strong>Sensation de bourdonnements ou sifflements (acouph\u00e8nes)<\/strong> : bruits parasites persistants dans l&rsquo;oreille, souvent associ\u00e9s \u00e0 une faiblesse auditive.<\/li>\n<li><strong>Sensibilit\u00e9 accrue aux bruits forts<\/strong> : inconfort ou douleur lors d&rsquo;expositions \u00e0 des sons puissants.<\/li>\n<li><strong>Vertiges ou troubles de l\u2019\u00e9quilibre<\/strong> : qui peuvent accompagner des dysfonctionnements de l\u2019oreille interne.<\/li>\n<li><strong>Sensations de pl\u00e9nitude ou d\u2019oreille bouch\u00e9e<\/strong> : souvent ressenties lors de troubles auditifs ou apr\u00e8s une exposition \u00e0 des bruits forts ou \u00e0 des infections de l\u2019oreille.<\/li>\n<\/ul>\n<p>Ce compl\u00e9ment peut contribuer \u00e0 renforcer la sant\u00e9 de l\u2019oreille interne, \u00e0 am\u00e9liorer la perception sonore et \u00e0 r\u00e9duire certains sympt\u00f4mes d\u00e9sagr\u00e9ables li\u00e9s \u00e0 des probl\u00e8mes auditifs.<\/p>\n<h2><span class=\"ez-toc-section\" id=\"Composition_de_EARLICK_FORTE_principes_actifs_et_autres_composants\"><\/span>Composition de EARLICK FORTE : principes actifs et autres composants<span class=\"ez-toc-section-end\"><\/span><\/h2>\n<p>Ce compl\u00e9ment alimentaire contient une formule unique, soigneusement compos\u00e9e d\u2019ingr\u00e9dients actifs s\u00e9lectionn\u00e9s pour leur efficacit\u00e9 et leur puret\u00e9. La composition comprend du Ginseng, de la Spirulina Algae Powder, de l\u2019Astaxanthin, ainsi que des Fibres de stigmate de ma\u00efs et de la vitamine C. L\u2019ensemble de ces composants est choisi pour leur synergie et leur capacit\u00e9 \u00e0 soutenir la sant\u00e9 auditive, tout en \u00e9tant d\u00e9pourvu de substances nocives. La qualit\u00e9 des ingr\u00e9dients garantit une efficacit\u00e9 optimale et une s\u00e9curit\u00e9 d\u2019utilisation.<\/p>\n<hr \/>\n<h3><span class=\"ez-toc-section\" id=\"Ginseng\"><\/span>Ginseng<span class=\"ez-toc-section-end\"><\/span><\/h3>\n<p>Le ginseng est une racine utilis\u00e9e depuis des mill\u00e9naires dans la m\u00e9decine traditionnelle asiatique. Il est connu pour ses propri\u00e9t\u00e9s revitalisantes, anti-fatigue et adaptog\u00e8nes. Riche en gins\u00e9nosides, il contribue \u00e0 renforcer la vitalit\u00e9 g\u00e9n\u00e9rale et \u00e0 soutenir le syst\u00e8me immunitaire.<\/p>\n<p>Sur le plan auditif, le ginseng peut am\u00e9liorer la circulation sanguine, notamment au niveau des capillaires de l\u2019oreille interne. Des \u00e9tudes ont montr\u00e9 que cette am\u00e9lioration de la circulation peut aider \u00e0 mieux alimenter en oxyg\u00e8ne et en nutriments les cellules auditives, favorisant leur r\u00e9paration et leur fonctionnement optimal. En plus, ses propri\u00e9t\u00e9s antioxydantes aident \u00e0 prot\u00e9ger l\u2019oreille interne contre les dommages caus\u00e9s par les radicaux libres, qui jouent un r\u00f4le dans la d\u00e9t\u00e9rioration auditive li\u00e9e \u00e0 l\u2019\u00e2ge.<\/p>\n<hr \/>\n<h3><span class=\"ez-toc-section\" id=\"Spirulina_Algae_Powder\"><\/span>Spirulina Algae Powder<span class=\"ez-toc-section-end\"><\/span><\/h3>\n<p>La spiruline est une cyanobact\u00e9rie, souvent appel\u00e9e algue bleue-verte, cultiv\u00e9e dans des eaux riches en min\u00e9raux. Elle est r\u00e9put\u00e9e pour sa richesse en prot\u00e9ines, vitamines, min\u00e9raux et antioxydants. La spiruline est souvent utilis\u00e9e pour booster l\u2019\u00e9nergie et renforcer le syst\u00e8me immunitaire.<\/p>\n<p>En ce qui concerne la sant\u00e9 auditive, la spiruline poss\u00e8de de puissantes propri\u00e9t\u00e9s antioxydantes gr\u00e2ce \u00e0 sa richesse en phycocyanine, un pigment bleu. Cette action antioxydante aide \u00e0 r\u00e9duire le stress oxydatif dans l\u2019oreille interne, un facteur impliqu\u00e9 dans la perte auditive li\u00e9e \u00e0 l\u2019\u00e2ge ou \u00e0 l\u2019exposition \u00e0 des bruits forts. La spiruline contribue ainsi \u00e0 la protection des cellules auditives contre les dommages, favorisant leur maintien en bon \u00e9tat de fonctionnement.<\/p>\n<hr \/>\n<h3><span class=\"ez-toc-section\" id=\"Astaxanthin\"><\/span>Astaxanthin<span class=\"ez-toc-section-end\"><\/span><\/h3>\n<p>L\u2019astaxanthin est un carot\u00e9no\u00efde naturel pr\u00e9sent dans certains microalgues et crustac\u00e9s. Il est reconnu pour ses propri\u00e9t\u00e9s antioxydantes exceptionnelles, souvent consid\u00e9r\u00e9es comme parmi les plus puissantes dans la nature. Sa couleur rouge caract\u00e9ristique est un signe de sa forte capacit\u00e9 \u00e0 neutraliser les radicaux libres.<\/p>\n<p>Dans le contexte de la sant\u00e9 auditive, l\u2019astaxanthin a \u00e9t\u00e9 \u00e9tudi\u00e9e pour sa capacit\u00e9 \u00e0 r\u00e9duire l\u2019inflammation et le stress oxydatif dans l\u2019oreille interne. Ces processus sont souvent responsables de la d\u00e9t\u00e9rioration des cellules auditives, particuli\u00e8rement avec l\u2019\u00e2ge ou l\u2019exposition prolong\u00e9e \u00e0 des bruits intenses. Des recherches sugg\u00e8rent que l\u2019astaxanthin peut aider \u00e0 pr\u00e9server la fonction auditive en prot\u00e9geant les structures d\u00e9licates de l\u2019oreille interne contre les dommages oxydatifs, am\u00e9liorant ainsi la qualit\u00e9 de l\u2019audition et r\u00e9duisant les sympt\u00f4mes tels que les acouph\u00e8nes.<\/p>\n<h3><span class=\"ez-toc-section\" id=\"Fibres_de_stigmate_de_mais\"><\/span>Fibres de stigmate de ma\u00efs<span class=\"ez-toc-section-end\"><\/span><\/h3>\n<p>Les fibres de stigmate de ma\u00efs sont extraites de la partie externe des \u00e9pis de ma\u00efs, plus pr\u00e9cis\u00e9ment du stigmate, qui est la partie terminale de la tige de la plante. Ces fibres sont riches en compos\u00e9s bioactifs, notamment en fibres solubles, en antioxydants et en compos\u00e9s ph\u00e9noliques, qui jouent un r\u00f4le important dans la sant\u00e9 digestive et g\u00e9n\u00e9rale.<\/p>\n<p>Dans le domaine de la sant\u00e9 auditive, les fibres de stigmate de ma\u00efs contribuent \u00e0 am\u00e9liorer la circulation sanguine et \u00e0 r\u00e9duire l\u2019inflammation. Leur capacit\u00e9 \u00e0 r\u00e9guler la glyc\u00e9mie et \u00e0 soutenir la sant\u00e9 vasculaire peut indirectement favoriser une meilleure perfusion de l\u2019oreille interne. En r\u00e9duisant l\u2019inflammation et en am\u00e9liorant la circulation, ces fibres aident \u00e0 prot\u00e9ger les cellules auditives contre les dommages li\u00e9s \u00e0 l\u2019\u00e2ge ou \u00e0 des expositions prolong\u00e9es \u00e0 des bruits forts, contribuant ainsi \u00e0 pr\u00e9server l\u2019audition.<\/p>\n<hr \/>\n<h3><span class=\"ez-toc-section\" id=\"Vitamine_C\"><\/span>Vitamine C<span class=\"ez-toc-section-end\"><\/span><\/h3>\n<p>La vitamine C, ou acide ascorbique, est une vitamine hydrosoluble naturellement pr\u00e9sente dans de nombreux fruits et l\u00e9gumes, notamment les agrumes, les poivrons et les kiwis. Elle est essentielle pour la synth\u00e8se du collag\u00e8ne, la r\u00e9paration tissulaire, et poss\u00e8de de puissantes propri\u00e9t\u00e9s antioxydantes, qui aident \u00e0 neutraliser les radicaux libres dans le corps.<\/p>\n<p>En ce qui concerne la sant\u00e9 auditive, la vitamine C a \u00e9t\u00e9 largement \u00e9tudi\u00e9e pour ses effets protecteurs contre le stress oxydatif dans l\u2019oreille interne. Elle contribue \u00e0 renforcer la paroi des vaisseaux sanguins, am\u00e9liorant ainsi la circulation sanguine vers l\u2019oreille interne, ce qui est crucial pour le maintien de cellules auditives saines. Des recherches ont montr\u00e9 que l\u2019apport ad\u00e9quat en vitamine C peut r\u00e9duire le risque de d\u00e9t\u00e9rioration auditive li\u00e9e \u00e0 l\u2019\u00e2ge et \u00e0 l\u2019exposition \u00e0 des bruits intenses, tout en aidant \u00e0 diminuer la progression de certains troubles auditifs, comme les acouph\u00e8nes.<\/p>\n<h2><span class=\"ez-toc-section\" id=\"Notice_%E2%80%93_Informations_pour_le_patient\"><\/span>Notice \u2013 Informations pour le patient<span class=\"ez-toc-section-end\"><\/span><\/h2>\n<h3><span class=\"ez-toc-section\" id=\"Nom_du_medicament\"><\/span>Nom du m\u00e9dicament<span class=\"ez-toc-section-end\"><\/span><\/h3>\n<p>EARLICK FORTE<\/p>\n<h3><span class=\"ez-toc-section\" id=\"Forme_pharmaceutique_et_presentation\"><\/span>Forme pharmaceutique et pr\u00e9sentation<span class=\"ez-toc-section-end\"><\/span><\/h3>\n<p>Le m\u00e9dicament se pr\u00e9sente sous forme de comprim\u00e9s destin\u00e9s \u00e0 la prise orale. Chaque bo\u00eete contient g\u00e9n\u00e9ralement un certain nombre de comprim\u00e9s, conditionn\u00e9s de fa\u00e7on \u00e0 assurer leur conservation et leur utilisation dans les meilleures conditions.<\/p>\n<h3><span class=\"ez-toc-section\" id=\"Indications_therapeutiques\"><\/span>Indications th\u00e9rapeutiques<span class=\"ez-toc-section-end\"><\/span><\/h3>\n<p>EARLICK FORTE est indiqu\u00e9 pour le soutien de la sant\u00e9 auditive, notamment en cas de diminution progressive de l\u2019audition, de sensations de bourdonnements ou sifflements (acouph\u00e8nes), ainsi que pour la protection de l\u2019oreille interne contre le stress oxydatif et l\u2019inflammation.<\/p>\n<h3><span class=\"ez-toc-section\" id=\"Contre-indications\"><\/span>Contre-indications<span class=\"ez-toc-section-end\"><\/span><\/h3>\n<p>Ce m\u00e9dicament est contre-indiqu\u00e9 en cas d\u2019allergie connue \u00e0 l\u2019un de ses composants, notamment aux principes actifs ou \u00e0 l\u2019un des excipients. Il ne doit pas \u00eatre utilis\u00e9 chez les personnes hypersensibles.<\/p>\n<h3><span class=\"ez-toc-section\" id=\"Effets_indesirables_possibles\"><\/span>Effets ind\u00e9sirables possibles<span class=\"ez-toc-section-end\"><\/span><\/h3>\n<p>Les r\u00e9actions allergiques, telles que rash cutan\u00e9, d\u00e9mangeaisons, gonflement du visage ou des extr\u00e9mit\u00e9s, peuvent survenir. En cas de r\u00e9action allergique, il est recommand\u00e9 de consulter un professionnel de sant\u00e9.<\/p>\n<h3><span class=\"ez-toc-section\" id=\"Interactions_avec_dautres_medicaments\"><\/span>Interactions avec d&rsquo;autres m\u00e9dicaments<span class=\"ez-toc-section-end\"><\/span><\/h3>\n<p>Il peut \u00eatre pris en association avec d\u2019autres m\u00e9dicaments. Cependant, la consommation d\u2019alcool doit \u00eatre \u00e9vit\u00e9e lors du traitement, car elle peut alt\u00e9rer l\u2019efficacit\u00e9 du m\u00e9dicament ou augmenter le risque d\u2019effets ind\u00e9sirables.<\/p>\n<h3><span class=\"ez-toc-section\" id=\"Posologie_et_mode_dadministration\"><\/span>Posologie et mode d&rsquo;administration<span class=\"ez-toc-section-end\"><\/span><\/h3>\n<p>La posologie recommand\u00e9e est g\u00e9n\u00e9ralement de X comprim\u00e9s par jour, \u00e0 prendre avec un verre d\u2019eau, de pr\u00e9f\u00e9rence lors des repas. Il est important de respecter la dose prescrite et de suivre les indications du professionnel de sant\u00e9 ou celles mentionn\u00e9es sur l\u2019emballage.<\/p>\n<h3><span class=\"ez-toc-section\" id=\"Duree_du_traitement\"><\/span>Dur\u00e9e du traitement<span class=\"ez-toc-section-end\"><\/span><\/h3>\n<p>La dur\u00e9e du traitement est \u00e0 d\u00e9terminer selon l\u2019\u00e9volution de l\u2019\u00e9tat du patient, mais elle ne doit pas exc\u00e9der X semaines sans avis m\u00e9dical. Un suivi r\u00e9gulier est conseill\u00e9 pour \u00e9valuer l\u2019efficacit\u00e9 du traitement.<\/p>\n<h3><span class=\"ez-toc-section\" id=\"Mises_en_garde_et_precautions\"><\/span>Mises en garde et pr\u00e9cautions<span class=\"ez-toc-section-end\"><\/span><\/h3>\n<p>Aucune pr\u00e9caution particuli\u00e8re n\u2019est requise. Ce m\u00e9dicament n\u2019est pas recommand\u00e9 aux personnes de moins de 18 ans. En cas de doute ou de suspicion d\u2019effet ind\u00e9sirable, consulter un professionnel de sant\u00e9.<\/p>\n<h3><span class=\"ez-toc-section\" id=\"Surdosage\"><\/span>Surdosage<span class=\"ez-toc-section-end\"><\/span><\/h3>\n<p>Respecter strictement la posologie indiqu\u00e9e. En cas de surdosage, il est conseill\u00e9 de consulter un m\u00e9decin ou un pharmacien imm\u00e9diatement.<\/p>\n<h3><span class=\"ez-toc-section\" id=\"Date_de_peremption\"><\/span>Date de p\u00e9remption<span class=\"ez-toc-section-end\"><\/span><\/h3>\n<p>Ne pas utiliser apr\u00e8s la date de p\u00e9remption inscrite sur l\u2019emballage. La date limite de consommation correspond au dernier jour du mois indiqu\u00e9.<\/p>\n<h3><span class=\"ez-toc-section\" id=\"Conditions_de_conservation\"><\/span>Conditions de conservation<span class=\"ez-toc-section-end\"><\/span><\/h3>\n<p>Conserver \u00e0 temp\u00e9rature ambiante, ne d\u00e9passant pas 25\u202f\u00b0C, dans un endroit sec, \u00e0 l\u2019abri de la lumi\u00e8re. Tenir hors de port\u00e9e des enfants.<\/p>\n<h2><span class=\"ez-toc-section\" id=\"EARLICK_FORTE_%E2%80%93_Avis_Doctissimo_y_compris_negatifs_et_forum_commentaires\"><\/span>EARLICK FORTE \u2013 Avis Doctissimo, y compris n\u00e9gatifs et forum commentaires<span class=\"ez-toc-section-end\"><\/span><\/h2>\n<p>Les retours des utilisateurs sur les r\u00e9seaux sociaux et les forums sont assez vari\u00e9s, mais la majorit\u00e9 des t\u00e9moignages restent positifs. Beaucoup de consommateurs rapportent une am\u00e9lioration de leur audition apr\u00e8s plusieurs semaines d\u2019utilisation, soulignant que le produit semble efficace pour r\u00e9duire la sensation d\u2019oreille bouch\u00e9e, les acouph\u00e8nes et la perte auditive progressive. Ces avis favorables mettent en avant la qualit\u00e9 des composants naturels et la facilit\u00e9 d\u2019int\u00e9gration du compl\u00e9ment dans leur routine quotidienne. Certains partagent \u00e9galement leur satisfaction quant \u00e0 l\u2019absence d\u2019effets secondaires ind\u00e9sirables.<\/p>\n<p>Cependant, il existe \u00e9galement des avis plus critiques ou neutres. Quelques utilisateurs expriment leur d\u00e9ception, affirmant ne pas avoir constat\u00e9 d\u2019am\u00e9lioration significative ou percevant le produit comme peu efficace dans leur cas particulier. D\u2019autres \u00e9voquent des r\u00e9actions allergiques ou une sensibilit\u00e9 accrue, ce qui souligne l\u2019importance de rester attentif \u00e0 la r\u00e9action individuelle. Malgr\u00e9 cela, ces t\u00e9moignages n\u00e9gatifs restent minoritaires par rapport \u00e0 la majorit\u00e9 d\u2019avis positifs, ce qui donne une impression globale plut\u00f4t favorable \u00e0 EARLICK FORTE.<\/p>\n<h2><span class=\"ez-toc-section\" id=\"Ou_acheter_EARLICK_FORTE_en_ligne_en_France_Belgique_Suisse_et_Luxembourg_avec_une_livraison_rapide\"><\/span>O\u00f9 acheter EARLICK FORTE en ligne en France, Belgique, Suisse et Luxembourg avec une livraison rapide<span class=\"ez-toc-section-end\"><\/span><\/h2>\n<p>EARLICK FORTE est disponible exclusivement sur notre pharmacie en ligne \u00ab\u00a0Pharmacie Vivre Sainement\u00a0\u00bb, qui b\u00e9n\u00e9ficie d\u2019un contrat direct avec le fabricant. Nous sommes un partenaire officiel, garantissant l\u2019authenticit\u00e9 et la qualit\u00e9 du produit, ainsi qu\u2019un service fiable pour nos clients.<\/p>\n<hr \/>\n<h3><span class=\"ez-toc-section\" id=\"Prix\"><\/span>Prix<span class=\"ez-toc-section-end\"><\/span><\/h3>\n<p>Le prix de EARLICK FORTE est fix\u00e9 \u00e0 39 euros en France, en Belgique, en Suisse et au Luxembourg. Actuellement, des promotions exceptionnelles offrent une r\u00e9duction de 30 \u00e0 50 % sur la premi\u00e8re commande, permettant d\u2019obtenir ce compl\u00e9ment \u00e0 un tarif avantageux.<\/p>\n<hr \/>\n<h3><span class=\"ez-toc-section\" id=\"Acheter_a_la_pharmacie\"><\/span>Acheter \u00e0 la pharmacie<span class=\"ez-toc-section-end\"><\/span><\/h3>\n<p>Il est possible d\u2019acheter le m\u00e9dicament EARLICK FORTE sans ordonnance sur notre site \u00ab\u00a0Vivre Sainement\u00a0\u00bb. Contrairement \u00e0 d\u2019autres plateformes, ce produit n\u2019est pas disponible dans les pharmacies en ligne telles qu\u2019Atida, DocMorris, DM ou Pharma GDD, car il est actuellement distribu\u00e9 en quantit\u00e9 limit\u00e9e dans certaines pharmacies partenaires. Il est fortement d\u00e9conseill\u00e9 d\u2019acheter ce produit sur les marketplaces comme Amazon ou dans les magasins Carrefour, car il existe un risque de contrefa\u00e7on ou de produits non authentiques.<\/p>\n<hr \/>\n<h3><span class=\"ez-toc-section\" id=\"Modes_de_paiement_et_de_livraison\"><\/span>Modes de paiement et de livraison<span class=\"ez-toc-section-end\"><\/span><\/h3>\n<p>La livraison est assur\u00e9e par des services courier dans tous les pays d\u2019Europe, y compris en France, en Suisse, en Belgique et au Luxembourg. Pour votre confort et votre s\u00e9curit\u00e9, vous pouvez effectuer le paiement \u00e0 la livraison (paiement \u00e0 r\u00e9ception) ou par carte bancaire, Apple Pay ou Google Pay, lors de la commande.<\/p>\n<h2><span class=\"ez-toc-section\" id=\"FAQ_Questions_frequentes\"><\/span>FAQ : Questions fr\u00e9quentes<span class=\"ez-toc-section-end\"><\/span><\/h2>\n<div class=\"wp-faq-schema-wrap wp-faq-schema-accordion\">\n<div class=\"wp-faq-schema-items ui-accordion ui-widget ui-helper-reset\" role=\"tablist\">\n<h3 id=\"ui-id-1\" class=\"ui-accordion-header ui-corner-top ui-state-default ui-accordion-icons\" role=\"tab\" aria-controls=\"ui-id-2\" aria-expanded=\"false\"><span class=\"ez-toc-section\" id=\"Quels_sont_les_principaux_ingredients_dans_les_comprimes_EARLICK_FORTE_pour_ameliorer_laudition\"><\/span>Quels sont les principaux ingr\u00e9dients dans les comprim\u00e9s EARLICK FORTE pour am\u00e9liorer l&rsquo;audition ?<span class=\"ez-toc-section-end\"><\/span><\/h3>\n<div id=\"ui-id-2\" class=\"ui-accordion-content ui-corner-bottom ui-helper-reset ui-widget-content\" role=\"tabpanel\" aria-labelledby=\"ui-id-1\" aria-hidden=\"true\">\n<p>Les principaux ingr\u00e9dients sont le Ginseng, la Spirulina, l&rsquo;Astaxanthine, les fibres de stigmas de ma\u00efs et la vitamine C.<\/p>\n<\/div>\n<h3 id=\"ui-id-3\" class=\"ui-accordion-header ui-corner-top ui-state-default ui-accordion-icons\" role=\"tab\" aria-controls=\"ui-id-4\" aria-expanded=\"false\"><span class=\"ez-toc-section\" id=\"Comment_les_comprimes_EARLICK_FORTE_aident-ils_a_ameliorer_laudition\"><\/span>Comment les comprim\u00e9s EARLICK FORTE aident-ils \u00e0 am\u00e9liorer l&rsquo;audition ?<span class=\"ez-toc-section-end\"><\/span><\/h3>\n<div id=\"ui-id-4\" class=\"ui-accordion-content ui-corner-bottom ui-helper-reset ui-widget-content\" role=\"tabpanel\" aria-labelledby=\"ui-id-3\" aria-hidden=\"true\">\n<p>Ces comprim\u00e9s contiennent des ingr\u00e9dients qui soutiennent la sant\u00e9 de l&rsquo;oreille et renforcent la circulation sanguine, ce qui peut contribuer \u00e0 am\u00e9liorer l&rsquo;audition.<\/p>\n<\/div>\n<h3 id=\"ui-id-5\" class=\"ui-accordion-header ui-corner-top ui-state-default ui-accordion-icons\" role=\"tab\" aria-controls=\"ui-id-6\" aria-expanded=\"false\"><span class=\"ez-toc-section\" id=\"Est-ce_que_les_comprimes_EARLICK_FORTE_sont_adaptes_pour_tous_ceux_qui_veulent_ameliorer_leur_audition\"><\/span>Est-ce que les comprim\u00e9s EARLICK FORTE sont adapt\u00e9s pour tous ceux qui veulent am\u00e9liorer leur audition ?<span class=\"ez-toc-section-end\"><\/span><\/h3>\n<div id=\"ui-id-6\" class=\"ui-accordion-content ui-corner-bottom ui-helper-reset ui-widget-content\" role=\"tabpanel\" aria-labelledby=\"ui-id-5\" aria-hidden=\"true\">\n<p>Il est conseill\u00e9 de consulter un professionnel de sant\u00e9 avant de commencer \u00e0 prendre ces comprim\u00e9s, surtout si vous avez des probl\u00e8mes d&rsquo;audition ou d&rsquo;autres conditions m\u00e9dicales.<\/p>\n<\/div>\n<h3 id=\"ui-id-7\" class=\"ui-accordion-header ui-corner-top ui-state-default ui-accordion-icons\" role=\"tab\" aria-controls=\"ui-id-8\" aria-expanded=\"false\"><span class=\"ez-toc-section\" id=\"Combien_de_temps_faut-il_generalement_pour_voir_une_amelioration_de_laudition_en_utilisant_EARLICK_FORTE\"><\/span>Combien de temps faut-il g\u00e9n\u00e9ralement pour voir une am\u00e9lioration de l&rsquo;audition en utilisant EARLICK FORTE ?<span class=\"ez-toc-section-end\"><\/span><\/h3>\n<div id=\"ui-id-8\" class=\"ui-accordion-content ui-corner-bottom ui-helper-reset ui-widget-content\" role=\"tabpanel\" aria-labelledby=\"ui-id-7\" aria-hidden=\"true\">\n<p>La plupart des personnes commencent \u00e0 ressentir des effets apr\u00e8s quelques semaines de prise r\u00e9guli\u00e8re, mais cela peut varier selon chaque individu.<\/p>\n<\/div>\n<h3 id=\"ui-id-9\" class=\"ui-accordion-header ui-corner-top ui-state-default ui-accordion-icons\" role=\"tab\" aria-controls=\"ui-id-10\" aria-expanded=\"false\"><span class=\"ez-toc-section\" id=\"Y_a-t-il_des_effets_secondaires_possibles_avec_les_comprimes_EARLICK_FORTE\"><\/span>Y a-t-il des effets secondaires possibles avec les comprim\u00e9s EARLICK FORTE ?<span class=\"ez-toc-section-end\"><\/span><\/h3>\n<div id=\"ui-id-10\" class=\"ui-accordion-content ui-corner-bottom ui-helper-reset ui-widget-content\" role=\"tabpanel\" aria-labelledby=\"ui-id-9\" aria-hidden=\"true\">\n<p>En g\u00e9n\u00e9ral, ces comprim\u00e9s sont bien tol\u00e9r\u00e9s, mais certaines personnes pourraient ressentir des r\u00e9actions allergiques ou des troubles digestifs. Il est toujours pr\u00e9f\u00e9rable de consulter un m\u00e9decin avant de commencer \u00e0 les prendre.<\/p>\n<\/div>\n<\/div>\n<\/div>\n","protected":false},"excerpt":{"rendered":"<p>Qu\u2019est-ce que EARLICK FORTE et quelles sont ses indications\u202f? EARLICK FORTE est un compl\u00e9ment alimentaire sous forme de comprim\u00e9s, con\u00e7u [&hellip;]<\/p>\n","protected":false},"featured_media":1040,"comment_status":"open","ping_status":"closed","template":"","meta":{"site-sidebar-layout":"default","site-content-layout":"","ast-site-content-layout":"default","site-content-style":"default","site-sidebar-style":"default","ast-global-header-display":"","ast-banner-title-visibility":"","ast-main-header-display":"","ast-hfb-above-header-display":"","ast-hfb-below-header-display":"","ast-hfb-mobile-header-display":"","site-post-title":"","ast-breadcrumbs-content":"","ast-featured-img":"","footer-sml-layout":"","ast-disable-related-posts":"","theme-transparent-header-meta":"default","adv-header-id-meta":"","stick-header-meta":"","header-above-stick-meta":"","header-main-stick-meta":"","header-below-stick-meta":"","astra-migrate-meta-layouts":"set","ast-page-background-enabled":"default","ast-page-background-meta":{"desktop":{"background-color":"var(--ast-global-color-5)","background-image":"","background-repeat":"repeat","background-position":"center center","background-size":"auto","background-attachment":"scroll","background-type":"","background-media":"","overlay-type":"","overlay-color":"","overlay-opacity":"","overlay-gradient":""},"tablet":{"background-color":"","background-image":"","background-repeat":"repeat","background-position":"center center","background-size":"auto","background-attachment":"scroll","background-type":"","background-media":"","overlay-type":"","overlay-color":"","overlay-opacity":"","overlay-gradient":""},"mobile":{"background-color":"","background-image":"","background-repeat":"repeat","background-position":"center center","background-size":"auto","background-attachment":"scroll","background-type":"","background-media":"","overlay-type":"","overlay-color":"","overlay-opacity":"","overlay-gradient":""}},"ast-content-background-meta":{"desktop":{"background-color":"var(--ast-global-color-4)","background-image":"","background-repeat":"repeat","background-position":"center center","background-size":"auto","background-attachment":"scroll","background-type":"","background-media":"","overlay-type":"","overlay-color":"","overlay-opacity":"","overlay-gradient":""},"tablet":{"background-color":"var(--ast-global-color-4)","background-image":"","background-repeat":"repeat","background-position":"center center","background-size":"auto","background-attachment":"scroll","background-type":"","background-media":"","overlay-type":"","overlay-color":"","overlay-opacity":"","overlay-gradient":""},"mobile":{"background-color":"var(--ast-global-color-4)","background-image":"","background-repeat":"repeat","background-position":"center center","background-size":"auto","background-attachment":"scroll","background-type":"","background-media":"","overlay-type":"","overlay-color":"","overlay-opacity":"","overlay-gradient":""}}},"product_brand":[],"product_cat":[15],"product_tag":[],"class_list":{"0":"post-1041","1":"product","2":"type-product","3":"status-publish","4":"has-post-thumbnail","6":"product_cat-bien-etre-et-sante-globale","7":"desktop-align-left","8":"tablet-align-left","9":"mobile-align-left","11":"first","12":"instock","13":"sale","14":"shipping-taxable","15":"product-type-external"},"yoast_head":"<!-- This site is optimized with the Yoast SEO plugin v27.5 - https:\/\/yoast.com\/product\/yoast-seo-wordpress\/ -->\n<title>EARLICK FORTE \u2013 Prix, Notice, Composition et Avis Doctissimo \u2764\ufe0f Pharmacie Vivre Sainement<\/title>\n<meta name=\"description\" content=\"\u274c EARLICK FORTE comprim\u00e9s - D\u00e9couvrez sa composition, son prix, les avis (positifs et n\u00e9gatifs), et o\u00f9 l\u2019acheter en toute s\u00e9curit\u00e9 en pharmacie en ligne. Est-ce un produit fiable ou une arnaque ?\" \/>\n<meta name=\"robots\" content=\"index, follow, max-snippet:-1, max-image-preview:large, max-video-preview:-1\" \/>\n<link rel=\"canonical\" href=\"https:\/\/www.vivre-covid19.fr\/pharmacie\/medicament\/earlick-forte-comprimes-boite-de-20\/\" \/>\n<meta property=\"og:locale\" content=\"fr_FR\" \/>\n<meta property=\"og:type\" content=\"article\" \/>\n<meta property=\"og:title\" content=\"EARLICK FORTE \u2013 Prix, Notice, Composition et Avis Doctissimo \u2764\ufe0f Pharmacie Vivre Sainement\" \/>\n<meta property=\"og:description\" content=\"\u274c EARLICK FORTE comprim\u00e9s - D\u00e9couvrez sa composition, son prix, les avis (positifs et n\u00e9gatifs), et o\u00f9 l\u2019acheter en toute s\u00e9curit\u00e9 en pharmacie en ligne. Est-ce un produit fiable ou une arnaque ?\" \/>\n<meta property=\"og:url\" content=\"https:\/\/www.vivre-covid19.fr\/pharmacie\/medicament\/earlick-forte-comprimes-boite-de-20\/\" \/>\n<meta property=\"og:site_name\" content=\"Pharmacie Vivre Sainement\" \/>\n<meta property=\"article:modified_time\" content=\"2025-11-07T14:34:18+00:00\" \/>\n<meta property=\"og:image\" content=\"https:\/\/www.vivre-covid19.fr\/pharmacie\/wp-content\/uploads\/2025\/11\/earlick-forte.webp\" \/>\n\t<meta property=\"og:image:width\" content=\"600\" \/>\n\t<meta property=\"og:image:height\" content=\"600\" \/>\n\t<meta property=\"og:image:type\" content=\"image\/webp\" \/>\n<meta name=\"twitter:card\" content=\"summary_large_image\" \/>\n<meta name=\"twitter:label1\" content=\"Dur\u00e9e de lecture estim\u00e9e\" \/>\n\t<meta name=\"twitter:data1\" content=\"11 minutes\" \/>\n<script type=\"application\/ld+json\" class=\"yoast-schema-graph\">{\"@context\":\"https:\\\/\\\/schema.org\",\"@graph\":[{\"@type\":\"WebPage\",\"@id\":\"https:\\\/\\\/www.vivre-covid19.fr\\\/pharmacie\\\/medicament\\\/earlick-forte-comprimes-boite-de-20\\\/\",\"url\":\"https:\\\/\\\/www.vivre-covid19.fr\\\/pharmacie\\\/medicament\\\/earlick-forte-comprimes-boite-de-20\\\/\",\"name\":\"EARLICK FORTE \u2013 Prix, Notice, Composition et Avis Doctissimo \u2764\ufe0f Pharmacie Vivre Sainement\",\"isPartOf\":{\"@id\":\"https:\\\/\\\/www.vivre-covid19.fr\\\/pharmacie\\\/#website\"},\"primaryImageOfPage\":{\"@id\":\"https:\\\/\\\/www.vivre-covid19.fr\\\/pharmacie\\\/medicament\\\/earlick-forte-comprimes-boite-de-20\\\/#primaryimage\"},\"image\":{\"@id\":\"https:\\\/\\\/www.vivre-covid19.fr\\\/pharmacie\\\/medicament\\\/earlick-forte-comprimes-boite-de-20\\\/#primaryimage\"},\"thumbnailUrl\":\"https:\\\/\\\/www.vivre-covid19.fr\\\/pharmacie\\\/wp-content\\\/uploads\\\/2025\\\/11\\\/earlick-forte.webp\",\"datePublished\":\"2025-11-07T13:07:35+00:00\",\"dateModified\":\"2025-11-07T14:34:18+00:00\",\"description\":\"\u274c EARLICK FORTE comprim\u00e9s - D\u00e9couvrez sa composition, son prix, les avis (positifs et n\u00e9gatifs), et o\u00f9 l\u2019acheter en toute s\u00e9curit\u00e9 en pharmacie en ligne. Est-ce un produit fiable ou une arnaque ?\",\"breadcrumb\":{\"@id\":\"https:\\\/\\\/www.vivre-covid19.fr\\\/pharmacie\\\/medicament\\\/earlick-forte-comprimes-boite-de-20\\\/#breadcrumb\"},\"inLanguage\":\"fr-FR\",\"potentialAction\":[{\"@type\":\"ReadAction\",\"target\":[\"https:\\\/\\\/www.vivre-covid19.fr\\\/pharmacie\\\/medicament\\\/earlick-forte-comprimes-boite-de-20\\\/\"]}]},{\"@type\":\"ImageObject\",\"inLanguage\":\"fr-FR\",\"@id\":\"https:\\\/\\\/www.vivre-covid19.fr\\\/pharmacie\\\/medicament\\\/earlick-forte-comprimes-boite-de-20\\\/#primaryimage\",\"url\":\"https:\\\/\\\/www.vivre-covid19.fr\\\/pharmacie\\\/wp-content\\\/uploads\\\/2025\\\/11\\\/earlick-forte.webp\",\"contentUrl\":\"https:\\\/\\\/www.vivre-covid19.fr\\\/pharmacie\\\/wp-content\\\/uploads\\\/2025\\\/11\\\/earlick-forte.webp\",\"width\":600,\"height\":600},{\"@type\":\"BreadcrumbList\",\"@id\":\"https:\\\/\\\/www.vivre-covid19.fr\\\/pharmacie\\\/medicament\\\/earlick-forte-comprimes-boite-de-20\\\/#breadcrumb\",\"itemListElement\":[{\"@type\":\"ListItem\",\"position\":1,\"name\":\"\u0413\u043b\u0430\u0432\u043d\u0430\u044f \u0441\u0442\u0440\u0430\u043d\u0438\u0446\u0430\",\"item\":\"https:\\\/\\\/www.vivre-covid19.fr\\\/pharmacie\\\/\"},{\"@type\":\"ListItem\",\"position\":2,\"name\":\"Pharmacie Vivre Sainement\",\"item\":\"https:\\\/\\\/www.vivre-covid19.fr\\\/pharmacie\\\/\"},{\"@type\":\"ListItem\",\"position\":3,\"name\":\"EARLICK FORTE comprim\u00e9s, bo\u00eete de 20\"}]},{\"@type\":\"WebSite\",\"@id\":\"https:\\\/\\\/www.vivre-covid19.fr\\\/pharmacie\\\/#website\",\"url\":\"https:\\\/\\\/www.vivre-covid19.fr\\\/pharmacie\\\/\",\"name\":\"Pharmacie Vivre Sainement\",\"description\":\"\",\"publisher\":{\"@id\":\"https:\\\/\\\/www.vivre-covid19.fr\\\/pharmacie\\\/#organization\"},\"potentialAction\":[{\"@type\":\"SearchAction\",\"target\":{\"@type\":\"EntryPoint\",\"urlTemplate\":\"https:\\\/\\\/www.vivre-covid19.fr\\\/pharmacie\\\/?s={search_term_string}\"},\"query-input\":{\"@type\":\"PropertyValueSpecification\",\"valueRequired\":true,\"valueName\":\"search_term_string\"}}],\"inLanguage\":\"fr-FR\"},{\"@type\":\"Organization\",\"@id\":\"https:\\\/\\\/www.vivre-covid19.fr\\\/pharmacie\\\/#organization\",\"name\":\"Pharmacie Vivre Sainement\",\"url\":\"https:\\\/\\\/www.vivre-covid19.fr\\\/pharmacie\\\/\",\"logo\":{\"@type\":\"ImageObject\",\"inLanguage\":\"fr-FR\",\"@id\":\"https:\\\/\\\/www.vivre-covid19.fr\\\/pharmacie\\\/#\\\/schema\\\/logo\\\/image\\\/\",\"url\":\"https:\\\/\\\/www.vivre-covid19.fr\\\/pharmacie\\\/wp-content\\\/uploads\\\/2025\\\/05\\\/farmacia.png\",\"contentUrl\":\"https:\\\/\\\/www.vivre-covid19.fr\\\/pharmacie\\\/wp-content\\\/uploads\\\/2025\\\/05\\\/farmacia.png\",\"width\":1151,\"height\":1280,\"caption\":\"Pharmacie Vivre Sainement\"},\"image\":{\"@id\":\"https:\\\/\\\/www.vivre-covid19.fr\\\/pharmacie\\\/#\\\/schema\\\/logo\\\/image\\\/\"}}]}<\/script>\n<!-- \/ Yoast SEO plugin. -->","yoast_head_json":{"title":"EARLICK FORTE \u2013 Prix, Notice, Composition et Avis Doctissimo \u2764\ufe0f Pharmacie Vivre Sainement","description":"\u274c EARLICK FORTE comprim\u00e9s - D\u00e9couvrez sa composition, son prix, les avis (positifs et n\u00e9gatifs), et o\u00f9 l\u2019acheter en toute s\u00e9curit\u00e9 en pharmacie en ligne. Est-ce un produit fiable ou une arnaque ?","robots":{"index":"index","follow":"follow","max-snippet":"max-snippet:-1","max-image-preview":"max-image-preview:large","max-video-preview":"max-video-preview:-1"},"canonical":"https:\/\/www.vivre-covid19.fr\/pharmacie\/medicament\/earlick-forte-comprimes-boite-de-20\/","og_locale":"fr_FR","og_type":"article","og_title":"EARLICK FORTE \u2013 Prix, Notice, Composition et Avis Doctissimo \u2764\ufe0f Pharmacie Vivre Sainement","og_description":"\u274c EARLICK FORTE comprim\u00e9s - D\u00e9couvrez sa composition, son prix, les avis (positifs et n\u00e9gatifs), et o\u00f9 l\u2019acheter en toute s\u00e9curit\u00e9 en pharmacie en ligne. Est-ce un produit fiable ou une arnaque ?","og_url":"https:\/\/www.vivre-covid19.fr\/pharmacie\/medicament\/earlick-forte-comprimes-boite-de-20\/","og_site_name":"Pharmacie Vivre Sainement","article_modified_time":"2025-11-07T14:34:18+00:00","og_image":[{"width":600,"height":600,"url":"https:\/\/www.vivre-covid19.fr\/pharmacie\/wp-content\/uploads\/2025\/11\/earlick-forte.webp","type":"image\/webp"}],"twitter_card":"summary_large_image","twitter_misc":{"Dur\u00e9e de lecture estim\u00e9e":"11 minutes"},"schema":{"@context":"https:\/\/schema.org","@graph":[{"@type":"WebPage","@id":"https:\/\/www.vivre-covid19.fr\/pharmacie\/medicament\/earlick-forte-comprimes-boite-de-20\/","url":"https:\/\/www.vivre-covid19.fr\/pharmacie\/medicament\/earlick-forte-comprimes-boite-de-20\/","name":"EARLICK FORTE \u2013 Prix, Notice, Composition et Avis Doctissimo \u2764\ufe0f Pharmacie Vivre Sainement","isPartOf":{"@id":"https:\/\/www.vivre-covid19.fr\/pharmacie\/#website"},"primaryImageOfPage":{"@id":"https:\/\/www.vivre-covid19.fr\/pharmacie\/medicament\/earlick-forte-comprimes-boite-de-20\/#primaryimage"},"image":{"@id":"https:\/\/www.vivre-covid19.fr\/pharmacie\/medicament\/earlick-forte-comprimes-boite-de-20\/#primaryimage"},"thumbnailUrl":"https:\/\/www.vivre-covid19.fr\/pharmacie\/wp-content\/uploads\/2025\/11\/earlick-forte.webp","datePublished":"2025-11-07T13:07:35+00:00","dateModified":"2025-11-07T14:34:18+00:00","description":"\u274c EARLICK FORTE comprim\u00e9s - D\u00e9couvrez sa composition, son prix, les avis (positifs et n\u00e9gatifs), et o\u00f9 l\u2019acheter en toute s\u00e9curit\u00e9 en pharmacie en ligne. Est-ce un produit fiable ou une arnaque ?","breadcrumb":{"@id":"https:\/\/www.vivre-covid19.fr\/pharmacie\/medicament\/earlick-forte-comprimes-boite-de-20\/#breadcrumb"},"inLanguage":"fr-FR","potentialAction":[{"@type":"ReadAction","target":["https:\/\/www.vivre-covid19.fr\/pharmacie\/medicament\/earlick-forte-comprimes-boite-de-20\/"]}]},{"@type":"ImageObject","inLanguage":"fr-FR","@id":"https:\/\/www.vivre-covid19.fr\/pharmacie\/medicament\/earlick-forte-comprimes-boite-de-20\/#primaryimage","url":"https:\/\/www.vivre-covid19.fr\/pharmacie\/wp-content\/uploads\/2025\/11\/earlick-forte.webp","contentUrl":"https:\/\/www.vivre-covid19.fr\/pharmacie\/wp-content\/uploads\/2025\/11\/earlick-forte.webp","width":600,"height":600},{"@type":"BreadcrumbList","@id":"https:\/\/www.vivre-covid19.fr\/pharmacie\/medicament\/earlick-forte-comprimes-boite-de-20\/#breadcrumb","itemListElement":[{"@type":"ListItem","position":1,"name":"\u0413\u043b\u0430\u0432\u043d\u0430\u044f \u0441\u0442\u0440\u0430\u043d\u0438\u0446\u0430","item":"https:\/\/www.vivre-covid19.fr\/pharmacie\/"},{"@type":"ListItem","position":2,"name":"Pharmacie Vivre Sainement","item":"https:\/\/www.vivre-covid19.fr\/pharmacie\/"},{"@type":"ListItem","position":3,"name":"EARLICK FORTE comprim\u00e9s, bo\u00eete de 20"}]},{"@type":"WebSite","@id":"https:\/\/www.vivre-covid19.fr\/pharmacie\/#website","url":"https:\/\/www.vivre-covid19.fr\/pharmacie\/","name":"Pharmacie Vivre Sainement","description":"","publisher":{"@id":"https:\/\/www.vivre-covid19.fr\/pharmacie\/#organization"},"potentialAction":[{"@type":"SearchAction","target":{"@type":"EntryPoint","urlTemplate":"https:\/\/www.vivre-covid19.fr\/pharmacie\/?s={search_term_string}"},"query-input":{"@type":"PropertyValueSpecification","valueRequired":true,"valueName":"search_term_string"}}],"inLanguage":"fr-FR"},{"@type":"Organization","@id":"https:\/\/www.vivre-covid19.fr\/pharmacie\/#organization","name":"Pharmacie Vivre Sainement","url":"https:\/\/www.vivre-covid19.fr\/pharmacie\/","logo":{"@type":"ImageObject","inLanguage":"fr-FR","@id":"https:\/\/www.vivre-covid19.fr\/pharmacie\/#\/schema\/logo\/image\/","url":"https:\/\/www.vivre-covid19.fr\/pharmacie\/wp-content\/uploads\/2025\/05\/farmacia.png","contentUrl":"https:\/\/www.vivre-covid19.fr\/pharmacie\/wp-content\/uploads\/2025\/05\/farmacia.png","width":1151,"height":1280,"caption":"Pharmacie Vivre Sainement"},"image":{"@id":"https:\/\/www.vivre-covid19.fr\/pharmacie\/#\/schema\/logo\/image\/"}}]}},"_links":{"self":[{"href":"https:\/\/www.vivre-covid19.fr\/pharmacie\/wp-json\/wp\/v2\/product\/1041","targetHints":{"allow":["GET"]}}],"collection":[{"href":"https:\/\/www.vivre-covid19.fr\/pharmacie\/wp-json\/wp\/v2\/product"}],"about":[{"href":"https:\/\/www.vivre-covid19.fr\/pharmacie\/wp-json\/wp\/v2\/types\/product"}],"replies":[{"embeddable":true,"href":"https:\/\/www.vivre-covid19.fr\/pharmacie\/wp-json\/wp\/v2\/comments?post=1041"}],"wp:featuredmedia":[{"embeddable":true,"href":"https:\/\/www.vivre-covid19.fr\/pharmacie\/wp-json\/wp\/v2\/media\/1040"}],"wp:attachment":[{"href":"https:\/\/www.vivre-covid19.fr\/pharmacie\/wp-json\/wp\/v2\/media?parent=1041"}],"wp:term":[{"taxonomy":"product_brand","embeddable":true,"href":"https:\/\/www.vivre-covid19.fr\/pharmacie\/wp-json\/wp\/v2\/product_brand?post=1041"},{"taxonomy":"product_cat","embeddable":true,"href":"https:\/\/www.vivre-covid19.fr\/pharmacie\/wp-json\/wp\/v2\/product_cat?post=1041"},{"taxonomy":"product_tag","embeddable":true,"href":"https:\/\/www.vivre-covid19.fr\/pharmacie\/wp-json\/wp\/v2\/product_tag?post=1041"}],"curies":[{"name":"wp","href":"https:\/\/api.w.org\/{rel}","templated":true}]}}