{"id":1096,"date":"2025-12-17T12:07:11","date_gmt":"2025-12-17T11:07:11","guid":{"rendered":"https:\/\/www.vivre-covid19.fr\/pharmacie\/medicament\/lift-active-creme-50-ml\/"},"modified":"2025-12-17T12:07:22","modified_gmt":"2025-12-17T11:07:22","slug":"lift-active-creme-50-ml","status":"publish","type":"product","link":"https:\/\/www.vivre-covid19.fr\/pharmacie\/medicament\/lift-active-creme-50-ml\/","title":{"rendered":"Lift Active cr\u00e8me, 50 ml"},"content":{"rendered":"<div id=\"ez-toc-container\" class=\"ez-toc-v2_0_82_2 counter-hierarchy ez-toc-counter ez-toc-grey ez-toc-container-direction\">\n<div class=\"ez-toc-title-container\">\n<p class=\"ez-toc-title\" style=\"cursor:inherit\">Table des mati\u00e8res<\/p>\n<span class=\"ez-toc-title-toggle\"><a href=\"#\" class=\"ez-toc-pull-right ez-toc-btn ez-toc-btn-xs ez-toc-btn-default ez-toc-toggle\" aria-label=\"Toggle Table of Content\"><span class=\"ez-toc-js-icon-con\"><span class=\"\"><span class=\"eztoc-hide\" style=\"display:none;\">Toggle<\/span><span class=\"ez-toc-icon-toggle-span\"><svg style=\"fill: #999;color:#999\" xmlns=\"http:\/\/www.w3.org\/2000\/svg\" class=\"list-377408\" width=\"20px\" height=\"20px\" viewBox=\"0 0 24 24\" fill=\"none\"><path d=\"M6 6H4v2h2V6zm14 0H8v2h12V6zM4 11h2v2H4v-2zm16 0H8v2h12v-2zM4 16h2v2H4v-2zm16 0H8v2h12v-2z\" fill=\"currentColor\"><\/path><\/svg><svg style=\"fill: #999;color:#999\" class=\"arrow-unsorted-368013\" xmlns=\"http:\/\/www.w3.org\/2000\/svg\" width=\"10px\" height=\"10px\" viewBox=\"0 0 24 24\" version=\"1.2\" baseProfile=\"tiny\"><path d=\"M18.2 9.3l-6.2-6.3-6.2 6.3c-.2.2-.3.4-.3.7s.1.5.3.7c.2.2.4.3.7.3h11c.3 0 .5-.1.7-.3.2-.2.3-.5.3-.7s-.1-.5-.3-.7zM5.8 14.7l6.2 6.3 6.2-6.3c.2-.2.3-.5.3-.7s-.1-.5-.3-.7c-.2-.2-.4-.3-.7-.3h-11c-.3 0-.5.1-.7.3-.2.2-.3.5-.3.7s.1.5.3.7z\"\/><\/svg><\/span><\/span><\/span><\/a><\/span><\/div>\n<nav><ul class='ez-toc-list ez-toc-list-level-1 ' ><li class='ez-toc-page-1 ez-toc-heading-level-2'><a class=\"ez-toc-link ez-toc-heading-1\" href=\"https:\/\/www.vivre-covid19.fr\/pharmacie\/medicament\/lift-active-creme-50-ml\/#Quest-ce_que_Lift_Active_et_quelles_sont_ses_indications%E2%80%AF\" >Qu\u2019est-ce que Lift Active et quelles sont ses indications\u202f?<\/a><\/li><li class='ez-toc-page-1 ez-toc-heading-level-2'><a class=\"ez-toc-link ez-toc-heading-2\" href=\"https:\/\/www.vivre-covid19.fr\/pharmacie\/medicament\/lift-active-creme-50-ml\/#Indications_therapeutiques_de_Lift_Active\" >Indications th\u00e9rapeutiques de Lift Active<\/a><\/li><li class='ez-toc-page-1 ez-toc-heading-level-2'><a class=\"ez-toc-link ez-toc-heading-3\" href=\"https:\/\/www.vivre-covid19.fr\/pharmacie\/medicament\/lift-active-creme-50-ml\/#Composition_de_Lift_Active_principes_actifs_et_autres_composants\" >Composition de Lift Active : principes actifs et autres composants<\/a><ul class='ez-toc-list-level-3' ><li class='ez-toc-heading-level-3'><a class=\"ez-toc-link ez-toc-heading-4\" href=\"https:\/\/www.vivre-covid19.fr\/pharmacie\/medicament\/lift-active-creme-50-ml\/#Shea_Butter_Butyrospermum_Parkii_Butter\" >Shea Butter (Butyrospermum Parkii Butter)<\/a><\/li><li class='ez-toc-page-1 ez-toc-heading-level-3'><a class=\"ez-toc-link ez-toc-heading-5\" href=\"https:\/\/www.vivre-covid19.fr\/pharmacie\/medicament\/lift-active-creme-50-ml\/#Macadamia_Seed_Oil_Macadamia_Integrifolia_Seed_Oil\" >Macadamia Seed Oil (Macadamia Integrifolia Seed Oil)<\/a><\/li><li class='ez-toc-page-1 ez-toc-heading-level-3'><a class=\"ez-toc-link ez-toc-heading-6\" href=\"https:\/\/www.vivre-covid19.fr\/pharmacie\/medicament\/lift-active-creme-50-ml\/#Dipeptide_Diaminobutyroyl_Benzylamide_Diacetate\" >Dipeptide Diaminobutyroyl Benzylamide Diacetate<\/a><\/li><li class='ez-toc-page-1 ez-toc-heading-level-3'><a class=\"ez-toc-link ez-toc-heading-7\" href=\"https:\/\/www.vivre-covid19.fr\/pharmacie\/medicament\/lift-active-creme-50-ml\/#Tetradecyl_Aminobutyroylvalylaminobutyric_Urea_Trifluoroacetate\" >Tetradecyl Aminobutyroylvalylaminobutyric Urea Trifluoroacetate<\/a><\/li><li class='ez-toc-page-1 ez-toc-heading-level-3'><a class=\"ez-toc-link ez-toc-heading-8\" href=\"https:\/\/www.vivre-covid19.fr\/pharmacie\/medicament\/lift-active-creme-50-ml\/#Palmitoyl_Tripeptide-5\" >Palmitoyl Tripeptide-5<\/a><\/li><li class='ez-toc-page-1 ez-toc-heading-level-3'><a class=\"ez-toc-link ez-toc-heading-9\" href=\"https:\/\/www.vivre-covid19.fr\/pharmacie\/medicament\/lift-active-creme-50-ml\/#Palmitoyl_Dipeptide-5_Diaminobutyroyl_Hydroxythreonine\" >Palmitoyl Dipeptide-5 Diaminobutyroyl Hydroxythreonine<\/a><\/li><li class='ez-toc-page-1 ez-toc-heading-level-3'><a class=\"ez-toc-link ez-toc-heading-10\" href=\"https:\/\/www.vivre-covid19.fr\/pharmacie\/medicament\/lift-active-creme-50-ml\/#Ubiquinone_Coenzyme_Q10\" >Ubiquinone (Coenzyme Q10)<\/a><\/li><li class='ez-toc-page-1 ez-toc-heading-level-3'><a class=\"ez-toc-link ez-toc-heading-11\" href=\"https:\/\/www.vivre-covid19.fr\/pharmacie\/medicament\/lift-active-creme-50-ml\/#Tocopheryl_Acetate_Vitamin_E\" >Tocopheryl Acetate (Vitamin E)<\/a><\/li><li class='ez-toc-page-1 ez-toc-heading-level-3'><a class=\"ez-toc-link ez-toc-heading-12\" href=\"https:\/\/www.vivre-covid19.fr\/pharmacie\/medicament\/lift-active-creme-50-ml\/#Magnesium_Aspartate\" >Magnesium Aspartate<\/a><\/li><li class='ez-toc-page-1 ez-toc-heading-level-3'><a class=\"ez-toc-link ez-toc-heading-13\" href=\"https:\/\/www.vivre-covid19.fr\/pharmacie\/medicament\/lift-active-creme-50-ml\/#Panthenol_Pro-Vitamin_B5\" >Panthenol (Pro-Vitamin B5)<\/a><\/li><li class='ez-toc-page-1 ez-toc-heading-level-3'><a class=\"ez-toc-link ez-toc-heading-14\" href=\"https:\/\/www.vivre-covid19.fr\/pharmacie\/medicament\/lift-active-creme-50-ml\/#Allantoin\" >Allantoin<\/a><\/li><li class='ez-toc-page-1 ez-toc-heading-level-3'><a class=\"ez-toc-link ez-toc-heading-15\" href=\"https:\/\/www.vivre-covid19.fr\/pharmacie\/medicament\/lift-active-creme-50-ml\/#Caffeine\" >Caffeine<\/a><\/li><li class='ez-toc-page-1 ez-toc-heading-level-3'><a class=\"ez-toc-link ez-toc-heading-16\" href=\"https:\/\/www.vivre-covid19.fr\/pharmacie\/medicament\/lift-active-creme-50-ml\/#Biotine\" >Biotine<\/a><\/li><li class='ez-toc-page-1 ez-toc-heading-level-3'><a class=\"ez-toc-link ez-toc-heading-17\" href=\"https:\/\/www.vivre-covid19.fr\/pharmacie\/medicament\/lift-active-creme-50-ml\/#Yeast_Beta-Glucan\" >Yeast Beta-Glucan<\/a><\/li><li class='ez-toc-page-1 ez-toc-heading-level-3'><a class=\"ez-toc-link ez-toc-heading-18\" href=\"https:\/\/www.vivre-covid19.fr\/pharmacie\/medicament\/lift-active-creme-50-ml\/#Snail_Secretion_Filtrate\" >Snail Secretion Filtrate<\/a><\/li><li class='ez-toc-page-1 ez-toc-heading-level-3'><a class=\"ez-toc-link ez-toc-heading-19\" href=\"https:\/\/www.vivre-covid19.fr\/pharmacie\/medicament\/lift-active-creme-50-ml\/#Sodium_Hyaluronate_Hyaluronic_Acid\" >Sodium Hyaluronate (Hyaluronic Acid)<\/a><\/li><li class='ez-toc-page-1 ez-toc-heading-level-3'><a class=\"ez-toc-link ez-toc-heading-20\" href=\"https:\/\/www.vivre-covid19.fr\/pharmacie\/medicament\/lift-active-creme-50-ml\/#Retinyl_Palmitate_Vitamin_A\" >Retinyl Palmitate (Vitamin A)<\/a><\/li><li class='ez-toc-page-1 ez-toc-heading-level-3'><a class=\"ez-toc-link ez-toc-heading-21\" href=\"https:\/\/www.vivre-covid19.fr\/pharmacie\/medicament\/lift-active-creme-50-ml\/#Tocopherol_Vitamin_E\" >Tocopherol (Vitamin E)<\/a><\/li><li class='ez-toc-page-1 ez-toc-heading-level-3'><a class=\"ez-toc-link ez-toc-heading-22\" href=\"https:\/\/www.vivre-covid19.fr\/pharmacie\/medicament\/lift-active-creme-50-ml\/#Ascorbic_Acid_Vitamin_C\" >Ascorbic Acid (Vitamin C)<\/a><\/li><\/ul><\/li><li class='ez-toc-page-1 ez-toc-heading-level-2'><a class=\"ez-toc-link ez-toc-heading-23\" href=\"https:\/\/www.vivre-covid19.fr\/pharmacie\/medicament\/lift-active-creme-50-ml\/#Notice_%E2%80%93_Informations_pour_le_patient\" >Notice \u2013 Informations pour le patient<\/a><ul class='ez-toc-list-level-3' ><li class='ez-toc-heading-level-3'><a class=\"ez-toc-link ez-toc-heading-24\" href=\"https:\/\/www.vivre-covid19.fr\/pharmacie\/medicament\/lift-active-creme-50-ml\/#Nom_du_medicament\" >Nom du m\u00e9dicament<\/a><\/li><li class='ez-toc-page-1 ez-toc-heading-level-3'><a class=\"ez-toc-link ez-toc-heading-25\" href=\"https:\/\/www.vivre-covid19.fr\/pharmacie\/medicament\/lift-active-creme-50-ml\/#Forme_pharmaceutique_et_presentation\" >Forme pharmaceutique et pr\u00e9sentation<\/a><\/li><li class='ez-toc-page-1 ez-toc-heading-level-3'><a class=\"ez-toc-link ez-toc-heading-26\" href=\"https:\/\/www.vivre-covid19.fr\/pharmacie\/medicament\/lift-active-creme-50-ml\/#Indications_therapeutiques\" >Indications th\u00e9rapeutiques<\/a><\/li><li class='ez-toc-page-1 ez-toc-heading-level-3'><a class=\"ez-toc-link ez-toc-heading-27\" href=\"https:\/\/www.vivre-covid19.fr\/pharmacie\/medicament\/lift-active-creme-50-ml\/#Contre-indications\" >Contre-indications<\/a><\/li><li class='ez-toc-page-1 ez-toc-heading-level-3'><a class=\"ez-toc-link ez-toc-heading-28\" href=\"https:\/\/www.vivre-covid19.fr\/pharmacie\/medicament\/lift-active-creme-50-ml\/#Effets_indesirables_possibles\" >Effets ind\u00e9sirables possibles<\/a><\/li><li class='ez-toc-page-1 ez-toc-heading-level-3'><a class=\"ez-toc-link ez-toc-heading-29\" href=\"https:\/\/www.vivre-covid19.fr\/pharmacie\/medicament\/lift-active-creme-50-ml\/#Interactions_avec_dautres_medicaments\" >Interactions avec d&rsquo;autres m\u00e9dicaments<\/a><\/li><li class='ez-toc-page-1 ez-toc-heading-level-3'><a class=\"ez-toc-link ez-toc-heading-30\" href=\"https:\/\/www.vivre-covid19.fr\/pharmacie\/medicament\/lift-active-creme-50-ml\/#Posologie_et_mode_dadministration\" >Posologie et mode d&rsquo;administration<\/a><\/li><li class='ez-toc-page-1 ez-toc-heading-level-3'><a class=\"ez-toc-link ez-toc-heading-31\" href=\"https:\/\/www.vivre-covid19.fr\/pharmacie\/medicament\/lift-active-creme-50-ml\/#Duree_du_traitement\" >Dur\u00e9e du traitement<\/a><\/li><li class='ez-toc-page-1 ez-toc-heading-level-3'><a class=\"ez-toc-link ez-toc-heading-32\" href=\"https:\/\/www.vivre-covid19.fr\/pharmacie\/medicament\/lift-active-creme-50-ml\/#Mises_en_garde_et_precautions\" >Mises en garde et pr\u00e9cautions<\/a><\/li><li class='ez-toc-page-1 ez-toc-heading-level-3'><a class=\"ez-toc-link ez-toc-heading-33\" href=\"https:\/\/www.vivre-covid19.fr\/pharmacie\/medicament\/lift-active-creme-50-ml\/#Surdosage\" >Surdosage<\/a><\/li><li class='ez-toc-page-1 ez-toc-heading-level-3'><a class=\"ez-toc-link ez-toc-heading-34\" href=\"https:\/\/www.vivre-covid19.fr\/pharmacie\/medicament\/lift-active-creme-50-ml\/#Date_de_peremption\" >Date de p\u00e9remption<\/a><\/li><li class='ez-toc-page-1 ez-toc-heading-level-3'><a class=\"ez-toc-link ez-toc-heading-35\" href=\"https:\/\/www.vivre-covid19.fr\/pharmacie\/medicament\/lift-active-creme-50-ml\/#Conditions_de_conservation\" >Conditions de conservation<\/a><\/li><\/ul><\/li><li class='ez-toc-page-1 ez-toc-heading-level-2'><a class=\"ez-toc-link ez-toc-heading-36\" href=\"https:\/\/www.vivre-covid19.fr\/pharmacie\/medicament\/lift-active-creme-50-ml\/#Lift_Active_%E2%80%93_Avis_Doctissimo_y_compris_negatifs_et_forum_commentaires\" >Lift Active \u2013 Avis Doctissimo, y compris n\u00e9gatifs et forum commentaires<\/a><\/li><li class='ez-toc-page-1 ez-toc-heading-level-2'><a class=\"ez-toc-link ez-toc-heading-37\" href=\"https:\/\/www.vivre-covid19.fr\/pharmacie\/medicament\/lift-active-creme-50-ml\/#Ou_acheter_Lift_Active_en_ligne_en_France_Belgique_Suisse_et_Luxembourg_avec_une_livraison_rapide\" >O\u00f9 acheter Lift Active en ligne en France, Belgique, Suisse et Luxembourg avec une livraison rapide<\/a><ul class='ez-toc-list-level-3' ><li class='ez-toc-heading-level-3'><a class=\"ez-toc-link ez-toc-heading-38\" href=\"https:\/\/www.vivre-covid19.fr\/pharmacie\/medicament\/lift-active-creme-50-ml\/#Prix\" >Prix<\/a><\/li><li class='ez-toc-page-1 ez-toc-heading-level-3'><a class=\"ez-toc-link ez-toc-heading-39\" href=\"https:\/\/www.vivre-covid19.fr\/pharmacie\/medicament\/lift-active-creme-50-ml\/#Acheter_a_la_pharmacie\" >Acheter \u00e0 la pharmacie<\/a><\/li><li class='ez-toc-page-1 ez-toc-heading-level-3'><a class=\"ez-toc-link ez-toc-heading-40\" href=\"https:\/\/www.vivre-covid19.fr\/pharmacie\/medicament\/lift-active-creme-50-ml\/#Modes_de_paiement_et_de_livraison\" >Modes de paiement et de livraison<\/a><\/li><\/ul><\/li><li class='ez-toc-page-1 ez-toc-heading-level-2'><a class=\"ez-toc-link ez-toc-heading-41\" href=\"https:\/\/www.vivre-covid19.fr\/pharmacie\/medicament\/lift-active-creme-50-ml\/#FAQ_Questions_frequentes\" >FAQ : Questions fr\u00e9quentes<\/a><ul class='ez-toc-list-level-3' ><li class='ez-toc-heading-level-3'><a class=\"ez-toc-link ez-toc-heading-42\" href=\"https:\/\/www.vivre-covid19.fr\/pharmacie\/medicament\/lift-active-creme-50-ml\/#Quelle_est_la_principale_fonction_de_la_creme_Lift_Active\" >Quelle est la principale fonction de la cr\u00e8me Lift Active ?<\/a><\/li><li class='ez-toc-page-1 ez-toc-heading-level-3'><a class=\"ez-toc-link ez-toc-heading-43\" href=\"https:\/\/www.vivre-covid19.fr\/pharmacie\/medicament\/lift-active-creme-50-ml\/#Quels_ingredients_de_la_creme_Lift_Active_contribuent_a_lhydratation_de_la_peau\" >Quels ingr\u00e9dients de la cr\u00e8me Lift Active contribuent \u00e0 l&rsquo;hydratation de la peau ?<\/a><\/li><li class='ez-toc-page-1 ez-toc-heading-level-3'><a class=\"ez-toc-link ez-toc-heading-44\" href=\"https:\/\/www.vivre-covid19.fr\/pharmacie\/medicament\/lift-active-creme-50-ml\/#Comment_la_creme_Lift_Active_aide-t-elle_a_lutter_contre_les_signes_de_lage\" >Comment la cr\u00e8me Lift Active aide-t-elle \u00e0 lutter contre les signes de l&rsquo;\u00e2ge ?<\/a><\/li><li class='ez-toc-page-1 ez-toc-heading-level-3'><a class=\"ez-toc-link ez-toc-heading-45\" href=\"https:\/\/www.vivre-covid19.fr\/pharmacie\/medicament\/lift-active-creme-50-ml\/#Est-ce_que_la_creme_Lift_Active_convient_a_tous_les_types_de_peau\" >Est-ce que la cr\u00e8me Lift Active convient \u00e0 tous les types de peau ?<\/a><\/li><li class='ez-toc-page-1 ez-toc-heading-level-3'><a class=\"ez-toc-link ez-toc-heading-46\" href=\"https:\/\/www.vivre-covid19.fr\/pharmacie\/medicament\/lift-active-creme-50-ml\/#Quelle_est_la_texture_de_la_creme_Lift_Active\" >Quelle est la texture de la cr\u00e8me Lift Active ?<\/a><\/li><\/ul><\/li><\/ul><\/nav><\/div>\n<h2><span class=\"ez-toc-section\" id=\"Quest-ce_que_Lift_Active_et_quelles_sont_ses_indications%E2%80%AF\"><\/span>Qu\u2019est-ce que Lift Active et quelles sont ses indications\u202f?<span class=\"ez-toc-section-end\"><\/span><\/h2>\n<p>La Cr\u00e8me pour le rajeunissement Lift Active est un soin cosm\u00e9tique con\u00e7u pour lutter contre les signes visibles du vieillissement de la peau. Elle est principalement utilis\u00e9e pour redonner de la fermet\u00e9, de l&#039;\u00e9lasticit\u00e9 et un aspect plus jeune au visage. Ce produit cible les rides, les ridules, ainsi que la perte de tonicit\u00e9, offrant une approche innovante pour revitaliser la peau mature ou fatigu\u00e9e. Son objectif principal est de raffermir la peau tout en favorisant une apparence plus lisse et \u00e9clatante.<\/p>\n<h2><span class=\"ez-toc-section\" id=\"Indications_therapeutiques_de_Lift_Active\"><\/span>Indications th\u00e9rapeutiques de Lift Active<span class=\"ez-toc-section-end\"><\/span><\/h2>\n<p>Ce soin est principalement destin\u00e9 \u00e0 am\u00e9liorer l\u2019aspect de la peau affect\u00e9e par le vieillissement naturel ou pr\u00e9matur\u00e9. Il est recommand\u00e9 dans les cas suivants :<\/p>\n<ul>\n<li><strong>Rides et ridules visibles<\/strong> : notamment autour des yeux, de la bouche ou du front, donnant une apparence plus fatigu\u00e9e ou vieillie.<\/li>\n<li><strong>Perte de fermet\u00e9<\/strong> : lorsque la peau commence \u00e0 se rel\u00e2cher, notamment au niveau des joues, du cou ou du contour de la m\u00e2choire.<\/li>\n<li><strong>Manque d\u2019\u00e9lasticit\u00e9<\/strong> : une peau qui perd sa tonicit\u00e9 et son ressort, apparaissant flasque ou molle.<\/li>\n<li><strong>Taches pigmentaires ou teint terne<\/strong> : qui contribuent \u00e0 un aspect vieilli de la peau.<\/li>\n<li><strong>Signes de fatigue ou de stress cutan\u00e9<\/strong> : tels que l\u2019aspect terne, d\u00e9shydrat\u00e9 ou fatigu\u00e9 du visage.<\/li>\n<\/ul>\n<p>Ce produit est id\u00e9al pour les personnes souhaitant pr\u00e9venir ou att\u00e9nuer ces signes, afin de retrouver une peau plus ferme, lisse et \u00e9clatante.<\/p>\n<h2><span class=\"ez-toc-section\" id=\"Composition_de_Lift_Active_principes_actifs_et_autres_composants\"><\/span>Composition de Lift Active : principes actifs et autres composants<span class=\"ez-toc-section-end\"><\/span><\/h2>\n<p>Ce soin b\u00e9n\u00e9ficie d\u2019une formule innovante, compos\u00e9e d\u2019ingr\u00e9dients actifs soigneusement s\u00e9lectionn\u00e9s pour leur efficacit\u00e9 dans la lutte contre les signes du vieillissement. La cr\u00e8me contient notamment du beurre de karit\u00e9, de l\u2019huile de macadamia, plusieurs peptides, des antioxydants et des min\u00e9raux essentiels. Tous ces composants sont de haute qualit\u00e9, sans substances nocives, garantissant une utilisation s\u00fbre et efficace pour le renouvellement de la peau et la r\u00e9duction des rides.<\/p>\n<p>Voici la liste des principaux ingr\u00e9dients : Shea Butter (Butyrospermum Parkii Butter), Macadamia Seed Oil (Macadamia Integrifolia Seed Oil), Dipeptide Diaminobutyroyl Benzylamide Diacetate, Tetradecyl Aminobutyroylvalylaminobutyric Urea Trifluoroacetate, Palmitoyl Tripeptide-5, Palmitoyl Dipeptide-5 Diaminobutyroyl Hydroxythreonine, Ubiquinone (Coenzyme Q10), Tocopheryl Acetate (Vitamin E), Magnesium Aspartate, Zinc Gluconate, Copper Gluconate.<\/p>\n<hr>\n<h3><span class=\"ez-toc-section\" id=\"Shea_Butter_Butyrospermum_Parkii_Butter\"><\/span>Shea Butter (Butyrospermum Parkii Butter)<span class=\"ez-toc-section-end\"><\/span><\/h3>\n<p>Le beurre de karit\u00e9 est extrait des noix de l\u2019arbre de karit\u00e9, originaire d\u2019Afrique de l\u2019Ouest. Il est reconnu pour ses propri\u00e9t\u00e9s hydratantes, nourrissantes et apaisantes, ce qui en fait un ingr\u00e9dient pr\u00e9cieux pour pr\u00e9server la douceur et la souplesse de la peau. Sa composition riche en acides gras essentiels et en vitamines lui conf\u00e8re une capacit\u00e9 \u00e0 r\u00e9parer la barri\u00e8re cutan\u00e9e, notamment en cas de peau d\u00e9shydrat\u00e9e ou sensible.<\/p>\n<p>Dans le contexte du rajeunissement, le beurre de karit\u00e9 aide \u00e0 adoucir la peau, \u00e0 r\u00e9duire l\u2019apparence des ridules et \u00e0 am\u00e9liorer la texture g\u00e9n\u00e9rale. Son action anti-inflammatoire contribue \u00e9galement \u00e0 diminuer les irritations, favorisant un effet de r\u00e9paration et de revitalisation pour une peau plus ferme et plus \u00e9clatante.<\/p>\n<hr>\n<h3><span class=\"ez-toc-section\" id=\"Macadamia_Seed_Oil_Macadamia_Integrifolia_Seed_Oil\"><\/span>Macadamia Seed Oil (Macadamia Integrifolia Seed Oil)<span class=\"ez-toc-section-end\"><\/span><\/h3>\n<p>L\u2019huile de noix de macadamia est extraite des noix de l\u2019arbre de macadamia, originaire d\u2019Australie. Elle est riche en acides gras monoinsatur\u00e9s, notamment en acide ol\u00e9ique, qui lui conf\u00e8re une texture l\u00e9g\u00e8re et p\u00e9n\u00e9trante. Elle poss\u00e8de \u00e9galement des antioxydants naturels, tels que la vitamine E, qui prot\u00e8gent la peau contre les radicaux libres.<\/p>\n<p>Pour la lutte contre le vieillissement cutan\u00e9, cette huile aide \u00e0 restaurer la barri\u00e8re lipidique, \u00e0 maintenir l\u2019hydratation de la peau, et \u00e0 am\u00e9liorer son \u00e9lasticit\u00e9. Elle contribue \u00e9galement \u00e0 r\u00e9duire la perte d\u2019\u00e9lasticit\u00e9 et \u00e0 diminuer l\u2019apparence des rides, en apportant souplesse et vitalit\u00e9 \u00e0 la peau mature ou fatigu\u00e9e.<\/p>\n<hr>\n<h3><span class=\"ez-toc-section\" id=\"Dipeptide_Diaminobutyroyl_Benzylamide_Diacetate\"><\/span>Dipeptide Diaminobutyroyl Benzylamide Diacetate<span class=\"ez-toc-section-end\"><\/span><\/h3>\n<p>Ce peptide synth\u00e9tique est con\u00e7u pour imiter l\u2019effet de certains neuropeptides, agissant comme un agent relaxant sur les muscles faciaux. Il est souvent appel\u00e9 &quot;botox v\u00e9g\u00e9tal&quot; en raison de sa capacit\u00e9 \u00e0 r\u00e9duire la contraction musculaire superficielle, ce qui limite la formation de rides dynamiques.<\/p>\n<p>Scientifiquement, ce peptide est prouv\u00e9 pour att\u00e9nuer l\u2019apparence des rides d\u2019expression, notamment celles du front et des pattes d\u2019oie. Son effet relaxant contribue \u00e0 lisser la peau, \u00e0 diminuer les rides existantes et \u00e0 pr\u00e9venir l\u2019apparition de nouvelles lignes d\u2019expression pour une peau visiblement plus jeune.<\/p>\n<hr>\n<h3><span class=\"ez-toc-section\" id=\"Tetradecyl_Aminobutyroylvalylaminobutyric_Urea_Trifluoroacetate\"><\/span>Tetradecyl Aminobutyroylvalylaminobutyric Urea Trifluoroacetate<span class=\"ez-toc-section-end\"><\/span><\/h3>\n<p>Ce compos\u00e9 est une version d\u00e9riv\u00e9e de peptides, con\u00e7ue pour renforcer la tonicit\u00e9 de la peau. Sa structure chimique lui permet de p\u00e9n\u00e9trer profond\u00e9ment dans la peau, o\u00f9 il agit sur les fibres de collag\u00e8ne et d\u2019\u00e9lastine.<\/p>\n<p>Les \u00e9tudes montrent qu\u2019il stimule la synth\u00e8se de ces prot\u00e9ines essentielles, ce qui contribue \u00e0 am\u00e9liorer la fermet\u00e9 de la peau, \u00e0 r\u00e9duire la laxit\u00e9 et \u00e0 att\u00e9nuer les rides. Son action est particuli\u00e8rement efficace pour restaurer la densit\u00e9 cutan\u00e9e et lutter contre les signes visibles du vieillissement.<\/p>\n<hr>\n<h3><span class=\"ez-toc-section\" id=\"Palmitoyl_Tripeptide-5\"><\/span>Palmitoyl Tripeptide-5<span class=\"ez-toc-section-end\"><\/span><\/h3>\n<p>Ce peptide synth\u00e9tique est connu pour ses propri\u00e9t\u00e9s de stimulation du collag\u00e8ne. Il favorise la production de prot\u00e9ines structurales essentielles pour la fermet\u00e9 et l\u2019\u00e9lasticit\u00e9 de la peau.<\/p>\n<p>En pratique, il r\u00e9duit la profondeur des rides, raffermit la peau et am\u00e9liore la texture cutan\u00e9e. Son utilisation r\u00e9guli\u00e8re contribue \u00e0 un aspect plus lisse, plus ferme et plus jeune de la peau, en att\u00e9nuant les effets du vieillissement.<\/p>\n<hr>\n<h3><span class=\"ez-toc-section\" id=\"Palmitoyl_Dipeptide-5_Diaminobutyroyl_Hydroxythreonine\"><\/span>Palmitoyl Dipeptide-5 Diaminobutyroyl Hydroxythreonine<span class=\"ez-toc-section-end\"><\/span><\/h3>\n<p>Ce peptide est con\u00e7u pour agir sur la synth\u00e8se de collag\u00e8ne et d\u2019\u00e9lastine, deux composants cl\u00e9s pour une peau ferme et \u00e9lastique. Il participe \u00e0 la r\u00e9paration de la matrice extracellulaire, essentielle pour la jeunesse de la peau.<\/p>\n<p>Les recherches indiquent qu\u2019il aide \u00e0 r\u00e9duire la perte de fermet\u00e9, \u00e0 lisser la surface cutan\u00e9e et \u00e0 diminuer l\u2019apparence des rides, pour un teint plus jeune et plus tonique.<\/p>\n<hr>\n<h3><span class=\"ez-toc-section\" id=\"Ubiquinone_Coenzyme_Q10\"><\/span>Ubiquinone (Coenzyme Q10)<span class=\"ez-toc-section-end\"><\/span><\/h3>\n<p>La coenzyme Q10 est une mol\u00e9cule naturellement pr\u00e9sente dans nos cellules, essentielle \u00e0 la production d\u2019\u00e9nergie. Elle poss\u00e8de \u00e9galement des propri\u00e9t\u00e9s antioxydantes puissantes, prot\u00e9geant la peau contre les dommages caus\u00e9s par les radicaux libres.<\/p>\n<p>Dans le contexte de l\u2019anti-\u00e2ge, le Q10 aide \u00e0 r\u00e9duire le stress oxydatif, qui acc\u00e9l\u00e8re le vieillissement cellulaire. Son utilisation favorise la revitalisation cellulaire, am\u00e9liore la tonicit\u00e9 de la peau et att\u00e9nue les rides, pour une peau plus fra\u00eeche et plus r\u00e9sistante.<\/p>\n<hr>\n<h3><span class=\"ez-toc-section\" id=\"Tocopheryl_Acetate_Vitamin_E\"><\/span>Tocopheryl Acetate (Vitamin E)<span class=\"ez-toc-section-end\"><\/span><\/h3>\n<p>Le tocoph\u00e9rol ac\u00e9tate est une forme stable de vitamine E, un puissant antioxydant. Il prot\u00e8ge la peau contre les agressions environnementales, telles que la pollution et les rayons UV, qui acc\u00e9l\u00e8rent le vieillissement cutan\u00e9.<\/p>\n<p>Il contribue \u00e0 r\u00e9duire l\u2019apparence des rides et des ridules en neutralisant les radicaux libres. En plus de ses propri\u00e9t\u00e9s antioxydantes, il assouplit et hydrate la peau, favorisant une apparence plus jeune et plus \u00e9clatante.<\/p>\n<hr>\n<h3><span class=\"ez-toc-section\" id=\"Magnesium_Aspartate\"><\/span>Magnesium Aspartate<span class=\"ez-toc-section-end\"><\/span><\/h3>\n<p>Le magn\u00e9sium aspartate est un sel de magn\u00e9sium facilement assimilable, qui joue un r\u00f4le essentiel dans la r\u00e9g\u00e9n\u00e9ration cellulaire et la synth\u00e8se des prot\u00e9ines. Il participe \u00e9galement \u00e0 la r\u00e9gulation de l\u2019hydratation de la peau.<\/p>\n<p>Scientifiquement, le magn\u00e9sium aide \u00e0 renforcer la barri\u00e8re cutan\u00e9e, \u00e0 am\u00e9liorer la r\u00e9silience de la peau et \u00e0 stimuler la production de collag\u00e8ne. Son action contribue \u00e0 r\u00e9duire la perte d\u2019\u00e9lasticit\u00e9<\/p>\n<h3><span class=\"ez-toc-section\" id=\"Panthenol_Pro-Vitamin_B5\"><\/span>Panthenol (Pro-Vitamin B5)<span class=\"ez-toc-section-end\"><\/span><\/h3>\n<p>Le panth\u00e9nol, \u00e9galement connu sous le nom de provitamine B5, est une forme de vitamine B5 d\u00e9riv\u00e9e de la vitamine elle-m\u00eame, obtenue principalement \u00e0 partir d\u2019huiles v\u00e9g\u00e9tales ou de synth\u00e8se chimique. Il est largement utilis\u00e9 en cosm\u00e9tique pour ses propri\u00e9t\u00e9s hydratantes et apaisantes, car il p\u00e9n\u00e8tre profond\u00e9ment dans la peau pour renforcer la barri\u00e8re cutan\u00e9e. Son action contribue \u00e0 calmer les irritations, \u00e0 am\u00e9liorer la souplesse de la peau et \u00e0 favoriser la cicatrisation des petites blessures.<\/p>\n<p>Dans le cadre de soins anti-\u00e2ge, le panth\u00e9nol est reconnu pour augmenter l\u2019hydratation de la peau, ce qui att\u00e9nue l\u2019apparence des rides et ridules. Son effet hydratant profond aide \u00e0 rendre la peau plus ferme, plus lisse et plus souple, tout en favorisant un aspect g\u00e9n\u00e9ral plus jeune et revitalis\u00e9.<\/p>\n<hr>\n<h3><span class=\"ez-toc-section\" id=\"Allantoin\"><\/span>Allantoin<span class=\"ez-toc-section-end\"><\/span><\/h3>\n<p>L\u2019allantoin est un compos\u00e9 chimique d\u00e9riv\u00e9 de la mol\u00e9cule d\u2019ur\u00e9e, extrait de diverses sources v\u00e9g\u00e9tales ou synth\u00e9tis\u00e9es en laboratoire. Elle est connue pour ses propri\u00e9t\u00e9s apaisantes, cicatrisantes et hydratantes. La peau sensible ou irrit\u00e9e b\u00e9n\u00e9ficie grandement de ses effets, car elle aide \u00e0 calmer les inflammations et \u00e0 acc\u00e9l\u00e9rer la r\u00e9paration des tissus endommag\u00e9s.<\/p>\n<p>En cosm\u00e9tique anti-\u00e2ge, l\u2019allantoin contribue \u00e0 am\u00e9liorer la texture de la peau, en r\u00e9duisant l\u2019apparence des rides et en favorisant une surface lisse et douce. Son r\u00f4le dans la r\u00e9g\u00e9n\u00e9ration cellulaire permet de lutter efficacement contre le vieillissement pr\u00e9matur\u00e9 et de maintenir une peau jeune, \u00e9lastique et bien hydrat\u00e9e.<\/p>\n<hr>\n<h3><span class=\"ez-toc-section\" id=\"Caffeine\"><\/span>Caffeine<span class=\"ez-toc-section-end\"><\/span><\/h3>\n<p>La caf\u00e9ine est un alcalo\u00efde naturel principalement extrait de grains de caf\u00e9 ou de th\u00e9, utilis\u00e9e depuis longtemps dans les soins cosm\u00e9tiques pour ses propri\u00e9t\u00e9s stimulantes. Elle est appr\u00e9ci\u00e9e pour ses effets drainants, anti-inflammatoires et antioxydants, qui aident \u00e0 r\u00e9duire l\u2019apparence des poches, des cernes et des inflammations du visage.<\/p>\n<p>Dans le contexte du rajeunissement cutan\u00e9, la caf\u00e9ine est efficace pour stimuler la microcirculation sanguine, ce qui contribue \u00e0 un teint plus lumineux et \u00e0 une r\u00e9duction des signes de fatigue. Elle aide \u00e9galement \u00e0 resserrer temporairement la peau, ce qui att\u00e9nue l\u2019aspect des rides et ridules, donnant une apparence plus ferme et plus tonique.<\/p>\n<hr>\n<h3><span class=\"ez-toc-section\" id=\"Biotine\"><\/span>Biotine<span class=\"ez-toc-section-end\"><\/span><\/h3>\n<p>La biotine, aussi appel\u00e9e vitamine B7 ou vitamine H, est une vitamine hydrosoluble essentielle pr\u00e9sente dans de nombreux aliments, notamment les \u0153ufs, les noix et certains l\u00e9gumes. Elle joue un r\u00f4le cl\u00e9 dans la sant\u00e9 de la peau, des cheveux et des ongles en favorisant la synth\u00e8se des k\u00e9ratines, prot\u00e9ines structurales de la peau.<\/p>\n<p>En cosm\u00e9tique, la biotine est reconnue pour renforcer la barri\u00e8re cutan\u00e9e, am\u00e9liorer l\u2019\u00e9lasticit\u00e9 et promouvoir la r\u00e9g\u00e9n\u00e9ration cellulaire. Son action contribue \u00e0 r\u00e9duire la s\u00e9cheresse, \u00e0 att\u00e9nuer les rides et \u00e0 favoriser une peau plus ferme, plus souple et plus jeune.<\/p>\n<hr>\n<h3><span class=\"ez-toc-section\" id=\"Yeast_Beta-Glucan\"><\/span>Yeast Beta-Glucan<span class=\"ez-toc-section-end\"><\/span><\/h3>\n<p>Le b\u00eata-glucane de levure est une fibre soluble d\u00e9riv\u00e9e de la paroi cellulaire de la levure Saccharomyces cerevisiae. C\u2019est un puissant agent hydratant et immunomodulateur, connu pour ses propri\u00e9t\u00e9s anti-\u00e2ge et cicatrisantes. Il stimule la production de collag\u00e8ne et d\u2019\u00e9lastine, tout en renfor\u00e7ant la r\u00e9sistance de la peau face aux agressions ext\u00e9rieures.<\/p>\n<p>Scientifiquement, le b\u00eata-glucane am\u00e9liore la fermet\u00e9 de la peau, r\u00e9duit l\u2019apparence des rides et favorise la r\u00e9g\u00e9n\u00e9ration de la peau endommag\u00e9e. Son action antioxydante aide \u00e9galement \u00e0 lutter contre le stress oxydatif, un facteur cl\u00e9 du vieillissement pr\u00e9matur\u00e9 de la peau.<\/p>\n<hr>\n<h3><span class=\"ez-toc-section\" id=\"Snail_Secretion_Filtrate\"><\/span>Snail Secretion Filtrate<span class=\"ez-toc-section-end\"><\/span><\/h3>\n<p>Le filtrat de s\u00e9cr\u00e9tion de escargot est une substance naturelle riche en allanto\u00efne, glycoliques, collag\u00e8ne, elastine et vitamine E. Il est extrait de l\u2019escargot Helix aspersa et utilis\u00e9 depuis longtemps pour ses propri\u00e9t\u00e9s r\u00e9paratrices et r\u00e9g\u00e9n\u00e9ratrices de la peau. Il hydrate en profondeur, r\u00e9duit les irritations et favorise la r\u00e9paration des tissus endommag\u00e9s.<\/p>\n<p>Les \u00e9tudes montrent que le filtrat d\u2019escargot stimule la synth\u00e8se de collag\u00e8ne et d\u2019\u00e9lastine, ce qui aide \u00e0 am\u00e9liorer la fermet\u00e9, \u00e0 att\u00e9nuer les rides et \u00e0 restaurer la souplesse de la peau. Il est particuli\u00e8rement efficace pour traiter les signes visibles du vieillissement, en redonnant \u00e9lasticit\u00e9 et \u00e9clat \u00e0 la peau mature.<\/p>\n<hr>\n<h3><span class=\"ez-toc-section\" id=\"Sodium_Hyaluronate_Hyaluronic_Acid\"><\/span>Sodium Hyaluronate (Hyaluronic Acid)<span class=\"ez-toc-section-end\"><\/span><\/h3>\n<p>Le hyaluronate de sodium, ou acide hyaluronique, est une mol\u00e9cule naturelle pr\u00e9sente dans la peau, connue pour sa capacit\u00e9 exceptionnelle \u00e0 retenir l\u2019eau. Il est fr\u00e9quemment utilis\u00e9 en cosm\u00e9tique pour ses propri\u00e9t\u00e9s hydratantes et repulpantes, car il peut attirer et retenir jusqu\u2019\u00e0 1000 fois son poids en eau.<\/p>\n<p>Dans le cadre du rajeunissement, l\u2019acide hyaluronique r\u00e9duit l\u2019apparence des rides et ridules en comblant les espaces entre les cellules. Son action hydrate intens\u00e9ment, am\u00e9liore la fermet\u00e9 de la peau et restaure un aspect plus rebondi, jeune et \u00e9clatant, en favorisant la r\u00e9g\u00e9n\u00e9ration cellulaire.<\/p>\n<hr>\n<h3><span class=\"ez-toc-section\" id=\"Retinyl_Palmitate_Vitamin_A\"><\/span>Retinyl Palmitate (Vitamin A)<span class=\"ez-toc-section-end\"><\/span><\/h3>\n<p>Le palmitate de r\u00e9tinyle est une forme de vitamine A, d\u00e9riv\u00e9e de la vitamine A naturelle, souvent utilis\u00e9e en cosm\u00e9tique pour ses propri\u00e9t\u00e9s anti-\u00e2ge. Il est synth\u00e9tis\u00e9 \u00e0 partir de la r\u00e9tino\u00efque acide, mais est plus stable et moins irritant que d\u2019autres formes de vitamine A.<\/p>\n<p>Ses effets ont \u00e9t\u00e9 largement \u00e9tudi\u00e9s : il stimule la production de collag\u00e8ne, acc\u00e9l\u00e8re le renouvellement cellulaire et r\u00e9duit la profondeur des rides. Il aide \u00e9galement \u00e0 uniformiser le teint, \u00e0 att\u00e9nuer les taches pigmentaires et \u00e0 am\u00e9liorer la texture de la peau, pour une apparence plus jeune et plus lumineuse.<\/p>\n<hr>\n<h3><span class=\"ez-toc-section\" id=\"Tocopherol_Vitamin_E\"><\/span>Tocopherol (Vitamin E)<span class=\"ez-toc-section-end\"><\/span><\/h3>\n<p>La vitamine E, ou tocoph\u00e9rol, est une vitamine liposoluble pr\u00e9sente naturellement dans de nombreux aliments. Elle poss\u00e8de de puissantes propri\u00e9t\u00e9s antioxydantes, prot\u00e9geant la peau contre les radicaux libres issus de la pollution, de l\u2019exposition solaire et du stress oxydatif.<\/p>\n<p>En cosm\u00e9tique anti-\u00e2ge, le tocoph\u00e9rol hydrate la peau, r\u00e9duit l\u2019apparence des rides et limite la d\u00e9gradation du collag\u00e8ne. Son action antioxydante contribue \u00e0 pr\u00e9server la jeunesse de la peau, \u00e0 am\u00e9liorer son \u00e9lasticit\u00e9 et \u00e0 lui donner un aspect plus ferme, souple et \u00e9clatant.<\/p>\n<hr>\n<h3><span class=\"ez-toc-section\" id=\"Ascorbic_Acid_Vitamin_C\"><\/span>Ascorbic Acid (Vitamin C)<span class=\"ez-toc-section-end\"><\/span><\/h3>\n<p>L\u2019acide ascorbique, ou vitamine C, est un antioxydant puissant d\u2019origine naturelle, abondamment pr\u00e9sent<\/p>\n<h2><span class=\"ez-toc-section\" id=\"Notice_%E2%80%93_Informations_pour_le_patient\"><\/span>Notice \u2013 Informations pour le patient<span class=\"ez-toc-section-end\"><\/span><\/h2>\n<h3><span class=\"ez-toc-section\" id=\"Nom_du_medicament\"><\/span>Nom du m\u00e9dicament<span class=\"ez-toc-section-end\"><\/span><\/h3>\n<p>Cr\u00e8me pour le rajeunissement Lift Active<\/p>\n<h3><span class=\"ez-toc-section\" id=\"Forme_pharmaceutique_et_presentation\"><\/span>Forme pharmaceutique et pr\u00e9sentation<span class=\"ez-toc-section-end\"><\/span><\/h3>\n<p>Ce m\u00e9dicament se pr\u00e9sente sous la forme d\u2019une cr\u00e8me dermique, conditionn\u00e9e en tubes ou en pots, contenant g\u00e9n\u00e9ralement 30 ml ou 50 ml de produit.<\/p>\n<h3><span class=\"ez-toc-section\" id=\"Indications_therapeutiques\"><\/span>Indications th\u00e9rapeutiques<span class=\"ez-toc-section-end\"><\/span><\/h3>\n<p>Ce soin est indiqu\u00e9 pour r\u00e9duire l\u2019apparence des rides et ridules, am\u00e9liorer la fermet\u00e9 et l\u2019\u00e9lasticit\u00e9 de la peau, et att\u00e9nuer les signes visibles du vieillissement cutan\u00e9. Il convient aux personnes souhaitant revitaliser leur peau et retrouver un aspect plus jeune et \u00e9clatant.<\/p>\n<h3><span class=\"ez-toc-section\" id=\"Contre-indications\"><\/span>Contre-indications<span class=\"ez-toc-section-end\"><\/span><\/h3>\n<p>Ce produit est contre-indiqu\u00e9 en cas d\u2019hypersensibilit\u00e9 ou d\u2019allergie connue \u00e0 l\u2019un des composants de la cr\u00e8me, notamment aux peptides, aux huiles ou aux extraits naturels pr\u00e9sents dans la formule.<\/p>\n<h3><span class=\"ez-toc-section\" id=\"Effets_indesirables_possibles\"><\/span>Effets ind\u00e9sirables possibles<span class=\"ez-toc-section-end\"><\/span><\/h3>\n<p>Les r\u00e9actions allergiques telles que rougeurs, d\u00e9mangeaisons, gonflements ou irritations localis\u00e9es peuvent survenir. En cas de r\u00e9action allergique, il est conseill\u00e9 d\u2019arr\u00eater l\u2019utilisation et de consulter un professionnel de sant\u00e9.<\/p>\n<h3><span class=\"ez-toc-section\" id=\"Interactions_avec_dautres_medicaments\"><\/span>Interactions avec d&rsquo;autres m\u00e9dicaments<span class=\"ez-toc-section-end\"><\/span><\/h3>\n<p>Ce soin peut \u00eatre utilis\u00e9 en compl\u00e9ment d\u2019autres traitements cosm\u00e9tiques ou m\u00e9dicaux, sauf en cas d\u2019allergie ou d\u2019intol\u00e9rance. Il est d\u00e9conseill\u00e9 de l\u2019appliquer en m\u00eame temps que des produits contenant des agents irritants ou agressifs, et il faut \u00e9viter tout contact avec l\u2019alcool.<\/p>\n<h3><span class=\"ez-toc-section\" id=\"Posologie_et_mode_dadministration\"><\/span>Posologie et mode d&rsquo;administration<span class=\"ez-toc-section-end\"><\/span><\/h3>\n<p>Appliquer une petite quantit\u00e9 de cr\u00e8me sur une peau propre et s\u00e8che, matin et soir. Masser d\u00e9licatement jusqu\u2019\u00e0 absorption compl\u00e8te, en \u00e9vitant le contact avec les yeux et les muqueuses. Respecter la fr\u00e9quence d\u2019utilisation recommand\u00e9e pour optimiser les r\u00e9sultats.<\/p>\n<h3><span class=\"ez-toc-section\" id=\"Duree_du_traitement\"><\/span>Dur\u00e9e du traitement<span class=\"ez-toc-section-end\"><\/span><\/h3>\n<p>La dur\u00e9e du traitement d\u00e9pend des r\u00e9sultats souhait\u00e9s et de l\u2019\u00e9tat de la peau. En g\u00e9n\u00e9ral, une utilisation r\u00e9guli\u00e8re de plusieurs semaines est recommand\u00e9e pour constater une am\u00e9lioration visible.<\/p>\n<h3><span class=\"ez-toc-section\" id=\"Mises_en_garde_et_precautions\"><\/span>Mises en garde et pr\u00e9cautions<span class=\"ez-toc-section-end\"><\/span><\/h3>\n<p>Aucune pr\u00e9caution particuli\u00e8re n\u2019est requise. Ce produit n\u2019est pas destin\u00e9 aux personnes de moins de 18 ans. En cas d\u2019irritation ou d\u2019allergie, cesser l\u2019utilisation. Conserver hors de port\u00e9e des enfants.<\/p>\n<h3><span class=\"ez-toc-section\" id=\"Surdosage\"><\/span>Surdosage<span class=\"ez-toc-section-end\"><\/span><\/h3>\n<p>Respectez strictement la posologie et les instructions d\u2019utilisation. En cas de contact accidentel ou d\u2019usage excessif, rincer abondamment \u00e0 l\u2019eau. Aucun effet toxique connu en cas de surdosage local.<\/p>\n<h3><span class=\"ez-toc-section\" id=\"Date_de_peremption\"><\/span>Date de p\u00e9remption<span class=\"ez-toc-section-end\"><\/span><\/h3>\n<p>Ne pas utiliser apr\u00e8s la date inscrite sur l\u2019emballage. La date de p\u00e9remption correspond au dernier jour du mois indiqu\u00e9.<\/p>\n<h3><span class=\"ez-toc-section\" id=\"Conditions_de_conservation\"><\/span>Conditions de conservation<span class=\"ez-toc-section-end\"><\/span><\/h3>\n<p>Conserver \u00e0 une temp\u00e9rature inf\u00e9rieure ou \u00e9gale \u00e0 25\u202f\u00b0C, \u00e0 l\u2019abri de la lumi\u00e8re et de l\u2019humidit\u00e9. Maintenir hors de la port\u00e9e des enfants.<\/p>\n<h2><span class=\"ez-toc-section\" id=\"Lift_Active_%E2%80%93_Avis_Doctissimo_y_compris_negatifs_et_forum_commentaires\"><\/span>Lift Active \u2013 Avis Doctissimo, y compris n\u00e9gatifs et forum commentaires<span class=\"ez-toc-section-end\"><\/span><\/h2>\n<p>Les utilisateurs de Lift Active partagent g\u00e9n\u00e9ralement des avis positifs, soulignant l&#039;efficacit\u00e9 du produit pour r\u00e9duire les rides, am\u00e9liorer la fermet\u00e9 de la peau et lui donner un aspect plus jeune et \u00e9clatant. Beaucoup appr\u00e9cient la texture agr\u00e9able de la cr\u00e8me, ainsi que le fait qu\u2019elle hydrate en profondeur sans laisser de sensation grasse. Sur les forums et r\u00e9seaux sociaux, plusieurs t\u00e9moignages \u00e9voquent une am\u00e9lioration visible apr\u00e8s quelques semaines d\u2019utilisation r\u00e9guli\u00e8re, ce qui renforce la r\u00e9putation de ce soin dans la lutte contre les signes du vieillissement.<\/p>\n<p>Cependant, certains utilisateurs expriment des r\u00e9serves ou des exp\u00e9riences moins favorables. Quelques commentaires mentionnent une efficacit\u00e9 limit\u00e9e sur leur type de peau ou une irritation cutan\u00e9e chez certaines personnes sensibles. D\u2019autres trouvent que le prix peut \u00eatre \u00e9lev\u00e9 par rapport aux r\u00e9sultats obtenus. Malgr\u00e9 cela, la majorit\u00e9 des avis restent positifs, soulignant que Lift Active constitue une option appr\u00e9ci\u00e9e pour celles et ceux qui recherchent un soin anti-\u00e2ge efficace et agr\u00e9able \u00e0 utiliser.<\/p>\n<h2><span class=\"ez-toc-section\" id=\"Ou_acheter_Lift_Active_en_ligne_en_France_Belgique_Suisse_et_Luxembourg_avec_une_livraison_rapide\"><\/span>O\u00f9 acheter Lift Active en ligne en France, Belgique, Suisse et Luxembourg avec une livraison rapide<span class=\"ez-toc-section-end\"><\/span><\/h2>\n<p>Lift Active est disponible \u00e0 l\u2019achat exclusivement dans notre pharmacie en ligne &quot;Pharmacie Vivre Sainement&quot;. Gr\u00e2ce \u00e0 notre contrat direct avec le fabricant, nous sommes un partenaire officiel, ce qui garantit l\u2019authenticit\u00e9 et la qualit\u00e9 du produit. Vous pouvez donc commander en toute confiance, en b\u00e9n\u00e9ficiant d\u2019un service fiable et s\u00e9curis\u00e9.<\/p>\n<h3><span class=\"ez-toc-section\" id=\"Prix\"><\/span>Prix<span class=\"ez-toc-section-end\"><\/span><\/h3>\n<p>Le prix de Lift Active est fix\u00e9 \u00e0 39 euros pour la France, la Belgique, la Suisse et le Luxembourg. Actuellement, des r\u00e9ductions sont en cours pour la premi\u00e8re commande, allant de 30 \u00e0 50 %, ce qui permet de profiter d\u2019un excellent rapport qualit\u00e9\/prix pour un soin anti-\u00e2ge performant.<\/p>\n<h3><span class=\"ez-toc-section\" id=\"Acheter_a_la_pharmacie\"><\/span>Acheter \u00e0 la pharmacie<span class=\"ez-toc-section-end\"><\/span><\/h3>\n<p>Il est possible d\u2019acheter Lift Active sans prescription m\u00e9dicale dans notre pharmacie en ligne \u00ab\u00a0Vivre Sainement\u00a0\u00bb. Ce produit ne peut pas \u00eatre achet\u00e9 dans les pharmacies en ligne ou les r\u00e9seaux de pharmacies tels qu\u2019Atida, DocMorris, DM ou Pharma GDD, car il est actuellement distribu\u00e9 en quantit\u00e9s limit\u00e9es uniquement dans certains \u00e9tablissements partenaires. Il est fortement d\u00e9conseill\u00e9 d\u2019acheter ce produit sur des marketplaces comme Amazon ou dans des magasins Carrefour, o\u00f9 il existe un risque \u00e9lev\u00e9 d\u2019achat de produits contrefaits.<\/p>\n<h3><span class=\"ez-toc-section\" id=\"Modes_de_paiement_et_de_livraison\"><\/span>Modes de paiement et de livraison<span class=\"ez-toc-section-end\"><\/span><\/h3>\n<p>La livraison est assur\u00e9e par des services de coursiers dans tous les pays europ\u00e9ens, ainsi que directement en France, en Suisse, en Belgique et au Luxembourg. Pour plus de confort et de s\u00e9curit\u00e9, vous pouvez payer \u00e0 la livraison (paiement \u00e0 r\u00e9ception) ou avec votre carte bancaire, Apple Pay ou Google Pay. La livraison est rapide et fiable, pour que vous receviez votre commande dans les meilleurs d\u00e9lais.<\/p>\n<h2><span class=\"ez-toc-section\" id=\"FAQ_Questions_frequentes\"><\/span>FAQ : Questions fr\u00e9quentes<span class=\"ez-toc-section-end\"><\/span><\/h2>\n<div class=\"wp-faq-schema-wrap wp-faq-schema-accordion\">\n<div class=\"wp-faq-schema-items ui-accordion ui-widget ui-helper-reset\" role=\"tablist\">\n<h3 class=\"ui-accordion-header ui-corner-top ui-state-default ui-accordion-icons\" role=\"tab\" id=\"ui-id-1\" aria-controls=\"ui-id-2\" aria-expanded=\"false\"><span class=\"ez-toc-section\" id=\"Quelle_est_la_principale_fonction_de_la_creme_Lift_Active\"><\/span>\n  Quelle est la principale fonction de la cr\u00e8me Lift Active ?<br \/>\n  <span class=\"ez-toc-section-end\"><\/span><\/h3>\n<div class=\"ui-accordion-content ui-corner-bottom ui-helper-reset ui-widget-content\" id=\"ui-id-2\" aria-labelledby=\"ui-id-1\" role=\"tabpanel\" aria-hidden=\"true\">\n<p>La cr\u00e8me Lift Active est con\u00e7ue pour raffermir la peau, r\u00e9duire les rides et donner un aspect plus jeune et tonifi\u00e9 au visage.<\/p>\n<\/p><\/div>\n<h3 class=\"ui-accordion-header ui-corner-top ui-state-default ui-accordion-icons\" role=\"tab\" id=\"ui-id-3\" aria-controls=\"ui-id-4\" aria-expanded=\"false\"><span class=\"ez-toc-section\" id=\"Quels_ingredients_de_la_creme_Lift_Active_contribuent_a_lhydratation_de_la_peau\"><\/span>\n  Quels ingr\u00e9dients de la cr\u00e8me Lift Active contribuent \u00e0 l&rsquo;hydratation de la peau ?<br \/>\n  <span class=\"ez-toc-section-end\"><\/span><\/h3>\n<div class=\"ui-accordion-content ui-corner-bottom ui-helper-reset ui-widget-content\" id=\"ui-id-4\" aria-labelledby=\"ui-id-3\" role=\"tabpanel\" aria-hidden=\"true\">\n<p>La cr\u00e8me contient de l&rsquo;acide hyaluronique et du panth\u00e9nol, qui aident \u00e0 maintenir l&rsquo;hydratation et \u00e0 rendre la peau plus souple.<\/p>\n<\/p><\/div>\n<h3 class=\"ui-accordion-header ui-corner-top ui-state-default ui-accordion-icons\" role=\"tab\" id=\"ui-id-5\" aria-controls=\"ui-id-6\" aria-expanded=\"false\"><span class=\"ez-toc-section\" id=\"Comment_la_creme_Lift_Active_aide-t-elle_a_lutter_contre_les_signes_de_lage\"><\/span>\n  Comment la cr\u00e8me Lift Active aide-t-elle \u00e0 lutter contre les signes de l&rsquo;\u00e2ge ?<br \/>\n  <span class=\"ez-toc-section-end\"><\/span><\/h3>\n<div class=\"ui-accordion-content ui-corner-bottom ui-helper-reset ui-widget-content\" id=\"ui-id-6\" aria-labelledby=\"ui-id-5\" role=\"tabpanel\" aria-hidden=\"true\">\n<p>La cr\u00e8me agit en stimulant la production de collag\u00e8ne, en raffermissant la peau et en r\u00e9duisant l&rsquo;apparence des rides gr\u00e2ce \u00e0 ses peptides et antioxydants.<\/p>\n<\/p><\/div>\n<h3 class=\"ui-accordion-header ui-corner-top ui-state-default ui-accordion-icons\" role=\"tab\" id=\"ui-id-7\" aria-controls=\"ui-id-8\" aria-expanded=\"false\"><span class=\"ez-toc-section\" id=\"Est-ce_que_la_creme_Lift_Active_convient_a_tous_les_types_de_peau\"><\/span>\n  Est-ce que la cr\u00e8me Lift Active convient \u00e0 tous les types de peau ?<br \/>\n  <span class=\"ez-toc-section-end\"><\/span><\/h3>\n<div class=\"ui-accordion-content ui-corner-bottom ui-helper-reset ui-widget-content\" id=\"ui-id-8\" aria-labelledby=\"ui-id-7\" role=\"tabpanel\" aria-hidden=\"true\">\n<p>Oui, cette cr\u00e8me est g\u00e9n\u00e9ralement adapt\u00e9e \u00e0 tous les types de peau, car elle hydrate, raffermit et lutte contre le vieillissement sans agresser la peau.<\/p>\n<\/p><\/div>\n<h3 class=\"ui-accordion-header ui-corner-top ui-state-default ui-accordion-icons\" role=\"tab\" id=\"ui-id-9\" aria-controls=\"ui-id-10\" aria-expanded=\"false\"><span class=\"ez-toc-section\" id=\"Quelle_est_la_texture_de_la_creme_Lift_Active\"><\/span>\n  Quelle est la texture de la cr\u00e8me Lift Active ?<br \/>\n  <span class=\"ez-toc-section-end\"><\/span><\/h3>\n<div class=\"ui-accordion-content ui-corner-bottom ui-helper-reset ui-widget-content\" id=\"ui-id-10\" aria-labelledby=\"ui-id-9\" role=\"tabpanel\" aria-hidden=\"true\">\n<p>La cr\u00e8me a une texture douce et l\u00e9g\u00e8re qui p\u00e9n\u00e8tre rapidement dans la peau, laissant une sensation de confort sans \u00eatre grasse.<\/p>\n<\/p><\/div>\n<\/div>\n<\/div>\n","protected":false},"excerpt":{"rendered":"<p>Qu\u2019est-ce que Lift Active et quelles sont ses indications\u202f? La Cr\u00e8me pour le rajeunissement Lift Active est un soin cosm\u00e9tique [&hellip;]<\/p>\n","protected":false},"featured_media":1095,"comment_status":"open","ping_status":"closed","template":"","meta":{"site-sidebar-layout":"default","site-content-layout":"","ast-site-content-layout":"default","site-content-style":"default","site-sidebar-style":"default","ast-global-header-display":"","ast-banner-title-visibility":"","ast-main-header-display":"","ast-hfb-above-header-display":"","ast-hfb-below-header-display":"","ast-hfb-mobile-header-display":"","site-post-title":"","ast-breadcrumbs-content":"","ast-featured-img":"","footer-sml-layout":"","ast-disable-related-posts":"","theme-transparent-header-meta":"","adv-header-id-meta":"","stick-header-meta":"","header-above-stick-meta":"","header-main-stick-meta":"","header-below-stick-meta":"","astra-migrate-meta-layouts":"default","ast-page-background-enabled":"default","ast-page-background-meta":{"desktop":{"background-color":"var(--ast-global-color-5)","background-image":"","background-repeat":"repeat","background-position":"center center","background-size":"auto","background-attachment":"scroll","background-type":"","background-media":"","overlay-type":"","overlay-color":"","overlay-opacity":"","overlay-gradient":""},"tablet":{"background-color":"","background-image":"","background-repeat":"repeat","background-position":"center center","background-size":"auto","background-attachment":"scroll","background-type":"","background-media":"","overlay-type":"","overlay-color":"","overlay-opacity":"","overlay-gradient":""},"mobile":{"background-color":"","background-image":"","background-repeat":"repeat","background-position":"center center","background-size":"auto","background-attachment":"scroll","background-type":"","background-media":"","overlay-type":"","overlay-color":"","overlay-opacity":"","overlay-gradient":""}},"ast-content-background-meta":{"desktop":{"background-color":"var(--ast-global-color-4)","background-image":"","background-repeat":"repeat","background-position":"center center","background-size":"auto","background-attachment":"scroll","background-type":"","background-media":"","overlay-type":"","overlay-color":"","overlay-opacity":"","overlay-gradient":""},"tablet":{"background-color":"var(--ast-global-color-4)","background-image":"","background-repeat":"repeat","background-position":"center center","background-size":"auto","background-attachment":"scroll","background-type":"","background-media":"","overlay-type":"","overlay-color":"","overlay-opacity":"","overlay-gradient":""},"mobile":{"background-color":"var(--ast-global-color-4)","background-image":"","background-repeat":"repeat","background-position":"center center","background-size":"auto","background-attachment":"scroll","background-type":"","background-media":"","overlay-type":"","overlay-color":"","overlay-opacity":"","overlay-gradient":""}}},"product_brand":[],"product_cat":[17],"product_tag":[],"class_list":{"0":"post-1096","1":"product","2":"type-product","3":"status-publish","4":"has-post-thumbnail","6":"product_cat-soins-de-la-peau-et-beaute-naturelle","7":"desktop-align-left","8":"tablet-align-left","9":"mobile-align-left","11":"first","12":"instock","13":"sale","14":"shipping-taxable","15":"product-type-external"},"yoast_head":"<!-- This site is optimized with the Yoast SEO plugin v27.5 - https:\/\/yoast.com\/product\/yoast-seo-wordpress\/ -->\n<title>Lift Active \u2013 Prix, Notice, Composition et Avis Doctissimo \u2764\ufe0f Pharmacie Vivre Sainement<\/title>\n<meta name=\"description\" content=\"\u274c Lift Active cr\u00e8me - D\u00e9couvrez sa composition, son prix, les avis (positifs et n\u00e9gatifs), et o\u00f9 l\u2019acheter en toute s\u00e9curit\u00e9 en pharmacie en ligne. Est-ce un produit fiable ou une arnaque ?\" \/>\n<meta name=\"robots\" content=\"index, follow, max-snippet:-1, max-image-preview:large, max-video-preview:-1\" \/>\n<link rel=\"canonical\" href=\"https:\/\/www.vivre-covid19.fr\/pharmacie\/medicament\/lift-active-creme-50-ml\/\" \/>\n<meta property=\"og:locale\" content=\"fr_FR\" \/>\n<meta property=\"og:type\" content=\"article\" \/>\n<meta property=\"og:title\" content=\"Lift Active \u2013 Prix, Notice, Composition et Avis Doctissimo \u2764\ufe0f Pharmacie Vivre Sainement\" \/>\n<meta property=\"og:description\" content=\"\u274c Lift Active cr\u00e8me - D\u00e9couvrez sa composition, son prix, les avis (positifs et n\u00e9gatifs), et o\u00f9 l\u2019acheter en toute s\u00e9curit\u00e9 en pharmacie en ligne. Est-ce un produit fiable ou une arnaque ?\" \/>\n<meta property=\"og:url\" content=\"https:\/\/www.vivre-covid19.fr\/pharmacie\/medicament\/lift-active-creme-50-ml\/\" \/>\n<meta property=\"og:site_name\" content=\"Pharmacie Vivre Sainement\" \/>\n<meta property=\"article:modified_time\" content=\"2025-12-17T11:07:22+00:00\" \/>\n<meta property=\"og:image\" content=\"https:\/\/www.vivre-covid19.fr\/pharmacie\/wp-content\/uploads\/2025\/12\/lift-active.webp\" \/>\n\t<meta property=\"og:image:width\" content=\"600\" \/>\n\t<meta property=\"og:image:height\" content=\"600\" \/>\n\t<meta property=\"og:image:type\" content=\"image\/webp\" \/>\n<meta name=\"twitter:card\" content=\"summary_large_image\" \/>\n<meta name=\"twitter:label1\" content=\"Dur\u00e9e de lecture estim\u00e9e\" \/>\n\t<meta name=\"twitter:data1\" content=\"18 minutes\" \/>\n<script type=\"application\/ld+json\" class=\"yoast-schema-graph\">{\"@context\":\"https:\\\/\\\/schema.org\",\"@graph\":[{\"@type\":\"WebPage\",\"@id\":\"https:\\\/\\\/www.vivre-covid19.fr\\\/pharmacie\\\/medicament\\\/lift-active-creme-50-ml\\\/\",\"url\":\"https:\\\/\\\/www.vivre-covid19.fr\\\/pharmacie\\\/medicament\\\/lift-active-creme-50-ml\\\/\",\"name\":\"Lift Active \u2013 Prix, Notice, Composition et Avis Doctissimo \u2764\ufe0f Pharmacie Vivre Sainement\",\"isPartOf\":{\"@id\":\"https:\\\/\\\/www.vivre-covid19.fr\\\/pharmacie\\\/#website\"},\"primaryImageOfPage\":{\"@id\":\"https:\\\/\\\/www.vivre-covid19.fr\\\/pharmacie\\\/medicament\\\/lift-active-creme-50-ml\\\/#primaryimage\"},\"image\":{\"@id\":\"https:\\\/\\\/www.vivre-covid19.fr\\\/pharmacie\\\/medicament\\\/lift-active-creme-50-ml\\\/#primaryimage\"},\"thumbnailUrl\":\"https:\\\/\\\/www.vivre-covid19.fr\\\/pharmacie\\\/wp-content\\\/uploads\\\/2025\\\/12\\\/lift-active.webp\",\"datePublished\":\"2025-12-17T11:07:11+00:00\",\"dateModified\":\"2025-12-17T11:07:22+00:00\",\"description\":\"\u274c Lift Active cr\u00e8me - D\u00e9couvrez sa composition, son prix, les avis (positifs et n\u00e9gatifs), et o\u00f9 l\u2019acheter en toute s\u00e9curit\u00e9 en pharmacie en ligne. Est-ce un produit fiable ou une arnaque ?\",\"breadcrumb\":{\"@id\":\"https:\\\/\\\/www.vivre-covid19.fr\\\/pharmacie\\\/medicament\\\/lift-active-creme-50-ml\\\/#breadcrumb\"},\"inLanguage\":\"fr-FR\",\"potentialAction\":[{\"@type\":\"ReadAction\",\"target\":[\"https:\\\/\\\/www.vivre-covid19.fr\\\/pharmacie\\\/medicament\\\/lift-active-creme-50-ml\\\/\"]}]},{\"@type\":\"ImageObject\",\"inLanguage\":\"fr-FR\",\"@id\":\"https:\\\/\\\/www.vivre-covid19.fr\\\/pharmacie\\\/medicament\\\/lift-active-creme-50-ml\\\/#primaryimage\",\"url\":\"https:\\\/\\\/www.vivre-covid19.fr\\\/pharmacie\\\/wp-content\\\/uploads\\\/2025\\\/12\\\/lift-active.webp\",\"contentUrl\":\"https:\\\/\\\/www.vivre-covid19.fr\\\/pharmacie\\\/wp-content\\\/uploads\\\/2025\\\/12\\\/lift-active.webp\",\"width\":600,\"height\":600},{\"@type\":\"BreadcrumbList\",\"@id\":\"https:\\\/\\\/www.vivre-covid19.fr\\\/pharmacie\\\/medicament\\\/lift-active-creme-50-ml\\\/#breadcrumb\",\"itemListElement\":[{\"@type\":\"ListItem\",\"position\":1,\"name\":\"\u0413\u043b\u0430\u0432\u043d\u0430\u044f \u0441\u0442\u0440\u0430\u043d\u0438\u0446\u0430\",\"item\":\"https:\\\/\\\/www.vivre-covid19.fr\\\/pharmacie\\\/\"},{\"@type\":\"ListItem\",\"position\":2,\"name\":\"Pharmacie Vivre Sainement\",\"item\":\"https:\\\/\\\/www.vivre-covid19.fr\\\/pharmacie\\\/\"},{\"@type\":\"ListItem\",\"position\":3,\"name\":\"Lift Active cr\u00e8me, 50 ml\"}]},{\"@type\":\"WebSite\",\"@id\":\"https:\\\/\\\/www.vivre-covid19.fr\\\/pharmacie\\\/#website\",\"url\":\"https:\\\/\\\/www.vivre-covid19.fr\\\/pharmacie\\\/\",\"name\":\"Pharmacie Vivre Sainement\",\"description\":\"\",\"publisher\":{\"@id\":\"https:\\\/\\\/www.vivre-covid19.fr\\\/pharmacie\\\/#organization\"},\"potentialAction\":[{\"@type\":\"SearchAction\",\"target\":{\"@type\":\"EntryPoint\",\"urlTemplate\":\"https:\\\/\\\/www.vivre-covid19.fr\\\/pharmacie\\\/?s={search_term_string}\"},\"query-input\":{\"@type\":\"PropertyValueSpecification\",\"valueRequired\":true,\"valueName\":\"search_term_string\"}}],\"inLanguage\":\"fr-FR\"},{\"@type\":\"Organization\",\"@id\":\"https:\\\/\\\/www.vivre-covid19.fr\\\/pharmacie\\\/#organization\",\"name\":\"Pharmacie Vivre Sainement\",\"url\":\"https:\\\/\\\/www.vivre-covid19.fr\\\/pharmacie\\\/\",\"logo\":{\"@type\":\"ImageObject\",\"inLanguage\":\"fr-FR\",\"@id\":\"https:\\\/\\\/www.vivre-covid19.fr\\\/pharmacie\\\/#\\\/schema\\\/logo\\\/image\\\/\",\"url\":\"https:\\\/\\\/www.vivre-covid19.fr\\\/pharmacie\\\/wp-content\\\/uploads\\\/2025\\\/05\\\/farmacia.png\",\"contentUrl\":\"https:\\\/\\\/www.vivre-covid19.fr\\\/pharmacie\\\/wp-content\\\/uploads\\\/2025\\\/05\\\/farmacia.png\",\"width\":1151,\"height\":1280,\"caption\":\"Pharmacie Vivre Sainement\"},\"image\":{\"@id\":\"https:\\\/\\\/www.vivre-covid19.fr\\\/pharmacie\\\/#\\\/schema\\\/logo\\\/image\\\/\"}}]}<\/script>\n<!-- \/ Yoast SEO plugin. -->","yoast_head_json":{"title":"Lift Active \u2013 Prix, Notice, Composition et Avis Doctissimo \u2764\ufe0f Pharmacie Vivre Sainement","description":"\u274c Lift Active cr\u00e8me - D\u00e9couvrez sa composition, son prix, les avis (positifs et n\u00e9gatifs), et o\u00f9 l\u2019acheter en toute s\u00e9curit\u00e9 en pharmacie en ligne. Est-ce un produit fiable ou une arnaque ?","robots":{"index":"index","follow":"follow","max-snippet":"max-snippet:-1","max-image-preview":"max-image-preview:large","max-video-preview":"max-video-preview:-1"},"canonical":"https:\/\/www.vivre-covid19.fr\/pharmacie\/medicament\/lift-active-creme-50-ml\/","og_locale":"fr_FR","og_type":"article","og_title":"Lift Active \u2013 Prix, Notice, Composition et Avis Doctissimo \u2764\ufe0f Pharmacie Vivre Sainement","og_description":"\u274c Lift Active cr\u00e8me - D\u00e9couvrez sa composition, son prix, les avis (positifs et n\u00e9gatifs), et o\u00f9 l\u2019acheter en toute s\u00e9curit\u00e9 en pharmacie en ligne. Est-ce un produit fiable ou une arnaque ?","og_url":"https:\/\/www.vivre-covid19.fr\/pharmacie\/medicament\/lift-active-creme-50-ml\/","og_site_name":"Pharmacie Vivre Sainement","article_modified_time":"2025-12-17T11:07:22+00:00","og_image":[{"width":600,"height":600,"url":"https:\/\/www.vivre-covid19.fr\/pharmacie\/wp-content\/uploads\/2025\/12\/lift-active.webp","type":"image\/webp"}],"twitter_card":"summary_large_image","twitter_misc":{"Dur\u00e9e de lecture estim\u00e9e":"18 minutes"},"schema":{"@context":"https:\/\/schema.org","@graph":[{"@type":"WebPage","@id":"https:\/\/www.vivre-covid19.fr\/pharmacie\/medicament\/lift-active-creme-50-ml\/","url":"https:\/\/www.vivre-covid19.fr\/pharmacie\/medicament\/lift-active-creme-50-ml\/","name":"Lift Active \u2013 Prix, Notice, Composition et Avis Doctissimo \u2764\ufe0f Pharmacie Vivre Sainement","isPartOf":{"@id":"https:\/\/www.vivre-covid19.fr\/pharmacie\/#website"},"primaryImageOfPage":{"@id":"https:\/\/www.vivre-covid19.fr\/pharmacie\/medicament\/lift-active-creme-50-ml\/#primaryimage"},"image":{"@id":"https:\/\/www.vivre-covid19.fr\/pharmacie\/medicament\/lift-active-creme-50-ml\/#primaryimage"},"thumbnailUrl":"https:\/\/www.vivre-covid19.fr\/pharmacie\/wp-content\/uploads\/2025\/12\/lift-active.webp","datePublished":"2025-12-17T11:07:11+00:00","dateModified":"2025-12-17T11:07:22+00:00","description":"\u274c Lift Active cr\u00e8me - D\u00e9couvrez sa composition, son prix, les avis (positifs et n\u00e9gatifs), et o\u00f9 l\u2019acheter en toute s\u00e9curit\u00e9 en pharmacie en ligne. Est-ce un produit fiable ou une arnaque ?","breadcrumb":{"@id":"https:\/\/www.vivre-covid19.fr\/pharmacie\/medicament\/lift-active-creme-50-ml\/#breadcrumb"},"inLanguage":"fr-FR","potentialAction":[{"@type":"ReadAction","target":["https:\/\/www.vivre-covid19.fr\/pharmacie\/medicament\/lift-active-creme-50-ml\/"]}]},{"@type":"ImageObject","inLanguage":"fr-FR","@id":"https:\/\/www.vivre-covid19.fr\/pharmacie\/medicament\/lift-active-creme-50-ml\/#primaryimage","url":"https:\/\/www.vivre-covid19.fr\/pharmacie\/wp-content\/uploads\/2025\/12\/lift-active.webp","contentUrl":"https:\/\/www.vivre-covid19.fr\/pharmacie\/wp-content\/uploads\/2025\/12\/lift-active.webp","width":600,"height":600},{"@type":"BreadcrumbList","@id":"https:\/\/www.vivre-covid19.fr\/pharmacie\/medicament\/lift-active-creme-50-ml\/#breadcrumb","itemListElement":[{"@type":"ListItem","position":1,"name":"\u0413\u043b\u0430\u0432\u043d\u0430\u044f \u0441\u0442\u0440\u0430\u043d\u0438\u0446\u0430","item":"https:\/\/www.vivre-covid19.fr\/pharmacie\/"},{"@type":"ListItem","position":2,"name":"Pharmacie Vivre Sainement","item":"https:\/\/www.vivre-covid19.fr\/pharmacie\/"},{"@type":"ListItem","position":3,"name":"Lift Active cr\u00e8me, 50 ml"}]},{"@type":"WebSite","@id":"https:\/\/www.vivre-covid19.fr\/pharmacie\/#website","url":"https:\/\/www.vivre-covid19.fr\/pharmacie\/","name":"Pharmacie Vivre Sainement","description":"","publisher":{"@id":"https:\/\/www.vivre-covid19.fr\/pharmacie\/#organization"},"potentialAction":[{"@type":"SearchAction","target":{"@type":"EntryPoint","urlTemplate":"https:\/\/www.vivre-covid19.fr\/pharmacie\/?s={search_term_string}"},"query-input":{"@type":"PropertyValueSpecification","valueRequired":true,"valueName":"search_term_string"}}],"inLanguage":"fr-FR"},{"@type":"Organization","@id":"https:\/\/www.vivre-covid19.fr\/pharmacie\/#organization","name":"Pharmacie Vivre Sainement","url":"https:\/\/www.vivre-covid19.fr\/pharmacie\/","logo":{"@type":"ImageObject","inLanguage":"fr-FR","@id":"https:\/\/www.vivre-covid19.fr\/pharmacie\/#\/schema\/logo\/image\/","url":"https:\/\/www.vivre-covid19.fr\/pharmacie\/wp-content\/uploads\/2025\/05\/farmacia.png","contentUrl":"https:\/\/www.vivre-covid19.fr\/pharmacie\/wp-content\/uploads\/2025\/05\/farmacia.png","width":1151,"height":1280,"caption":"Pharmacie Vivre Sainement"},"image":{"@id":"https:\/\/www.vivre-covid19.fr\/pharmacie\/#\/schema\/logo\/image\/"}}]}},"_links":{"self":[{"href":"https:\/\/www.vivre-covid19.fr\/pharmacie\/wp-json\/wp\/v2\/product\/1096","targetHints":{"allow":["GET"]}}],"collection":[{"href":"https:\/\/www.vivre-covid19.fr\/pharmacie\/wp-json\/wp\/v2\/product"}],"about":[{"href":"https:\/\/www.vivre-covid19.fr\/pharmacie\/wp-json\/wp\/v2\/types\/product"}],"replies":[{"embeddable":true,"href":"https:\/\/www.vivre-covid19.fr\/pharmacie\/wp-json\/wp\/v2\/comments?post=1096"}],"wp:featuredmedia":[{"embeddable":true,"href":"https:\/\/www.vivre-covid19.fr\/pharmacie\/wp-json\/wp\/v2\/media\/1095"}],"wp:attachment":[{"href":"https:\/\/www.vivre-covid19.fr\/pharmacie\/wp-json\/wp\/v2\/media?parent=1096"}],"wp:term":[{"taxonomy":"product_brand","embeddable":true,"href":"https:\/\/www.vivre-covid19.fr\/pharmacie\/wp-json\/wp\/v2\/product_brand?post=1096"},{"taxonomy":"product_cat","embeddable":true,"href":"https:\/\/www.vivre-covid19.fr\/pharmacie\/wp-json\/wp\/v2\/product_cat?post=1096"},{"taxonomy":"product_tag","embeddable":true,"href":"https:\/\/www.vivre-covid19.fr\/pharmacie\/wp-json\/wp\/v2\/product_tag?post=1096"}],"curies":[{"name":"wp","href":"https:\/\/api.w.org\/{rel}","templated":true}]}}