{"id":1136,"date":"2026-01-26T11:19:18","date_gmt":"2026-01-26T10:19:18","guid":{"rendered":"https:\/\/www.vivre-covid19.fr\/pharmacie\/medicament\/vivera-glow-vital-gelules-boite-de-60\/"},"modified":"2026-01-26T11:19:31","modified_gmt":"2026-01-26T10:19:31","slug":"vivera-glow-vital-gelules-boite-de-60","status":"publish","type":"product","link":"https:\/\/www.vivre-covid19.fr\/pharmacie\/medicament\/vivera-glow-vital-gelules-boite-de-60\/","title":{"rendered":"Vivera Glow Vital g\u00e9lules, bo\u00eete de 60"},"content":{"rendered":"<div id=\"ez-toc-container\" class=\"ez-toc-v2_0_82_2 counter-hierarchy ez-toc-counter ez-toc-grey ez-toc-container-direction\">\n<div class=\"ez-toc-title-container\">\n<p class=\"ez-toc-title\" style=\"cursor:inherit\">Table des mati\u00e8res<\/p>\n<span class=\"ez-toc-title-toggle\"><a href=\"#\" class=\"ez-toc-pull-right ez-toc-btn ez-toc-btn-xs ez-toc-btn-default ez-toc-toggle\" aria-label=\"Toggle Table of Content\"><span class=\"ez-toc-js-icon-con\"><span class=\"\"><span class=\"eztoc-hide\" style=\"display:none;\">Toggle<\/span><span class=\"ez-toc-icon-toggle-span\"><svg style=\"fill: #999;color:#999\" xmlns=\"http:\/\/www.w3.org\/2000\/svg\" class=\"list-377408\" width=\"20px\" height=\"20px\" viewBox=\"0 0 24 24\" fill=\"none\"><path d=\"M6 6H4v2h2V6zm14 0H8v2h12V6zM4 11h2v2H4v-2zm16 0H8v2h12v-2zM4 16h2v2H4v-2zm16 0H8v2h12v-2z\" fill=\"currentColor\"><\/path><\/svg><svg style=\"fill: #999;color:#999\" class=\"arrow-unsorted-368013\" xmlns=\"http:\/\/www.w3.org\/2000\/svg\" width=\"10px\" height=\"10px\" viewBox=\"0 0 24 24\" version=\"1.2\" baseProfile=\"tiny\"><path d=\"M18.2 9.3l-6.2-6.3-6.2 6.3c-.2.2-.3.4-.3.7s.1.5.3.7c.2.2.4.3.7.3h11c.3 0 .5-.1.7-.3.2-.2.3-.5.3-.7s-.1-.5-.3-.7zM5.8 14.7l6.2 6.3 6.2-6.3c.2-.2.3-.5.3-.7s-.1-.5-.3-.7c-.2-.2-.4-.3-.7-.3h-11c-.3 0-.5.1-.7.3-.2.2-.3.5-.3.7s.1.5.3.7z\"\/><\/svg><\/span><\/span><\/span><\/a><\/span><\/div>\n<nav><ul class='ez-toc-list ez-toc-list-level-1 ' ><li class='ez-toc-page-1 ez-toc-heading-level-2'><a class=\"ez-toc-link ez-toc-heading-1\" href=\"https:\/\/www.vivre-covid19.fr\/pharmacie\/medicament\/vivera-glow-vital-gelules-boite-de-60\/#Quest-ce_que_Vivera_Glow_Vital_et_quelles_sont_ses_indications%E2%80%AF\" >Qu\u2019est-ce que Vivera Glow Vital et quelles sont ses indications\u202f?<\/a><\/li><li class='ez-toc-page-1 ez-toc-heading-level-2'><a class=\"ez-toc-link ez-toc-heading-2\" href=\"https:\/\/www.vivre-covid19.fr\/pharmacie\/medicament\/vivera-glow-vital-gelules-boite-de-60\/#Indications_therapeutiques_de_Vivera_Glow_Vital\" >Indications th\u00e9rapeutiques de Vivera Glow Vital<\/a><\/li><li class='ez-toc-page-1 ez-toc-heading-level-2'><a class=\"ez-toc-link ez-toc-heading-3\" href=\"https:\/\/www.vivre-covid19.fr\/pharmacie\/medicament\/vivera-glow-vital-gelules-boite-de-60\/#Composition_de_Vivera_Glow_Vital_principes_actifs_et_autres_composants\" >Composition de Vivera Glow Vital : principes actifs et autres composants<\/a><ul class='ez-toc-list-level-3' ><li class='ez-toc-heading-level-3'><a class=\"ez-toc-link ez-toc-heading-4\" href=\"https:\/\/www.vivre-covid19.fr\/pharmacie\/medicament\/vivera-glow-vital-gelules-boite-de-60\/#Bamboo_shoot_extract_Arundinacea_75_silica\" >Bamboo shoot extract (Arundinacea, 75% silica)<\/a><\/li><li class='ez-toc-page-1 ez-toc-heading-level-3'><a class=\"ez-toc-link ez-toc-heading-5\" href=\"https:\/\/www.vivre-covid19.fr\/pharmacie\/medicament\/vivera-glow-vital-gelules-boite-de-60\/#Capsule_shell_hydroxypropyl_methylcellulose_HPMC\" >Capsule shell: hydroxypropyl methylcellulose (HPMC)<\/a><\/li><li class='ez-toc-page-1 ez-toc-heading-level-3'><a class=\"ez-toc-link ez-toc-heading-6\" href=\"https:\/\/www.vivre-covid19.fr\/pharmacie\/medicament\/vivera-glow-vital-gelules-boite-de-60\/#Zinc_gluconate_dihydrate\" >Zinc gluconate dihydrate<\/a><\/li><li class='ez-toc-page-1 ez-toc-heading-level-3'><a class=\"ez-toc-link ez-toc-heading-7\" href=\"https:\/\/www.vivre-covid19.fr\/pharmacie\/medicament\/vivera-glow-vital-gelules-boite-de-60\/#Barley_grass_powder\" >Barley grass powder<\/a><\/li><li class='ez-toc-page-1 ez-toc-heading-level-3'><a class=\"ez-toc-link ez-toc-heading-8\" href=\"https:\/\/www.vivre-covid19.fr\/pharmacie\/medicament\/vivera-glow-vital-gelules-boite-de-60\/#L-ascorbic_acid_Vitamin_C\" >L-ascorbic acid (Vitamin C)<\/a><\/li><li class='ez-toc-page-1 ez-toc-heading-level-3'><a class=\"ez-toc-link ez-toc-heading-9\" href=\"https:\/\/www.vivre-covid19.fr\/pharmacie\/medicament\/vivera-glow-vital-gelules-boite-de-60\/#Turmeric_powder_28_curcuminoids\" >Turmeric powder (2.8% curcuminoids)<\/a><\/li><li class='ez-toc-page-1 ez-toc-heading-level-3'><a class=\"ez-toc-link ez-toc-heading-10\" href=\"https:\/\/www.vivre-covid19.fr\/pharmacie\/medicament\/vivera-glow-vital-gelules-boite-de-60\/#Nicotinamide_Vitamin_B3\" >Nicotinamide (Vitamin B3)<\/a><\/li><li class='ez-toc-page-1 ez-toc-heading-level-3'><a class=\"ez-toc-link ez-toc-heading-11\" href=\"https:\/\/www.vivre-covid19.fr\/pharmacie\/medicament\/vivera-glow-vital-gelules-boite-de-60\/#D-alpha-tocopheryl_acetate_Vitamin_E\" >D-alpha-tocopheryl acetate (Vitamin E)<\/a><\/li><li class='ez-toc-page-1 ez-toc-heading-level-3'><a class=\"ez-toc-link ez-toc-heading-12\" href=\"https:\/\/www.vivre-covid19.fr\/pharmacie\/medicament\/vivera-glow-vital-gelules-boite-de-60\/#Medium-chain_triglyceride_oil_MCT_from_coconut\" >Medium-chain triglyceride oil (MCT) from coconut<\/a><\/li><li class='ez-toc-page-1 ez-toc-heading-level-3'><a class=\"ez-toc-link ez-toc-heading-13\" href=\"https:\/\/www.vivre-covid19.fr\/pharmacie\/medicament\/vivera-glow-vital-gelules-boite-de-60\/#Anti-caking_agent_magnesium_salts_of_fatty_acids\" >Anti-caking agent: magnesium salts of fatty acids<\/a><\/li><li class='ez-toc-page-1 ez-toc-heading-level-3'><a class=\"ez-toc-link ez-toc-heading-14\" href=\"https:\/\/www.vivre-covid19.fr\/pharmacie\/medicament\/vivera-glow-vital-gelules-boite-de-60\/#Retinyl_acetate_Vitamin_A\" >Retinyl acetate (Vitamin A)<\/a><\/li><li class='ez-toc-page-1 ez-toc-heading-level-3'><a class=\"ez-toc-link ez-toc-heading-15\" href=\"https:\/\/www.vivre-covid19.fr\/pharmacie\/medicament\/vivera-glow-vital-gelules-boite-de-60\/#Copper_gluconate\" >Copper gluconate<\/a><\/li><li class='ez-toc-page-1 ez-toc-heading-level-3'><a class=\"ez-toc-link ez-toc-heading-16\" href=\"https:\/\/www.vivre-covid19.fr\/pharmacie\/medicament\/vivera-glow-vital-gelules-boite-de-60\/#Sodium_selenite_1_on_calcium_carbonate_Selenium\" >Sodium selenite (1% on calcium carbonate) (Selenium)<\/a><\/li><li class='ez-toc-page-1 ez-toc-heading-level-3'><a class=\"ez-toc-link ez-toc-heading-17\" href=\"https:\/\/www.vivre-covid19.fr\/pharmacie\/medicament\/vivera-glow-vital-gelules-boite-de-60\/#Riboflavin_Vitamin_B2\" >Riboflavin (Vitamin B2)<\/a><\/li><li class='ez-toc-page-1 ez-toc-heading-level-3'><a class=\"ez-toc-link ez-toc-heading-18\" href=\"https:\/\/www.vivre-covid19.fr\/pharmacie\/medicament\/vivera-glow-vital-gelules-boite-de-60\/#Pteroylmonoglutamic_acid_Folic_acid\" >Pteroylmonoglutamic acid (Folic acid)<\/a><\/li><\/ul><\/li><li class='ez-toc-page-1 ez-toc-heading-level-2'><a class=\"ez-toc-link ez-toc-heading-19\" href=\"https:\/\/www.vivre-covid19.fr\/pharmacie\/medicament\/vivera-glow-vital-gelules-boite-de-60\/#Notice_%E2%80%93_Informations_pour_le_patient\" >Notice \u2013 Informations pour le patient<\/a><ul class='ez-toc-list-level-3' ><li class='ez-toc-heading-level-3'><a class=\"ez-toc-link ez-toc-heading-20\" href=\"https:\/\/www.vivre-covid19.fr\/pharmacie\/medicament\/vivera-glow-vital-gelules-boite-de-60\/#Nom_du_medicament\" >Nom du m\u00e9dicament<\/a><\/li><li class='ez-toc-page-1 ez-toc-heading-level-3'><a class=\"ez-toc-link ez-toc-heading-21\" href=\"https:\/\/www.vivre-covid19.fr\/pharmacie\/medicament\/vivera-glow-vital-gelules-boite-de-60\/#Forme_pharmaceutique_et_presentation\" >Forme pharmaceutique et pr\u00e9sentation<\/a><\/li><li class='ez-toc-page-1 ez-toc-heading-level-3'><a class=\"ez-toc-link ez-toc-heading-22\" href=\"https:\/\/www.vivre-covid19.fr\/pharmacie\/medicament\/vivera-glow-vital-gelules-boite-de-60\/#Indications_therapeutiques\" >Indications th\u00e9rapeutiques<\/a><\/li><li class='ez-toc-page-1 ez-toc-heading-level-3'><a class=\"ez-toc-link ez-toc-heading-23\" href=\"https:\/\/www.vivre-covid19.fr\/pharmacie\/medicament\/vivera-glow-vital-gelules-boite-de-60\/#Contre-indications\" >Contre-indications<\/a><\/li><li class='ez-toc-page-1 ez-toc-heading-level-3'><a class=\"ez-toc-link ez-toc-heading-24\" href=\"https:\/\/www.vivre-covid19.fr\/pharmacie\/medicament\/vivera-glow-vital-gelules-boite-de-60\/#Effets_indesirables_possibles\" >Effets ind\u00e9sirables possibles<\/a><\/li><li class='ez-toc-page-1 ez-toc-heading-level-3'><a class=\"ez-toc-link ez-toc-heading-25\" href=\"https:\/\/www.vivre-covid19.fr\/pharmacie\/medicament\/vivera-glow-vital-gelules-boite-de-60\/#Interactions_avec_dautres_medicaments\" >Interactions avec d&rsquo;autres m\u00e9dicaments<\/a><\/li><li class='ez-toc-page-1 ez-toc-heading-level-3'><a class=\"ez-toc-link ez-toc-heading-26\" href=\"https:\/\/www.vivre-covid19.fr\/pharmacie\/medicament\/vivera-glow-vital-gelules-boite-de-60\/#Posologie_et_mode_dadministration\" >Posologie et mode d&rsquo;administration<\/a><\/li><li class='ez-toc-page-1 ez-toc-heading-level-3'><a class=\"ez-toc-link ez-toc-heading-27\" href=\"https:\/\/www.vivre-covid19.fr\/pharmacie\/medicament\/vivera-glow-vital-gelules-boite-de-60\/#Duree_du_traitement\" >Dur\u00e9e du traitement<\/a><\/li><li class='ez-toc-page-1 ez-toc-heading-level-3'><a class=\"ez-toc-link ez-toc-heading-28\" href=\"https:\/\/www.vivre-covid19.fr\/pharmacie\/medicament\/vivera-glow-vital-gelules-boite-de-60\/#Mises_en_garde_et_precautions\" >Mises en garde et pr\u00e9cautions<\/a><\/li><li class='ez-toc-page-1 ez-toc-heading-level-3'><a class=\"ez-toc-link ez-toc-heading-29\" href=\"https:\/\/www.vivre-covid19.fr\/pharmacie\/medicament\/vivera-glow-vital-gelules-boite-de-60\/#Surdosage\" >Surdosage<\/a><\/li><li class='ez-toc-page-1 ez-toc-heading-level-3'><a class=\"ez-toc-link ez-toc-heading-30\" href=\"https:\/\/www.vivre-covid19.fr\/pharmacie\/medicament\/vivera-glow-vital-gelules-boite-de-60\/#Date_de_peremption\" >Date de p\u00e9remption<\/a><\/li><li class='ez-toc-page-1 ez-toc-heading-level-3'><a class=\"ez-toc-link ez-toc-heading-31\" href=\"https:\/\/www.vivre-covid19.fr\/pharmacie\/medicament\/vivera-glow-vital-gelules-boite-de-60\/#Conditions_de_conservation\" >Conditions de conservation<\/a><\/li><\/ul><\/li><li class='ez-toc-page-1 ez-toc-heading-level-2'><a class=\"ez-toc-link ez-toc-heading-32\" href=\"https:\/\/www.vivre-covid19.fr\/pharmacie\/medicament\/vivera-glow-vital-gelules-boite-de-60\/#Vivera_Glow_Vital_%E2%80%93_Avis_Doctissimo_y_compris_negatifs_et_forum_commentaires\" >Vivera Glow Vital \u2013 Avis Doctissimo, y compris n\u00e9gatifs et forum commentaires<\/a><\/li><li class='ez-toc-page-1 ez-toc-heading-level-2'><a class=\"ez-toc-link ez-toc-heading-33\" href=\"https:\/\/www.vivre-covid19.fr\/pharmacie\/medicament\/vivera-glow-vital-gelules-boite-de-60\/#Ou_acheter_Vivera_Glow_Vital_en_ligne_en_France_Belgique_Suisse_et_Luxembourg_avec_une_livraison_rapide\" >O\u00f9 acheter Vivera Glow Vital en ligne en France, Belgique, Suisse et Luxembourg avec une livraison rapide<\/a><ul class='ez-toc-list-level-3' ><li class='ez-toc-heading-level-3'><a class=\"ez-toc-link ez-toc-heading-34\" href=\"https:\/\/www.vivre-covid19.fr\/pharmacie\/medicament\/vivera-glow-vital-gelules-boite-de-60\/#Prix\" >Prix<\/a><\/li><li class='ez-toc-page-1 ez-toc-heading-level-3'><a class=\"ez-toc-link ez-toc-heading-35\" href=\"https:\/\/www.vivre-covid19.fr\/pharmacie\/medicament\/vivera-glow-vital-gelules-boite-de-60\/#Acheter_a_la_pharmacie\" >Acheter \u00e0 la pharmacie<\/a><\/li><li class='ez-toc-page-1 ez-toc-heading-level-3'><a class=\"ez-toc-link ez-toc-heading-36\" href=\"https:\/\/www.vivre-covid19.fr\/pharmacie\/medicament\/vivera-glow-vital-gelules-boite-de-60\/#Modes_de_paiement_et_de_livraison\" >Modes de paiement et de livraison<\/a><\/li><\/ul><\/li><li class='ez-toc-page-1 ez-toc-heading-level-2'><a class=\"ez-toc-link ez-toc-heading-37\" href=\"https:\/\/www.vivre-covid19.fr\/pharmacie\/medicament\/vivera-glow-vital-gelules-boite-de-60\/#FAQ_Questions_frequentes\" >FAQ : Questions fr\u00e9quentes<\/a><ul class='ez-toc-list-level-3' ><li class='ez-toc-heading-level-3'><a class=\"ez-toc-link ez-toc-heading-38\" href=\"https:\/\/www.vivre-covid19.fr\/pharmacie\/medicament\/vivera-glow-vital-gelules-boite-de-60\/#Quels_sont_les_principaux_avantages_des_gelules_Vivera_Glow_Vital_pour_la_peau_les_cheveux_et_les_ongles\" >Quels sont les principaux avantages des g\u00e9lules Vivera Glow Vital pour la peau, les cheveux et les ongles ?<\/a><\/li><li class='ez-toc-page-1 ez-toc-heading-level-3'><a class=\"ez-toc-link ez-toc-heading-39\" href=\"https:\/\/www.vivre-covid19.fr\/pharmacie\/medicament\/vivera-glow-vital-gelules-boite-de-60\/#Comment_ces_gelules_peuvent-elles_aider_a_revitaliser_ma_peau_mes_cheveux_et_mes_ongles\" >Comment ces g\u00e9lules peuvent-elles aider \u00e0 revitaliser ma peau, mes cheveux et mes ongles ?<\/a><\/li><li class='ez-toc-page-1 ez-toc-heading-level-3'><a class=\"ez-toc-link ez-toc-heading-40\" href=\"https:\/\/www.vivre-covid19.fr\/pharmacie\/medicament\/vivera-glow-vital-gelules-boite-de-60\/#Quels_ingredients_presents_dans_Vivera_Glow_Vital_contribuent_a_ameliorer_la_sante_de_la_peau_des_cheveux_et_des_ongles\" >Quels ingr\u00e9dients pr\u00e9sents dans Vivera Glow Vital contribuent \u00e0 am\u00e9liorer la sant\u00e9 de la peau, des cheveux et des ongles ?<\/a><\/li><li class='ez-toc-page-1 ez-toc-heading-level-3'><a class=\"ez-toc-link ez-toc-heading-41\" href=\"https:\/\/www.vivre-covid19.fr\/pharmacie\/medicament\/vivera-glow-vital-gelules-boite-de-60\/#Est-ce_que_Vivera_Glow_Vital_est_adapte_pour_tous_les_types_de_peau_et_de_cheveux\" >Est-ce que Vivera Glow Vital est adapt\u00e9 pour tous les types de peau et de cheveux ?<\/a><\/li><li class='ez-toc-page-1 ez-toc-heading-level-3'><a class=\"ez-toc-link ez-toc-heading-42\" href=\"https:\/\/www.vivre-covid19.fr\/pharmacie\/medicament\/vivera-glow-vital-gelules-boite-de-60\/#Combien_de_temps_faut-il_pour_constater_des_resultats_avec_Vivera_Glow_Vital\" >Combien de temps faut-il pour constater des r\u00e9sultats avec Vivera Glow Vital ?<\/a><\/li><\/ul><\/li><\/ul><\/nav><\/div>\n<h2><span class=\"ez-toc-section\" id=\"Quest-ce_que_Vivera_Glow_Vital_et_quelles_sont_ses_indications%E2%80%AF\"><\/span>Qu\u2019est-ce que Vivera Glow Vital et quelles sont ses indications\u202f?<span class=\"ez-toc-section-end\"><\/span><\/h2>\n<p>Vivera Glow Vital est un compl\u00e9ment alimentaire con\u00e7u pour soutenir la beaut\u00e9 et la sant\u00e9 de la peau, des cheveux et des ongles. Sa formule riche en nutriments essentiels vise \u00e0 renforcer ces \u00e9l\u00e9ments, qui peuvent souvent \u00eatre affect\u00e9s par le stress, la fatigue ou des carences nutritionnelles. Ce compl\u00e9ment est souvent utilis\u00e9 par celles et ceux qui souhaitent am\u00e9liorer l\u2019\u00e9clat de leur peau, renforcer la vitalit\u00e9 de leurs cheveux ou rendre leurs ongles plus solides. En r\u00e9sum\u00e9, Vivera Glow Vital est destin\u00e9 \u00e0 favoriser une apparence saine et radieuse en compl\u00e9tant l\u2019alimentation par des composants sp\u00e9cifiques b\u00e9n\u00e9fiques pour la beaut\u00e9 ext\u00e9rieure.<\/p>\n<h2><span class=\"ez-toc-section\" id=\"Indications_therapeutiques_de_Vivera_Glow_Vital\"><\/span>Indications th\u00e9rapeutiques de Vivera Glow Vital<span class=\"ez-toc-section-end\"><\/span><\/h2>\n<p>Vivera Glow Vital est principalement indiqu\u00e9 pour les personnes souhaitant am\u00e9liorer l\u2019\u00e9tat de leur peau, de leurs cheveux et de leurs ongles. Il peut \u00eatre particuli\u00e8rement utile dans les cas suivants :<\/p>\n<ul>\n<li><strong>Peau terne, d\u00e9shydrat\u00e9e ou pr\u00e9sentant des signes de fatigue<\/strong> : signes visibles comme la perte d\u2019\u00e9clat, la s\u00e9cheresse ou l\u2019apparition de petites imperfections.<\/li>\n<li><strong>Cheveux cassants ou fragiles<\/strong> : chute de cheveux accrue, manque de brillance ou de vitalit\u00e9.<\/li>\n<li><strong>Ongles cassants ou d\u00e9doubl\u00e9s<\/strong> : fragilit\u00e9, d\u00e9doublement ou ralentissement de la croissance des ongles.<\/li>\n<li><strong>Carences nutritionnelles<\/strong> : d\u00e9ficits en vitamines et min\u00e9raux essentiels pour la sant\u00e9 de la peau, des cheveux et des ongles, souvent dus \u00e0 une alimentation d\u00e9s\u00e9quilibr\u00e9e ou \u00e0 des p\u00e9riodes de stress accru.<\/li>\n<li><strong>Apr\u00e8s une p\u00e9riode de stress, de fatigue ou de convalescence<\/strong> : pour soutenir la r\u00e9g\u00e9n\u00e9ration et renforcer la vitalit\u00e9 de la peau et des annexes cutan\u00e9es.<\/li>\n<\/ul>\n<p>Ce compl\u00e9ment aide \u00e0 r\u00e9tablir l\u2019\u00e9quilibre nutritionnel afin de retrouver une apparence plus saine et \u00e9clatante.<\/p>\n<h2><span class=\"ez-toc-section\" id=\"Composition_de_Vivera_Glow_Vital_principes_actifs_et_autres_composants\"><\/span>Composition de Vivera Glow Vital : principes actifs et autres composants<span class=\"ez-toc-section-end\"><\/span><\/h2>\n<p>Vivera Glow Vital contient une formule unique et soigneusement \u00e9labor\u00e9e, combinant des ingr\u00e9dients actifs choisis pour leur efficacit\u00e9. La composition inclut notamment de l\u2019extrait de pousses de bambou (Arundinacea, 75 % de silice), de la capsule en hydroxypropylm\u00e9thylcellulose (HPMC), du gluconate de zinc dihydrat\u00e9, de la poudre d\u2019herbe d\u2019orge, de l\u2019acide L-ascorbique (vitamine C), de la poudre de curcuma (2,8 % de curcumino\u00efdes), et de la nicotinamide (vitamine B3). La qualit\u00e9 de ces composants est rigoureusement contr\u00f4l\u00e9e, et le produit ne contient pas de substances nocives, ce qui garantit une haute s\u00e9curit\u00e9 et une efficacit\u00e9 optimale pour la sant\u00e9 de la peau, des cheveux et des ongles.<\/p>\n<hr>\n<h3><span class=\"ez-toc-section\" id=\"Bamboo_shoot_extract_Arundinacea_75_silica\"><\/span>Bamboo shoot extract (Arundinacea, 75% silica)<span class=\"ez-toc-section-end\"><\/span><\/h3>\n<p>L\u2019extrait de pousses de bambou est obtenu \u00e0 partir de jeunes pousses de bambou riches en silice, un min\u00e9ral essentiel pour la sant\u00e9 du tissu conjonctif. La silice est naturellement pr\u00e9sente dans le bambou \u00e0 hauteur de 75 %, ce qui en fait une source particuli\u00e8rement concentr\u00e9e. Elle est connue pour renforcer la structure de la peau, des cheveux et des ongles, en favorisant leur \u00e9lasticit\u00e9 et leur solidit\u00e9.<\/p>\n<p>Les \u00e9tudes scientifiques montrent que la silice contribue \u00e0 la synth\u00e8se de collag\u00e8ne, une prot\u00e9ine cruciale pour maintenir la fermet\u00e9 et la jeunesse de la peau. Elle aide \u00e9galement \u00e0 r\u00e9duire la fragilit\u00e9 des ongles et la chute des cheveux, en stimulant la croissance et en am\u00e9liorant leur r\u00e9sistance face aux agressions ext\u00e9rieures.<\/p>\n<hr>\n<h3><span class=\"ez-toc-section\" id=\"Capsule_shell_hydroxypropyl_methylcellulose_HPMC\"><\/span>Capsule shell: hydroxypropyl methylcellulose (HPMC)<span class=\"ez-toc-section-end\"><\/span><\/h3>\n<p>L\u2019HPMC est une substance v\u00e9g\u00e9tale d\u00e9riv\u00e9e de la cellulose, utilis\u00e9e comme enveloppe pour les g\u00e9lules. Elle est appr\u00e9ci\u00e9e pour sa compatibilit\u00e9 avec les r\u00e9gimes v\u00e9g\u00e9taliens et sa stabilit\u00e9 lors de la stockage. La HPMC assure une lib\u00e9ration contr\u00f4l\u00e9e des ingr\u00e9dients actifs dans le corps, permettant une absorption optimale.<\/p>\n<p>Ce composant est aussi appr\u00e9ci\u00e9 pour son innocuit\u00e9, car il ne contient ni gluten ni allerg\u00e8nes courants. Il contribue \u00e0 la s\u00e9curit\u00e9 du compl\u00e9ment alimentaire tout en garantissant une bonne stabilit\u00e9 du produit.<\/p>\n<hr>\n<h3><span class=\"ez-toc-section\" id=\"Zinc_gluconate_dihydrate\"><\/span>Zinc gluconate dihydrate<span class=\"ez-toc-section-end\"><\/span><\/h3>\n<p>Le gluconate de zinc est une forme de zinc facilement assimilable par l\u2019organisme. Le zinc est un oligo-\u00e9l\u00e9ment vital pour de nombreux processus biologiques, notamment la synth\u00e8se de prot\u00e9ines, la cicatrisation, et le fonctionnement du syst\u00e8me immunitaire. Il joue aussi un r\u00f4le crucial dans la sant\u00e9 de la peau, des cheveux et des ongles.<\/p>\n<p>Les recherches ont confirm\u00e9 que le zinc aide \u00e0 r\u00e9duire l\u2019acn\u00e9, \u00e0 acc\u00e9l\u00e9rer la r\u00e9paration des tissus et \u00e0 favoriser la croissance capillaire. Son action anti-inflammatoire et r\u00e9gulatrice du s\u00e9bum en fait un ingr\u00e9dient cl\u00e9 pour lutter contre les probl\u00e8mes cutan\u00e9s li\u00e9s \u00e0 la fragilit\u00e9 des annexes cutan\u00e9es.<\/p>\n<hr>\n<h3><span class=\"ez-toc-section\" id=\"Barley_grass_powder\"><\/span>Barley grass powder<span class=\"ez-toc-section-end\"><\/span><\/h3>\n<p>La poudre d\u2019herbe d\u2019orge provient de jeunes pousses d\u2019orge riche en vitamines, min\u00e9raux et antioxydants. Elle est reconnue pour ses propri\u00e9t\u00e9s d\u00e9toxifiantes et revitalisantes, favorisant la sant\u00e9 globale de la peau et des cheveux. Sa composition riche en chlorophylle, vitamines A, C, E, ainsi qu\u2019en fer et en magn\u00e9sium, contribue \u00e0 la r\u00e9g\u00e9n\u00e9ration cellulaire.<\/p>\n<p>Des \u00e9tudes indiquent que la poudre d\u2019orge aide \u00e0 r\u00e9duire l\u2019inflammation cutan\u00e9e, \u00e0 am\u00e9liorer l\u2019\u00e9lasticit\u00e9 de la peau, et \u00e0 renforcer la croissance capillaire. Elle participe aussi \u00e0 la lutte contre le vieillissement pr\u00e9matur\u00e9 en neutralisant les radicaux libres.<\/p>\n<hr>\n<h3><span class=\"ez-toc-section\" id=\"L-ascorbic_acid_Vitamin_C\"><\/span>L-ascorbic acid (Vitamin C)<span class=\"ez-toc-section-end\"><\/span><\/h3>\n<p>L\u2019acide ascorbique, ou vitamine C, est un antioxydant puissant naturellement pr\u00e9sent dans de nombreux fruits et l\u00e9gumes. Elle est essentielle pour la synth\u00e8se du collag\u00e8ne, une prot\u00e9ine fondamentale pour la fermet\u00e9 et l\u2019\u00e9lasticit\u00e9 de la peau. La vitamine C renforce aussi le syst\u00e8me immunitaire et aide \u00e0 prot\u00e9ger la peau contre les agressions environnementales.<\/p>\n<p>Les preuves scientifiques montrent que la vitamine C favorise la cicatrisation, r\u00e9duit les signes de vieillissement, et contribue \u00e0 la pigmentation uniforme de la peau. Elle stimule \u00e9galement la croissance et la solidit\u00e9 des cheveux, tout en maintenant des ongles forts.<\/p>\n<hr>\n<h3><span class=\"ez-toc-section\" id=\"Turmeric_powder_28_curcuminoids\"><\/span>Turmeric powder (2.8% curcuminoids)<span class=\"ez-toc-section-end\"><\/span><\/h3>\n<p>La poudre de curcuma est riche en curcumino\u00efdes, principalement la curcumine, qui poss\u00e8de de puissantes propri\u00e9t\u00e9s anti-inflammatoires et antioxydantes. Utilis\u00e9e depuis des mill\u00e9naires, elle est r\u00e9put\u00e9e pour ses bienfaits sur la sant\u00e9 de la peau et la r\u00e9duction des inflammations.<\/p>\n<p>Les \u00e9tudes ont prouv\u00e9 que la curcumine aide \u00e0 apaiser les inflammations cutan\u00e9es, \u00e0 lutter contre le vieillissement pr\u00e9matur\u00e9 et \u00e0 am\u00e9liorer la texture de la peau. Elle favorise aussi la r\u00e9paration des tissus endommag\u00e9s et contribue \u00e0 renforcer la vitalit\u00e9 des cheveux et des ongles.<\/p>\n<hr>\n<h3><span class=\"ez-toc-section\" id=\"Nicotinamide_Vitamin_B3\"><\/span>Nicotinamide (Vitamin B3)<span class=\"ez-toc-section-end\"><\/span><\/h3>\n<p>La nicotinamide, forme de vitamine B3 ou niacine, est un nutriment essentiel impliqu\u00e9 dans la production d\u2019\u00e9nergie cellulaire. Elle est \u00e9galement connue pour ses effets b\u00e9n\u00e9fiques sur la sant\u00e9 de la peau, en particulier pour r\u00e9duire l\u2019acn\u00e9, am\u00e9liorer la barri\u00e8re cutan\u00e9e et diminuer l\u2019inflammation.<\/p>\n<p>Des \u00e9tudes montrent que la nicotinamide peut am\u00e9liorer significativement l\u2019\u00e9lasticit\u00e9 de la peau, r\u00e9duire l\u2019apparence des ridules, et favoriser la r\u00e9g\u00e9n\u00e9ration cellulaire. Elle aide aussi \u00e0 renforcer les cheveux fragiles et \u00e0 pr\u00e9venir la d\u00e9gradation des ongles, contribuant ainsi \u00e0 une apparence plus saine et plus jeune.<\/p>\n<h3><span class=\"ez-toc-section\" id=\"D-alpha-tocopheryl_acetate_Vitamin_E\"><\/span>D-alpha-tocopheryl acetate (Vitamin E)<span class=\"ez-toc-section-end\"><\/span><\/h3>\n<p>Le D-alpha-tocopheryl acetate est une forme synth\u00e9tique de vitamine E, d\u00e9riv\u00e9e de l\u2019acide tocoph\u00e9rol. La vitamine E est une vitamine liposoluble pr\u00e9sente naturellement dans de nombreuses huiles v\u00e9g\u00e9tales, noix, graines et l\u00e9gumes \u00e0 feuilles. Elle est \u00e9galement synth\u00e9tis\u00e9e pour une utilisation en suppl\u00e9mentation. La vitamine E joue un r\u00f4le essentiel en tant qu&#039;antioxydant, prot\u00e9geant les cellules contre les dommages caus\u00e9s par les radicaux libres.<\/p>\n<p>Dans le contexte de la sant\u00e9 de la peau, des cheveux et des ongles, la vitamine E contribue \u00e0 r\u00e9duire les signes du vieillissement pr\u00e9matur\u00e9, favorise la r\u00e9paration cellulaire et am\u00e9liore la texture de la peau. Elle aide \u00e9galement \u00e0 renforcer la barri\u00e8re cutan\u00e9e, \u00e0 lutter contre la s\u00e9cheresse et \u00e0 promouvoir un \u00e9clat naturel, tout en soutenant la croissance et la r\u00e9sistance des cheveux et des ongles fragiles.<\/p>\n<hr>\n<h3><span class=\"ez-toc-section\" id=\"Medium-chain_triglyceride_oil_MCT_from_coconut\"><\/span>Medium-chain triglyceride oil (MCT) from coconut<span class=\"ez-toc-section-end\"><\/span><\/h3>\n<p>L\u2019huile de triglyc\u00e9rides \u00e0 cha\u00eene moyenne (MCT) provient principalement de la noix de coco et est compos\u00e9e de lipides facilement assimilables. Contrairement aux autres graisses, les MCT sont rapidement dig\u00e9r\u00e9s, convertis en \u00e9nergie, et ont un impact minimal sur le stockage de graisses. Elles sont reconnues pour leur capacit\u00e9 \u00e0 fournir une source d\u2019\u00e9nergie rapide pour le corps.<\/p>\n<p>En mati\u00e8re de sant\u00e9 cutan\u00e9e et capillaire, les MCT apportent une hydratation profonde et aident \u00e0 r\u00e9duire l\u2019inflammation. Elles favorisent \u00e9galement la r\u00e9paration des tissus et peuvent contribuer \u00e0 renforcer la barri\u00e8re cutan\u00e9e, tout en stimulant la croissance des cheveux en apportant des acides gras essentiels. Leur utilisation dans les compl\u00e9ments alimentaires aide \u00e0 maintenir une peau souple et un cuir chevelu en bonne sant\u00e9.<\/p>\n<hr>\n<h3><span class=\"ez-toc-section\" id=\"Anti-caking_agent_magnesium_salts_of_fatty_acids\"><\/span>Anti-caking agent: magnesium salts of fatty acids<span class=\"ez-toc-section-end\"><\/span><\/h3>\n<p>Les sels de magn\u00e9sium des acides gras sont utilis\u00e9s comme agents anti-agglom\u00e9rants dans les compl\u00e9ments alimentaires pour assurer la fluidit\u00e9 de la poudre ou des capsules. Ils sont issus de la r\u00e9action entre le magn\u00e9sium et les acides gras, souvent d\u2019origine v\u00e9g\u00e9tale ou synth\u00e9tique. Ces agents emp\u00eachent la formation de grumeaux, facilitant la fabrication et la consommation du produit.<\/p>\n<p>Sur le plan de la sant\u00e9 cutan\u00e9e, des sels de magn\u00e9sium des acides gras n\u2019ont pas d\u2019effet direct, mais leur r\u00f4le est essentiel pour garantir la stabilit\u00e9 et la qualit\u00e9 du compl\u00e9ment. En \u00e9vitant l\u2019agglom\u00e9ration des ingr\u00e9dients, ils assurent une meilleure biodisponibilit\u00e9 des principes actifs, ce qui favorise une meilleure efficacit\u00e9 pour la peau, les cheveux et les ongles.<\/p>\n<hr>\n<h3><span class=\"ez-toc-section\" id=\"Retinyl_acetate_Vitamin_A\"><\/span>Retinyl acetate (Vitamin A)<span class=\"ez-toc-section-end\"><\/span><\/h3>\n<p>Le r\u00e9tinyl ac\u00e9tate est une forme synth\u00e9tique de la vitamine A, d\u00e9riv\u00e9e de l\u2019acide r\u00e9tino\u00efque. La vitamine A est une vitamine liposoluble naturellement pr\u00e9sente dans les aliments d\u2019origine animale, comme le foie, le lait et les \u0153ufs, ainsi que dans certains aliments v\u00e9g\u00e9taux sous forme de b\u00eata-carot\u00e8ne. Elle est essentielle pour la vision, la croissance cellulaire et le maintien des tissus \u00e9pith\u00e9liaux.<\/p>\n<p>Pour la sant\u00e9 de la peau, des cheveux et des ongles, la vitamine A joue un r\u00f4le cl\u00e9 dans la r\u00e9g\u00e9n\u00e9ration cellulaire et la production de collag\u00e8ne. Elle contribue \u00e0 r\u00e9duire les signes de vieillissement, \u00e0 am\u00e9liorer la texture de la peau, et \u00e0 renforcer la solidit\u00e9 des cheveux et des ongles. Son action anti-inflammatoire aide \u00e9galement \u00e0 calmer les irritations et \u00e0 am\u00e9liorer l\u2019aspect g\u00e9n\u00e9ral de la peau.<\/p>\n<hr>\n<h3><span class=\"ez-toc-section\" id=\"Copper_gluconate\"><\/span>Copper gluconate<span class=\"ez-toc-section-end\"><\/span><\/h3>\n<p>Le gluconate de cuivre est une forme de cuivre facilement assimilable par l\u2019organisme. Le cuivre est un oligo-\u00e9l\u00e9ment essentiel, impliqu\u00e9 dans la synth\u00e8se du collag\u00e8ne et de l\u2019\u00e9lastine, deux prot\u00e9ines fondamentales pour la jeunesse de la peau. Il joue \u00e9galement un r\u00f4le dans le m\u00e9tabolisme du fer et la formation des globules rouges.<\/p>\n<p>Dans le contexte de la sant\u00e9 cutan\u00e9e, le cuivre contribue \u00e0 la r\u00e9g\u00e9n\u00e9ration tissulaire, \u00e0 la r\u00e9duction des rides et \u00e0 l\u2019am\u00e9lioration de la fermet\u00e9 de la peau. Il participe aussi \u00e0 la croissance des cheveux en favorisant la formation de m\u00e9lanine et en renfor\u00e7ant la structure capillaire. Enfin, il aide \u00e0 maintenir des ongles solides et r\u00e9sistants.<\/p>\n<hr>\n<h3><span class=\"ez-toc-section\" id=\"Sodium_selenite_1_on_calcium_carbonate_Selenium\"><\/span>Sodium selenite (1% on calcium carbonate) (Selenium)<span class=\"ez-toc-section-end\"><\/span><\/h3>\n<p>Le s\u00e9l\u00e9nite de sodium est une forme de s\u00e9l\u00e9nium, un oligo-\u00e9l\u00e9ment essentiel pour la sant\u00e9 humaine. Il provient g\u00e9n\u00e9ralement de sources min\u00e9rales ou synth\u00e9tiques, et est souvent utilis\u00e9 dans les compl\u00e9ments pour sa biodisponibilit\u00e9. Le s\u00e9l\u00e9nium joue un r\u00f4le cl\u00e9 en tant qu\u2019antioxydant, aidant \u00e0 prot\u00e9ger les cellules contre le stress oxydatif.<\/p>\n<p>Pour la peau, les cheveux et les ongles, le s\u00e9l\u00e9nium contribue \u00e0 lutter contre le vieillissement pr\u00e9matur\u00e9, en r\u00e9duisant l\u2019impact des radicaux libres. Il soutient \u00e9galement la croissance des cheveux en favorisant un cuir chevelu sain et en pr\u00e9venant la chute excessive. Son action sur la r\u00e9paration cellulaire en fait un ingr\u00e9dient pr\u00e9cieux pour maintenir une apparence jeune et saine.<\/p>\n<hr>\n<h3><span class=\"ez-toc-section\" id=\"Riboflavin_Vitamin_B2\"><\/span>Riboflavin (Vitamin B2)<span class=\"ez-toc-section-end\"><\/span><\/h3>\n<p>La riboflavine, ou vitamine B2, est une vitamine hydrosoluble pr\u00e9sente principalement dans les produits laitiers, la viande, les l\u00e9gumes verts et les c\u00e9r\u00e9ales compl\u00e8tes. Elle intervient dans le m\u00e9tabolisme \u00e9nerg\u00e9tique et la synth\u00e8se des acides amin\u00e9s, jouant un r\u00f4le crucial dans le renouvellement cellulaire.<\/p>\n<p>Concernant la sant\u00e9 de la peau, des cheveux et des ongles, la vitamine B2 aide \u00e0 r\u00e9duire la s\u00e9cheresse cutan\u00e9e, \u00e0 am\u00e9liorer l\u2019\u00e9clat et \u00e0 soutenir la croissance capillaire. Elle participe aussi \u00e0 la r\u00e9paration des tissus endommag\u00e9s, contribuant \u00e0 une peau plus ferme et \u00e0 des ongles plus forts. Son action est essentielle pour maintenir une barri\u00e8re cutan\u00e9e saine.<\/p>\n<hr>\n<h3><span class=\"ez-toc-section\" id=\"Pteroylmonoglutamic_acid_Folic_acid\"><\/span>Pteroylmonoglutamic acid (Folic acid)<span class=\"ez-toc-section-end\"><\/span><\/h3>\n<p>L\u2019acide folique, ou vitamine B9, est une vitamine hydrosoluble naturellement pr\u00e9sente dans les l\u00e9gumes verts, les l\u00e9gumineuses et certains fruits. Elle est indispensable pour la synth\u00e8se de l\u2019ADN, la division cellulaire et la croissance tissulaire. L\u2019acide folique est aussi cruciale durant la grossesse pour le d\u00e9veloppement du foetus.<\/p>\n<p>En ce qui concerne la peau, les cheveux et les ongles, la vitamine B9 favorise la r\u00e9g\u00e9n\u00e9ration cellulaire, aide \u00e0 r\u00e9duire la fatigue et \u00e0 am\u00e9liorer la sant\u00e9 de la peau. Elle contribue \u00e9galement \u00e0 la croissance capillaire en maintenant des follicules sains et en renfor\u00e7ant la structure des ongles. Son r\u00f4le dans la r\u00e9paration cellulaire en fait un nutriment essentiel pour une apparence jeune et tonique.<\/p>\n<h2><span class=\"ez-toc-section\" id=\"Notice_%E2%80%93_Informations_pour_le_patient\"><\/span>Notice \u2013 Informations pour le patient<span class=\"ez-toc-section-end\"><\/span><\/h2>\n<h3><span class=\"ez-toc-section\" id=\"Nom_du_medicament\"><\/span>Nom du m\u00e9dicament<span class=\"ez-toc-section-end\"><\/span><\/h3>\n<p>Vivera Glow Vital \u2013 G\u00e9lules pour la peau, les cheveux et les ongles.<\/p>\n<h3><span class=\"ez-toc-section\" id=\"Forme_pharmaceutique_et_presentation\"><\/span>Forme pharmaceutique et pr\u00e9sentation<span class=\"ez-toc-section-end\"><\/span><\/h3>\n<p>G\u00e9lules capsules molles, conditionn\u00e9es en flacons ou en bo\u00eetes contenant un nombre d\u00e9termin\u00e9 de capsules.<\/p>\n<h3><span class=\"ez-toc-section\" id=\"Indications_therapeutiques\"><\/span>Indications th\u00e9rapeutiques<span class=\"ez-toc-section-end\"><\/span><\/h3>\n<p>Ce compl\u00e9ment alimentaire est indiqu\u00e9 pour renforcer la sant\u00e9 de la peau, des cheveux et des ongles. Il contribue \u00e0 am\u00e9liorer l\u2019\u00e9clat de la peau, \u00e0 r\u00e9duire la fragilit\u00e9 des cheveux et \u00e0 renforcer la solidit\u00e9 des ongles, notamment en cas de carences nutritionnelles ou de fatigue.<\/p>\n<h3><span class=\"ez-toc-section\" id=\"Contre-indications\"><\/span>Contre-indications<span class=\"ez-toc-section-end\"><\/span><\/h3>\n<p>Ce m\u00e9dicament est contre-indiqu\u00e9 en cas d\u2019allergie connue \u00e0 l\u2019un des composants, notamment \u00e0 la vitamine E, au cuivre, ou \u00e0 tout autre ingr\u00e9dient mentionn\u00e9 dans la composition. Il est \u00e9galement d\u00e9conseill\u00e9 en cas d\u2019hypersensibilit\u00e9 individuelle \u00e0 ces substances.<\/p>\n<h3><span class=\"ez-toc-section\" id=\"Effets_indesirables_possibles\"><\/span>Effets ind\u00e9sirables possibles<span class=\"ez-toc-section-end\"><\/span><\/h3>\n<p>Des r\u00e9actions allergiques telles que \u00e9ruptions cutan\u00e9es, d\u00e9mangeaisons, gonflement ou troubles respiratoires peuvent survenir. En cas de r\u00e9action allergique, cesser imm\u00e9diatement le traitement et consulter un professionnel de sant\u00e9.<\/p>\n<h3><span class=\"ez-toc-section\" id=\"Interactions_avec_dautres_medicaments\"><\/span>Interactions avec d&rsquo;autres m\u00e9dicaments<span class=\"ez-toc-section-end\"><\/span><\/h3>\n<p>Ce compl\u00e9ment peut \u00eatre administr\u00e9 en association avec d\u2019autres m\u00e9dicaments, sauf en cas de consommation d\u2019alcool, qui doit \u00eatre \u00e9vit\u00e9e pour \u00e9viter d\u2019\u00e9ventuelles interactions ou effets ind\u00e9sirables.<\/p>\n<h3><span class=\"ez-toc-section\" id=\"Posologie_et_mode_dadministration\"><\/span>Posologie et mode d&rsquo;administration<span class=\"ez-toc-section-end\"><\/span><\/h3>\n<p>Prendre une capsule par jour, de pr\u00e9f\u00e9rence le matin, avec un verre d\u2019eau, pendant ou en dehors des repas. Respecter strictement la posologie recommand\u00e9e.<\/p>\n<h3><span class=\"ez-toc-section\" id=\"Duree_du_traitement\"><\/span>Dur\u00e9e du traitement<span class=\"ez-toc-section-end\"><\/span><\/h3>\n<p>La dur\u00e9e du traitement doit \u00eatre d\u00e9termin\u00e9e en fonction de l\u2019\u00e9tat de sant\u00e9 et des besoins individuels. Il est g\u00e9n\u00e9ralement conseill\u00e9 de suivre le traitement pendant plusieurs mois pour observer des effets optimaux.<\/p>\n<h3><span class=\"ez-toc-section\" id=\"Mises_en_garde_et_precautions\"><\/span>Mises en garde et pr\u00e9cautions<span class=\"ez-toc-section-end\"><\/span><\/h3>\n<p>Aucune pr\u00e9caution particuli\u00e8re n\u2019est requise. Cependant, ce compl\u00e9ment n\u2019est pas recommand\u00e9 aux personnes de moins de 18 ans. En cas de grossesse ou d\u2019allaitement, consulter un professionnel de sant\u00e9 avant utilisation.<\/p>\n<h3><span class=\"ez-toc-section\" id=\"Surdosage\"><\/span>Surdosage<span class=\"ez-toc-section-end\"><\/span><\/h3>\n<p>Respecter strictement la posologie indiqu\u00e9e. En cas de suspicion de surdosage, interrompre le traitement et consulter un professionnel de sant\u00e9.<\/p>\n<h3><span class=\"ez-toc-section\" id=\"Date_de_peremption\"><\/span>Date de p\u00e9remption<span class=\"ez-toc-section-end\"><\/span><\/h3>\n<p>\u00c0 utiliser avant la date indiqu\u00e9e sur l\u2019emballage. Ne pas utiliser apr\u00e8s cette date.<\/p>\n<h3><span class=\"ez-toc-section\" id=\"Conditions_de_conservation\"><\/span>Conditions de conservation<span class=\"ez-toc-section-end\"><\/span><\/h3>\n<p>Conserver \u00e0 une temp\u00e9rature ne d\u00e9passant pas 25\u202f\u00b0C, dans un endroit sec, \u00e0 l\u2019abri de la lumi\u00e8re et hors de la port\u00e9e des enfants.<\/p>\n<h2><span class=\"ez-toc-section\" id=\"Vivera_Glow_Vital_%E2%80%93_Avis_Doctissimo_y_compris_negatifs_et_forum_commentaires\"><\/span>Vivera Glow Vital \u2013 Avis Doctissimo, y compris n\u00e9gatifs et forum commentaires<span class=\"ez-toc-section-end\"><\/span><\/h2>\n<p>Les avis recueillis sur diff\u00e9rents forums et r\u00e9seaux sociaux montrent une majorit\u00e9 de retours positifs concernant Vivera Glow Vital. De nombreux utilisateurs rapportent une am\u00e9lioration visible de l\u2019\u00e9clat de leur peau, une forte r\u00e9sistance des cheveux, ainsi qu\u2019une r\u00e9duction de la fragilit\u00e9 des ongles apr\u00e8s plusieurs semaines d\u2019utilisation. Ces t\u00e9moignages soulignent \u00e9galement la facilit\u00e9 d\u2019int\u00e9gration du compl\u00e9ment dans la routine quotidienne, avec une bonne tol\u00e9rance et peu d\u2019effets secondaires rapport\u00e9s.<\/p>\n<p>Cependant, certains utilisateurs partagent des avis plus nuanc\u00e9s ou n\u00e9gatifs, mentionnant notamment un manque d\u2019effets perceptibles ou une progression tr\u00e8s lente. Quelques critiques concernent aussi le prix du produit, jug\u00e9 \u00e9lev\u00e9 par certains, ou encore la n\u00e9cessit\u00e9 de suivre un traitement prolong\u00e9 pour observer des am\u00e9liorations significatives. Malgr\u00e9 cela, la majorit\u00e9 des commentaires sont favorables et mettent en avant la qualit\u00e9 des composants et l\u2019efficacit\u00e9 globale du compl\u00e9ment pour la sant\u00e9 de la peau, des cheveux et des ongles.<\/p>\n<h2><span class=\"ez-toc-section\" id=\"Ou_acheter_Vivera_Glow_Vital_en_ligne_en_France_Belgique_Suisse_et_Luxembourg_avec_une_livraison_rapide\"><\/span>O\u00f9 acheter Vivera Glow Vital en ligne en France, Belgique, Suisse et Luxembourg avec une livraison rapide<span class=\"ez-toc-section-end\"><\/span><\/h2>\n<p>Vivera Glow Vital est disponible exclusivement \u00e0 l\u2019achat dans notre pharmacie en ligne &quot;Pharmacie Vivre Sainement&quot;. Nous avons un contrat direct avec le fabricant, ce qui nous permet de proposer ce produit en tant que partenaire officiel. Vous pouvez commander en toute confiance, en b\u00e9n\u00e9ficiant d\u2019un service fiable et s\u00e9curis\u00e9.<\/p>\n<h3><span class=\"ez-toc-section\" id=\"Prix\"><\/span>Prix<span class=\"ez-toc-section-end\"><\/span><\/h3>\n<p>Le prix de Vivera Glow Vital est fix\u00e9 \u00e0 36,65 euros dans tous nos march\u00e9s : France, Belgique, Suisse et Luxembourg. Actuellement, des promotions exceptionnelles sont en cours, avec des r\u00e9ductions allant de 30 % \u00e0 50 % sur votre premi\u00e8re commande.<\/p>\n<h3><span class=\"ez-toc-section\" id=\"Acheter_a_la_pharmacie\"><\/span>Acheter \u00e0 la pharmacie<span class=\"ez-toc-section-end\"><\/span><\/h3>\n<p>Vous pouvez acheter le compl\u00e9ment Vivera Glow Vital sans prescription m\u00e9dicale via notre plateforme \u00ab\u00a0Vivre Sainement\u00a0\u00bb. Il est important de noter que ce produit n\u2019est pas disponible \u00e0 l\u2019achat dans les pharmacies en ligne ou en r\u00e9seau telles qu\u2019Atida, DocMorris, DM, Pharma GDD, car il est distribu\u00e9 en quantit\u00e9 limit\u00e9e dans certaines pharmacies s\u00e9lectionn\u00e9es. Nous d\u00e9conseillons \u00e9galement l\u2019achat sur les marketplaces comme Amazon ou dans les magasins Carrefour, car il existe un risque d\u2019acquisition de produits contrefaits.<\/p>\n<h3><span class=\"ez-toc-section\" id=\"Modes_de_paiement_et_de_livraison\"><\/span>Modes de paiement et de livraison<span class=\"ez-toc-section-end\"><\/span><\/h3>\n<p>La livraison est assur\u00e9e par des services de messagerie rapides, couvrant tous les pays europ\u00e9ens, ainsi que la France, la Suisse, la Belgique et le Luxembourg. Pour votre confort et votre s\u00e9curit\u00e9, vous pouvez payer \u00e0 la livraison ou par carte bancaire, Apple Pay ou Google Pay, garantissant une transaction s\u00e9curis\u00e9e.<\/p>\n<h2><span class=\"ez-toc-section\" id=\"FAQ_Questions_frequentes\"><\/span>FAQ : Questions fr\u00e9quentes<span class=\"ez-toc-section-end\"><\/span><\/h2>\n<div class=\"wp-faq-schema-wrap wp-faq-schema-accordion\">\n<div class=\"wp-faq-schema-items ui-accordion ui-widget ui-helper-reset\" role=\"tablist\">\n<h3 class=\"ui-accordion-header ui-corner-top ui-state-default ui-accordion-icons\" role=\"tab\" id=\"ui-id-1\" aria-controls=\"ui-id-2\" aria-expanded=\"false\"><span class=\"ez-toc-section\" id=\"Quels_sont_les_principaux_avantages_des_gelules_Vivera_Glow_Vital_pour_la_peau_les_cheveux_et_les_ongles\"><\/span>\n  Quels sont les principaux avantages des g\u00e9lules Vivera Glow Vital pour la peau, les cheveux et les ongles ?<br \/>\n  <span class=\"ez-toc-section-end\"><\/span><\/h3>\n<div class=\"ui-accordion-content ui-corner-bottom ui-helper-reset ui-widget-content\" id=\"ui-id-2\" aria-labelledby=\"ui-id-1\" role=\"tabpanel\" aria-hidden=\"true\">\n<p>Ces g\u00e9lules sont con\u00e7ues pour renforcer la sant\u00e9 de votre peau, am\u00e9liorer la brillance de vos cheveux et rendre vos ongles plus solides gr\u00e2ce \u00e0 leur formule riche en vitamines et extraits naturels.<\/p>\n<\/p><\/div>\n<h3 class=\"ui-accordion-header ui-corner-top ui-state-default ui-accordion-icons\" role=\"tab\" id=\"ui-id-3\" aria-controls=\"ui-id-4\" aria-expanded=\"false\"><span class=\"ez-toc-section\" id=\"Comment_ces_gelules_peuvent-elles_aider_a_revitaliser_ma_peau_mes_cheveux_et_mes_ongles\"><\/span>\n  Comment ces g\u00e9lules peuvent-elles aider \u00e0 revitaliser ma peau, mes cheveux et mes ongles ?<br \/>\n  <span class=\"ez-toc-section-end\"><\/span><\/h3>\n<div class=\"ui-accordion-content ui-corner-bottom ui-helper-reset ui-widget-content\" id=\"ui-id-4\" aria-labelledby=\"ui-id-3\" role=\"tabpanel\" aria-hidden=\"true\">\n<p>Les g\u00e9lules Vivera Glow Vital apportent des nutriments essentiels comme la vitamine C, la vitamine E, le zinc et d&rsquo;autres extraits naturels qui favorisent la r\u00e9g\u00e9n\u00e9ration cellulaire, renforcent la structure de la peau, stimulent la croissance des cheveux et rendent les ongles plus r\u00e9sistants.<\/p>\n<\/p><\/div>\n<h3 class=\"ui-accordion-header ui-corner-top ui-state-default ui-accordion-icons\" role=\"tab\" id=\"ui-id-5\" aria-controls=\"ui-id-6\" aria-expanded=\"false\"><span class=\"ez-toc-section\" id=\"Quels_ingredients_presents_dans_Vivera_Glow_Vital_contribuent_a_ameliorer_la_sante_de_la_peau_des_cheveux_et_des_ongles\"><\/span>\n  Quels ingr\u00e9dients pr\u00e9sents dans Vivera Glow Vital contribuent \u00e0 am\u00e9liorer la sant\u00e9 de la peau, des cheveux et des ongles ?<br \/>\n  <span class=\"ez-toc-section-end\"><\/span><\/h3>\n<div class=\"ui-accordion-content ui-corner-bottom ui-helper-reset ui-widget-content\" id=\"ui-id-6\" aria-labelledby=\"ui-id-5\" role=\"tabpanel\" aria-hidden=\"true\">\n<p>Les ingr\u00e9dients comme la vitamine C, la vitamine E, le zinc, le s\u00e9l\u00e9nium, ainsi que les extraits de bambou et de bl\u00e9, jouent un r\u00f4le cl\u00e9 dans la revitalisation et la fortification de la peau, des cheveux et des ongles.<\/p>\n<\/p><\/div>\n<h3 class=\"ui-accordion-header ui-corner-top ui-state-default ui-accordion-icons\" role=\"tab\" id=\"ui-id-7\" aria-controls=\"ui-id-8\" aria-expanded=\"false\"><span class=\"ez-toc-section\" id=\"Est-ce_que_Vivera_Glow_Vital_est_adapte_pour_tous_les_types_de_peau_et_de_cheveux\"><\/span>\n  Est-ce que Vivera Glow Vital est adapt\u00e9 pour tous les types de peau et de cheveux ?<br \/>\n  <span class=\"ez-toc-section-end\"><\/span><\/h3>\n<div class=\"ui-accordion-content ui-corner-bottom ui-helper-reset ui-widget-content\" id=\"ui-id-8\" aria-labelledby=\"ui-id-7\" role=\"tabpanel\" aria-hidden=\"true\">\n<p>Oui, ces g\u00e9lules conviennent \u00e0 tous les types de peau et de cheveux, car elles apportent des nutriments essentiels pour renforcer et am\u00e9liorer la sant\u00e9 de mani\u00e8re g\u00e9n\u00e9rale, quelle que soit votre type de peau ou de cheveux.<\/p>\n<\/p><\/div>\n<h3 class=\"ui-accordion-header ui-corner-top ui-state-default ui-accordion-icons\" role=\"tab\" id=\"ui-id-9\" aria-controls=\"ui-id-10\" aria-expanded=\"false\"><span class=\"ez-toc-section\" id=\"Combien_de_temps_faut-il_pour_constater_des_resultats_avec_Vivera_Glow_Vital\"><\/span>\n  Combien de temps faut-il pour constater des r\u00e9sultats avec Vivera Glow Vital ?<br \/>\n  <span class=\"ez-toc-section-end\"><\/span><\/h3>\n<div class=\"ui-accordion-content ui-corner-bottom ui-helper-reset ui-widget-content\" id=\"ui-id-10\" aria-labelledby=\"ui-id-9\" role=\"tabpanel\" aria-hidden=\"true\">\n<p>Les premiers effets positifs sur la peau, les cheveux et les ongles peuvent appara\u00eetre apr\u00e8s quelques semaines d&rsquo;utilisation r\u00e9guli\u00e8re, mais pour des r\u00e9sultats optimaux, il est conseill\u00e9 de continuer le traitement pendant plusieurs mois.<\/p>\n<\/p><\/div>\n<\/div>\n<\/div>\n","protected":false},"excerpt":{"rendered":"<p>Qu\u2019est-ce que Vivera Glow Vital et quelles sont ses indications\u202f? Vivera Glow Vital est un compl\u00e9ment alimentaire con\u00e7u pour soutenir [&hellip;]<\/p>\n","protected":false},"featured_media":1135,"comment_status":"open","ping_status":"closed","template":"","meta":{"site-sidebar-layout":"default","site-content-layout":"","ast-site-content-layout":"default","site-content-style":"default","site-sidebar-style":"default","ast-global-header-display":"","ast-banner-title-visibility":"","ast-main-header-display":"","ast-hfb-above-header-display":"","ast-hfb-below-header-display":"","ast-hfb-mobile-header-display":"","site-post-title":"","ast-breadcrumbs-content":"","ast-featured-img":"","footer-sml-layout":"","ast-disable-related-posts":"","theme-transparent-header-meta":"","adv-header-id-meta":"","stick-header-meta":"","header-above-stick-meta":"","header-main-stick-meta":"","header-below-stick-meta":"","astra-migrate-meta-layouts":"default","ast-page-background-enabled":"default","ast-page-background-meta":{"desktop":{"background-color":"var(--ast-global-color-5)","background-image":"","background-repeat":"repeat","background-position":"center center","background-size":"auto","background-attachment":"scroll","background-type":"","background-media":"","overlay-type":"","overlay-color":"","overlay-opacity":"","overlay-gradient":""},"tablet":{"background-color":"","background-image":"","background-repeat":"repeat","background-position":"center center","background-size":"auto","background-attachment":"scroll","background-type":"","background-media":"","overlay-type":"","overlay-color":"","overlay-opacity":"","overlay-gradient":""},"mobile":{"background-color":"","background-image":"","background-repeat":"repeat","background-position":"center center","background-size":"auto","background-attachment":"scroll","background-type":"","background-media":"","overlay-type":"","overlay-color":"","overlay-opacity":"","overlay-gradient":""}},"ast-content-background-meta":{"desktop":{"background-color":"var(--ast-global-color-4)","background-image":"","background-repeat":"repeat","background-position":"center center","background-size":"auto","background-attachment":"scroll","background-type":"","background-media":"","overlay-type":"","overlay-color":"","overlay-opacity":"","overlay-gradient":""},"tablet":{"background-color":"var(--ast-global-color-4)","background-image":"","background-repeat":"repeat","background-position":"center center","background-size":"auto","background-attachment":"scroll","background-type":"","background-media":"","overlay-type":"","overlay-color":"","overlay-opacity":"","overlay-gradient":""},"mobile":{"background-color":"var(--ast-global-color-4)","background-image":"","background-repeat":"repeat","background-position":"center center","background-size":"auto","background-attachment":"scroll","background-type":"","background-media":"","overlay-type":"","overlay-color":"","overlay-opacity":"","overlay-gradient":""}}},"product_brand":[],"product_cat":[17],"product_tag":[],"class_list":{"0":"post-1136","1":"product","2":"type-product","3":"status-publish","4":"has-post-thumbnail","6":"product_cat-soins-de-la-peau-et-beaute-naturelle","7":"desktop-align-left","8":"tablet-align-left","9":"mobile-align-left","11":"first","12":"instock","13":"sale","14":"shipping-taxable","15":"product-type-external"},"yoast_head":"<!-- This site is optimized with the Yoast SEO plugin v27.5 - https:\/\/yoast.com\/product\/yoast-seo-wordpress\/ -->\n<title>Vivera Glow Vital \u2013 Prix, Notice, Composition et Avis Doctissimo \u2764\ufe0f Pharmacie Vivre Sainement<\/title>\n<meta name=\"description\" content=\"\u274c Vivera Glow Vital g\u00e9lules - D\u00e9couvrez sa composition, son prix, les avis (positifs et n\u00e9gatifs), et o\u00f9 l\u2019acheter en toute s\u00e9curit\u00e9 en pharmacie en ligne. Est-ce un produit fiable ou une arnaque ?\" \/>\n<meta name=\"robots\" content=\"index, follow, max-snippet:-1, max-image-preview:large, max-video-preview:-1\" \/>\n<link rel=\"canonical\" href=\"https:\/\/www.vivre-covid19.fr\/pharmacie\/medicament\/vivera-glow-vital-gelules-boite-de-60\/\" \/>\n<meta property=\"og:locale\" content=\"fr_FR\" \/>\n<meta property=\"og:type\" content=\"article\" \/>\n<meta property=\"og:title\" content=\"Vivera Glow Vital \u2013 Prix, Notice, Composition et Avis Doctissimo \u2764\ufe0f Pharmacie Vivre Sainement\" \/>\n<meta property=\"og:description\" content=\"\u274c Vivera Glow Vital g\u00e9lules - D\u00e9couvrez sa composition, son prix, les avis (positifs et n\u00e9gatifs), et o\u00f9 l\u2019acheter en toute s\u00e9curit\u00e9 en pharmacie en ligne. Est-ce un produit fiable ou une arnaque ?\" \/>\n<meta property=\"og:url\" content=\"https:\/\/www.vivre-covid19.fr\/pharmacie\/medicament\/vivera-glow-vital-gelules-boite-de-60\/\" \/>\n<meta property=\"og:site_name\" content=\"Pharmacie Vivre Sainement\" \/>\n<meta property=\"article:modified_time\" content=\"2026-01-26T10:19:31+00:00\" \/>\n<meta property=\"og:image\" content=\"https:\/\/www.vivre-covid19.fr\/pharmacie\/wp-content\/uploads\/2026\/01\/vivera-glow-vital.webp\" \/>\n\t<meta property=\"og:image:width\" content=\"600\" \/>\n\t<meta property=\"og:image:height\" content=\"600\" \/>\n\t<meta property=\"og:image:type\" content=\"image\/webp\" \/>\n<meta name=\"twitter:card\" content=\"summary_large_image\" \/>\n<meta name=\"twitter:label1\" content=\"Dur\u00e9e de lecture estim\u00e9e\" \/>\n\t<meta name=\"twitter:data1\" content=\"17 minutes\" \/>\n<script type=\"application\/ld+json\" class=\"yoast-schema-graph\">{\"@context\":\"https:\\\/\\\/schema.org\",\"@graph\":[{\"@type\":\"WebPage\",\"@id\":\"https:\\\/\\\/www.vivre-covid19.fr\\\/pharmacie\\\/medicament\\\/vivera-glow-vital-gelules-boite-de-60\\\/\",\"url\":\"https:\\\/\\\/www.vivre-covid19.fr\\\/pharmacie\\\/medicament\\\/vivera-glow-vital-gelules-boite-de-60\\\/\",\"name\":\"Vivera Glow Vital \u2013 Prix, Notice, Composition et Avis Doctissimo \u2764\ufe0f Pharmacie Vivre Sainement\",\"isPartOf\":{\"@id\":\"https:\\\/\\\/www.vivre-covid19.fr\\\/pharmacie\\\/#website\"},\"primaryImageOfPage\":{\"@id\":\"https:\\\/\\\/www.vivre-covid19.fr\\\/pharmacie\\\/medicament\\\/vivera-glow-vital-gelules-boite-de-60\\\/#primaryimage\"},\"image\":{\"@id\":\"https:\\\/\\\/www.vivre-covid19.fr\\\/pharmacie\\\/medicament\\\/vivera-glow-vital-gelules-boite-de-60\\\/#primaryimage\"},\"thumbnailUrl\":\"https:\\\/\\\/www.vivre-covid19.fr\\\/pharmacie\\\/wp-content\\\/uploads\\\/2026\\\/01\\\/vivera-glow-vital.webp\",\"datePublished\":\"2026-01-26T10:19:18+00:00\",\"dateModified\":\"2026-01-26T10:19:31+00:00\",\"description\":\"\u274c Vivera Glow Vital g\u00e9lules - D\u00e9couvrez sa composition, son prix, les avis (positifs et n\u00e9gatifs), et o\u00f9 l\u2019acheter en toute s\u00e9curit\u00e9 en pharmacie en ligne. Est-ce un produit fiable ou une arnaque ?\",\"breadcrumb\":{\"@id\":\"https:\\\/\\\/www.vivre-covid19.fr\\\/pharmacie\\\/medicament\\\/vivera-glow-vital-gelules-boite-de-60\\\/#breadcrumb\"},\"inLanguage\":\"fr-FR\",\"potentialAction\":[{\"@type\":\"ReadAction\",\"target\":[\"https:\\\/\\\/www.vivre-covid19.fr\\\/pharmacie\\\/medicament\\\/vivera-glow-vital-gelules-boite-de-60\\\/\"]}]},{\"@type\":\"ImageObject\",\"inLanguage\":\"fr-FR\",\"@id\":\"https:\\\/\\\/www.vivre-covid19.fr\\\/pharmacie\\\/medicament\\\/vivera-glow-vital-gelules-boite-de-60\\\/#primaryimage\",\"url\":\"https:\\\/\\\/www.vivre-covid19.fr\\\/pharmacie\\\/wp-content\\\/uploads\\\/2026\\\/01\\\/vivera-glow-vital.webp\",\"contentUrl\":\"https:\\\/\\\/www.vivre-covid19.fr\\\/pharmacie\\\/wp-content\\\/uploads\\\/2026\\\/01\\\/vivera-glow-vital.webp\",\"width\":600,\"height\":600},{\"@type\":\"BreadcrumbList\",\"@id\":\"https:\\\/\\\/www.vivre-covid19.fr\\\/pharmacie\\\/medicament\\\/vivera-glow-vital-gelules-boite-de-60\\\/#breadcrumb\",\"itemListElement\":[{\"@type\":\"ListItem\",\"position\":1,\"name\":\"\u0413\u043b\u0430\u0432\u043d\u0430\u044f \u0441\u0442\u0440\u0430\u043d\u0438\u0446\u0430\",\"item\":\"https:\\\/\\\/www.vivre-covid19.fr\\\/pharmacie\\\/\"},{\"@type\":\"ListItem\",\"position\":2,\"name\":\"Pharmacie Vivre Sainement\",\"item\":\"https:\\\/\\\/www.vivre-covid19.fr\\\/pharmacie\\\/\"},{\"@type\":\"ListItem\",\"position\":3,\"name\":\"Vivera Glow Vital g\u00e9lules, bo\u00eete de 60\"}]},{\"@type\":\"WebSite\",\"@id\":\"https:\\\/\\\/www.vivre-covid19.fr\\\/pharmacie\\\/#website\",\"url\":\"https:\\\/\\\/www.vivre-covid19.fr\\\/pharmacie\\\/\",\"name\":\"Pharmacie Vivre Sainement\",\"description\":\"\",\"publisher\":{\"@id\":\"https:\\\/\\\/www.vivre-covid19.fr\\\/pharmacie\\\/#organization\"},\"potentialAction\":[{\"@type\":\"SearchAction\",\"target\":{\"@type\":\"EntryPoint\",\"urlTemplate\":\"https:\\\/\\\/www.vivre-covid19.fr\\\/pharmacie\\\/?s={search_term_string}\"},\"query-input\":{\"@type\":\"PropertyValueSpecification\",\"valueRequired\":true,\"valueName\":\"search_term_string\"}}],\"inLanguage\":\"fr-FR\"},{\"@type\":\"Organization\",\"@id\":\"https:\\\/\\\/www.vivre-covid19.fr\\\/pharmacie\\\/#organization\",\"name\":\"Pharmacie Vivre Sainement\",\"url\":\"https:\\\/\\\/www.vivre-covid19.fr\\\/pharmacie\\\/\",\"logo\":{\"@type\":\"ImageObject\",\"inLanguage\":\"fr-FR\",\"@id\":\"https:\\\/\\\/www.vivre-covid19.fr\\\/pharmacie\\\/#\\\/schema\\\/logo\\\/image\\\/\",\"url\":\"https:\\\/\\\/www.vivre-covid19.fr\\\/pharmacie\\\/wp-content\\\/uploads\\\/2025\\\/05\\\/farmacia.png\",\"contentUrl\":\"https:\\\/\\\/www.vivre-covid19.fr\\\/pharmacie\\\/wp-content\\\/uploads\\\/2025\\\/05\\\/farmacia.png\",\"width\":1151,\"height\":1280,\"caption\":\"Pharmacie Vivre Sainement\"},\"image\":{\"@id\":\"https:\\\/\\\/www.vivre-covid19.fr\\\/pharmacie\\\/#\\\/schema\\\/logo\\\/image\\\/\"}}]}<\/script>\n<!-- \/ Yoast SEO plugin. -->","yoast_head_json":{"title":"Vivera Glow Vital \u2013 Prix, Notice, Composition et Avis Doctissimo \u2764\ufe0f Pharmacie Vivre Sainement","description":"\u274c Vivera Glow Vital g\u00e9lules - D\u00e9couvrez sa composition, son prix, les avis (positifs et n\u00e9gatifs), et o\u00f9 l\u2019acheter en toute s\u00e9curit\u00e9 en pharmacie en ligne. Est-ce un produit fiable ou une arnaque ?","robots":{"index":"index","follow":"follow","max-snippet":"max-snippet:-1","max-image-preview":"max-image-preview:large","max-video-preview":"max-video-preview:-1"},"canonical":"https:\/\/www.vivre-covid19.fr\/pharmacie\/medicament\/vivera-glow-vital-gelules-boite-de-60\/","og_locale":"fr_FR","og_type":"article","og_title":"Vivera Glow Vital \u2013 Prix, Notice, Composition et Avis Doctissimo \u2764\ufe0f Pharmacie Vivre Sainement","og_description":"\u274c Vivera Glow Vital g\u00e9lules - D\u00e9couvrez sa composition, son prix, les avis (positifs et n\u00e9gatifs), et o\u00f9 l\u2019acheter en toute s\u00e9curit\u00e9 en pharmacie en ligne. Est-ce un produit fiable ou une arnaque ?","og_url":"https:\/\/www.vivre-covid19.fr\/pharmacie\/medicament\/vivera-glow-vital-gelules-boite-de-60\/","og_site_name":"Pharmacie Vivre Sainement","article_modified_time":"2026-01-26T10:19:31+00:00","og_image":[{"width":600,"height":600,"url":"https:\/\/www.vivre-covid19.fr\/pharmacie\/wp-content\/uploads\/2026\/01\/vivera-glow-vital.webp","type":"image\/webp"}],"twitter_card":"summary_large_image","twitter_misc":{"Dur\u00e9e de lecture estim\u00e9e":"17 minutes"},"schema":{"@context":"https:\/\/schema.org","@graph":[{"@type":"WebPage","@id":"https:\/\/www.vivre-covid19.fr\/pharmacie\/medicament\/vivera-glow-vital-gelules-boite-de-60\/","url":"https:\/\/www.vivre-covid19.fr\/pharmacie\/medicament\/vivera-glow-vital-gelules-boite-de-60\/","name":"Vivera Glow Vital \u2013 Prix, Notice, Composition et Avis Doctissimo \u2764\ufe0f Pharmacie Vivre Sainement","isPartOf":{"@id":"https:\/\/www.vivre-covid19.fr\/pharmacie\/#website"},"primaryImageOfPage":{"@id":"https:\/\/www.vivre-covid19.fr\/pharmacie\/medicament\/vivera-glow-vital-gelules-boite-de-60\/#primaryimage"},"image":{"@id":"https:\/\/www.vivre-covid19.fr\/pharmacie\/medicament\/vivera-glow-vital-gelules-boite-de-60\/#primaryimage"},"thumbnailUrl":"https:\/\/www.vivre-covid19.fr\/pharmacie\/wp-content\/uploads\/2026\/01\/vivera-glow-vital.webp","datePublished":"2026-01-26T10:19:18+00:00","dateModified":"2026-01-26T10:19:31+00:00","description":"\u274c Vivera Glow Vital g\u00e9lules - D\u00e9couvrez sa composition, son prix, les avis (positifs et n\u00e9gatifs), et o\u00f9 l\u2019acheter en toute s\u00e9curit\u00e9 en pharmacie en ligne. Est-ce un produit fiable ou une arnaque ?","breadcrumb":{"@id":"https:\/\/www.vivre-covid19.fr\/pharmacie\/medicament\/vivera-glow-vital-gelules-boite-de-60\/#breadcrumb"},"inLanguage":"fr-FR","potentialAction":[{"@type":"ReadAction","target":["https:\/\/www.vivre-covid19.fr\/pharmacie\/medicament\/vivera-glow-vital-gelules-boite-de-60\/"]}]},{"@type":"ImageObject","inLanguage":"fr-FR","@id":"https:\/\/www.vivre-covid19.fr\/pharmacie\/medicament\/vivera-glow-vital-gelules-boite-de-60\/#primaryimage","url":"https:\/\/www.vivre-covid19.fr\/pharmacie\/wp-content\/uploads\/2026\/01\/vivera-glow-vital.webp","contentUrl":"https:\/\/www.vivre-covid19.fr\/pharmacie\/wp-content\/uploads\/2026\/01\/vivera-glow-vital.webp","width":600,"height":600},{"@type":"BreadcrumbList","@id":"https:\/\/www.vivre-covid19.fr\/pharmacie\/medicament\/vivera-glow-vital-gelules-boite-de-60\/#breadcrumb","itemListElement":[{"@type":"ListItem","position":1,"name":"\u0413\u043b\u0430\u0432\u043d\u0430\u044f \u0441\u0442\u0440\u0430\u043d\u0438\u0446\u0430","item":"https:\/\/www.vivre-covid19.fr\/pharmacie\/"},{"@type":"ListItem","position":2,"name":"Pharmacie Vivre Sainement","item":"https:\/\/www.vivre-covid19.fr\/pharmacie\/"},{"@type":"ListItem","position":3,"name":"Vivera Glow Vital g\u00e9lules, bo\u00eete de 60"}]},{"@type":"WebSite","@id":"https:\/\/www.vivre-covid19.fr\/pharmacie\/#website","url":"https:\/\/www.vivre-covid19.fr\/pharmacie\/","name":"Pharmacie Vivre Sainement","description":"","publisher":{"@id":"https:\/\/www.vivre-covid19.fr\/pharmacie\/#organization"},"potentialAction":[{"@type":"SearchAction","target":{"@type":"EntryPoint","urlTemplate":"https:\/\/www.vivre-covid19.fr\/pharmacie\/?s={search_term_string}"},"query-input":{"@type":"PropertyValueSpecification","valueRequired":true,"valueName":"search_term_string"}}],"inLanguage":"fr-FR"},{"@type":"Organization","@id":"https:\/\/www.vivre-covid19.fr\/pharmacie\/#organization","name":"Pharmacie Vivre Sainement","url":"https:\/\/www.vivre-covid19.fr\/pharmacie\/","logo":{"@type":"ImageObject","inLanguage":"fr-FR","@id":"https:\/\/www.vivre-covid19.fr\/pharmacie\/#\/schema\/logo\/image\/","url":"https:\/\/www.vivre-covid19.fr\/pharmacie\/wp-content\/uploads\/2025\/05\/farmacia.png","contentUrl":"https:\/\/www.vivre-covid19.fr\/pharmacie\/wp-content\/uploads\/2025\/05\/farmacia.png","width":1151,"height":1280,"caption":"Pharmacie Vivre Sainement"},"image":{"@id":"https:\/\/www.vivre-covid19.fr\/pharmacie\/#\/schema\/logo\/image\/"}}]}},"_links":{"self":[{"href":"https:\/\/www.vivre-covid19.fr\/pharmacie\/wp-json\/wp\/v2\/product\/1136","targetHints":{"allow":["GET"]}}],"collection":[{"href":"https:\/\/www.vivre-covid19.fr\/pharmacie\/wp-json\/wp\/v2\/product"}],"about":[{"href":"https:\/\/www.vivre-covid19.fr\/pharmacie\/wp-json\/wp\/v2\/types\/product"}],"replies":[{"embeddable":true,"href":"https:\/\/www.vivre-covid19.fr\/pharmacie\/wp-json\/wp\/v2\/comments?post=1136"}],"wp:featuredmedia":[{"embeddable":true,"href":"https:\/\/www.vivre-covid19.fr\/pharmacie\/wp-json\/wp\/v2\/media\/1135"}],"wp:attachment":[{"href":"https:\/\/www.vivre-covid19.fr\/pharmacie\/wp-json\/wp\/v2\/media?parent=1136"}],"wp:term":[{"taxonomy":"product_brand","embeddable":true,"href":"https:\/\/www.vivre-covid19.fr\/pharmacie\/wp-json\/wp\/v2\/product_brand?post=1136"},{"taxonomy":"product_cat","embeddable":true,"href":"https:\/\/www.vivre-covid19.fr\/pharmacie\/wp-json\/wp\/v2\/product_cat?post=1136"},{"taxonomy":"product_tag","embeddable":true,"href":"https:\/\/www.vivre-covid19.fr\/pharmacie\/wp-json\/wp\/v2\/product_tag?post=1136"}],"curies":[{"name":"wp","href":"https:\/\/api.w.org\/{rel}","templated":true}]}}