{"id":1200,"date":"2026-03-05T12:40:06","date_gmt":"2026-03-05T11:40:06","guid":{"rendered":"https:\/\/www.vivre-covid19.fr\/pharmacie\/medicament\/dietter-gouttes-flacon-de-30-ml\/"},"modified":"2026-03-05T12:40:35","modified_gmt":"2026-03-05T11:40:35","slug":"dietter-gouttes-flacon-de-30-ml","status":"publish","type":"product","link":"https:\/\/www.vivre-covid19.fr\/pharmacie\/medicament\/dietter-gouttes-flacon-de-30-ml\/","title":{"rendered":"Dietter gouttes, flacon de 30 ml"},"content":{"rendered":"<div id=\"ez-toc-container\" class=\"ez-toc-v2_0_82_2 counter-hierarchy ez-toc-counter ez-toc-grey ez-toc-container-direction\">\n<div class=\"ez-toc-title-container\">\n<p class=\"ez-toc-title\" style=\"cursor:inherit\">Table des mati\u00e8res<\/p>\n<span class=\"ez-toc-title-toggle\"><a href=\"#\" class=\"ez-toc-pull-right ez-toc-btn ez-toc-btn-xs ez-toc-btn-default ez-toc-toggle\" aria-label=\"Toggle Table of Content\"><span class=\"ez-toc-js-icon-con\"><span class=\"\"><span class=\"eztoc-hide\" style=\"display:none;\">Toggle<\/span><span class=\"ez-toc-icon-toggle-span\"><svg style=\"fill: #999;color:#999\" xmlns=\"http:\/\/www.w3.org\/2000\/svg\" class=\"list-377408\" width=\"20px\" height=\"20px\" viewBox=\"0 0 24 24\" fill=\"none\"><path d=\"M6 6H4v2h2V6zm14 0H8v2h12V6zM4 11h2v2H4v-2zm16 0H8v2h12v-2zM4 16h2v2H4v-2zm16 0H8v2h12v-2z\" fill=\"currentColor\"><\/path><\/svg><svg style=\"fill: #999;color:#999\" class=\"arrow-unsorted-368013\" xmlns=\"http:\/\/www.w3.org\/2000\/svg\" width=\"10px\" height=\"10px\" viewBox=\"0 0 24 24\" version=\"1.2\" baseProfile=\"tiny\"><path d=\"M18.2 9.3l-6.2-6.3-6.2 6.3c-.2.2-.3.4-.3.7s.1.5.3.7c.2.2.4.3.7.3h11c.3 0 .5-.1.7-.3.2-.2.3-.5.3-.7s-.1-.5-.3-.7zM5.8 14.7l6.2 6.3 6.2-6.3c.2-.2.3-.5.3-.7s-.1-.5-.3-.7c-.2-.2-.4-.3-.7-.3h-11c-.3 0-.5.1-.7.3-.2.2-.3.5-.3.7s.1.5.3.7z\"\/><\/svg><\/span><\/span><\/span><\/a><\/span><\/div>\n<nav><ul class='ez-toc-list ez-toc-list-level-1 ' ><li class='ez-toc-page-1 ez-toc-heading-level-2'><a class=\"ez-toc-link ez-toc-heading-1\" href=\"https:\/\/www.vivre-covid19.fr\/pharmacie\/medicament\/dietter-gouttes-flacon-de-30-ml\/#Quest-ce_que_Dietter_et_quelles_sont_ses_indications%E2%80%AF\" >Qu\u2019est-ce que Dietter et quelles sont ses indications\u202f?<\/a><\/li><li class='ez-toc-page-1 ez-toc-heading-level-2'><a class=\"ez-toc-link ez-toc-heading-2\" href=\"https:\/\/www.vivre-covid19.fr\/pharmacie\/medicament\/dietter-gouttes-flacon-de-30-ml\/#Indications_therapeutiques_de_Dietter\" >Indications th\u00e9rapeutiques de Dietter<\/a><\/li><li class='ez-toc-page-1 ez-toc-heading-level-2'><a class=\"ez-toc-link ez-toc-heading-3\" href=\"https:\/\/www.vivre-covid19.fr\/pharmacie\/medicament\/dietter-gouttes-flacon-de-30-ml\/#Composition_de_Dietter_principes_actifs_et_autres_composants\" >Composition de Dietter : principes actifs et autres composants<\/a><ul class='ez-toc-list-level-3' ><li class='ez-toc-heading-level-3'><a class=\"ez-toc-link ez-toc-heading-4\" href=\"https:\/\/www.vivre-covid19.fr\/pharmacie\/medicament\/dietter-gouttes-flacon-de-30-ml\/#Extrait_dananas_Bromelaine\" >Extrait d\u2019ananas (Brom\u00e9la\u00efne)<\/a><\/li><li class='ez-toc-page-1 ez-toc-heading-level-3'><a class=\"ez-toc-link ez-toc-heading-5\" href=\"https:\/\/www.vivre-covid19.fr\/pharmacie\/medicament\/dietter-gouttes-flacon-de-30-ml\/#Extrait_de_kumquat\" >Extrait de kumquat<\/a><\/li><li class='ez-toc-page-1 ez-toc-heading-level-3'><a class=\"ez-toc-link ez-toc-heading-6\" href=\"https:\/\/www.vivre-covid19.fr\/pharmacie\/medicament\/dietter-gouttes-flacon-de-30-ml\/#Extrait_de_papaye_Papain\" >Extrait de papaye (Papain)<\/a><\/li><li class='ez-toc-page-1 ez-toc-heading-level-3'><a class=\"ez-toc-link ez-toc-heading-7\" href=\"https:\/\/www.vivre-covid19.fr\/pharmacie\/medicament\/dietter-gouttes-flacon-de-30-ml\/#Extrait_de_fruit_de_la_passion\" >Extrait de fruit de la passion<\/a><\/li><li class='ez-toc-page-1 ez-toc-heading-level-3'><a class=\"ez-toc-link ez-toc-heading-8\" href=\"https:\/\/www.vivre-covid19.fr\/pharmacie\/medicament\/dietter-gouttes-flacon-de-30-ml\/#Extrait_de_the_vert\" >Extrait de th\u00e9 vert<\/a><\/li><li class='ez-toc-page-1 ez-toc-heading-level-3'><a class=\"ez-toc-link ez-toc-heading-9\" href=\"https:\/\/www.vivre-covid19.fr\/pharmacie\/medicament\/dietter-gouttes-flacon-de-30-ml\/#Vitamine_B6_Pyridoxine\" >Vitamine B6 (Pyridoxine)<\/a><\/li><\/ul><\/li><li class='ez-toc-page-1 ez-toc-heading-level-2'><a class=\"ez-toc-link ez-toc-heading-10\" href=\"https:\/\/www.vivre-covid19.fr\/pharmacie\/medicament\/dietter-gouttes-flacon-de-30-ml\/#Notice_%E2%80%93_Informations_pour_le_patient\" >Notice \u2013 Informations pour le patient<\/a><ul class='ez-toc-list-level-3' ><li class='ez-toc-heading-level-3'><a class=\"ez-toc-link ez-toc-heading-11\" href=\"https:\/\/www.vivre-covid19.fr\/pharmacie\/medicament\/dietter-gouttes-flacon-de-30-ml\/#Nom_du_medicament\" >Nom du m\u00e9dicament<\/a><\/li><li class='ez-toc-page-1 ez-toc-heading-level-3'><a class=\"ez-toc-link ez-toc-heading-12\" href=\"https:\/\/www.vivre-covid19.fr\/pharmacie\/medicament\/dietter-gouttes-flacon-de-30-ml\/#Forme_pharmaceutique_et_presentation\" >Forme pharmaceutique et pr\u00e9sentation<\/a><\/li><li class='ez-toc-page-1 ez-toc-heading-level-3'><a class=\"ez-toc-link ez-toc-heading-13\" href=\"https:\/\/www.vivre-covid19.fr\/pharmacie\/medicament\/dietter-gouttes-flacon-de-30-ml\/#Indications_therapeutiques\" >Indications th\u00e9rapeutiques<\/a><\/li><li class='ez-toc-page-1 ez-toc-heading-level-3'><a class=\"ez-toc-link ez-toc-heading-14\" href=\"https:\/\/www.vivre-covid19.fr\/pharmacie\/medicament\/dietter-gouttes-flacon-de-30-ml\/#Contre-indications\" >Contre-indications<\/a><\/li><li class='ez-toc-page-1 ez-toc-heading-level-3'><a class=\"ez-toc-link ez-toc-heading-15\" href=\"https:\/\/www.vivre-covid19.fr\/pharmacie\/medicament\/dietter-gouttes-flacon-de-30-ml\/#Effets_indesirables_possibles\" >Effets ind\u00e9sirables possibles<\/a><\/li><li class='ez-toc-page-1 ez-toc-heading-level-3'><a class=\"ez-toc-link ez-toc-heading-16\" href=\"https:\/\/www.vivre-covid19.fr\/pharmacie\/medicament\/dietter-gouttes-flacon-de-30-ml\/#Interactions_avec_dautres_medicaments\" >Interactions avec d&rsquo;autres m\u00e9dicaments<\/a><\/li><li class='ez-toc-page-1 ez-toc-heading-level-3'><a class=\"ez-toc-link ez-toc-heading-17\" href=\"https:\/\/www.vivre-covid19.fr\/pharmacie\/medicament\/dietter-gouttes-flacon-de-30-ml\/#Posologie_et_mode_dadministration\" >Posologie et mode d&rsquo;administration<\/a><\/li><li class='ez-toc-page-1 ez-toc-heading-level-3'><a class=\"ez-toc-link ez-toc-heading-18\" href=\"https:\/\/www.vivre-covid19.fr\/pharmacie\/medicament\/dietter-gouttes-flacon-de-30-ml\/#Duree_du_traitement\" >Dur\u00e9e du traitement<\/a><\/li><li class='ez-toc-page-1 ez-toc-heading-level-3'><a class=\"ez-toc-link ez-toc-heading-19\" href=\"https:\/\/www.vivre-covid19.fr\/pharmacie\/medicament\/dietter-gouttes-flacon-de-30-ml\/#Mises_en_garde_et_precautions\" >Mises en garde et pr\u00e9cautions<\/a><\/li><li class='ez-toc-page-1 ez-toc-heading-level-3'><a class=\"ez-toc-link ez-toc-heading-20\" href=\"https:\/\/www.vivre-covid19.fr\/pharmacie\/medicament\/dietter-gouttes-flacon-de-30-ml\/#Surdosage\" >Surdosage<\/a><\/li><li class='ez-toc-page-1 ez-toc-heading-level-3'><a class=\"ez-toc-link ez-toc-heading-21\" href=\"https:\/\/www.vivre-covid19.fr\/pharmacie\/medicament\/dietter-gouttes-flacon-de-30-ml\/#Date_de_peremption\" >Date de p\u00e9remption<\/a><\/li><li class='ez-toc-page-1 ez-toc-heading-level-3'><a class=\"ez-toc-link ez-toc-heading-22\" href=\"https:\/\/www.vivre-covid19.fr\/pharmacie\/medicament\/dietter-gouttes-flacon-de-30-ml\/#Conditions_de_conservation\" >Conditions de conservation<\/a><\/li><\/ul><\/li><li class='ez-toc-page-1 ez-toc-heading-level-2'><a class=\"ez-toc-link ez-toc-heading-23\" href=\"https:\/\/www.vivre-covid19.fr\/pharmacie\/medicament\/dietter-gouttes-flacon-de-30-ml\/#Dietter_%E2%80%93_Avis_Doctissimo_y_compris_negatifs_et_forum_commentaires\" >Dietter \u2013 Avis Doctissimo, y compris n\u00e9gatifs et forum commentaires<\/a><\/li><li class='ez-toc-page-1 ez-toc-heading-level-2'><a class=\"ez-toc-link ez-toc-heading-24\" href=\"https:\/\/www.vivre-covid19.fr\/pharmacie\/medicament\/dietter-gouttes-flacon-de-30-ml\/#Ou_acheter_Dietter_en_ligne_en_France_Belgique_Suisse_et_Luxembourg_avec_une_livraison_rapide\" >O\u00f9 acheter Dietter en ligne en France, Belgique, Suisse et Luxembourg avec une livraison rapide<\/a><ul class='ez-toc-list-level-3' ><li class='ez-toc-heading-level-3'><a class=\"ez-toc-link ez-toc-heading-25\" href=\"https:\/\/www.vivre-covid19.fr\/pharmacie\/medicament\/dietter-gouttes-flacon-de-30-ml\/#Prix\" >Prix<\/a><\/li><li class='ez-toc-page-1 ez-toc-heading-level-3'><a class=\"ez-toc-link ez-toc-heading-26\" href=\"https:\/\/www.vivre-covid19.fr\/pharmacie\/medicament\/dietter-gouttes-flacon-de-30-ml\/#Acheter_a_la_pharmacie\" >Acheter \u00e0 la pharmacie<\/a><\/li><li class='ez-toc-page-1 ez-toc-heading-level-3'><a class=\"ez-toc-link ez-toc-heading-27\" href=\"https:\/\/www.vivre-covid19.fr\/pharmacie\/medicament\/dietter-gouttes-flacon-de-30-ml\/#Modes_de_paiement_et_de_livraison\" >Modes de paiement et de livraison<\/a><\/li><\/ul><\/li><li class='ez-toc-page-1 ez-toc-heading-level-2'><a class=\"ez-toc-link ez-toc-heading-28\" href=\"https:\/\/www.vivre-covid19.fr\/pharmacie\/medicament\/dietter-gouttes-flacon-de-30-ml\/#FAQ_Questions_frequentes\" >FAQ : Questions fr\u00e9quentes<\/a><ul class='ez-toc-list-level-3' ><li class='ez-toc-heading-level-3'><a class=\"ez-toc-link ez-toc-heading-29\" href=\"https:\/\/www.vivre-covid19.fr\/pharmacie\/medicament\/dietter-gouttes-flacon-de-30-ml\/#Quels_sont_les_ingredients_principaux_de_ces_gouttes_pour_la_perte_de_poids_Dietter\" >Quels sont les ingr\u00e9dients principaux de ces gouttes pour la perte de poids Dietter ?<\/a><\/li><li class='ez-toc-page-1 ez-toc-heading-level-3'><a class=\"ez-toc-link ez-toc-heading-30\" href=\"https:\/\/www.vivre-covid19.fr\/pharmacie\/medicament\/dietter-gouttes-flacon-de-30-ml\/#Comment_ces_gouttes_peuvent-elles_maider_a_perdre_du_poids\" >Comment ces gouttes peuvent-elles m\u2019aider \u00e0 perdre du poids ?<\/a><\/li><li class='ez-toc-page-1 ez-toc-heading-level-3'><a class=\"ez-toc-link ez-toc-heading-31\" href=\"https:\/\/www.vivre-covid19.fr\/pharmacie\/medicament\/dietter-gouttes-flacon-de-30-ml\/#Est-ce_que_ce_produit_est_sur_pour_tout_le_monde\" >Est-ce que ce produit est s\u00fbr pour tout le monde ?<\/a><\/li><li class='ez-toc-page-1 ez-toc-heading-level-3'><a class=\"ez-toc-link ez-toc-heading-32\" href=\"https:\/\/www.vivre-covid19.fr\/pharmacie\/medicament\/dietter-gouttes-flacon-de-30-ml\/#Combien_de_temps_faut-il_prendre_ces_gouttes_pour_voir_des_resultats\" >Combien de temps faut-il prendre ces gouttes pour voir des r\u00e9sultats ?<\/a><\/li><li class='ez-toc-page-1 ez-toc-heading-level-3'><a class=\"ez-toc-link ez-toc-heading-33\" href=\"https:\/\/www.vivre-covid19.fr\/pharmacie\/medicament\/dietter-gouttes-flacon-de-30-ml\/#Peut-on_utiliser_ces_gouttes_en_complement_dun_regime_alimentaire\" >Peut-on utiliser ces gouttes en compl\u00e9ment d\u2019un r\u00e9gime alimentaire ?<\/a><\/li><\/ul><\/li><\/ul><\/nav><\/div>\n<h2><span class=\"ez-toc-section\" id=\"Quest-ce_que_Dietter_et_quelles_sont_ses_indications%E2%80%AF\"><\/span>Qu\u2019est-ce que Dietter et quelles sont ses indications\u202f?<span class=\"ez-toc-section-end\"><\/span><\/h2>\n<p>Dietter est un compl\u00e9ment alimentaire sous forme de gouttes con\u00e7u pour accompagner un r\u00e9gime minceur. Son objectif principal est d\u2019aider \u00e0 la perte de poids en agissant sur l\u2019app\u00e9tit et le m\u00e9tabolisme. Ce produit peut \u00eatre int\u00e9gr\u00e9 dans un programme de gestion du poids, en compl\u00e9ment d\u2019une alimentation \u00e9quilibr\u00e9e et d\u2019une activit\u00e9 physique r\u00e9guli\u00e8re. Il est g\u00e9n\u00e9ralement utilis\u00e9 par ceux qui souhaitent contr\u00f4ler leur apport calorique, r\u00e9duire la sensation de faim ou stimuler leur m\u00e9tabolisme pour favoriser la perte de kilos superflus.<\/p>\n<h2><span class=\"ez-toc-section\" id=\"Indications_therapeutiques_de_Dietter\"><\/span>Indications th\u00e9rapeutiques de Dietter<span class=\"ez-toc-section-end\"><\/span><\/h2>\n<p>Dietter est principalement indiqu\u00e9 pour les personnes souhaitant perdre du poids dans le cadre d\u2019un programme de gestion du poids. Il peut \u00eatre utile dans les situations o\u00f9 le patient pr\u00e9sente une surcharge pond\u00e9rale ou une ob\u00e9sit\u00e9 l\u00e9g\u00e8re \u00e0 mod\u00e9r\u00e9e. Ce compl\u00e9ment peut \u00e9galement accompagner des personnes ayant une tendance \u00e0 l\u2019app\u00e9tit accru ou une difficult\u00e9 \u00e0 contr\u00f4ler leur sensation de faim, ce qui peut entra\u00eener une prise de poids. <\/p>\n<p>Les sympt\u00f4mes ou situations o\u00f9 Dietter peut \u00eatre conseill\u00e9 incluent :<\/p>\n<ul>\n<li>Une sensation constante de faim ou d\u2019app\u00e9tit vorace, m\u00eame apr\u00e8s les repas  <\/li>\n<li>Une difficult\u00e9 \u00e0 suivre un r\u00e9gime en raison d\u2019un app\u00e9tit excessif  <\/li>\n<li>Une surcharge pond\u00e9rale ou une ob\u00e9sit\u00e9, avec risques associ\u00e9s tels que l\u2019hypertension, le diab\u00e8te de type 2 ou des troubles articulaires li\u00e9s au poids  <\/li>\n<li>La n\u00e9cessit\u00e9 de soutenir un programme de perte de poids dans le cadre d\u2019un mode de vie plus sain<\/li>\n<\/ul>\n<h2><span class=\"ez-toc-section\" id=\"Composition_de_Dietter_principes_actifs_et_autres_composants\"><\/span>Composition de Dietter : principes actifs et autres composants<span class=\"ez-toc-section-end\"><\/span><\/h2>\n<p>Ce compl\u00e9ment alimentaire contient une formule unique et soigneusement \u00e9labor\u00e9e \u00e0 partir d\u2019ingr\u00e9dients actifs de haute qualit\u00e9. Il ne contient pas de substances nocives, ce qui garantit la s\u00e9curit\u00e9 et l\u2019efficacit\u00e9 du produit. La s\u00e9lection minutieuse des composants assure une action cibl\u00e9e pour soutenir la perte de poids et am\u00e9liorer le bien-\u00eatre g\u00e9n\u00e9ral.<\/p>\n<p>Les principaux ingr\u00e9dients actifs de ces gouttes sont : l\u2019extrait d\u2019ananas (Brom\u00e9la\u00efne), l\u2019extrait de kumquat, et l\u2019extrait de papaye (Papain). Chacun d\u2019eux joue un r\u00f4le sp\u00e9cifique dans la gestion du poids et la sant\u00e9, soutenant ainsi une approche naturelle et efficace pour atteindre ses objectifs de minceur.<\/p>\n<hr>\n<h3><span class=\"ez-toc-section\" id=\"Extrait_dananas_Bromelaine\"><\/span>Extrait d\u2019ananas (Brom\u00e9la\u00efne)<span class=\"ez-toc-section-end\"><\/span><\/h3>\n<p>L\u2019ananas est un fruit tropical riche en vitamine C et en enzymes digestives, notamment la brom\u00e9la\u00efne. La brom\u00e9la\u00efne est une enzyme naturelle extraite du tige et de la chair de l\u2019ananas, qui poss\u00e8de des propri\u00e9t\u00e9s anti-inflammatoires et digestives. Elle est souvent utilis\u00e9e pour am\u00e9liorer la digestion, r\u00e9duire l\u2019inflammation et favoriser la d\u00e9gradation des prot\u00e9ines.<\/p>\n<p>Sur le plan de la perte de poids, la brom\u00e9la\u00efne aide \u00e0 am\u00e9liorer la digestion et \u00e0 r\u00e9duire l\u2019accumulation de toxines dans le corps. Elle peut \u00e9galement soutenir la r\u00e9duction de la sensation de ballonnement et de lourdeur, contribuant ainsi \u00e0 une meilleure gestion du poids et \u00e0 une sensation de l\u00e9g\u00e8ret\u00e9.<\/p>\n<hr>\n<h3><span class=\"ez-toc-section\" id=\"Extrait_de_kumquat\"><\/span>Extrait de kumquat<span class=\"ez-toc-section-end\"><\/span><\/h3>\n<p>Le kumquat est un petit agrume dont l\u2019\u00e9corce et la pulpe sont riches en vitamine C, en fibres et en antioxydants. Cet extrait est connu pour ses propri\u00e9t\u00e9s drainantes et d\u00e9toxifiantes, aidant \u00e0 \u00e9liminer les toxines accumul\u00e9es dans l\u2019organisme. Sa consommation peut \u00e9galement favoriser la digestion et am\u00e9liorer le transit intestinal.<\/p>\n<p>En contexte de perte de poids, le kumquat peut contribuer \u00e0 r\u00e9duire la r\u00e9tention d\u2019eau, \u00e0 acc\u00e9l\u00e9rer le m\u00e9tabolisme et \u00e0 soutenir la d\u00e9stockage des graisses. Sa richesse en antioxydants lutte \u00e9galement contre le stress oxydatif, ce qui peut \u00eatre b\u00e9n\u00e9fique lors d\u2019un processus de r\u00e9gime.<\/p>\n<hr>\n<h3><span class=\"ez-toc-section\" id=\"Extrait_de_papaye_Papain\"><\/span>Extrait de papaye (Papain)<span class=\"ez-toc-section-end\"><\/span><\/h3>\n<p>La papaye est un fruit tropical riche en vitamine C, en fibres et surtout en l\u2019enzyme digestif appel\u00e9e papain. Le papain facilite la digestion des prot\u00e9ines, r\u00e9duisant ainsi les troubles digestifs comme les ballonnements et l\u2019indigestion. Il est souvent utilis\u00e9 pour ses propri\u00e9t\u00e9s anti-inflammatoires et pour am\u00e9liorer la sant\u00e9 digestive.<\/p>\n<p>Concernant la perte de poids, le papain aide \u00e0 optimiser la digestion, ce qui peut favoriser une meilleure assimilation des nutriments et une \u00e9limination plus efficace des d\u00e9chets. Son action peut \u00e9galement r\u00e9duire la sensation de faim li\u00e9e \u00e0 une digestion lente ou difficile, aidant ainsi \u00e0 contr\u00f4ler l\u2019app\u00e9tit.<\/p>\n<h3><span class=\"ez-toc-section\" id=\"Extrait_de_fruit_de_la_passion\"><\/span>Extrait de fruit de la passion<span class=\"ez-toc-section-end\"><\/span><\/h3>\n<p>L\u2019extrait de fruit de la passion est obtenu \u00e0 partir de la pulpe de ce fruit exotique, connu pour sa saveur aromatique et ses propri\u00e9t\u00e9s nutritives. Il est riche en vitamine C, en fibres, en antioxydants et en min\u00e9raux essentiels, contribuant \u00e0 renforcer le syst\u00e8me immunitaire et \u00e0 am\u00e9liorer la sant\u00e9 globale. Sa saveur unique et ses bienfaits naturels en font un ingr\u00e9dient pr\u00e9cieux dans les compl\u00e9ments alimentaires destin\u00e9s \u00e0 la gestion du poids.<\/p>\n<p>Dans le contexte de la perte de poids, l\u2019extrait de fruit de la passion peut aider \u00e0 r\u00e9duire l\u2019app\u00e9tit gr\u00e2ce \u00e0 sa richesse en fibres, qui procurent une sensation de sati\u00e9t\u00e9 prolong\u00e9e. De plus, ses propri\u00e9t\u00e9s antioxydantes aident \u00e0 lutter contre le stress oxydatif, favorisant un m\u00e9tabolisme sain et une meilleure \u00e9limination des toxines, ce qui peut acc\u00e9l\u00e9rer la perte de poids.<\/p>\n<hr>\n<h3><span class=\"ez-toc-section\" id=\"Extrait_de_the_vert\"><\/span>Extrait de th\u00e9 vert<span class=\"ez-toc-section-end\"><\/span><\/h3>\n<p>L\u2019extrait de th\u00e9 vert est extrait des feuilles de Camellia sinensis, une plante dont les vertus sont reconnues depuis des mill\u00e9naires. Il est particuli\u00e8rement riche en cat\u00e9chines et en caf\u00e9ine, deux compos\u00e9s qui stimulent le m\u00e9tabolisme et augmentent la d\u00e9pense \u00e9nerg\u00e9tique. Le th\u00e9 vert poss\u00e8de \u00e9galement des propri\u00e9t\u00e9s antioxydantes puissantes, contribuant \u00e0 la protection cellulaire contre le stress oxydatif.<\/p>\n<p>En mati\u00e8re de perte de poids, l\u2019extrait de th\u00e9 vert a \u00e9t\u00e9 largement \u00e9tudi\u00e9 pour ses effets favorisant la combustion des graisses. Il peut acc\u00e9l\u00e9rer le m\u00e9tabolisme, augmenter la thermogen\u00e8se et r\u00e9duire l\u2019accumulation de graisses, notamment au niveau abdominal. Son action peut \u00e9galement aider \u00e0 am\u00e9liorer la mobilisation des r\u00e9serves graisseuses pour leur utilisation comme source d\u2019\u00e9nergie, facilitant ainsi la r\u00e9duction du poids corporel.<\/p>\n<hr>\n<h3><span class=\"ez-toc-section\" id=\"Vitamine_B6_Pyridoxine\"><\/span>Vitamine B6 (Pyridoxine)<span class=\"ez-toc-section-end\"><\/span><\/h3>\n<p>La vitamine B6, ou pyridoxine, est une vitamine hydrosoluble essentielle pour le bon fonctionnement du corps humain. Elle est naturellement pr\u00e9sente dans de nombreux aliments comme la viande, les l\u00e9gumes, et les c\u00e9r\u00e9ales compl\u00e8tes. La vitamine B6 intervient dans le m\u00e9tabolisme des prot\u00e9ines, des glucides et des lipides, ainsi que dans la synth\u00e8se des neurotransmetteurs, contribuant \u00e0 une fonction nerveuse saine.<\/p>\n<p>Concernant la perte de poids, la vitamine B6 joue un r\u00f4le cl\u00e9 dans la r\u00e9gulation des hormones et dans le m\u00e9tabolisme \u00e9nerg\u00e9tique. Elle peut aider \u00e0 r\u00e9duire la fatigue et \u00e0 am\u00e9liorer la vitalit\u00e9, ce qui encourage une activit\u00e9 physique r\u00e9guli\u00e8re. De plus, sa participation au m\u00e9tabolisme des graisses et des glucides contribue \u00e0 une meilleure gestion du poids, tout en soutenant le bon fonctionnement du syst\u00e8me immunitaire lors d\u2019un r\u00e9gime.<\/p>\n<h2><span class=\"ez-toc-section\" id=\"Notice_%E2%80%93_Informations_pour_le_patient\"><\/span>Notice \u2013 Informations pour le patient<span class=\"ez-toc-section-end\"><\/span><\/h2>\n<h3><span class=\"ez-toc-section\" id=\"Nom_du_medicament\"><\/span>Nom du m\u00e9dicament<span class=\"ez-toc-section-end\"><\/span><\/h3>\n<p>Gouttes pour la perte de poids Dietter.<\/p>\n<h3><span class=\"ez-toc-section\" id=\"Forme_pharmaceutique_et_presentation\"><\/span>Forme pharmaceutique et pr\u00e9sentation<span class=\"ez-toc-section-end\"><\/span><\/h3>\n<p>Le m\u00e9dicament se pr\u00e9sente sous forme de gouttes liquides destin\u00e9es \u00e0 un usage oral. Il est g\u00e9n\u00e9ralement conditionn\u00e9 en flacons compte-gouttes, facilitant une administration pr\u00e9cise et pratique.<\/p>\n<h3><span class=\"ez-toc-section\" id=\"Indications_therapeutiques\"><\/span>Indications th\u00e9rapeutiques<span class=\"ez-toc-section-end\"><\/span><\/h3>\n<p>Dietter est indiqu\u00e9 comme compl\u00e9ment alimentaire pour accompagner un programme de perte de poids. Il est destin\u00e9 aux adultes souhaitant r\u00e9duire leur app\u00e9tit, soutenir leur m\u00e9tabolisme et favoriser la gestion du poids corporel dans le cadre d\u2019un mode de vie sain.<\/p>\n<h3><span class=\"ez-toc-section\" id=\"Contre-indications\"><\/span>Contre-indications<span class=\"ez-toc-section-end\"><\/span><\/h3>\n<p>Ce m\u00e9dicament ne doit pas \u00eatre utilis\u00e9 en cas d\u2019allergie connue \u00e0 l\u2019un de ses composants, ni chez les personnes hypersensibles. Il est \u00e9galement d\u00e9conseill\u00e9 aux personnes de moins de 18 ans.<\/p>\n<h3><span class=\"ez-toc-section\" id=\"Effets_indesirables_possibles\"><\/span>Effets ind\u00e9sirables possibles<span class=\"ez-toc-section-end\"><\/span><\/h3>\n<p>Les r\u00e9actions allergiques telles que d\u00e9mangeaisons, \u00e9ruptions cutan\u00e9es ou gonflements peuvent survenir. En cas de r\u00e9action allergique, il est recommand\u00e9 d\u2019arr\u00eater le traitement et de consulter un professionnel de sant\u00e9.<\/p>\n<h3><span class=\"ez-toc-section\" id=\"Interactions_avec_dautres_medicaments\"><\/span>Interactions avec d&rsquo;autres m\u00e9dicaments<span class=\"ez-toc-section-end\"><\/span><\/h3>\n<p>Dietter peut \u00eatre utilis\u00e9 en compl\u00e9ment d\u2019autres traitements, sauf en cas de consommation d\u2019alcool. Il est conseill\u00e9 d\u2019\u00e9viter de m\u00e9langer ce produit avec des substances pouvant interagir ou modifier ses effets.<\/p>\n<h3><span class=\"ez-toc-section\" id=\"Posologie_et_mode_dadministration\"><\/span>Posologie et mode d&rsquo;administration<span class=\"ez-toc-section-end\"><\/span><\/h3>\n<p>Il est conseill\u00e9 de prendre le nombre de gouttes recommand\u00e9 par la notice, g\u00e9n\u00e9ralement dilu\u00e9es dans un peu d\u2019eau ou de boisson. La prise doit \u00eatre effectu\u00e9e \u00e0 jeun ou entre les repas, en respectant les doses indiqu\u00e9es. La dur\u00e9e du traitement doit suivre les recommandations pour assurer une utilisation efficace et s\u00e9curis\u00e9e.<\/p>\n<h3><span class=\"ez-toc-section\" id=\"Duree_du_traitement\"><\/span>Dur\u00e9e du traitement<span class=\"ez-toc-section-end\"><\/span><\/h3>\n<p>La dur\u00e9e du traitement n\u2019est pas fix\u00e9e \u00e0 l\u2019avance et doit \u00eatre adapt\u00e9e en fonction des r\u00e9sultats et de l\u2019avis d\u2019un professionnel. Il est g\u00e9n\u00e9ralement recommand\u00e9 de ne pas d\u00e9passer plusieurs semaines sans contr\u00f4le m\u00e9dical.<\/p>\n<h3><span class=\"ez-toc-section\" id=\"Mises_en_garde_et_precautions\"><\/span>Mises en garde et pr\u00e9cautions<span class=\"ez-toc-section-end\"><\/span><\/h3>\n<p>Il n\u2019y a pas de pr\u00e9cautions particuli\u00e8res \u00e0 signaler, mais le produit n\u2019est pas recommand\u00e9 aux personnes de moins de 18 ans. Il doit \u00eatre conserv\u00e9 hors de port\u00e9e des enfants.<\/p>\n<h3><span class=\"ez-toc-section\" id=\"Surdosage\"><\/span>Surdosage<span class=\"ez-toc-section-end\"><\/span><\/h3>\n<p>Respecter strictement la posologie prescrite. En cas de surdosage, consulter un professionnel de sant\u00e9 pour \u00e9viter tout risque d\u2019effets ind\u00e9sirables.<\/p>\n<h3><span class=\"ez-toc-section\" id=\"Date_de_peremption\"><\/span>Date de p\u00e9remption<span class=\"ez-toc-section-end\"><\/span><\/h3>\n<p>\u00c0 utiliser avant la date indiqu\u00e9e sur l\u2019emballage. Ne pas utiliser si le produit est p\u00e9rim\u00e9.<\/p>\n<h3><span class=\"ez-toc-section\" id=\"Conditions_de_conservation\"><\/span>Conditions de conservation<span class=\"ez-toc-section-end\"><\/span><\/h3>\n<p>Conserver \u00e0 une temp\u00e9rature ne d\u00e9passant pas 25\u202f\u00b0C, \u00e0 l\u2019abri de l\u2019humidit\u00e9, de la lumi\u00e8re et hors de la port\u00e9e des enfants.<\/p>\n<h2><span class=\"ez-toc-section\" id=\"Dietter_%E2%80%93_Avis_Doctissimo_y_compris_negatifs_et_forum_commentaires\"><\/span>Dietter \u2013 Avis Doctissimo, y compris n\u00e9gatifs et forum commentaires<span class=\"ez-toc-section-end\"><\/span><\/h2>\n<p>Les avis des utilisateurs sur Dietter sont vari\u00e9s, mais la majorit\u00e9 des t\u00e9moignages sont plut\u00f4t positifs. De nombreux utilisateurs rapportent avoir constat\u00e9 une r\u00e9duction de leur app\u00e9tit et une perte de poids notable apr\u00e8s avoir int\u00e9gr\u00e9 ce compl\u00e9ment dans leur routine quotidienne. Les forums et r\u00e9seaux sociaux regorgent de commentaires encourageants, o\u00f9 les personnes soulignent l\u2019efficacit\u00e9 du produit combin\u00e9e \u00e0 une alimentation \u00e9quilibr\u00e9e et \u00e0 une activit\u00e9 physique r\u00e9guli\u00e8re. Certains \u00e9voquent \u00e9galement une sensation de l\u00e9g\u00e8ret\u00e9 et une am\u00e9lioration de leur bien-\u00eatre g\u00e9n\u00e9ral.<\/p>\n<p>Cependant, il existe aussi des avis n\u00e9gatifs ou mitig\u00e9s. Certains utilisateurs n\u2019ont pas observ\u00e9 de changement significatif ou ont rencontr\u00e9 des effets secondaires mineurs, comme des troubles digestifs ou des r\u00e9actions allergiques. Il est important de noter que l\u2019efficacit\u00e9 peut varier d\u2019une personne \u00e0 l\u2019autre, et que certains t\u00e9moignages soulignent que le produit seul ne suffit pas \u00e0 atteindre des r\u00e9sultats durables. En g\u00e9n\u00e9ral, la majorit\u00e9 des retours restent positifs, mais avec une prudence quant \u00e0 l\u2019utilisation et aux attentes r\u00e9alistes.<\/p>\n<h2><span class=\"ez-toc-section\" id=\"Ou_acheter_Dietter_en_ligne_en_France_Belgique_Suisse_et_Luxembourg_avec_une_livraison_rapide\"><\/span>O\u00f9 acheter Dietter en ligne en France, Belgique, Suisse et Luxembourg avec une livraison rapide<span class=\"ez-toc-section-end\"><\/span><\/h2>\n<p>Dietter est disponible exclusivement \u00e0 l\u2019achat dans notre pharmacie en ligne &quot;Pharmacie Vivre Sainement&quot;. Nous avons un contrat direct avec le fabricant, ce qui garantit l\u2019authenticit\u00e9 du produit et notre statut d\u2019officiel partenaire. Vous pouvez ainsi commander en toute confiance, en profitant d\u2019un service fiable et s\u00e9curis\u00e9.<\/p>\n<h3><span class=\"ez-toc-section\" id=\"Prix\"><\/span>Prix<span class=\"ez-toc-section-end\"><\/span><\/h3>\n<p>Le prix de Dietter s\u2019\u00e9l\u00e8ve \u00e0 29 euros en France, en Belgique, en Suisse et au Luxembourg. Actuellement, des promotions sp\u00e9ciales sont en cours, avec des r\u00e9ductions allant de 30 \u00e0 50 % sur votre premi\u00e8re commande, pour vous permettre de tester le produit \u00e0 un prix avantageux.<\/p>\n<h3><span class=\"ez-toc-section\" id=\"Acheter_a_la_pharmacie\"><\/span>Acheter \u00e0 la pharmacie<span class=\"ez-toc-section-end\"><\/span><\/h3>\n<p>Il est possible d\u2019acheter le m\u00e9dicament Dietter sans ordonnance sur notre site \u00ab\u00a0Vivre Sainement\u00a0\u00bb. Contrairement \u00e0 d\u2019autres sites, ce produit ne peut pas \u00eatre achet\u00e9 sur les plateformes de pharmacies en ligne telles qu\u2019Atida, DocMorris, DM ou Pharma GDD, car il est actuellement distribu\u00e9 en quantit\u00e9 limit\u00e9e dans un nombre restreint d\u2019officines. Nous recommandons vivement d\u2019\u00e9viter l\u2019achat sur les marketplaces comme Amazon ou dans les magasins Carrefour, o\u00f9 il existe un risque \u00e9lev\u00e9 de contrefa\u00e7ons.<\/p>\n<h3><span class=\"ez-toc-section\" id=\"Modes_de_paiement_et_de_livraison\"><\/span>Modes de paiement et de livraison<span class=\"ez-toc-section-end\"><\/span><\/h3>\n<p>La livraison est assur\u00e9e par des services de coursiers rapides dans tous les pays europ\u00e9ens, ainsi qu\u2019en France, en Suisse, en Belgique et au Luxembourg. Pour plus de confort et de s\u00e9curit\u00e9, vous pouvez payer \u00e0 la livraison (paiement contre remboursement) ou par carte bancaire, Apple Pay ou Google Pay. La transaction est s\u00e9curis\u00e9e, garantissant la confidentialit\u00e9 de vos donn\u00e9es personnelles.<\/p>\n<h2><span class=\"ez-toc-section\" id=\"FAQ_Questions_frequentes\"><\/span>FAQ : Questions fr\u00e9quentes<span class=\"ez-toc-section-end\"><\/span><\/h2>\n<div class=\"wp-faq-schema-wrap wp-faq-schema-accordion\">\n<div class=\"wp-faq-schema-items ui-accordion ui-widget ui-helper-reset\" role=\"tablist\">\n<h3 class=\"ui-accordion-header ui-corner-top ui-state-default ui-accordion-icons\" role=\"tab\" id=\"ui-id-1\" aria-controls=\"ui-id-2\" aria-expanded=\"false\"><span class=\"ez-toc-section\" id=\"Quels_sont_les_ingredients_principaux_de_ces_gouttes_pour_la_perte_de_poids_Dietter\"><\/span>\n  Quels sont les ingr\u00e9dients principaux de ces gouttes pour la perte de poids Dietter ?<br \/>\n  <span class=\"ez-toc-section-end\"><\/span><\/h3>\n<div class=\"ui-accordion-content ui-corner-bottom ui-helper-reset ui-widget-content\" id=\"ui-id-2\" aria-labelledby=\"ui-id-1\" role=\"tabpanel\" aria-hidden=\"true\">\n<p>Les ingr\u00e9dients principaux incluent de l&rsquo;extrait d&rsquo;ananas (brom\u00e9la\u00efne), de l&rsquo;extrait de kumquat, de la papaye (papain), de la passion fruit, du th\u00e9 vert et de la vitamine B6.<\/p>\n<\/p><\/div>\n<h3 class=\"ui-accordion-header ui-corner-top ui-state-default ui-accordion-icons\" role=\"tab\" id=\"ui-id-3\" aria-controls=\"ui-id-4\" aria-expanded=\"false\"><span class=\"ez-toc-section\" id=\"Comment_ces_gouttes_peuvent-elles_maider_a_perdre_du_poids\"><\/span>\n  Comment ces gouttes peuvent-elles m\u2019aider \u00e0 perdre du poids ?<br \/>\n  <span class=\"ez-toc-section-end\"><\/span><\/h3>\n<div class=\"ui-accordion-content ui-corner-bottom ui-helper-reset ui-widget-content\" id=\"ui-id-4\" aria-labelledby=\"ui-id-3\" role=\"tabpanel\" aria-hidden=\"true\">\n<p>Ces gouttes contiennent des extraits naturels qui peuvent stimuler la digestion, r\u00e9duire l\u2019app\u00e9tit et favoriser la d\u00e9composition des graisses, ce qui peut contribuer \u00e0 la perte de poids.<\/p>\n<\/p><\/div>\n<h3 class=\"ui-accordion-header ui-corner-top ui-state-default ui-accordion-icons\" role=\"tab\" id=\"ui-id-5\" aria-controls=\"ui-id-6\" aria-expanded=\"false\"><span class=\"ez-toc-section\" id=\"Est-ce_que_ce_produit_est_sur_pour_tout_le_monde\"><\/span>\n  Est-ce que ce produit est s\u00fbr pour tout le monde ?<br \/>\n  <span class=\"ez-toc-section-end\"><\/span><\/h3>\n<div class=\"ui-accordion-content ui-corner-bottom ui-helper-reset ui-widget-content\" id=\"ui-id-6\" aria-labelledby=\"ui-id-5\" role=\"tabpanel\" aria-hidden=\"true\">\n<p>Il est recommand\u00e9 de consulter un m\u00e9decin avant d\u2019utiliser ces gouttes, surtout si vous avez des allergies ou des probl\u00e8mes de sant\u00e9, pour assurer qu\u2019il vous convient.<\/p>\n<\/p><\/div>\n<h3 class=\"ui-accordion-header ui-corner-top ui-state-default ui-accordion-icons\" role=\"tab\" id=\"ui-id-7\" aria-controls=\"ui-id-8\" aria-expanded=\"false\"><span class=\"ez-toc-section\" id=\"Combien_de_temps_faut-il_prendre_ces_gouttes_pour_voir_des_resultats\"><\/span>\n  Combien de temps faut-il prendre ces gouttes pour voir des r\u00e9sultats ?<br \/>\n  <span class=\"ez-toc-section-end\"><\/span><\/h3>\n<div class=\"ui-accordion-content ui-corner-bottom ui-helper-reset ui-widget-content\" id=\"ui-id-8\" aria-labelledby=\"ui-id-7\" role=\"tabpanel\" aria-hidden=\"true\">\n<p>La plupart des personnes remarquent des changements apr\u00e8s quelques semaines d\u2019utilisation r\u00e9guli\u00e8re, mais cela d\u00e9pend de chaque individu et de son mode de vie.<\/p>\n<\/p><\/div>\n<h3 class=\"ui-accordion-header ui-corner-top ui-state-default ui-accordion-icons\" role=\"tab\" id=\"ui-id-9\" aria-controls=\"ui-id-10\" aria-expanded=\"false\"><span class=\"ez-toc-section\" id=\"Peut-on_utiliser_ces_gouttes_en_complement_dun_regime_alimentaire\"><\/span>\n  Peut-on utiliser ces gouttes en compl\u00e9ment d\u2019un r\u00e9gime alimentaire ?<br \/>\n  <span class=\"ez-toc-section-end\"><\/span><\/h3>\n<div class=\"ui-accordion-content ui-corner-bottom ui-helper-reset ui-widget-content\" id=\"ui-id-10\" aria-labelledby=\"ui-id-9\" role=\"tabpanel\" aria-hidden=\"true\">\n<p>Oui, ces gouttes peuvent \u00eatre int\u00e9gr\u00e9es \u00e0 un r\u00e9gime \u00e9quilibr\u00e9 pour optimiser la perte de poids, mais il est important de suivre une alimentation saine et de faire de l\u2019exercice r\u00e9guli\u00e8rement.<\/p>\n<\/p><\/div>\n<\/div>\n<\/div>\n","protected":false},"excerpt":{"rendered":"<p>Qu\u2019est-ce que Dietter et quelles sont ses indications\u202f? Dietter est un compl\u00e9ment alimentaire sous forme de gouttes con\u00e7u pour accompagner [&hellip;]<\/p>\n","protected":false},"featured_media":1199,"comment_status":"open","ping_status":"closed","template":"","meta":{"site-sidebar-layout":"default","site-content-layout":"","ast-site-content-layout":"default","site-content-style":"default","site-sidebar-style":"default","ast-global-header-display":"","ast-banner-title-visibility":"","ast-main-header-display":"","ast-hfb-above-header-display":"","ast-hfb-below-header-display":"","ast-hfb-mobile-header-display":"","site-post-title":"","ast-breadcrumbs-content":"","ast-featured-img":"","footer-sml-layout":"","ast-disable-related-posts":"","theme-transparent-header-meta":"","adv-header-id-meta":"","stick-header-meta":"","header-above-stick-meta":"","header-main-stick-meta":"","header-below-stick-meta":"","astra-migrate-meta-layouts":"default","ast-page-background-enabled":"default","ast-page-background-meta":{"desktop":{"background-color":"var(--ast-global-color-5)","background-image":"","background-repeat":"repeat","background-position":"center center","background-size":"auto","background-attachment":"scroll","background-type":"","background-media":"","overlay-type":"","overlay-color":"","overlay-opacity":"","overlay-gradient":""},"tablet":{"background-color":"","background-image":"","background-repeat":"repeat","background-position":"center center","background-size":"auto","background-attachment":"scroll","background-type":"","background-media":"","overlay-type":"","overlay-color":"","overlay-opacity":"","overlay-gradient":""},"mobile":{"background-color":"","background-image":"","background-repeat":"repeat","background-position":"center center","background-size":"auto","background-attachment":"scroll","background-type":"","background-media":"","overlay-type":"","overlay-color":"","overlay-opacity":"","overlay-gradient":""}},"ast-content-background-meta":{"desktop":{"background-color":"var(--ast-global-color-4)","background-image":"","background-repeat":"repeat","background-position":"center center","background-size":"auto","background-attachment":"scroll","background-type":"","background-media":"","overlay-type":"","overlay-color":"","overlay-opacity":"","overlay-gradient":""},"tablet":{"background-color":"var(--ast-global-color-4)","background-image":"","background-repeat":"repeat","background-position":"center center","background-size":"auto","background-attachment":"scroll","background-type":"","background-media":"","overlay-type":"","overlay-color":"","overlay-opacity":"","overlay-gradient":""},"mobile":{"background-color":"var(--ast-global-color-4)","background-image":"","background-repeat":"repeat","background-position":"center center","background-size":"auto","background-attachment":"scroll","background-type":"","background-media":"","overlay-type":"","overlay-color":"","overlay-opacity":"","overlay-gradient":""}}},"product_brand":[],"product_cat":[16],"product_tag":[],"class_list":{"0":"post-1200","1":"product","2":"type-product","3":"status-publish","4":"has-post-thumbnail","6":"product_cat-controle-du-poids-et-minceur","7":"desktop-align-left","8":"tablet-align-left","9":"mobile-align-left","11":"first","12":"instock","13":"sale","14":"shipping-taxable","15":"product-type-external"},"yoast_head":"<!-- This site is optimized with the Yoast SEO plugin v27.5 - https:\/\/yoast.com\/product\/yoast-seo-wordpress\/ -->\n<title>Dietter \u2013 Prix, Notice, Composition et Avis Doctissimo \u2764\ufe0f Pharmacie Vivre Sainement<\/title>\n<meta name=\"description\" content=\"\u274c Dietter gouttes - D\u00e9couvrez sa composition, son prix, les avis (positifs et n\u00e9gatifs), et o\u00f9 l\u2019acheter en toute s\u00e9curit\u00e9 en pharmacie en ligne. Est-ce un produit fiable ou une arnaque ?\" \/>\n<meta name=\"robots\" content=\"index, follow, max-snippet:-1, max-image-preview:large, max-video-preview:-1\" \/>\n<link rel=\"canonical\" href=\"https:\/\/www.vivre-covid19.fr\/pharmacie\/medicament\/dietter-gouttes-flacon-de-30-ml\/\" \/>\n<meta property=\"og:locale\" content=\"fr_FR\" \/>\n<meta property=\"og:type\" content=\"article\" \/>\n<meta property=\"og:title\" content=\"Dietter \u2013 Prix, Notice, Composition et Avis Doctissimo \u2764\ufe0f Pharmacie Vivre Sainement\" \/>\n<meta property=\"og:description\" content=\"\u274c Dietter gouttes - D\u00e9couvrez sa composition, son prix, les avis (positifs et n\u00e9gatifs), et o\u00f9 l\u2019acheter en toute s\u00e9curit\u00e9 en pharmacie en ligne. Est-ce un produit fiable ou une arnaque ?\" \/>\n<meta property=\"og:url\" content=\"https:\/\/www.vivre-covid19.fr\/pharmacie\/medicament\/dietter-gouttes-flacon-de-30-ml\/\" \/>\n<meta property=\"og:site_name\" content=\"Pharmacie Vivre Sainement\" \/>\n<meta property=\"article:modified_time\" content=\"2026-03-05T11:40:35+00:00\" \/>\n<meta property=\"og:image\" content=\"https:\/\/www.vivre-covid19.fr\/pharmacie\/wp-content\/uploads\/2026\/03\/dietter.webp\" \/>\n\t<meta property=\"og:image:width\" content=\"600\" \/>\n\t<meta property=\"og:image:height\" content=\"600\" \/>\n\t<meta property=\"og:image:type\" content=\"image\/webp\" \/>\n<meta name=\"twitter:card\" content=\"summary_large_image\" \/>\n<meta name=\"twitter:label1\" content=\"Dur\u00e9e de lecture estim\u00e9e\" \/>\n\t<meta name=\"twitter:data1\" content=\"12 minutes\" \/>\n<script type=\"application\/ld+json\" class=\"yoast-schema-graph\">{\"@context\":\"https:\\\/\\\/schema.org\",\"@graph\":[{\"@type\":\"WebPage\",\"@id\":\"https:\\\/\\\/www.vivre-covid19.fr\\\/pharmacie\\\/medicament\\\/dietter-gouttes-flacon-de-30-ml\\\/\",\"url\":\"https:\\\/\\\/www.vivre-covid19.fr\\\/pharmacie\\\/medicament\\\/dietter-gouttes-flacon-de-30-ml\\\/\",\"name\":\"Dietter \u2013 Prix, Notice, Composition et Avis Doctissimo \u2764\ufe0f Pharmacie Vivre Sainement\",\"isPartOf\":{\"@id\":\"https:\\\/\\\/www.vivre-covid19.fr\\\/pharmacie\\\/#website\"},\"primaryImageOfPage\":{\"@id\":\"https:\\\/\\\/www.vivre-covid19.fr\\\/pharmacie\\\/medicament\\\/dietter-gouttes-flacon-de-30-ml\\\/#primaryimage\"},\"image\":{\"@id\":\"https:\\\/\\\/www.vivre-covid19.fr\\\/pharmacie\\\/medicament\\\/dietter-gouttes-flacon-de-30-ml\\\/#primaryimage\"},\"thumbnailUrl\":\"https:\\\/\\\/www.vivre-covid19.fr\\\/pharmacie\\\/wp-content\\\/uploads\\\/2026\\\/03\\\/dietter.webp\",\"datePublished\":\"2026-03-05T11:40:06+00:00\",\"dateModified\":\"2026-03-05T11:40:35+00:00\",\"description\":\"\u274c Dietter gouttes - D\u00e9couvrez sa composition, son prix, les avis (positifs et n\u00e9gatifs), et o\u00f9 l\u2019acheter en toute s\u00e9curit\u00e9 en pharmacie en ligne. Est-ce un produit fiable ou une arnaque ?\",\"breadcrumb\":{\"@id\":\"https:\\\/\\\/www.vivre-covid19.fr\\\/pharmacie\\\/medicament\\\/dietter-gouttes-flacon-de-30-ml\\\/#breadcrumb\"},\"inLanguage\":\"fr-FR\",\"potentialAction\":[{\"@type\":\"ReadAction\",\"target\":[\"https:\\\/\\\/www.vivre-covid19.fr\\\/pharmacie\\\/medicament\\\/dietter-gouttes-flacon-de-30-ml\\\/\"]}]},{\"@type\":\"ImageObject\",\"inLanguage\":\"fr-FR\",\"@id\":\"https:\\\/\\\/www.vivre-covid19.fr\\\/pharmacie\\\/medicament\\\/dietter-gouttes-flacon-de-30-ml\\\/#primaryimage\",\"url\":\"https:\\\/\\\/www.vivre-covid19.fr\\\/pharmacie\\\/wp-content\\\/uploads\\\/2026\\\/03\\\/dietter.webp\",\"contentUrl\":\"https:\\\/\\\/www.vivre-covid19.fr\\\/pharmacie\\\/wp-content\\\/uploads\\\/2026\\\/03\\\/dietter.webp\",\"width\":600,\"height\":600},{\"@type\":\"BreadcrumbList\",\"@id\":\"https:\\\/\\\/www.vivre-covid19.fr\\\/pharmacie\\\/medicament\\\/dietter-gouttes-flacon-de-30-ml\\\/#breadcrumb\",\"itemListElement\":[{\"@type\":\"ListItem\",\"position\":1,\"name\":\"\u0413\u043b\u0430\u0432\u043d\u0430\u044f \u0441\u0442\u0440\u0430\u043d\u0438\u0446\u0430\",\"item\":\"https:\\\/\\\/www.vivre-covid19.fr\\\/pharmacie\\\/\"},{\"@type\":\"ListItem\",\"position\":2,\"name\":\"Pharmacie Vivre Sainement\",\"item\":\"https:\\\/\\\/www.vivre-covid19.fr\\\/pharmacie\\\/\"},{\"@type\":\"ListItem\",\"position\":3,\"name\":\"Dietter gouttes, flacon de 30 ml\"}]},{\"@type\":\"WebSite\",\"@id\":\"https:\\\/\\\/www.vivre-covid19.fr\\\/pharmacie\\\/#website\",\"url\":\"https:\\\/\\\/www.vivre-covid19.fr\\\/pharmacie\\\/\",\"name\":\"Pharmacie Vivre Sainement\",\"description\":\"\",\"publisher\":{\"@id\":\"https:\\\/\\\/www.vivre-covid19.fr\\\/pharmacie\\\/#organization\"},\"potentialAction\":[{\"@type\":\"SearchAction\",\"target\":{\"@type\":\"EntryPoint\",\"urlTemplate\":\"https:\\\/\\\/www.vivre-covid19.fr\\\/pharmacie\\\/?s={search_term_string}\"},\"query-input\":{\"@type\":\"PropertyValueSpecification\",\"valueRequired\":true,\"valueName\":\"search_term_string\"}}],\"inLanguage\":\"fr-FR\"},{\"@type\":\"Organization\",\"@id\":\"https:\\\/\\\/www.vivre-covid19.fr\\\/pharmacie\\\/#organization\",\"name\":\"Pharmacie Vivre Sainement\",\"url\":\"https:\\\/\\\/www.vivre-covid19.fr\\\/pharmacie\\\/\",\"logo\":{\"@type\":\"ImageObject\",\"inLanguage\":\"fr-FR\",\"@id\":\"https:\\\/\\\/www.vivre-covid19.fr\\\/pharmacie\\\/#\\\/schema\\\/logo\\\/image\\\/\",\"url\":\"https:\\\/\\\/www.vivre-covid19.fr\\\/pharmacie\\\/wp-content\\\/uploads\\\/2025\\\/05\\\/farmacia.png\",\"contentUrl\":\"https:\\\/\\\/www.vivre-covid19.fr\\\/pharmacie\\\/wp-content\\\/uploads\\\/2025\\\/05\\\/farmacia.png\",\"width\":1151,\"height\":1280,\"caption\":\"Pharmacie Vivre Sainement\"},\"image\":{\"@id\":\"https:\\\/\\\/www.vivre-covid19.fr\\\/pharmacie\\\/#\\\/schema\\\/logo\\\/image\\\/\"}}]}<\/script>\n<!-- \/ Yoast SEO plugin. -->","yoast_head_json":{"title":"Dietter \u2013 Prix, Notice, Composition et Avis Doctissimo \u2764\ufe0f Pharmacie Vivre Sainement","description":"\u274c Dietter gouttes - D\u00e9couvrez sa composition, son prix, les avis (positifs et n\u00e9gatifs), et o\u00f9 l\u2019acheter en toute s\u00e9curit\u00e9 en pharmacie en ligne. Est-ce un produit fiable ou une arnaque ?","robots":{"index":"index","follow":"follow","max-snippet":"max-snippet:-1","max-image-preview":"max-image-preview:large","max-video-preview":"max-video-preview:-1"},"canonical":"https:\/\/www.vivre-covid19.fr\/pharmacie\/medicament\/dietter-gouttes-flacon-de-30-ml\/","og_locale":"fr_FR","og_type":"article","og_title":"Dietter \u2013 Prix, Notice, Composition et Avis Doctissimo \u2764\ufe0f Pharmacie Vivre Sainement","og_description":"\u274c Dietter gouttes - D\u00e9couvrez sa composition, son prix, les avis (positifs et n\u00e9gatifs), et o\u00f9 l\u2019acheter en toute s\u00e9curit\u00e9 en pharmacie en ligne. Est-ce un produit fiable ou une arnaque ?","og_url":"https:\/\/www.vivre-covid19.fr\/pharmacie\/medicament\/dietter-gouttes-flacon-de-30-ml\/","og_site_name":"Pharmacie Vivre Sainement","article_modified_time":"2026-03-05T11:40:35+00:00","og_image":[{"width":600,"height":600,"url":"https:\/\/www.vivre-covid19.fr\/pharmacie\/wp-content\/uploads\/2026\/03\/dietter.webp","type":"image\/webp"}],"twitter_card":"summary_large_image","twitter_misc":{"Dur\u00e9e de lecture estim\u00e9e":"12 minutes"},"schema":{"@context":"https:\/\/schema.org","@graph":[{"@type":"WebPage","@id":"https:\/\/www.vivre-covid19.fr\/pharmacie\/medicament\/dietter-gouttes-flacon-de-30-ml\/","url":"https:\/\/www.vivre-covid19.fr\/pharmacie\/medicament\/dietter-gouttes-flacon-de-30-ml\/","name":"Dietter \u2013 Prix, Notice, Composition et Avis Doctissimo \u2764\ufe0f Pharmacie Vivre Sainement","isPartOf":{"@id":"https:\/\/www.vivre-covid19.fr\/pharmacie\/#website"},"primaryImageOfPage":{"@id":"https:\/\/www.vivre-covid19.fr\/pharmacie\/medicament\/dietter-gouttes-flacon-de-30-ml\/#primaryimage"},"image":{"@id":"https:\/\/www.vivre-covid19.fr\/pharmacie\/medicament\/dietter-gouttes-flacon-de-30-ml\/#primaryimage"},"thumbnailUrl":"https:\/\/www.vivre-covid19.fr\/pharmacie\/wp-content\/uploads\/2026\/03\/dietter.webp","datePublished":"2026-03-05T11:40:06+00:00","dateModified":"2026-03-05T11:40:35+00:00","description":"\u274c Dietter gouttes - D\u00e9couvrez sa composition, son prix, les avis (positifs et n\u00e9gatifs), et o\u00f9 l\u2019acheter en toute s\u00e9curit\u00e9 en pharmacie en ligne. Est-ce un produit fiable ou une arnaque ?","breadcrumb":{"@id":"https:\/\/www.vivre-covid19.fr\/pharmacie\/medicament\/dietter-gouttes-flacon-de-30-ml\/#breadcrumb"},"inLanguage":"fr-FR","potentialAction":[{"@type":"ReadAction","target":["https:\/\/www.vivre-covid19.fr\/pharmacie\/medicament\/dietter-gouttes-flacon-de-30-ml\/"]}]},{"@type":"ImageObject","inLanguage":"fr-FR","@id":"https:\/\/www.vivre-covid19.fr\/pharmacie\/medicament\/dietter-gouttes-flacon-de-30-ml\/#primaryimage","url":"https:\/\/www.vivre-covid19.fr\/pharmacie\/wp-content\/uploads\/2026\/03\/dietter.webp","contentUrl":"https:\/\/www.vivre-covid19.fr\/pharmacie\/wp-content\/uploads\/2026\/03\/dietter.webp","width":600,"height":600},{"@type":"BreadcrumbList","@id":"https:\/\/www.vivre-covid19.fr\/pharmacie\/medicament\/dietter-gouttes-flacon-de-30-ml\/#breadcrumb","itemListElement":[{"@type":"ListItem","position":1,"name":"\u0413\u043b\u0430\u0432\u043d\u0430\u044f \u0441\u0442\u0440\u0430\u043d\u0438\u0446\u0430","item":"https:\/\/www.vivre-covid19.fr\/pharmacie\/"},{"@type":"ListItem","position":2,"name":"Pharmacie Vivre Sainement","item":"https:\/\/www.vivre-covid19.fr\/pharmacie\/"},{"@type":"ListItem","position":3,"name":"Dietter gouttes, flacon de 30 ml"}]},{"@type":"WebSite","@id":"https:\/\/www.vivre-covid19.fr\/pharmacie\/#website","url":"https:\/\/www.vivre-covid19.fr\/pharmacie\/","name":"Pharmacie Vivre Sainement","description":"","publisher":{"@id":"https:\/\/www.vivre-covid19.fr\/pharmacie\/#organization"},"potentialAction":[{"@type":"SearchAction","target":{"@type":"EntryPoint","urlTemplate":"https:\/\/www.vivre-covid19.fr\/pharmacie\/?s={search_term_string}"},"query-input":{"@type":"PropertyValueSpecification","valueRequired":true,"valueName":"search_term_string"}}],"inLanguage":"fr-FR"},{"@type":"Organization","@id":"https:\/\/www.vivre-covid19.fr\/pharmacie\/#organization","name":"Pharmacie Vivre Sainement","url":"https:\/\/www.vivre-covid19.fr\/pharmacie\/","logo":{"@type":"ImageObject","inLanguage":"fr-FR","@id":"https:\/\/www.vivre-covid19.fr\/pharmacie\/#\/schema\/logo\/image\/","url":"https:\/\/www.vivre-covid19.fr\/pharmacie\/wp-content\/uploads\/2025\/05\/farmacia.png","contentUrl":"https:\/\/www.vivre-covid19.fr\/pharmacie\/wp-content\/uploads\/2025\/05\/farmacia.png","width":1151,"height":1280,"caption":"Pharmacie Vivre Sainement"},"image":{"@id":"https:\/\/www.vivre-covid19.fr\/pharmacie\/#\/schema\/logo\/image\/"}}]}},"_links":{"self":[{"href":"https:\/\/www.vivre-covid19.fr\/pharmacie\/wp-json\/wp\/v2\/product\/1200","targetHints":{"allow":["GET"]}}],"collection":[{"href":"https:\/\/www.vivre-covid19.fr\/pharmacie\/wp-json\/wp\/v2\/product"}],"about":[{"href":"https:\/\/www.vivre-covid19.fr\/pharmacie\/wp-json\/wp\/v2\/types\/product"}],"replies":[{"embeddable":true,"href":"https:\/\/www.vivre-covid19.fr\/pharmacie\/wp-json\/wp\/v2\/comments?post=1200"}],"wp:featuredmedia":[{"embeddable":true,"href":"https:\/\/www.vivre-covid19.fr\/pharmacie\/wp-json\/wp\/v2\/media\/1199"}],"wp:attachment":[{"href":"https:\/\/www.vivre-covid19.fr\/pharmacie\/wp-json\/wp\/v2\/media?parent=1200"}],"wp:term":[{"taxonomy":"product_brand","embeddable":true,"href":"https:\/\/www.vivre-covid19.fr\/pharmacie\/wp-json\/wp\/v2\/product_brand?post=1200"},{"taxonomy":"product_cat","embeddable":true,"href":"https:\/\/www.vivre-covid19.fr\/pharmacie\/wp-json\/wp\/v2\/product_cat?post=1200"},{"taxonomy":"product_tag","embeddable":true,"href":"https:\/\/www.vivre-covid19.fr\/pharmacie\/wp-json\/wp\/v2\/product_tag?post=1200"}],"curies":[{"name":"wp","href":"https:\/\/api.w.org\/{rel}","templated":true}]}}