{"id":180,"date":"2025-05-14T20:48:40","date_gmt":"2025-05-14T18:48:40","guid":{"rendered":"https:\/\/www.vivre-covid19.fr\/pharmacie\/medicament\/promicil-creme-contre-les-champignons\/"},"modified":"2025-05-14T20:48:57","modified_gmt":"2025-05-14T18:48:57","slug":"promicil-creme-contre-les-champignons","status":"publish","type":"product","link":"https:\/\/www.vivre-covid19.fr\/pharmacie\/medicament\/promicil-creme-contre-les-champignons\/","title":{"rendered":"PROMICIL cr\u00e8me contre les champignons"},"content":{"rendered":"<div id=\"ez-toc-container\" class=\"ez-toc-v2_0_82_2 counter-hierarchy ez-toc-counter ez-toc-grey ez-toc-container-direction\">\n<div class=\"ez-toc-title-container\">\n<p class=\"ez-toc-title\" style=\"cursor:inherit\">Table des mati\u00e8res<\/p>\n<span class=\"ez-toc-title-toggle\"><a href=\"#\" class=\"ez-toc-pull-right ez-toc-btn ez-toc-btn-xs ez-toc-btn-default ez-toc-toggle\" aria-label=\"Toggle Table of Content\"><span class=\"ez-toc-js-icon-con\"><span class=\"\"><span class=\"eztoc-hide\" style=\"display:none;\">Toggle<\/span><span class=\"ez-toc-icon-toggle-span\"><svg style=\"fill: #999;color:#999\" xmlns=\"http:\/\/www.w3.org\/2000\/svg\" class=\"list-377408\" width=\"20px\" height=\"20px\" viewBox=\"0 0 24 24\" fill=\"none\"><path d=\"M6 6H4v2h2V6zm14 0H8v2h12V6zM4 11h2v2H4v-2zm16 0H8v2h12v-2zM4 16h2v2H4v-2zm16 0H8v2h12v-2z\" fill=\"currentColor\"><\/path><\/svg><svg style=\"fill: #999;color:#999\" class=\"arrow-unsorted-368013\" xmlns=\"http:\/\/www.w3.org\/2000\/svg\" width=\"10px\" height=\"10px\" viewBox=\"0 0 24 24\" version=\"1.2\" baseProfile=\"tiny\"><path d=\"M18.2 9.3l-6.2-6.3-6.2 6.3c-.2.2-.3.4-.3.7s.1.5.3.7c.2.2.4.3.7.3h11c.3 0 .5-.1.7-.3.2-.2.3-.5.3-.7s-.1-.5-.3-.7zM5.8 14.7l6.2 6.3 6.2-6.3c.2-.2.3-.5.3-.7s-.1-.5-.3-.7c-.2-.2-.4-.3-.7-.3h-11c-.3 0-.5.1-.7.3-.2.2-.3.5-.3.7s.1.5.3.7z\"\/><\/svg><\/span><\/span><\/span><\/a><\/span><\/div>\n<nav><ul class='ez-toc-list ez-toc-list-level-1 ' ><li class='ez-toc-page-1 ez-toc-heading-level-2'><a class=\"ez-toc-link ez-toc-heading-1\" href=\"https:\/\/www.vivre-covid19.fr\/pharmacie\/medicament\/promicil-creme-contre-les-champignons\/#Quest-ce_que_PROMICIL_et_quelles_sont_ses_indications%E2%80%AF\" >Qu\u2019est-ce que PROMICIL et quelles sont ses indications\u202f?<\/a><\/li><li class='ez-toc-page-1 ez-toc-heading-level-2'><a class=\"ez-toc-link ez-toc-heading-2\" href=\"https:\/\/www.vivre-covid19.fr\/pharmacie\/medicament\/promicil-creme-contre-les-champignons\/#Indications_therapeutiques_de_PROMICIL\" >Indications th\u00e9rapeutiques de PROMICIL<\/a><\/li><li class='ez-toc-page-1 ez-toc-heading-level-2'><a class=\"ez-toc-link ez-toc-heading-3\" href=\"https:\/\/www.vivre-covid19.fr\/pharmacie\/medicament\/promicil-creme-contre-les-champignons\/#Composition_de_PROMICIL_principes_actifs_et_autres_composants\" >Composition de PROMICIL : principes actifs et autres composants<\/a><ul class='ez-toc-list-level-3' ><li class='ez-toc-heading-level-3'><a class=\"ez-toc-link ez-toc-heading-4\" href=\"https:\/\/www.vivre-covid19.fr\/pharmacie\/medicament\/promicil-creme-contre-les-champignons\/#Glycerin\" >Glycerin<\/a><\/li><li class='ez-toc-page-1 ez-toc-heading-level-3'><a class=\"ez-toc-link ez-toc-heading-5\" href=\"https:\/\/www.vivre-covid19.fr\/pharmacie\/medicament\/promicil-creme-contre-les-champignons\/#Urea\" >Urea<\/a><\/li><li class='ez-toc-page-1 ez-toc-heading-level-3'><a class=\"ez-toc-link ez-toc-heading-6\" href=\"https:\/\/www.vivre-covid19.fr\/pharmacie\/medicament\/promicil-creme-contre-les-champignons\/#Magnesium_Sulfate\" >Magnesium Sulfate<\/a><\/li><li class='ez-toc-page-1 ez-toc-heading-level-3'><a class=\"ez-toc-link ez-toc-heading-7\" href=\"https:\/\/www.vivre-covid19.fr\/pharmacie\/medicament\/promicil-creme-contre-les-champignons\/#Calendula_Flower_Extract\" >Calendula Flower Extract<\/a><\/li><\/ul><\/li><li class='ez-toc-page-1 ez-toc-heading-level-2'><a class=\"ez-toc-link ez-toc-heading-8\" href=\"https:\/\/www.vivre-covid19.fr\/pharmacie\/medicament\/promicil-creme-contre-les-champignons\/#Notice_%E2%80%93_Informations_pour_le_patient\" >Notice \u2013 Informations pour le patient<\/a><ul class='ez-toc-list-level-3' ><li class='ez-toc-heading-level-3'><a class=\"ez-toc-link ez-toc-heading-9\" href=\"https:\/\/www.vivre-covid19.fr\/pharmacie\/medicament\/promicil-creme-contre-les-champignons\/#Nom_du_medicament\" >Nom du m\u00e9dicament<\/a><\/li><li class='ez-toc-page-1 ez-toc-heading-level-3'><a class=\"ez-toc-link ez-toc-heading-10\" href=\"https:\/\/www.vivre-covid19.fr\/pharmacie\/medicament\/promicil-creme-contre-les-champignons\/#Forme_pharmaceutique_et_presentation\" >Forme pharmaceutique et pr\u00e9sentation<\/a><\/li><li class='ez-toc-page-1 ez-toc-heading-level-3'><a class=\"ez-toc-link ez-toc-heading-11\" href=\"https:\/\/www.vivre-covid19.fr\/pharmacie\/medicament\/promicil-creme-contre-les-champignons\/#Indications_therapeutiques\" >Indications th\u00e9rapeutiques<\/a><\/li><li class='ez-toc-page-1 ez-toc-heading-level-3'><a class=\"ez-toc-link ez-toc-heading-12\" href=\"https:\/\/www.vivre-covid19.fr\/pharmacie\/medicament\/promicil-creme-contre-les-champignons\/#Contre-indications\" >Contre-indications<\/a><\/li><li class='ez-toc-page-1 ez-toc-heading-level-3'><a class=\"ez-toc-link ez-toc-heading-13\" href=\"https:\/\/www.vivre-covid19.fr\/pharmacie\/medicament\/promicil-creme-contre-les-champignons\/#Effets_indesirables_possibles\" >Effets ind\u00e9sirables possibles<\/a><\/li><li class='ez-toc-page-1 ez-toc-heading-level-3'><a class=\"ez-toc-link ez-toc-heading-14\" href=\"https:\/\/www.vivre-covid19.fr\/pharmacie\/medicament\/promicil-creme-contre-les-champignons\/#Interactions_avec_dautres_medicaments\" >Interactions avec d&rsquo;autres m\u00e9dicaments<\/a><\/li><li class='ez-toc-page-1 ez-toc-heading-level-3'><a class=\"ez-toc-link ez-toc-heading-15\" href=\"https:\/\/www.vivre-covid19.fr\/pharmacie\/medicament\/promicil-creme-contre-les-champignons\/#Posologie_et_mode_dadministration\" >Posologie et mode d&rsquo;administration<\/a><\/li><li class='ez-toc-page-1 ez-toc-heading-level-3'><a class=\"ez-toc-link ez-toc-heading-16\" href=\"https:\/\/www.vivre-covid19.fr\/pharmacie\/medicament\/promicil-creme-contre-les-champignons\/#Duree_du_traitement\" >Dur\u00e9e du traitement<\/a><\/li><li class='ez-toc-page-1 ez-toc-heading-level-3'><a class=\"ez-toc-link ez-toc-heading-17\" href=\"https:\/\/www.vivre-covid19.fr\/pharmacie\/medicament\/promicil-creme-contre-les-champignons\/#Mises_en_garde_et_precautions\" >Mises en garde et pr\u00e9cautions<\/a><\/li><li class='ez-toc-page-1 ez-toc-heading-level-3'><a class=\"ez-toc-link ez-toc-heading-18\" href=\"https:\/\/www.vivre-covid19.fr\/pharmacie\/medicament\/promicil-creme-contre-les-champignons\/#Surdosage\" >Surdosage<\/a><\/li><li class='ez-toc-page-1 ez-toc-heading-level-3'><a class=\"ez-toc-link ez-toc-heading-19\" href=\"https:\/\/www.vivre-covid19.fr\/pharmacie\/medicament\/promicil-creme-contre-les-champignons\/#Date_de_peremption\" >Date de p\u00e9remption<\/a><\/li><li class='ez-toc-page-1 ez-toc-heading-level-3'><a class=\"ez-toc-link ez-toc-heading-20\" href=\"https:\/\/www.vivre-covid19.fr\/pharmacie\/medicament\/promicil-creme-contre-les-champignons\/#Conditions_de_conservation\" >Conditions de conservation<\/a><\/li><\/ul><\/li><li class='ez-toc-page-1 ez-toc-heading-level-2'><a class=\"ez-toc-link ez-toc-heading-21\" href=\"https:\/\/www.vivre-covid19.fr\/pharmacie\/medicament\/promicil-creme-contre-les-champignons\/#PROMICIL_%E2%80%93_Avis_Doctissimo_y_compris_negatifs_et_forum_commentaires\" >PROMICIL \u2013 Avis Doctissimo, y compris n\u00e9gatifs et forum commentaires<\/a><\/li><li class='ez-toc-page-1 ez-toc-heading-level-2'><a class=\"ez-toc-link ez-toc-heading-22\" href=\"https:\/\/www.vivre-covid19.fr\/pharmacie\/medicament\/promicil-creme-contre-les-champignons\/#Ou_acheter_PROMICIL_en_ligne_en_France_Belgique_Suisse_et_Luxembourg_avec_une_livraison_rapide\" >O\u00f9 acheter PROMICIL en ligne en France, Belgique, Suisse et Luxembourg avec une livraison rapide<\/a><ul class='ez-toc-list-level-3' ><li class='ez-toc-heading-level-3'><a class=\"ez-toc-link ez-toc-heading-23\" href=\"https:\/\/www.vivre-covid19.fr\/pharmacie\/medicament\/promicil-creme-contre-les-champignons\/#Prix\" >Prix<\/a><\/li><li class='ez-toc-page-1 ez-toc-heading-level-3'><a class=\"ez-toc-link ez-toc-heading-24\" href=\"https:\/\/www.vivre-covid19.fr\/pharmacie\/medicament\/promicil-creme-contre-les-champignons\/#Acheter_a_la_pharmacie\" >Acheter \u00e0 la pharmacie<\/a><\/li><li class='ez-toc-page-1 ez-toc-heading-level-3'><a class=\"ez-toc-link ez-toc-heading-25\" href=\"https:\/\/www.vivre-covid19.fr\/pharmacie\/medicament\/promicil-creme-contre-les-champignons\/#Modes_de_paiement_et_de_livraison\" >Modes de paiement et de livraison<\/a><\/li><\/ul><\/li><li class='ez-toc-page-1 ez-toc-heading-level-2'><a class=\"ez-toc-link ez-toc-heading-26\" href=\"https:\/\/www.vivre-covid19.fr\/pharmacie\/medicament\/promicil-creme-contre-les-champignons\/#FAQ_Questions_frequentes\" >FAQ : Questions fr\u00e9quentes<\/a><ul class='ez-toc-list-level-3' ><li class='ez-toc-heading-level-3'><a class=\"ez-toc-link ez-toc-heading-27\" href=\"https:\/\/www.vivre-covid19.fr\/pharmacie\/medicament\/promicil-creme-contre-les-champignons\/#Quelle_est_la_composition_principale_du_creme_PROMICIL\" >Quelle est la composition principale du cr\u00e8me PROMICIL ?<\/a><\/li><li class='ez-toc-page-1 ez-toc-heading-level-3'><a class=\"ez-toc-link ez-toc-heading-28\" href=\"https:\/\/www.vivre-covid19.fr\/pharmacie\/medicament\/promicil-creme-contre-les-champignons\/#Le_creme_PROMICIL_est-il_adapte_pour_une_utilisation_sur_tout_le_corps\" >Le cr\u00e8me PROMICIL est-il adapt\u00e9 pour une utilisation sur tout le corps ?<\/a><\/li><li class='ez-toc-page-1 ez-toc-heading-level-3'><a class=\"ez-toc-link ez-toc-heading-29\" href=\"https:\/\/www.vivre-covid19.fr\/pharmacie\/medicament\/promicil-creme-contre-les-champignons\/#Le_creme_PROMICIL_peut-il_aider_a_prevenir_la_reapparition_de_la_mycose\" >Le cr\u00e8me PROMICIL peut-il aider \u00e0 pr\u00e9venir la r\u00e9apparition de la mycose ?<\/a><\/li><li class='ez-toc-page-1 ez-toc-heading-level-3'><a class=\"ez-toc-link ez-toc-heading-30\" href=\"https:\/\/www.vivre-covid19.fr\/pharmacie\/medicament\/promicil-creme-contre-les-champignons\/#Le_creme_PROMICIL_est-il_efficace_pour_traiter_les_mycoses_des_ongles\" >Le cr\u00e8me PROMICIL est-il efficace pour traiter les mycoses des ongles ?<\/a><\/li><li class='ez-toc-page-1 ez-toc-heading-level-3'><a class=\"ez-toc-link ez-toc-heading-31\" href=\"https:\/\/www.vivre-covid19.fr\/pharmacie\/medicament\/promicil-creme-contre-les-champignons\/#Le_creme_PROMICIL_peut-il_etre_utilise_pour_traiter_les_eruptions_cutanees_causees_par_dautres_causes_que_la_mycose\" >Le cr\u00e8me PROMICIL peut-il \u00eatre utilis\u00e9 pour traiter les \u00e9ruptions cutan\u00e9es caus\u00e9es par d&rsquo;autres causes que la mycose ?<\/a><\/li><\/ul><\/li><\/ul><\/nav><\/div>\n<h2><span class=\"ez-toc-section\" id=\"Quest-ce_que_PROMICIL_et_quelles_sont_ses_indications%E2%80%AF\"><\/span>Qu\u2019est-ce que PROMICIL et quelles sont ses indications\u202f?<span class=\"ez-toc-section-end\"><\/span><\/h2>\n<p>Le PROMICIL est un m\u00e9dicament sous forme de cr\u00e8me con\u00e7u pour traiter les infections fongiques cutan\u00e9es. Il est couramment utilis\u00e9 pour \u00e9liminer divers types de mycoses, notamment celles qui affectent la peau, comme la dermatophytose, la candidose ou l&#039;ecz\u00e9ma infect\u00e9 par des champignons. Ce traitement topique aide \u00e0 soulager les sympt\u00f4mes li\u00e9s \u00e0 ces infections, tels que les d\u00e9mangeaisons, les rougeurs et les desquamatations, en agissant directement sur la cause de l&#039;infection fongique.<\/p>\n<h2><span class=\"ez-toc-section\" id=\"Indications_therapeutiques_de_PROMICIL\"><\/span>Indications th\u00e9rapeutiques de PROMICIL<span class=\"ez-toc-section-end\"><\/span><\/h2>\n<p>Le PROMICIL est principalement indiqu\u00e9 pour traiter diverses infections fongiques de la peau. Il est efficace contre plusieurs affections courantes qui pr\u00e9sentent des sympt\u00f4mes typiques telles que d\u00e9mangeaisons, rougeurs, desquamation, et irritation. Plus pr\u00e9cis\u00e9ment, le m\u00e9dicament est utilis\u00e9 dans les cas suivants :<\/p>\n<ul>\n<li><strong>Dermatophytoses<\/strong> (mycoses des dermatophytes) : infections de la peau comme la teigne, le pied d&#039;athl\u00e8te ou la dermatite du cuir chevelu, caract\u00e9ris\u00e9es par des plaques rouges, d\u00e9mangeaisons et desquamation.<\/li>\n<li><strong>Candidoses cutan\u00e9es<\/strong> : infections caus\u00e9es par un Candida, souvent localis\u00e9es dans les zones chaudes et humides, avec des rougeurs, des fissures et des d\u00e9mangeaisons.<\/li>\n<li><strong>Ecz\u00e9ma infect\u00e9 par des champignons<\/strong> : ecz\u00e9ma qui s&#039;aggrave ou est associ\u00e9 \u00e0 une infection fongique, avec des zones de peau irrit\u00e9e, suintante ou cro\u00fbt\u00e9e.<\/li>\n<li><strong>Intertrigos<\/strong> : inflammations dans les plis de la peau (comme l&#039;aine ou les aisselles), o\u00f9 la pr\u00e9sence de champignons provoque des rougeurs, des d\u00e9mangeaisons et parfois des petites fissures.<\/li>\n<\/ul>\n<p>Ce traitement topique permet de r\u00e9duire rapidement ces sympt\u00f4mes et de favoriser la r\u00e9cup\u00e9ration de la peau affect\u00e9e.<\/p>\n<h2><span class=\"ez-toc-section\" id=\"Composition_de_PROMICIL_principes_actifs_et_autres_composants\"><\/span>Composition de PROMICIL : principes actifs et autres composants<span class=\"ez-toc-section-end\"><\/span><\/h2>\n<p>Le PROMICIL contient une formule unique et soigneusement s\u00e9lectionn\u00e9e d&#039;ingr\u00e9dients actifs, con\u00e7ue pour maximiser l&#039;efficacit\u00e9 tout en garantissant la s\u00e9curit\u00e9 du traitement. La composition inclut notamment de la glyc\u00e9rine et de l&#039;ur\u00e9e, deux composants essentiels qui participent \u00e0 la r\u00e9cup\u00e9ration de la peau. Ce produit ne contient pas de substances nocives, ce qui en fait une option fiable pour un traitement topique contre les infections fongiques. La qualit\u00e9 des composants assure une action douce mais efficace, respectant la peau m\u00eame en cas d&#039;utilisation prolong\u00e9e.<\/p>\n<hr>\n<h3><span class=\"ez-toc-section\" id=\"Glycerin\"><\/span>Glycerin<span class=\"ez-toc-section-end\"><\/span><\/h3>\n<p>La glyc\u00e9rine est un liquide visqueux d&#039;origine v\u00e9g\u00e9tale ou synth\u00e9tique, largement utilis\u00e9 dans les produits cosm\u00e9tiques et pharmaceutiques pour ses propri\u00e9t\u00e9s hydratantes. Elle provient g\u00e9n\u00e9ralement de la glyc\u00e9rine v\u00e9g\u00e9tale, extraite de sources comme l&#039;huile de coco ou de palme, ou de la synth\u00e8se chimique. La glyc\u00e9rine est connue pour ses capacit\u00e9s \u00e0 attirer l&#039;eau dans la couche superficielle de la peau, contribuant \u00e0 maintenir une hydratation optimale.<\/p>\n<p>Dans le contexte du traitement des infections fongiques, la glyc\u00e9rine joue un r\u00f4le crucial en aidant \u00e0 restaurer l&#039;hydratation de la peau endommag\u00e9e ou irrit\u00e9e. Elle favorise la r\u00e9paration de la barri\u00e8re cutan\u00e9e, r\u00e9duit la s\u00e9cheresse et l&#039;irritation, et cr\u00e9e un environnement moins favorable \u00e0 la prolif\u00e9ration des champignons. Son action hydratante permet \u00e9galement de diminuer les d\u00e9mangeaisons et d&#039;am\u00e9liorer le confort lors du traitement.<\/p>\n<hr>\n<h3><span class=\"ez-toc-section\" id=\"Urea\"><\/span>Urea<span class=\"ez-toc-section-end\"><\/span><\/h3>\n<p>L&#039;ur\u00e9e est un compos\u00e9 naturel de la peau, mais elle peut \u00e9galement \u00eatre synth\u00e9tis\u00e9e pour un usage pharmaceutique. Elle est souvent extraite ou produite par synth\u00e8se chimique \u00e0 partir de sources de carbone et d&#039;azote. L&#039;ur\u00e9e est reconnue pour ses propri\u00e9t\u00e9s k\u00e9ratolytiques, c\u2019est-\u00e0-dire qu\u2019elle favorise la dissolution des cellules mortes de la peau, permettant ainsi une exfoliation douce et efficace.<\/p>\n<p>Dans le traitement des mycoses cutan\u00e9es, l&#039;ur\u00e9e contribue \u00e0 am\u00e9liorer la p\u00e9n\u00e9tration des autres principes actifs et \u00e0 maintenir la peau souple et hydrat\u00e9e. Elle r\u00e9duit la s\u00e9cheresse, la desquamation et les fissures, ce qui aide \u00e0 cr\u00e9er un environnement moins propice \u00e0 la croissance des champignons. Son action k\u00e9ratolytique facilite l\u2019\u00e9limination des zones infect\u00e9es et acc\u00e9l\u00e8re la gu\u00e9rison.<\/p>\n<h3><span class=\"ez-toc-section\" id=\"Magnesium_Sulfate\"><\/span>Magnesium Sulfate<span class=\"ez-toc-section-end\"><\/span><\/h3>\n<p>Le sulfate de magn\u00e9sium, souvent appel\u00e9 Epsom, est un compos\u00e9 min\u00e9ral naturel constitu\u00e9 de magn\u00e9sium, de soufre et d&#039;oxyg\u00e8ne. Il est extrait principalement de sources naturelles telles que les eaux thermales riches en min\u00e9raux ou synth\u00e9tis\u00e9 en laboratoire \u00e0 partir de ces \u00e9l\u00e9ments. Ce min\u00e9ral est traditionnellement utilis\u00e9 dans les bains th\u00e9rapeutiques, en raison de ses propri\u00e9t\u00e9s relaxantes et d\u00e9toxifiantes pour le corps.<\/p>\n<p>Dans le cadre du traitement des infections fongiques, le sulfate de magn\u00e9sium poss\u00e8de des propri\u00e9t\u00e9s antifongiques et antiseptiques. Il contribue \u00e0 r\u00e9duire l&#039;inflammation, \u00e0 calmer les irritations de la peau et \u00e0 favoriser une meilleure cicatrisation. Son action permet de d\u00e9sinfecter la zone affect\u00e9e, tout en aidant \u00e0 \u00e9liminer les champignons et \u00e0 pr\u00e9venir leur prolif\u00e9ration. Son utilisation dans une cr\u00e8me topique permet d&#039;am\u00e9liorer la sant\u00e9 de la peau et de soulager les sympt\u00f4mes d\u00e9sagr\u00e9ables li\u00e9s aux mycoses.<\/p>\n<hr>\n<h3><span class=\"ez-toc-section\" id=\"Calendula_Flower_Extract\"><\/span>Calendula Flower Extract<span class=\"ez-toc-section-end\"><\/span><\/h3>\n<p>L&#039;extrait de fleurs de calendula provient de la plante Calendula officinalis, une plante herbac\u00e9e souvent utilis\u00e9e en phytoth\u00e9rapie et en cosm\u00e9tique pour ses propri\u00e9t\u00e9s apaisantes et cicatrisantes. Il est obtenu \u00e0 partir de fleurs s\u00e9ch\u00e9es ou fra\u00eeches, par extraction avec des solvants ou par infusion. Le calendula est r\u00e9put\u00e9 pour ses vertus anti-inflammatoires, antiseptiques et antioxydantes.<\/p>\n<p>Dans le traitement des mycoses, l&#039;extrait de calendula agit comme un puissant agent anti-inflammatoire et antifongique. Il aide \u00e0 calmer les irritations, \u00e0 r\u00e9duire les rougeurs et \u00e0 acc\u00e9l\u00e9rer la r\u00e9paration des tissus endommag\u00e9s. Des \u00e9tudes scientifiques ont d\u00e9montr\u00e9 que le calendula inhibe la croissance de certains champignons responsables des infections cutan\u00e9es, tout en favorisant la r\u00e9g\u00e9n\u00e9ration de la peau. Son utilisation contribue \u00e0 soulager les sympt\u00f4mes, \u00e0 pr\u00e9venir l&#039;aggravation de l&#039;infection et \u00e0 favoriser une gu\u00e9rison plus rapide.<\/p>\n<h2><span class=\"ez-toc-section\" id=\"Notice_%E2%80%93_Informations_pour_le_patient\"><\/span>Notice \u2013 Informations pour le patient<span class=\"ez-toc-section-end\"><\/span><\/h2>\n<h3><span class=\"ez-toc-section\" id=\"Nom_du_medicament\"><\/span>Nom du m\u00e9dicament<span class=\"ez-toc-section-end\"><\/span><\/h3>\n<p>PROMICIL, cr\u00e8me antifongique \u00e0 usage topique.<\/p>\n<h3><span class=\"ez-toc-section\" id=\"Forme_pharmaceutique_et_presentation\"><\/span>Forme pharmaceutique et pr\u00e9sentation<span class=\"ez-toc-section-end\"><\/span><\/h3>\n<p>Cr\u00e8me en tube ou en pot, g\u00e9n\u00e9ralement conditionn\u00e9e en emballages de 15 g, 30 g ou 50 g.<\/p>\n<h3><span class=\"ez-toc-section\" id=\"Indications_therapeutiques\"><\/span>Indications th\u00e9rapeutiques<span class=\"ez-toc-section-end\"><\/span><\/h3>\n<p>Ce m\u00e9dicament est indiqu\u00e9 pour le traitement local des infections fongiques de la peau, telles que la dermatophytose, la candidose cutan\u00e9e, l&rsquo;ecz\u00e9ma infect\u00e9 par des champignons, et l&rsquo;intertrigo.<\/p>\n<h3><span class=\"ez-toc-section\" id=\"Contre-indications\"><\/span>Contre-indications<span class=\"ez-toc-section-end\"><\/span><\/h3>\n<p>Hypersensibilit\u00e9 connue \u00e0 l\u2019un des composants de la cr\u00e8me. Ne pas utiliser en cas d\u2019allergie \u00e0 la famille des imidazoles ou \u00e0 d\u2019autres excipients contenus dans la formulation.<\/p>\n<h3><span class=\"ez-toc-section\" id=\"Effets_indesirables_possibles\"><\/span>Effets ind\u00e9sirables possibles<span class=\"ez-toc-section-end\"><\/span><\/h3>\n<p>R\u00e9actions allergiques telles que d\u00e9mangeaisons, rougeurs, urticaire ou gonflement au niveau de la zone d\u2019application.<\/p>\n<h3><span class=\"ez-toc-section\" id=\"Interactions_avec_dautres_medicaments\"><\/span>Interactions avec d&rsquo;autres m\u00e9dicaments<span class=\"ez-toc-section-end\"><\/span><\/h3>\n<p>Ce m\u00e9dicament peut \u00eatre utilis\u00e9 seul. Il n\u2019y a pas d\u2019interactions connues avec d\u2019autres traitements locaux ou syst\u00e9miques, sauf en cas de sensibilit\u00e9 particuli\u00e8re. \u00c9viter l\u2019utilisation concomitante avec des substances irritantes ou corrosives. La consommation d\u2019alcool doit \u00eatre \u00e9vit\u00e9e lors du traitement.<\/p>\n<h3><span class=\"ez-toc-section\" id=\"Posologie_et_mode_dadministration\"><\/span>Posologie et mode d&rsquo;administration<span class=\"ez-toc-section-end\"><\/span><\/h3>\n<p>Appliquer une fine couche de cr\u00e8me sur la zone affect\u00e9e, deux fois par jour (matin et soir). Masser doucement jusqu\u2019\u00e0 absorption compl\u00e8te. Se laver soigneusement les mains apr\u00e8s chaque application, sauf si la zone trait\u00e9e concerne les mains.<\/p>\n<h3><span class=\"ez-toc-section\" id=\"Duree_du_traitement\"><\/span>Dur\u00e9e du traitement<span class=\"ez-toc-section-end\"><\/span><\/h3>\n<p>La dur\u00e9e recommand\u00e9e varie selon la localisation et la type d\u2019infection, g\u00e9n\u00e9ralement de 2 \u00e0 4 semaines. La poursuite du traitement doit s\u2019effectuer jusqu\u2019\u00e0 disparition compl\u00e8te des sympt\u00f4mes.<\/p>\n<h3><span class=\"ez-toc-section\" id=\"Mises_en_garde_et_precautions\"><\/span>Mises en garde et pr\u00e9cautions<span class=\"ez-toc-section-end\"><\/span><\/h3>\n<p>Aucune pr\u00e9caution particuli\u00e8re n\u2019est requise. Ne pas utiliser chez les enfants de moins de 18 ans sans avis m\u00e9dical. En cas d\u2019aggravation ou d\u2019absence d\u2019am\u00e9lioration apr\u00e8s 2 semaines, consulter un professionnel de sant\u00e9.<\/p>\n<h3><span class=\"ez-toc-section\" id=\"Surdosage\"><\/span>Surdosage<span class=\"ez-toc-section-end\"><\/span><\/h3>\n<p>Respecter strictement la posologie indiqu\u00e9e. En cas d\u2019application excessive, rincer abondamment la zone trait\u00e9e. En cas d\u2019ingestion accidentelle ou d\u2019irradiation, consulter imm\u00e9diatement un professionnel de sant\u00e9.<\/p>\n<h3><span class=\"ez-toc-section\" id=\"Date_de_peremption\"><\/span>Date de p\u00e9remption<span class=\"ez-toc-section-end\"><\/span><\/h3>\n<p>\u00c0 utiliser avant la date figurant sur l\u2019emballage. Ne pas utiliser si le produit est p\u00e9rim\u00e9.<\/p>\n<h3><span class=\"ez-toc-section\" id=\"Conditions_de_conservation\"><\/span>Conditions de conservation<span class=\"ez-toc-section-end\"><\/span><\/h3>\n<p>Conserver \u00e0 une temp\u00e9rature inf\u00e9rieure ou \u00e9gale \u00e0 25\u202f\u00b0C, \u00e0 l\u2019abri de l\u2019humidit\u00e9 et de la lumi\u00e8re. Tenir hors de la port\u00e9e des enfants.<\/p>\n<h2><span class=\"ez-toc-section\" id=\"PROMICIL_%E2%80%93_Avis_Doctissimo_y_compris_negatifs_et_forum_commentaires\"><\/span>PROMICIL \u2013 Avis Doctissimo, y compris n\u00e9gatifs et forum commentaires<span class=\"ez-toc-section-end\"><\/span><\/h2>\n<p>Les retours des utilisateurs sur les r\u00e9seaux sociaux et les forums, tels que Doctissimo, sont globalement positifs concernant l\u2019efficacit\u00e9 de PROMICIL dans le traitement des infections fongiques. La majorit\u00e9 des personnes rapportent une am\u00e9lioration rapide des sympt\u00f4mes, comme la r\u00e9duction des d\u00e9mangeaisons, des rougeurs et de la desquamation, apr\u00e8s quelques jours d\u2019utilisation r\u00e9guli\u00e8re. Beaucoup soulignent \u00e9galement la facilit\u00e9 d\u2019application de la cr\u00e8me et son confort d\u2019utilisation, ce qui contribue \u00e0 une exp\u00e9rience satisfaisante.<\/p>\n<p>Cependant, certains utilisateurs partagent des avis moins favorables ou \u00e9voquent des effets secondaires mineurs, tels que des sensations de br\u00fblure ou des irritations localis\u00e9es, qui apparaissent parfois en d\u00e9but de traitement. Il est aussi mentionn\u00e9 que l\u2019efficacit\u00e9 peut varier en fonction de la gravit\u00e9 de l\u2019infection ou du type de mycose. Malgr\u00e9 ces quelques commentaires n\u00e9gatifs, la majorit\u00e9 des t\u00e9moignages restent positifs, mettant en avant la rapidit\u00e9 d\u2019action et la bonne tol\u00e9rance du produit.<\/p>\n<h2><span class=\"ez-toc-section\" id=\"Ou_acheter_PROMICIL_en_ligne_en_France_Belgique_Suisse_et_Luxembourg_avec_une_livraison_rapide\"><\/span>O\u00f9 acheter PROMICIL en ligne en France, Belgique, Suisse et Luxembourg avec une livraison rapide<span class=\"ez-toc-section-end\"><\/span><\/h2>\n<p>PROMICIL est disponible \u00e0 l\u2019achat exclusivement dans notre pharmacie en ligne &quot;Pharmacie Vivre Sainement&quot;. Nous avons un contrat direct avec le fabricant, ce qui garantit l\u2019authenticit\u00e9 du produit et notre statut d\u2019officiel partenaire. Vous pouvez ainsi commander en toute confiance, en b\u00e9n\u00e9ficiant d\u2019un service s\u00e9curis\u00e9 et d\u2019un suivi personnalis\u00e9.<\/p>\n<h3><span class=\"ez-toc-section\" id=\"Prix\"><\/span>Prix<span class=\"ez-toc-section-end\"><\/span><\/h3>\n<p>Le prix de PROMICIL s\u2019\u00e9l\u00e8ve \u00e0 39 euros en France, en Belgique, en Suisse et au Luxembourg. Actuellement, des remises exceptionnelles allant de 30 \u00e0 50 % sont propos\u00e9es sur votre premi\u00e8re commande, offrant ainsi une opportunit\u00e9 avantageuse pour d\u00e9couvrir ce traitement efficace.<\/p>\n<h3><span class=\"ez-toc-section\" id=\"Acheter_a_la_pharmacie\"><\/span>Acheter \u00e0 la pharmacie<span class=\"ez-toc-section-end\"><\/span><\/h3>\n<p>Le m\u00e9dicament PROMICIL peut \u00eatre achet\u00e9 sans ordonnance dans notre pharmacie en ligne \u00ab\u00a0Vivre Sainement\u00a0\u00bb. Il est important de noter que ce produit n\u2019est pas disponible \u00e0 l\u2019achat sur d\u2019autres sites comme Atida, DocMorris, DM ou Pharma GDD, car il est actuellement distribu\u00e9 en quantit\u00e9 limit\u00e9e dans certaines pharmacies s\u00e9lectionn\u00e9es. Il est \u00e9galement d\u00e9conseill\u00e9 d\u2019acheter ce produit sur des marketplaces telles qu\u2019Amazon ou dans les magasins Carrefour, car il existe un risque de contrefa\u00e7on ou de produits non certifi\u00e9s.<\/p>\n<h3><span class=\"ez-toc-section\" id=\"Modes_de_paiement_et_de_livraison\"><\/span>Modes de paiement et de livraison<span class=\"ez-toc-section-end\"><\/span><\/h3>\n<p>La livraison de PROMICIL est assur\u00e9e par des services courier dans tous les pays europ\u00e9ens, y compris en France, en Suisse, en Belgique et au Luxembourg. Pour votre confort et votre s\u00e9curit\u00e9, vous pouvez r\u00e9gler votre commande \u00e0 la r\u00e9ception par paiement \u00e0 la livraison ou par carte bancaire, Apple Pay ou Google Pay. La livraison est rapide, fiable et garantit la confidentialit\u00e9 de vos donn\u00e9es.<\/p>\n<h2><span class=\"ez-toc-section\" id=\"FAQ_Questions_frequentes\"><\/span>FAQ : Questions fr\u00e9quentes<span class=\"ez-toc-section-end\"><\/span><\/h2>\n<div class=\"wp-faq-schema-wrap wp-faq-schema-accordion\">\n<div class=\"wp-faq-schema-items ui-accordion ui-widget ui-helper-reset\" role=\"tablist\">\n<h3 class=\"ui-accordion-header ui-corner-top ui-state-default ui-accordion-icons\" role=\"tab\" id=\"ui-id-1\" aria-controls=\"ui-id-2\" aria-expanded=\"false\"><span class=\"ez-toc-section\" id=\"Quelle_est_la_composition_principale_du_creme_PROMICIL\"><\/span>\n  Quelle est la composition principale du cr\u00e8me PROMICIL ?<br \/>\n  <span class=\"ez-toc-section-end\"><\/span><\/h3>\n<div class=\"ui-accordion-content ui-corner-bottom ui-helper-reset ui-widget-content\" id=\"ui-id-2\" aria-labelledby=\"ui-id-1\" role=\"tabpanel\" aria-hidden=\"true\">\n<p>Le cr\u00e8me PROMICIL contient de la glyc\u00e9rine, de l&rsquo;ur\u00e9e, du sulfate de magn\u00e9sium et de l&rsquo;extrait de calendula.  <\/p>\n<p>Est-ce que le cr\u00e8me PROMICIL est efficace contre les infections fongiques ?<\/p>\n<\/p><\/div>\n<h3 class=\"ui-accordion-header ui-corner-top ui-state-default ui-accordion-icons\" role=\"tab\" id=\"ui-id-3\" aria-controls=\"ui-id-4\" aria-expanded=\"false\"><span class=\"ez-toc-section\" id=\"Le_creme_PROMICIL_est-il_adapte_pour_une_utilisation_sur_tout_le_corps\"><\/span>\n  Le cr\u00e8me PROMICIL est-il adapt\u00e9 pour une utilisation sur tout le corps ?<br \/>\n  <span class=\"ez-toc-section-end\"><\/span><\/h3>\n<div class=\"ui-accordion-content ui-corner-bottom ui-helper-reset ui-widget-content\" id=\"ui-id-4\" aria-labelledby=\"ui-id-3\" role=\"tabpanel\" aria-hidden=\"true\">\n<p>Oui, il peut \u00eatre utilis\u00e9 sur diff\u00e9rentes zones du corps touch\u00e9es par la mycose, mais il faut suivre les instructions d&rsquo;utilisation.  <\/p>\n<p>Combien de temps faut-il pour voir les premiers r\u00e9sultats apr\u00e8s l&rsquo;application du cr\u00e8me PROMICIL ?<\/p>\n<\/p><\/div>\n<h3 class=\"ui-accordion-header ui-corner-top ui-state-default ui-accordion-icons\" role=\"tab\" id=\"ui-id-5\" aria-controls=\"ui-id-6\" aria-expanded=\"false\"><span class=\"ez-toc-section\" id=\"Le_creme_PROMICIL_peut-il_aider_a_prevenir_la_reapparition_de_la_mycose\"><\/span>\n  Le cr\u00e8me PROMICIL peut-il aider \u00e0 pr\u00e9venir la r\u00e9apparition de la mycose ?<br \/>\n  <span class=\"ez-toc-section-end\"><\/span><\/h3>\n<div class=\"ui-accordion-content ui-corner-bottom ui-helper-reset ui-widget-content\" id=\"ui-id-6\" aria-labelledby=\"ui-id-5\" role=\"tabpanel\" aria-hidden=\"true\">\n<p>Oui, en utilisant r\u00e9guli\u00e8rement le cr\u00e8me selon les recommandations, il peut aider \u00e0 r\u00e9duire le risque de r\u00e9cidive.  <\/p>\n<p>Est-ce que le cr\u00e8me PROMICIL a une odeur d\u00e9sagr\u00e9able ?<\/p>\n<\/p><\/div>\n<h3 class=\"ui-accordion-header ui-corner-top ui-state-default ui-accordion-icons\" role=\"tab\" id=\"ui-id-7\" aria-controls=\"ui-id-8\" aria-expanded=\"false\"><span class=\"ez-toc-section\" id=\"Le_creme_PROMICIL_est-il_efficace_pour_traiter_les_mycoses_des_ongles\"><\/span>\n  Le cr\u00e8me PROMICIL est-il efficace pour traiter les mycoses des ongles ?<br \/>\n  <span class=\"ez-toc-section-end\"><\/span><\/h3>\n<div class=\"ui-accordion-content ui-corner-bottom ui-helper-reset ui-widget-content\" id=\"ui-id-8\" aria-labelledby=\"ui-id-7\" role=\"tabpanel\" aria-hidden=\"true\">\n<p>Ce cr\u00e8me est principalement destin\u00e9 aux infections cutan\u00e9es, et il est pr\u00e9f\u00e9rable de consulter un sp\u00e9cialiste pour les mycoses des ongles.  <\/p>\n<p>Puis-je utiliser le cr\u00e8me PROMICIL en combinaison avec d&rsquo;autres traitements antifongiques ?<\/p>\n<\/p><\/div>\n<h3 class=\"ui-accordion-header ui-corner-top ui-state-default ui-accordion-icons\" role=\"tab\" id=\"ui-id-9\" aria-controls=\"ui-id-10\" aria-expanded=\"false\"><span class=\"ez-toc-section\" id=\"Le_creme_PROMICIL_peut-il_etre_utilise_pour_traiter_les_eruptions_cutanees_causees_par_dautres_causes_que_la_mycose\"><\/span>\n  Le cr\u00e8me PROMICIL peut-il \u00eatre utilis\u00e9 pour traiter les \u00e9ruptions cutan\u00e9es caus\u00e9es par d&rsquo;autres causes que la mycose ?<br \/>\n  <span class=\"ez-toc-section-end\"><\/span><\/h3>\n<div class=\"ui-accordion-content ui-corner-bottom ui-helper-reset ui-widget-content\" id=\"ui-id-10\" aria-labelledby=\"ui-id-9\" role=\"tabpanel\" aria-hidden=\"true\">\n<p>Non, il est sp\u00e9cialement formul\u00e9 pour traiter les infections fongiques, et son utilisation sur d&rsquo;autres types d&rsquo;\u00e9ruptions doit \u00eatre discut\u00e9e avec un m\u00e9decin.  <\/p>\n<p>Le cr\u00e8me PROMICIL est-il efficace contre toutes les esp\u00e8ces de champignons responsables des mycoses ?<\/p>\n<\/p><\/div>\n<\/div>\n<\/div>\n","protected":false},"excerpt":{"rendered":"<p>Qu\u2019est-ce que PROMICIL et quelles sont ses indications\u202f? Le PROMICIL est un m\u00e9dicament sous forme de cr\u00e8me con\u00e7u pour traiter [&hellip;]<\/p>\n","protected":false},"featured_media":179,"comment_status":"open","ping_status":"closed","template":"","meta":{"site-sidebar-layout":"default","site-content-layout":"","ast-site-content-layout":"default","site-content-style":"default","site-sidebar-style":"default","ast-global-header-display":"","ast-banner-title-visibility":"","ast-main-header-display":"","ast-hfb-above-header-display":"","ast-hfb-below-header-display":"","ast-hfb-mobile-header-display":"","site-post-title":"","ast-breadcrumbs-content":"","ast-featured-img":"","footer-sml-layout":"","ast-disable-related-posts":"","theme-transparent-header-meta":"","adv-header-id-meta":"","stick-header-meta":"","header-above-stick-meta":"","header-main-stick-meta":"","header-below-stick-meta":"","astra-migrate-meta-layouts":"default","ast-page-background-enabled":"default","ast-page-background-meta":{"desktop":{"background-color":"var(--ast-global-color-5)","background-image":"","background-repeat":"repeat","background-position":"center center","background-size":"auto","background-attachment":"scroll","background-type":"","background-media":"","overlay-type":"","overlay-color":"","overlay-opacity":"","overlay-gradient":""},"tablet":{"background-color":"","background-image":"","background-repeat":"repeat","background-position":"center center","background-size":"auto","background-attachment":"scroll","background-type":"","background-media":"","overlay-type":"","overlay-color":"","overlay-opacity":"","overlay-gradient":""},"mobile":{"background-color":"","background-image":"","background-repeat":"repeat","background-position":"center center","background-size":"auto","background-attachment":"scroll","background-type":"","background-media":"","overlay-type":"","overlay-color":"","overlay-opacity":"","overlay-gradient":""}},"ast-content-background-meta":{"desktop":{"background-color":"var(--ast-global-color-4)","background-image":"","background-repeat":"repeat","background-position":"center center","background-size":"auto","background-attachment":"scroll","background-type":"","background-media":"","overlay-type":"","overlay-color":"","overlay-opacity":"","overlay-gradient":""},"tablet":{"background-color":"var(--ast-global-color-4)","background-image":"","background-repeat":"repeat","background-position":"center center","background-size":"auto","background-attachment":"scroll","background-type":"","background-media":"","overlay-type":"","overlay-color":"","overlay-opacity":"","overlay-gradient":""},"mobile":{"background-color":"var(--ast-global-color-4)","background-image":"","background-repeat":"repeat","background-position":"center center","background-size":"auto","background-attachment":"scroll","background-type":"","background-media":"","overlay-type":"","overlay-color":"","overlay-opacity":"","overlay-gradient":""}}},"product_brand":[],"product_cat":[15],"product_tag":[],"class_list":{"0":"post-180","1":"product","2":"type-product","3":"status-publish","4":"has-post-thumbnail","6":"product_cat-bien-etre-et-sante-globale","7":"desktop-align-left","8":"tablet-align-left","9":"mobile-align-left","11":"first","12":"instock","13":"sale","14":"shipping-taxable","15":"product-type-external"},"yoast_head":"<!-- This site is optimized with the Yoast SEO plugin v27.5 - https:\/\/yoast.com\/product\/yoast-seo-wordpress\/ -->\n<title>PROMICIL \u2013 Prix, Notice, Composition et Avis Doctissimo \u2764\ufe0f Pharmacie Vivre Sainement<\/title>\n<meta name=\"description\" content=\"\u274c PROMICIL cr\u00e8me - D\u00e9couvrez sa composition, son prix, les avis (positifs et n\u00e9gatifs), et o\u00f9 l\u2019acheter en toute s\u00e9curit\u00e9 en pharmacie en ligne. Est-ce un produit fiable ou une arnaque ?\" \/>\n<meta name=\"robots\" content=\"index, follow, max-snippet:-1, max-image-preview:large, max-video-preview:-1\" \/>\n<link rel=\"canonical\" href=\"https:\/\/www.vivre-covid19.fr\/pharmacie\/medicament\/promicil-creme-contre-les-champignons\/\" \/>\n<meta property=\"og:locale\" content=\"fr_FR\" \/>\n<meta property=\"og:type\" content=\"article\" \/>\n<meta property=\"og:title\" content=\"PROMICIL \u2013 Prix, Notice, Composition et Avis Doctissimo \u2764\ufe0f Pharmacie Vivre Sainement\" \/>\n<meta property=\"og:description\" content=\"\u274c PROMICIL cr\u00e8me - D\u00e9couvrez sa composition, son prix, les avis (positifs et n\u00e9gatifs), et o\u00f9 l\u2019acheter en toute s\u00e9curit\u00e9 en pharmacie en ligne. Est-ce un produit fiable ou une arnaque ?\" \/>\n<meta property=\"og:url\" content=\"https:\/\/www.vivre-covid19.fr\/pharmacie\/medicament\/promicil-creme-contre-les-champignons\/\" \/>\n<meta property=\"og:site_name\" content=\"Pharmacie Vivre Sainement\" \/>\n<meta property=\"article:modified_time\" content=\"2025-05-14T18:48:57+00:00\" \/>\n<meta property=\"og:image\" content=\"https:\/\/www.vivre-covid19.fr\/pharmacie\/wp-content\/uploads\/2025\/05\/promicil.webp\" \/>\n\t<meta property=\"og:image:width\" content=\"600\" \/>\n\t<meta property=\"og:image:height\" content=\"600\" \/>\n\t<meta property=\"og:image:type\" content=\"image\/webp\" \/>\n<meta name=\"twitter:card\" content=\"summary_large_image\" \/>\n<meta name=\"twitter:label1\" content=\"Dur\u00e9e de lecture estim\u00e9e\" \/>\n\t<meta name=\"twitter:data1\" content=\"11 minutes\" \/>\n<script type=\"application\/ld+json\" class=\"yoast-schema-graph\">{\"@context\":\"https:\\\/\\\/schema.org\",\"@graph\":[{\"@type\":\"WebPage\",\"@id\":\"https:\\\/\\\/www.vivre-covid19.fr\\\/pharmacie\\\/medicament\\\/promicil-creme-contre-les-champignons\\\/\",\"url\":\"https:\\\/\\\/www.vivre-covid19.fr\\\/pharmacie\\\/medicament\\\/promicil-creme-contre-les-champignons\\\/\",\"name\":\"PROMICIL \u2013 Prix, Notice, Composition et Avis Doctissimo \u2764\ufe0f Pharmacie Vivre Sainement\",\"isPartOf\":{\"@id\":\"https:\\\/\\\/www.vivre-covid19.fr\\\/pharmacie\\\/#website\"},\"primaryImageOfPage\":{\"@id\":\"https:\\\/\\\/www.vivre-covid19.fr\\\/pharmacie\\\/medicament\\\/promicil-creme-contre-les-champignons\\\/#primaryimage\"},\"image\":{\"@id\":\"https:\\\/\\\/www.vivre-covid19.fr\\\/pharmacie\\\/medicament\\\/promicil-creme-contre-les-champignons\\\/#primaryimage\"},\"thumbnailUrl\":\"https:\\\/\\\/www.vivre-covid19.fr\\\/pharmacie\\\/wp-content\\\/uploads\\\/2025\\\/05\\\/promicil.webp\",\"datePublished\":\"2025-05-14T18:48:40+00:00\",\"dateModified\":\"2025-05-14T18:48:57+00:00\",\"description\":\"\u274c PROMICIL cr\u00e8me - D\u00e9couvrez sa composition, son prix, les avis (positifs et n\u00e9gatifs), et o\u00f9 l\u2019acheter en toute s\u00e9curit\u00e9 en pharmacie en ligne. Est-ce un produit fiable ou une arnaque ?\",\"breadcrumb\":{\"@id\":\"https:\\\/\\\/www.vivre-covid19.fr\\\/pharmacie\\\/medicament\\\/promicil-creme-contre-les-champignons\\\/#breadcrumb\"},\"inLanguage\":\"fr-FR\",\"potentialAction\":[{\"@type\":\"ReadAction\",\"target\":[\"https:\\\/\\\/www.vivre-covid19.fr\\\/pharmacie\\\/medicament\\\/promicil-creme-contre-les-champignons\\\/\"]}]},{\"@type\":\"ImageObject\",\"inLanguage\":\"fr-FR\",\"@id\":\"https:\\\/\\\/www.vivre-covid19.fr\\\/pharmacie\\\/medicament\\\/promicil-creme-contre-les-champignons\\\/#primaryimage\",\"url\":\"https:\\\/\\\/www.vivre-covid19.fr\\\/pharmacie\\\/wp-content\\\/uploads\\\/2025\\\/05\\\/promicil.webp\",\"contentUrl\":\"https:\\\/\\\/www.vivre-covid19.fr\\\/pharmacie\\\/wp-content\\\/uploads\\\/2025\\\/05\\\/promicil.webp\",\"width\":600,\"height\":600},{\"@type\":\"BreadcrumbList\",\"@id\":\"https:\\\/\\\/www.vivre-covid19.fr\\\/pharmacie\\\/medicament\\\/promicil-creme-contre-les-champignons\\\/#breadcrumb\",\"itemListElement\":[{\"@type\":\"ListItem\",\"position\":1,\"name\":\"\u0413\u043b\u0430\u0432\u043d\u0430\u044f \u0441\u0442\u0440\u0430\u043d\u0438\u0446\u0430\",\"item\":\"https:\\\/\\\/www.vivre-covid19.fr\\\/pharmacie\\\/\"},{\"@type\":\"ListItem\",\"position\":2,\"name\":\"Pharmacie Vivre Sainement\",\"item\":\"https:\\\/\\\/www.vivre-covid19.fr\\\/pharmacie\\\/\"},{\"@type\":\"ListItem\",\"position\":3,\"name\":\"PROMICIL cr\u00e8me contre les champignons\"}]},{\"@type\":\"WebSite\",\"@id\":\"https:\\\/\\\/www.vivre-covid19.fr\\\/pharmacie\\\/#website\",\"url\":\"https:\\\/\\\/www.vivre-covid19.fr\\\/pharmacie\\\/\",\"name\":\"Pharmacie Vivre Sainement\",\"description\":\"\",\"publisher\":{\"@id\":\"https:\\\/\\\/www.vivre-covid19.fr\\\/pharmacie\\\/#organization\"},\"potentialAction\":[{\"@type\":\"SearchAction\",\"target\":{\"@type\":\"EntryPoint\",\"urlTemplate\":\"https:\\\/\\\/www.vivre-covid19.fr\\\/pharmacie\\\/?s={search_term_string}\"},\"query-input\":{\"@type\":\"PropertyValueSpecification\",\"valueRequired\":true,\"valueName\":\"search_term_string\"}}],\"inLanguage\":\"fr-FR\"},{\"@type\":\"Organization\",\"@id\":\"https:\\\/\\\/www.vivre-covid19.fr\\\/pharmacie\\\/#organization\",\"name\":\"Pharmacie Vivre Sainement\",\"url\":\"https:\\\/\\\/www.vivre-covid19.fr\\\/pharmacie\\\/\",\"logo\":{\"@type\":\"ImageObject\",\"inLanguage\":\"fr-FR\",\"@id\":\"https:\\\/\\\/www.vivre-covid19.fr\\\/pharmacie\\\/#\\\/schema\\\/logo\\\/image\\\/\",\"url\":\"https:\\\/\\\/www.vivre-covid19.fr\\\/pharmacie\\\/wp-content\\\/uploads\\\/2025\\\/05\\\/farmacia.png\",\"contentUrl\":\"https:\\\/\\\/www.vivre-covid19.fr\\\/pharmacie\\\/wp-content\\\/uploads\\\/2025\\\/05\\\/farmacia.png\",\"width\":1151,\"height\":1280,\"caption\":\"Pharmacie Vivre Sainement\"},\"image\":{\"@id\":\"https:\\\/\\\/www.vivre-covid19.fr\\\/pharmacie\\\/#\\\/schema\\\/logo\\\/image\\\/\"}}]}<\/script>\n<!-- \/ Yoast SEO plugin. -->","yoast_head_json":{"title":"PROMICIL \u2013 Prix, Notice, Composition et Avis Doctissimo \u2764\ufe0f Pharmacie Vivre Sainement","description":"\u274c PROMICIL cr\u00e8me - D\u00e9couvrez sa composition, son prix, les avis (positifs et n\u00e9gatifs), et o\u00f9 l\u2019acheter en toute s\u00e9curit\u00e9 en pharmacie en ligne. Est-ce un produit fiable ou une arnaque ?","robots":{"index":"index","follow":"follow","max-snippet":"max-snippet:-1","max-image-preview":"max-image-preview:large","max-video-preview":"max-video-preview:-1"},"canonical":"https:\/\/www.vivre-covid19.fr\/pharmacie\/medicament\/promicil-creme-contre-les-champignons\/","og_locale":"fr_FR","og_type":"article","og_title":"PROMICIL \u2013 Prix, Notice, Composition et Avis Doctissimo \u2764\ufe0f Pharmacie Vivre Sainement","og_description":"\u274c PROMICIL cr\u00e8me - D\u00e9couvrez sa composition, son prix, les avis (positifs et n\u00e9gatifs), et o\u00f9 l\u2019acheter en toute s\u00e9curit\u00e9 en pharmacie en ligne. Est-ce un produit fiable ou une arnaque ?","og_url":"https:\/\/www.vivre-covid19.fr\/pharmacie\/medicament\/promicil-creme-contre-les-champignons\/","og_site_name":"Pharmacie Vivre Sainement","article_modified_time":"2025-05-14T18:48:57+00:00","og_image":[{"width":600,"height":600,"url":"https:\/\/www.vivre-covid19.fr\/pharmacie\/wp-content\/uploads\/2025\/05\/promicil.webp","type":"image\/webp"}],"twitter_card":"summary_large_image","twitter_misc":{"Dur\u00e9e de lecture estim\u00e9e":"11 minutes"},"schema":{"@context":"https:\/\/schema.org","@graph":[{"@type":"WebPage","@id":"https:\/\/www.vivre-covid19.fr\/pharmacie\/medicament\/promicil-creme-contre-les-champignons\/","url":"https:\/\/www.vivre-covid19.fr\/pharmacie\/medicament\/promicil-creme-contre-les-champignons\/","name":"PROMICIL \u2013 Prix, Notice, Composition et Avis Doctissimo \u2764\ufe0f Pharmacie Vivre Sainement","isPartOf":{"@id":"https:\/\/www.vivre-covid19.fr\/pharmacie\/#website"},"primaryImageOfPage":{"@id":"https:\/\/www.vivre-covid19.fr\/pharmacie\/medicament\/promicil-creme-contre-les-champignons\/#primaryimage"},"image":{"@id":"https:\/\/www.vivre-covid19.fr\/pharmacie\/medicament\/promicil-creme-contre-les-champignons\/#primaryimage"},"thumbnailUrl":"https:\/\/www.vivre-covid19.fr\/pharmacie\/wp-content\/uploads\/2025\/05\/promicil.webp","datePublished":"2025-05-14T18:48:40+00:00","dateModified":"2025-05-14T18:48:57+00:00","description":"\u274c PROMICIL cr\u00e8me - D\u00e9couvrez sa composition, son prix, les avis (positifs et n\u00e9gatifs), et o\u00f9 l\u2019acheter en toute s\u00e9curit\u00e9 en pharmacie en ligne. Est-ce un produit fiable ou une arnaque ?","breadcrumb":{"@id":"https:\/\/www.vivre-covid19.fr\/pharmacie\/medicament\/promicil-creme-contre-les-champignons\/#breadcrumb"},"inLanguage":"fr-FR","potentialAction":[{"@type":"ReadAction","target":["https:\/\/www.vivre-covid19.fr\/pharmacie\/medicament\/promicil-creme-contre-les-champignons\/"]}]},{"@type":"ImageObject","inLanguage":"fr-FR","@id":"https:\/\/www.vivre-covid19.fr\/pharmacie\/medicament\/promicil-creme-contre-les-champignons\/#primaryimage","url":"https:\/\/www.vivre-covid19.fr\/pharmacie\/wp-content\/uploads\/2025\/05\/promicil.webp","contentUrl":"https:\/\/www.vivre-covid19.fr\/pharmacie\/wp-content\/uploads\/2025\/05\/promicil.webp","width":600,"height":600},{"@type":"BreadcrumbList","@id":"https:\/\/www.vivre-covid19.fr\/pharmacie\/medicament\/promicil-creme-contre-les-champignons\/#breadcrumb","itemListElement":[{"@type":"ListItem","position":1,"name":"\u0413\u043b\u0430\u0432\u043d\u0430\u044f \u0441\u0442\u0440\u0430\u043d\u0438\u0446\u0430","item":"https:\/\/www.vivre-covid19.fr\/pharmacie\/"},{"@type":"ListItem","position":2,"name":"Pharmacie Vivre Sainement","item":"https:\/\/www.vivre-covid19.fr\/pharmacie\/"},{"@type":"ListItem","position":3,"name":"PROMICIL cr\u00e8me contre les champignons"}]},{"@type":"WebSite","@id":"https:\/\/www.vivre-covid19.fr\/pharmacie\/#website","url":"https:\/\/www.vivre-covid19.fr\/pharmacie\/","name":"Pharmacie Vivre Sainement","description":"","publisher":{"@id":"https:\/\/www.vivre-covid19.fr\/pharmacie\/#organization"},"potentialAction":[{"@type":"SearchAction","target":{"@type":"EntryPoint","urlTemplate":"https:\/\/www.vivre-covid19.fr\/pharmacie\/?s={search_term_string}"},"query-input":{"@type":"PropertyValueSpecification","valueRequired":true,"valueName":"search_term_string"}}],"inLanguage":"fr-FR"},{"@type":"Organization","@id":"https:\/\/www.vivre-covid19.fr\/pharmacie\/#organization","name":"Pharmacie Vivre Sainement","url":"https:\/\/www.vivre-covid19.fr\/pharmacie\/","logo":{"@type":"ImageObject","inLanguage":"fr-FR","@id":"https:\/\/www.vivre-covid19.fr\/pharmacie\/#\/schema\/logo\/image\/","url":"https:\/\/www.vivre-covid19.fr\/pharmacie\/wp-content\/uploads\/2025\/05\/farmacia.png","contentUrl":"https:\/\/www.vivre-covid19.fr\/pharmacie\/wp-content\/uploads\/2025\/05\/farmacia.png","width":1151,"height":1280,"caption":"Pharmacie Vivre Sainement"},"image":{"@id":"https:\/\/www.vivre-covid19.fr\/pharmacie\/#\/schema\/logo\/image\/"}}]}},"_links":{"self":[{"href":"https:\/\/www.vivre-covid19.fr\/pharmacie\/wp-json\/wp\/v2\/product\/180","targetHints":{"allow":["GET"]}}],"collection":[{"href":"https:\/\/www.vivre-covid19.fr\/pharmacie\/wp-json\/wp\/v2\/product"}],"about":[{"href":"https:\/\/www.vivre-covid19.fr\/pharmacie\/wp-json\/wp\/v2\/types\/product"}],"replies":[{"embeddable":true,"href":"https:\/\/www.vivre-covid19.fr\/pharmacie\/wp-json\/wp\/v2\/comments?post=180"}],"wp:featuredmedia":[{"embeddable":true,"href":"https:\/\/www.vivre-covid19.fr\/pharmacie\/wp-json\/wp\/v2\/media\/179"}],"wp:attachment":[{"href":"https:\/\/www.vivre-covid19.fr\/pharmacie\/wp-json\/wp\/v2\/media?parent=180"}],"wp:term":[{"taxonomy":"product_brand","embeddable":true,"href":"https:\/\/www.vivre-covid19.fr\/pharmacie\/wp-json\/wp\/v2\/product_brand?post=180"},{"taxonomy":"product_cat","embeddable":true,"href":"https:\/\/www.vivre-covid19.fr\/pharmacie\/wp-json\/wp\/v2\/product_cat?post=180"},{"taxonomy":"product_tag","embeddable":true,"href":"https:\/\/www.vivre-covid19.fr\/pharmacie\/wp-json\/wp\/v2\/product_tag?post=180"}],"curies":[{"name":"wp","href":"https:\/\/api.w.org\/{rel}","templated":true}]}}