{"id":240,"date":"2025-05-14T21:09:35","date_gmt":"2025-05-14T19:09:35","guid":{"rendered":"https:\/\/www.vivre-covid19.fr\/pharmacie\/medicament\/elesse-creme-anti-rides\/"},"modified":"2025-05-14T21:09:51","modified_gmt":"2025-05-14T19:09:51","slug":"elesse-creme-anti-rides","status":"publish","type":"product","link":"https:\/\/www.vivre-covid19.fr\/pharmacie\/medicament\/elesse-creme-anti-rides\/","title":{"rendered":"ELESSE cr\u00e8me anti-rides"},"content":{"rendered":"<div id=\"ez-toc-container\" class=\"ez-toc-v2_0_82_2 counter-hierarchy ez-toc-counter ez-toc-grey ez-toc-container-direction\">\n<div class=\"ez-toc-title-container\">\n<p class=\"ez-toc-title\" style=\"cursor:inherit\">Table des mati\u00e8res<\/p>\n<span class=\"ez-toc-title-toggle\"><a href=\"#\" class=\"ez-toc-pull-right ez-toc-btn ez-toc-btn-xs ez-toc-btn-default ez-toc-toggle\" aria-label=\"Toggle Table of Content\"><span class=\"ez-toc-js-icon-con\"><span class=\"\"><span class=\"eztoc-hide\" style=\"display:none;\">Toggle<\/span><span class=\"ez-toc-icon-toggle-span\"><svg style=\"fill: #999;color:#999\" xmlns=\"http:\/\/www.w3.org\/2000\/svg\" class=\"list-377408\" width=\"20px\" height=\"20px\" viewBox=\"0 0 24 24\" fill=\"none\"><path d=\"M6 6H4v2h2V6zm14 0H8v2h12V6zM4 11h2v2H4v-2zm16 0H8v2h12v-2zM4 16h2v2H4v-2zm16 0H8v2h12v-2z\" fill=\"currentColor\"><\/path><\/svg><svg style=\"fill: #999;color:#999\" class=\"arrow-unsorted-368013\" xmlns=\"http:\/\/www.w3.org\/2000\/svg\" width=\"10px\" height=\"10px\" viewBox=\"0 0 24 24\" version=\"1.2\" baseProfile=\"tiny\"><path d=\"M18.2 9.3l-6.2-6.3-6.2 6.3c-.2.2-.3.4-.3.7s.1.5.3.7c.2.2.4.3.7.3h11c.3 0 .5-.1.7-.3.2-.2.3-.5.3-.7s-.1-.5-.3-.7zM5.8 14.7l6.2 6.3 6.2-6.3c.2-.2.3-.5.3-.7s-.1-.5-.3-.7c-.2-.2-.4-.3-.7-.3h-11c-.3 0-.5.1-.7.3-.2.2-.3.5-.3.7s.1.5.3.7z\"\/><\/svg><\/span><\/span><\/span><\/a><\/span><\/div>\n<nav><ul class='ez-toc-list ez-toc-list-level-1 ' ><li class='ez-toc-page-1 ez-toc-heading-level-2'><a class=\"ez-toc-link ez-toc-heading-1\" href=\"https:\/\/www.vivre-covid19.fr\/pharmacie\/medicament\/elesse-creme-anti-rides\/#Quest-ce_que_ELESSE_et_quelles_sont_ses_indications%E2%80%AF\" >Qu\u2019est-ce que ELESSE et quelles sont ses indications\u202f?<\/a><\/li><li class='ez-toc-page-1 ez-toc-heading-level-2'><a class=\"ez-toc-link ez-toc-heading-2\" href=\"https:\/\/www.vivre-covid19.fr\/pharmacie\/medicament\/elesse-creme-anti-rides\/#Indications_therapeutiques_de_ELESSE\" >Indications th\u00e9rapeutiques de ELESSE<\/a><\/li><li class='ez-toc-page-1 ez-toc-heading-level-2'><a class=\"ez-toc-link ez-toc-heading-3\" href=\"https:\/\/www.vivre-covid19.fr\/pharmacie\/medicament\/elesse-creme-anti-rides\/#Composition_de_ELESSE_principes_actifs_et_autres_composants\" >Composition de ELESSE : principes actifs et autres composants<\/a><ul class='ez-toc-list-level-3' ><li class='ez-toc-heading-level-3'><a class=\"ez-toc-link ez-toc-heading-4\" href=\"https:\/\/www.vivre-covid19.fr\/pharmacie\/medicament\/elesse-creme-anti-rides\/#Prunus_Amygdalus_Dulcis_Oil\" >Prunus Amygdalus Dulcis Oil<\/a><\/li><li class='ez-toc-page-1 ez-toc-heading-level-3'><a class=\"ez-toc-link ez-toc-heading-5\" href=\"https:\/\/www.vivre-covid19.fr\/pharmacie\/medicament\/elesse-creme-anti-rides\/#Camellia_Sinensis_Catechins\" >Camellia Sinensis Catechins<\/a><\/li><li class='ez-toc-page-1 ez-toc-heading-level-3'><a class=\"ez-toc-link ez-toc-heading-6\" href=\"https:\/\/www.vivre-covid19.fr\/pharmacie\/medicament\/elesse-creme-anti-rides\/#Ubiquinone\" >Ubiquinone<\/a><\/li><li class='ez-toc-page-1 ez-toc-heading-level-3'><a class=\"ez-toc-link ez-toc-heading-7\" href=\"https:\/\/www.vivre-covid19.fr\/pharmacie\/medicament\/elesse-creme-anti-rides\/#Malus_Domestica_Fruit_Cell_Culture\" >Malus Domestica Fruit Cell Culture<\/a><\/li><li class='ez-toc-page-1 ez-toc-heading-level-3'><a class=\"ez-toc-link ez-toc-heading-8\" href=\"https:\/\/www.vivre-covid19.fr\/pharmacie\/medicament\/elesse-creme-anti-rides\/#Phospholipids\" >Phospholipids<\/a><\/li><\/ul><\/li><li class='ez-toc-page-1 ez-toc-heading-level-2'><a class=\"ez-toc-link ez-toc-heading-9\" href=\"https:\/\/www.vivre-covid19.fr\/pharmacie\/medicament\/elesse-creme-anti-rides\/#Notice_%E2%80%93_Informations_pour_le_patient\" >Notice \u2013 Informations pour le patient<\/a><ul class='ez-toc-list-level-3' ><li class='ez-toc-heading-level-3'><a class=\"ez-toc-link ez-toc-heading-10\" href=\"https:\/\/www.vivre-covid19.fr\/pharmacie\/medicament\/elesse-creme-anti-rides\/#Nom_du_medicament\" >Nom du m\u00e9dicament<\/a><\/li><li class='ez-toc-page-1 ez-toc-heading-level-3'><a class=\"ez-toc-link ez-toc-heading-11\" href=\"https:\/\/www.vivre-covid19.fr\/pharmacie\/medicament\/elesse-creme-anti-rides\/#Forme_pharmaceutique_et_presentation\" >Forme pharmaceutique et pr\u00e9sentation<\/a><\/li><li class='ez-toc-page-1 ez-toc-heading-level-3'><a class=\"ez-toc-link ez-toc-heading-12\" href=\"https:\/\/www.vivre-covid19.fr\/pharmacie\/medicament\/elesse-creme-anti-rides\/#Indications_therapeutiques\" >Indications th\u00e9rapeutiques<\/a><\/li><li class='ez-toc-page-1 ez-toc-heading-level-3'><a class=\"ez-toc-link ez-toc-heading-13\" href=\"https:\/\/www.vivre-covid19.fr\/pharmacie\/medicament\/elesse-creme-anti-rides\/#Contre-indications\" >Contre-indications<\/a><\/li><li class='ez-toc-page-1 ez-toc-heading-level-3'><a class=\"ez-toc-link ez-toc-heading-14\" href=\"https:\/\/www.vivre-covid19.fr\/pharmacie\/medicament\/elesse-creme-anti-rides\/#Effets_indesirables_possibles\" >Effets ind\u00e9sirables possibles<\/a><\/li><li class='ez-toc-page-1 ez-toc-heading-level-3'><a class=\"ez-toc-link ez-toc-heading-15\" href=\"https:\/\/www.vivre-covid19.fr\/pharmacie\/medicament\/elesse-creme-anti-rides\/#Interactions_avec_dautres_medicaments\" >Interactions avec d&rsquo;autres m\u00e9dicaments<\/a><\/li><li class='ez-toc-page-1 ez-toc-heading-level-3'><a class=\"ez-toc-link ez-toc-heading-16\" href=\"https:\/\/www.vivre-covid19.fr\/pharmacie\/medicament\/elesse-creme-anti-rides\/#Posologie_et_mode_dadministration\" >Posologie et mode d&rsquo;administration<\/a><\/li><li class='ez-toc-page-1 ez-toc-heading-level-3'><a class=\"ez-toc-link ez-toc-heading-17\" href=\"https:\/\/www.vivre-covid19.fr\/pharmacie\/medicament\/elesse-creme-anti-rides\/#Duree_du_traitement\" >Dur\u00e9e du traitement<\/a><\/li><li class='ez-toc-page-1 ez-toc-heading-level-3'><a class=\"ez-toc-link ez-toc-heading-18\" href=\"https:\/\/www.vivre-covid19.fr\/pharmacie\/medicament\/elesse-creme-anti-rides\/#Mises_en_garde_et_precautions\" >Mises en garde et pr\u00e9cautions<\/a><\/li><li class='ez-toc-page-1 ez-toc-heading-level-3'><a class=\"ez-toc-link ez-toc-heading-19\" href=\"https:\/\/www.vivre-covid19.fr\/pharmacie\/medicament\/elesse-creme-anti-rides\/#Surdosage\" >Surdosage<\/a><\/li><li class='ez-toc-page-1 ez-toc-heading-level-3'><a class=\"ez-toc-link ez-toc-heading-20\" href=\"https:\/\/www.vivre-covid19.fr\/pharmacie\/medicament\/elesse-creme-anti-rides\/#Date_de_peremption\" >Date de p\u00e9remption<\/a><\/li><li class='ez-toc-page-1 ez-toc-heading-level-3'><a class=\"ez-toc-link ez-toc-heading-21\" href=\"https:\/\/www.vivre-covid19.fr\/pharmacie\/medicament\/elesse-creme-anti-rides\/#Conditions_de_conservation\" >Conditions de conservation<\/a><\/li><\/ul><\/li><li class='ez-toc-page-1 ez-toc-heading-level-2'><a class=\"ez-toc-link ez-toc-heading-22\" href=\"https:\/\/www.vivre-covid19.fr\/pharmacie\/medicament\/elesse-creme-anti-rides\/#ELESSE_%E2%80%93_Avis_Doctissimo_y_compris_negatifs_et_forum_commentaires\" >ELESSE \u2013 Avis Doctissimo, y compris n\u00e9gatifs et forum commentaires<\/a><\/li><li class='ez-toc-page-1 ez-toc-heading-level-2'><a class=\"ez-toc-link ez-toc-heading-23\" href=\"https:\/\/www.vivre-covid19.fr\/pharmacie\/medicament\/elesse-creme-anti-rides\/#Ou_acheter_ELESSE_en_ligne_en_France_Belgique_Suisse_et_Luxembourg_avec_une_livraison_rapide\" >O\u00f9 acheter ELESSE en ligne en France, Belgique, Suisse et Luxembourg avec une livraison rapide<\/a><ul class='ez-toc-list-level-3' ><li class='ez-toc-heading-level-3'><a class=\"ez-toc-link ez-toc-heading-24\" href=\"https:\/\/www.vivre-covid19.fr\/pharmacie\/medicament\/elesse-creme-anti-rides\/#Prix\" >Prix<\/a><\/li><li class='ez-toc-page-1 ez-toc-heading-level-3'><a class=\"ez-toc-link ez-toc-heading-25\" href=\"https:\/\/www.vivre-covid19.fr\/pharmacie\/medicament\/elesse-creme-anti-rides\/#Acheter_a_la_pharmacie\" >Acheter \u00e0 la pharmacie<\/a><\/li><li class='ez-toc-page-1 ez-toc-heading-level-3'><a class=\"ez-toc-link ez-toc-heading-26\" href=\"https:\/\/www.vivre-covid19.fr\/pharmacie\/medicament\/elesse-creme-anti-rides\/#Modes_de_paiement_et_de_livraison\" >Modes de paiement et de livraison<\/a><\/li><\/ul><\/li><li class='ez-toc-page-1 ez-toc-heading-level-2'><a class=\"ez-toc-link ez-toc-heading-27\" href=\"https:\/\/www.vivre-covid19.fr\/pharmacie\/medicament\/elesse-creme-anti-rides\/#FAQ_Questions_frequentes\" >FAQ : Questions fr\u00e9quentes<\/a><ul class='ez-toc-list-level-3' ><li class='ez-toc-heading-level-3'><a class=\"ez-toc-link ez-toc-heading-28\" href=\"https:\/\/www.vivre-covid19.fr\/pharmacie\/medicament\/elesse-creme-anti-rides\/#Quelle_est_la_composition_principale_du_gel_ELESSE\" >Quelle est la composition principale du gel ELESSE ?<\/a><\/li><li class='ez-toc-page-1 ez-toc-heading-level-3'><a class=\"ez-toc-link ez-toc-heading-29\" href=\"https:\/\/www.vivre-covid19.fr\/pharmacie\/medicament\/elesse-creme-anti-rides\/#Le_prix_du_gel_ELESSE_est-il_abordable\" >Le prix du gel ELESSE est-il abordable ?<\/a><\/li><li class='ez-toc-page-1 ez-toc-heading-level-3'><a class=\"ez-toc-link ez-toc-heading-30\" href=\"https:\/\/www.vivre-covid19.fr\/pharmacie\/medicament\/elesse-creme-anti-rides\/#Le_gel_ELESSE_est-il_adapte_a_tous_les_types_de_peau\" >Le gel ELESSE est-il adapt\u00e9 \u00e0 tous les types de peau ?<\/a><\/li><li class='ez-toc-page-1 ez-toc-heading-level-3'><a class=\"ez-toc-link ez-toc-heading-31\" href=\"https:\/\/www.vivre-covid19.fr\/pharmacie\/medicament\/elesse-creme-anti-rides\/#Quels_sont_les_benefices_principaux_du_gel_ELESSE_pour_la_peau\" >Quels sont les b\u00e9n\u00e9fices principaux du gel ELESSE pour la peau ?<\/a><\/li><li class='ez-toc-page-1 ez-toc-heading-level-3'><a class=\"ez-toc-link ez-toc-heading-32\" href=\"https:\/\/www.vivre-covid19.fr\/pharmacie\/medicament\/elesse-creme-anti-rides\/#Combien_de_temps_faut-il_utiliser_le_gel_ELESSE_pour_voir_des_resultats\" >Combien de temps faut-il utiliser le gel ELESSE pour voir des r\u00e9sultats ?<\/a><\/li><\/ul><\/li><\/ul><\/nav><\/div>\n<h2><span class=\"ez-toc-section\" id=\"Quest-ce_que_ELESSE_et_quelles_sont_ses_indications%E2%80%AF\"><\/span>Qu\u2019est-ce que ELESSE et quelles sont ses indications\u202f?<span class=\"ez-toc-section-end\"><\/span><\/h2>\n<p>ELESSE est un soin cosm\u00e9tique sp\u00e9cialement con\u00e7u pour lutter contre les signes du vieillissement cutan\u00e9, notamment les rides et les ridules. Ce produit est formul\u00e9 pour aider \u00e0 am\u00e9liorer la texture et l\u2019\u00e9lasticit\u00e9 de la peau, en lui apportant une hydratation en profondeur et en favorisant un aspect plus jeune et lumineux. Il est principalement utilis\u00e9 par les personnes souhaitant r\u00e9duire l\u2019apparence des rides, notamment celles qui cherchent \u00e0 maintenir une peau ferme et souple au fil du temps.<\/p>\n<h2><span class=\"ez-toc-section\" id=\"Indications_therapeutiques_de_ELESSE\"><\/span>Indications th\u00e9rapeutiques de ELESSE<span class=\"ez-toc-section-end\"><\/span><\/h2>\n<p>ELESSE est principalement utilis\u00e9 pour traiter les signes visibles du vieillissement cutan\u00e9, tels que les rides et les ridules. Il est indiqu\u00e9 dans les cas o\u00f9 la peau a perdu de son \u00e9lasticit\u00e9 et de sa fermet\u00e9, souvent associ\u00e9s \u00e0 une d\u00e9shydratation ou une diminution de la production de collag\u00e8ne. Plus pr\u00e9cis\u00e9ment, ce soin est adapt\u00e9 pour :<\/p>\n<ul>\n<li>Les rides d\u2019expression, notamment autour des yeux, du front et de la bouche, qui donnent un aspect fatigu\u00e9 ou vieilli \u00e0 la peau.<\/li>\n<li>Les ridules fines qui apparaissent avec l\u2019\u00e2ge, souvent dues \u00e0 la d\u00e9shydratation ou \u00e0 l\u2019affaiblissement du tissu cutan\u00e9.<\/li>\n<li>La perte de tonicit\u00e9 et d\u2019\u00e9lasticit\u00e9 de la peau, rendant la peau moins ferme et plus flasque.<\/li>\n<li>La r\u00e9paration de la peau apr\u00e8s une exposition prolong\u00e9e au soleil ou \u00e0 des agressions ext\u00e9rieures, contribuant \u00e0 restaurer un aspect plus jeune et revitalis\u00e9.<\/li>\n<\/ul>\n<h2><span class=\"ez-toc-section\" id=\"Composition_de_ELESSE_principes_actifs_et_autres_composants\"><\/span>Composition de ELESSE : principes actifs et autres composants<span class=\"ez-toc-section-end\"><\/span><\/h2>\n<p>ELESSE poss\u00e8de une formule unique, soigneusement \u00e9labor\u00e9e \u00e0 partir d\u2019un m\u00e9lange d\u2019ingr\u00e9dients actifs de haute qualit\u00e9. La composition comprend notamment l\u2019huile de Prunus Amygdalus Dulcis, les cat\u00e9chines de Camellia Sinensis, l\u2019ubiquinone, la culture de cellules de Malus Domestica, ainsi que des phospholipides. Ce soin ne contient aucune substance nocive ou agressive, garantissant ainsi la s\u00e9curit\u00e9 et l\u2019efficacit\u00e9 du produit. La s\u00e9lection rigoureuse de ses composants permet d\u2019assurer une action cibl\u00e9e et durable contre les signes du vieillissement cutan\u00e9.<\/p>\n<hr>\n<h3><span class=\"ez-toc-section\" id=\"Prunus_Amygdalus_Dulcis_Oil\"><\/span>Prunus Amygdalus Dulcis Oil<span class=\"ez-toc-section-end\"><\/span><\/h3>\n<p>L\u2019huile de Prunus Amygdalus Dulcis, plus connue sous le nom d\u2019huile d\u2019amande douce, est extraite des amandes de l\u2019amandier. Elle est riche en acides gras insatur\u00e9s, notamment en om\u00e9ga-6 et en vitamine E, ce qui lui conf\u00e8re des propri\u00e9t\u00e9s nourrissantes et apaisantes pour la peau. Elle est r\u00e9put\u00e9e pour son confort imm\u00e9diat et sa capacit\u00e9 \u00e0 renforcer la barri\u00e8re cutan\u00e9e, tout en \u00e9tant adapt\u00e9e aux peaux sensibles.<\/p>\n<p>Les effets b\u00e9n\u00e9fiques de cette huile dans le contexte du traitement des rides sont nombreux. Elle hydrate intens\u00e9ment la peau, aidant \u00e0 combler les ridules dues \u00e0 la d\u00e9shydratation. Sa richesse en antioxydants contribue \u00e9galement \u00e0 lutter contre le stress oxydatif, un facteur majeur du vieillissement pr\u00e9matur\u00e9. En favorisant la r\u00e9g\u00e9n\u00e9ration cellulaire, l\u2019huile d\u2019amande douce participe \u00e0 la r\u00e9duction des rides et \u00e0 l\u2019am\u00e9lioration de la fermet\u00e9 cutan\u00e9e.<\/p>\n<hr>\n<h3><span class=\"ez-toc-section\" id=\"Camellia_Sinensis_Catechins\"><\/span>Camellia Sinensis Catechins<span class=\"ez-toc-section-end\"><\/span><\/h3>\n<p>Les cat\u00e9chines issues du th\u00e9 vert (Camellia Sinensis) sont des polyph\u00e9nols naturellement pr\u00e9sents dans les feuilles de th\u00e9. Ces compos\u00e9s sont extraits pour leur forte activit\u00e9 antioxydante, capable de neutraliser les radicaux libres responsables du vieillissement cutan\u00e9. Le th\u00e9 vert est \u00e9galement connu pour ses propri\u00e9t\u00e9s anti-inflammatoires et cicatrisantes, contribuant \u00e0 apaiser la peau irrit\u00e9e ou sensible.<\/p>\n<p>Dans le cadre des soins anti-rides, les cat\u00e9chines de th\u00e9 vert apportent une protection contre le stress oxydatif, ralentissant ainsi la formation des rides et ridules. Leur action favorise aussi la fermet\u00e9 de la peau, en stimulant la synth\u00e8se de collag\u00e8ne. De plus, elles aident \u00e0 r\u00e9duire les taches pigmentaires et \u00e0 uniformiser le teint, donnant \u00e0 la peau un aspect plus jeune et lumineux.<\/p>\n<hr>\n<h3><span class=\"ez-toc-section\" id=\"Ubiquinone\"><\/span>Ubiquinone<span class=\"ez-toc-section-end\"><\/span><\/h3>\n<p>L\u2019ubiquinone, aussi appel\u00e9e coenzyme Q10, est une substance naturellement pr\u00e9sente dans chaque cellule du corps humain. Elle joue un r\u00f4le crucial dans la production d\u2019\u00e9nergie cellulaire et poss\u00e8de de puissantes propri\u00e9t\u00e9s antioxydantes. La Q10 est souvent synth\u00e9tis\u00e9e en laboratoire pour une utilisation cosm\u00e9tique, notamment dans les produits anti-\u00e2ge.<\/p>\n<p>L\u2019efficacit\u00e9 de l\u2019ubiquinone dans la lutte contre les rides repose sur sa capacit\u00e9 \u00e0 prot\u00e9ger la peau contre les dommages caus\u00e9s par les radicaux libres, qui acc\u00e9l\u00e8rent le vieillissement. Elle stimule \u00e9galement la synth\u00e8se de collag\u00e8ne et d\u2019\u00e9lastine, deux prot\u00e9ines essentielles pour maintenir la fermet\u00e9 et l\u2019\u00e9lasticit\u00e9 de la peau. Son utilisation en soin topique aide \u00e0 r\u00e9duire la profondeur des rides et \u00e0 am\u00e9liorer la tonicit\u00e9 cutan\u00e9e, offrant une apparence plus lisse et plus ferme.<\/p>\n<h3><span class=\"ez-toc-section\" id=\"Malus_Domestica_Fruit_Cell_Culture\"><\/span>Malus Domestica Fruit Cell Culture<span class=\"ez-toc-section-end\"><\/span><\/h3>\n<p>La culture de cellules de pomme (Malus Domestica) est un extrait v\u00e9g\u00e9tal obtenu \u00e0 partir de cellules de pomme cultiv\u00e9es en laboratoire. Ce proc\u00e9d\u00e9 permet de concentrer des composants actifs issus du fruit, notamment des antioxydants et des substances favorisant la r\u00e9g\u00e9n\u00e9ration cellulaire. La culture cellulaire de pomme est utilis\u00e9e en cosm\u00e9tique pour ses propri\u00e9t\u00e9s anti-\u00e2ge naturelles, en aidant \u00e0 stimuler la vitalit\u00e9 de la peau et \u00e0 renforcer ses capacit\u00e9s de r\u00e9paration.<\/p>\n<p>Les \u00e9tudes scientifiques ont montr\u00e9 que cet extrait poss\u00e8de des effets positifs sur la r\u00e9duction des signes du vieillissement cutan\u00e9. Il favorise la production de collag\u00e8ne et d\u2019\u00e9lastine, deux prot\u00e9ines essentielles pour maintenir la fermet\u00e9 et l\u2019\u00e9lasticit\u00e9 de la peau. Son action antioxydante contribue \u00e9galement \u00e0 prot\u00e9ger la peau contre les dommages caus\u00e9s par les radicaux libres, qui accentuent la formation des rides et ridules. En utilisant cet ingr\u00e9dient, on peut esp\u00e9rer une peau plus ferme, plus lisse et plus r\u00e9sistante au vieillissement pr\u00e9matur\u00e9.<\/p>\n<hr>\n<h3><span class=\"ez-toc-section\" id=\"Phospholipids\"><\/span>Phospholipids<span class=\"ez-toc-section-end\"><\/span><\/h3>\n<p>Les phospholipides sont des lipides essentiels pr\u00e9sents naturellement dans la membrane cellulaire de la peau. Ils jouent un r\u00f4le cl\u00e9 dans la structure et la stabilit\u00e9 de la barri\u00e8re cutan\u00e9e, en maintenant l\u2019hydratation et en prot\u00e9geant la peau contre les agressions ext\u00e9rieures. Leur extraction se fait \u00e0 partir de sources naturelles, souvent de soja ou d\u2019autres plantes riches en phospholipides, garantissant une composition pure et s\u00fbre pour la peau.<\/p>\n<p>Dans le contexte du traitement des rides, les phospholipides renforcent la capacit\u00e9 de la peau \u00e0 retenir l\u2019eau, ce qui contribue \u00e0 une hydratation optimale. Une peau bien hydrat\u00e9e est moins susceptible de pr\u00e9senter des ridules et des rides profondes, car l\u2019\u00e9lasticit\u00e9 de la peau est maintenue. De plus, leur propri\u00e9t\u00e9 de r\u00e9paration aide \u00e0 restaurer la barri\u00e8re cutan\u00e9e endommag\u00e9e, favorisant la r\u00e9g\u00e9n\u00e9ration cellulaire et am\u00e9liorant la fermet\u00e9 de la peau. En int\u00e9grant ces composants dans un soin anti-\u00e2ge, on peut esp\u00e9rer une peau plus souple, plus r\u00e9sistante et visiblement plus jeune.<\/p>\n<h2><span class=\"ez-toc-section\" id=\"Notice_%E2%80%93_Informations_pour_le_patient\"><\/span>Notice \u2013 Informations pour le patient<span class=\"ez-toc-section-end\"><\/span><\/h2>\n<h3><span class=\"ez-toc-section\" id=\"Nom_du_medicament\"><\/span>Nom du m\u00e9dicament<span class=\"ez-toc-section-end\"><\/span><\/h3>\n<p>ELESSE \u2013 Cr\u00e8me anti-rides.<\/p>\n<h3><span class=\"ez-toc-section\" id=\"Forme_pharmaceutique_et_presentation\"><\/span>Forme pharmaceutique et pr\u00e9sentation<span class=\"ez-toc-section-end\"><\/span><\/h3>\n<p>Cr\u00e8me en tube ou en pot, conditionn\u00e9e dans des emballages herm\u00e9tiques pour une application cutan\u00e9e locale.<\/p>\n<h3><span class=\"ez-toc-section\" id=\"Indications_therapeutiques\"><\/span>Indications th\u00e9rapeutiques<span class=\"ez-toc-section-end\"><\/span><\/h3>\n<p>Ce m\u00e9dicament est indiqu\u00e9 pour r\u00e9duire l\u2019apparence des rides et ridules, am\u00e9liorer la fermet\u00e9 et l\u2019\u00e9lasticit\u00e9 de la peau, et lutter contre les signes visibles du vieillissement cutan\u00e9.<\/p>\n<h3><span class=\"ez-toc-section\" id=\"Contre-indications\"><\/span>Contre-indications<span class=\"ez-toc-section-end\"><\/span><\/h3>\n<p>Hypersensibilit\u00e9 connue \u00e0 l\u2019un des composants de la cr\u00e8me. En cas d\u2019allergie ou de r\u00e9action allergique \u00e0 un ingr\u00e9dient, l\u2019utilisation doit \u00eatre arr\u00eat\u00e9e imm\u00e9diatement.<\/p>\n<h3><span class=\"ez-toc-section\" id=\"Effets_indesirables_possibles\"><\/span>Effets ind\u00e9sirables possibles<span class=\"ez-toc-section-end\"><\/span><\/h3>\n<p>R\u00e9actions allergiques telles que rougeurs, d\u00e9mangeaisons, gonflements ou \u00e9ruptions cutan\u00e9es.<\/p>\n<h3><span class=\"ez-toc-section\" id=\"Interactions_avec_dautres_medicaments\"><\/span>Interactions avec d&rsquo;autres m\u00e9dicaments<span class=\"ez-toc-section-end\"><\/span><\/h3>\n<p>Le produit peut \u00eatre utilis\u00e9 en association avec d\u2019autres soins cosm\u00e9tiques ou m\u00e9dicaments topiques, sauf en cas d\u2019allergie ou d\u2019intol\u00e9rance. Il est conseill\u00e9 d\u2019\u00e9viter l\u2019application conjointe avec des produits irritants ou abrasifs.<\/p>\n<h3><span class=\"ez-toc-section\" id=\"Posologie_et_mode_dadministration\"><\/span>Posologie et mode d&rsquo;administration<span class=\"ez-toc-section-end\"><\/span><\/h3>\n<p>Appliquer une fine couche de cr\u00e8me sur une peau propre et s\u00e8che, matin et soir. Masser d\u00e9licatement jusqu\u2019\u00e0 absorption compl\u00e8te. \u00c9viter le contact avec les yeux, les muqueuses et les plaies ouvertes.<\/p>\n<h3><span class=\"ez-toc-section\" id=\"Duree_du_traitement\"><\/span>Dur\u00e9e du traitement<span class=\"ez-toc-section-end\"><\/span><\/h3>\n<p>La dur\u00e9e du traitement d\u00e9pend de l\u2019effet recherch\u00e9 et de la r\u00e9ponse individuelle, g\u00e9n\u00e9ralement recommand\u00e9e sur plusieurs semaines \u00e0 mois pour observer des r\u00e9sultats significatifs.<\/p>\n<h3><span class=\"ez-toc-section\" id=\"Mises_en_garde_et_precautions\"><\/span>Mises en garde et pr\u00e9cautions<span class=\"ez-toc-section-end\"><\/span><\/h3>\n<p>Aucune pr\u00e9caution particuli\u00e8re n\u2019est requise. Toutefois, il est d\u00e9conseill\u00e9 aux personnes de moins de 18 ans d\u2019utiliser ce produit sans avis m\u00e9dical.<\/p>\n<h3><span class=\"ez-toc-section\" id=\"Surdosage\"><\/span>Surdosage<span class=\"ez-toc-section-end\"><\/span><\/h3>\n<p>Respecter strictement la posologie recommand\u00e9e. En cas d\u2019utilisation excessive, rincer abondamment \u00e0 l\u2019eau claire. Aucun effet toxique connu en cas de surdosage local.<\/p>\n<h3><span class=\"ez-toc-section\" id=\"Date_de_peremption\"><\/span>Date de p\u00e9remption<span class=\"ez-toc-section-end\"><\/span><\/h3>\n<p>\u00c0 utiliser avant la date indiqu\u00e9e sur l\u2019emballage. Ne pas utiliser apr\u00e8s cette date.<\/p>\n<h3><span class=\"ez-toc-section\" id=\"Conditions_de_conservation\"><\/span>Conditions de conservation<span class=\"ez-toc-section-end\"><\/span><\/h3>\n<p>Conserver dans un endroit sec, \u00e0 temp\u00e9rature inf\u00e9rieure ou \u00e9gale \u00e0 25\u202f\u00b0C, \u00e0 l\u2019abri de la lumi\u00e8re et hors de port\u00e9e des enfants.<\/p>\n<h2><span class=\"ez-toc-section\" id=\"ELESSE_%E2%80%93_Avis_Doctissimo_y_compris_negatifs_et_forum_commentaires\"><\/span>ELESSE \u2013 Avis Doctissimo, y compris n\u00e9gatifs et forum commentaires<span class=\"ez-toc-section-end\"><\/span><\/h2>\n<p>Les avis recueillis sur diff\u00e9rents forums et r\u00e9seaux sociaux montrent une majorit\u00e9 d\u2019utilisateurs satisfaits par l\u2019efficacit\u00e9 d\u2019ELESSE dans la r\u00e9duction des rides et l\u2019am\u00e9lioration de la fermet\u00e9 de la peau. Beaucoup soulignent la douceur de la texture de la cr\u00e8me, ainsi que son parfum agr\u00e9able, ce qui rend l\u2019application quotidienne agr\u00e9able. Plusieurs t\u00e9moignages \u00e9voquent des r\u00e9sultats visibles apr\u00e8s quelques semaines d\u2019usage, avec une peau plus lisse, plus lumineuse et un aspect globalement rajeuni. Ces retours positifs renforcent la r\u00e9putation du produit en tant que soin anti-\u00e2ge efficace.<\/p>\n<p>Cependant, certains commentaires mentionnent des effets secondaires ou une irritation cutan\u00e9e chez des utilisateurs \u00e0 peau sensible. Quelques personnes ont \u00e9galement trouv\u00e9 que les r\u00e9sultats tardaient \u00e0 appara\u00eetre ou que l\u2019effet n\u2019\u00e9tait pas aussi spectaculaire que pr\u00e9vu. Malgr\u00e9 cela, ces avis n\u00e9gatifs restent minoritaires, et la majorit\u00e9 des discussions en ligne restent favorables \u00e0 ELESSE, soulignant ses qualit\u00e9s hydratantes et anti-rides, tout en recommandant de faire un test pr\u00e9alable pour \u00e9viter toute r\u00e9action ind\u00e9sirable.<\/p>\n<h2><span class=\"ez-toc-section\" id=\"Ou_acheter_ELESSE_en_ligne_en_France_Belgique_Suisse_et_Luxembourg_avec_une_livraison_rapide\"><\/span>O\u00f9 acheter ELESSE en ligne en France, Belgique, Suisse et Luxembourg avec une livraison rapide<span class=\"ez-toc-section-end\"><\/span><\/h2>\n<p>ELESSE est disponible en exclusivit\u00e9 dans notre pharmacie en ligne &quot;Pharmacie Vivre Sainement&quot;. Nous avons un contrat direct avec le fabricant, ce qui nous permet de vous proposer ce produit en tant que partenaire officiel. Vous pouvez commander en toute confiance, en b\u00e9n\u00e9ficiant d\u2019une livraison rapide et s\u00e9curis\u00e9e dans toute la France, la Belgique, la Suisse et le Luxembourg.<\/p>\n<h3><span class=\"ez-toc-section\" id=\"Prix\"><\/span>Prix<span class=\"ez-toc-section-end\"><\/span><\/h3>\n<p>Le prix de ELESSE est de 39 euros dans tous ces pays. Actuellement, des r\u00e9ductions allant de 30 \u00e0 50 % sont en vigueur pour les premi\u00e8res commandes, ce qui rend l\u2019achat encore plus avantageux.<\/p>\n<h3><span class=\"ez-toc-section\" id=\"Acheter_a_la_pharmacie\"><\/span>Acheter \u00e0 la pharmacie<span class=\"ez-toc-section-end\"><\/span><\/h3>\n<p>Vous pouvez acheter le m\u00e9dicament ELESSE sans ordonnance directement dans notre pharmacie en ligne \u00ab\u00a0Vivre Sainement\u00a0\u00bb. Il est important de noter que ce produit ne peut pas \u00eatre achet\u00e9 dans les pharmacies en ligne ou en r\u00e9seau, telles qu\u2019Atida, DocMorris, DM ou Pharma GDD, car il est actuellement disponible en quantit\u00e9 limit\u00e9e uniquement dans certains points de vente s\u00e9lectionn\u00e9s. Nous d\u00e9conseillons \u00e9galement l\u2019achat sur des marketplaces comme Amazon ou dans les magasins Carrefour, car il existe un risque d\u2019achat de produits contrefaits.<\/p>\n<h3><span class=\"ez-toc-section\" id=\"Modes_de_paiement_et_de_livraison\"><\/span>Modes de paiement et de livraison<span class=\"ez-toc-section-end\"><\/span><\/h3>\n<p>La livraison est effectu\u00e9e par des services de messagerie rapides et s\u00e9curis\u00e9s dans tous les pays europ\u00e9ens, ainsi qu\u2019en France, en Suisse, en Belgique et au Luxembourg. Pour votre confort et votre s\u00e9curit\u00e9, vous pouvez r\u00e9gler votre commande \u00e0 la livraison (paiement \u00e0 r\u00e9ception) ou par carte bancaire, Apple Pay ou Google Pay, garantissant ainsi une transaction simple et fiable.<\/p>\n<h2><span class=\"ez-toc-section\" id=\"FAQ_Questions_frequentes\"><\/span>FAQ : Questions fr\u00e9quentes<span class=\"ez-toc-section-end\"><\/span><\/h2>\n<div class=\"wp-faq-schema-wrap wp-faq-schema-accordion\">\n<div class=\"wp-faq-schema-items ui-accordion ui-widget ui-helper-reset\" role=\"tablist\">\n<h3 class=\"ui-accordion-header ui-corner-top ui-state-default ui-accordion-icons\" role=\"tab\" id=\"ui-id-1\" aria-controls=\"ui-id-2\" aria-expanded=\"false\"><span class=\"ez-toc-section\" id=\"Quelle_est_la_composition_principale_du_gel_ELESSE\"><\/span>\n  Quelle est la composition principale du gel ELESSE ?<br \/>\n  <span class=\"ez-toc-section-end\"><\/span><\/h3>\n<div class=\"ui-accordion-content ui-corner-bottom ui-helper-reset ui-widget-content\" id=\"ui-id-2\" aria-labelledby=\"ui-id-1\" role=\"tabpanel\" aria-hidden=\"true\">\n<p>Le gel ELESSE contient principalement de l&rsquo;huile d&rsquo;amande douce, des cat\u00e9chines de th\u00e9 vert, de l&rsquo;ubiquinone, une culture de cellules de pomme, et des phospholipides.<\/p>\n<\/p><\/div>\n<h3 class=\"ui-accordion-header ui-corner-top ui-state-default ui-accordion-icons\" role=\"tab\" id=\"ui-id-3\" aria-controls=\"ui-id-4\" aria-expanded=\"false\"><span class=\"ez-toc-section\" id=\"Le_prix_du_gel_ELESSE_est-il_abordable\"><\/span>\n  Le prix du gel ELESSE est-il abordable ?<br \/>\n  <span class=\"ez-toc-section-end\"><\/span><\/h3>\n<div class=\"ui-accordion-content ui-corner-bottom ui-helper-reset ui-widget-content\" id=\"ui-id-4\" aria-labelledby=\"ui-id-3\" role=\"tabpanel\" aria-hidden=\"true\">\n<p>Oui, le prix est de 39 euros, ce qui le rend accessible pour un soin anti-rides efficace.<\/p>\n<\/p><\/div>\n<h3 class=\"ui-accordion-header ui-corner-top ui-state-default ui-accordion-icons\" role=\"tab\" id=\"ui-id-5\" aria-controls=\"ui-id-6\" aria-expanded=\"false\"><span class=\"ez-toc-section\" id=\"Le_gel_ELESSE_est-il_adapte_a_tous_les_types_de_peau\"><\/span>\n  Le gel ELESSE est-il adapt\u00e9 \u00e0 tous les types de peau ?<br \/>\n  <span class=\"ez-toc-section-end\"><\/span><\/h3>\n<div class=\"ui-accordion-content ui-corner-bottom ui-helper-reset ui-widget-content\" id=\"ui-id-6\" aria-labelledby=\"ui-id-5\" role=\"tabpanel\" aria-hidden=\"true\">\n<p>En g\u00e9n\u00e9ral, oui, mais il est toujours conseill\u00e9 de faire un test sur une petite zone pour v\u00e9rifier la compatibilit\u00e9 avec votre peau.<\/p>\n<\/p><\/div>\n<h3 class=\"ui-accordion-header ui-corner-top ui-state-default ui-accordion-icons\" role=\"tab\" id=\"ui-id-7\" aria-controls=\"ui-id-8\" aria-expanded=\"false\"><span class=\"ez-toc-section\" id=\"Quels_sont_les_benefices_principaux_du_gel_ELESSE_pour_la_peau\"><\/span>\n  Quels sont les b\u00e9n\u00e9fices principaux du gel ELESSE pour la peau ?<br \/>\n  <span class=\"ez-toc-section-end\"><\/span><\/h3>\n<div class=\"ui-accordion-content ui-corner-bottom ui-helper-reset ui-widget-content\" id=\"ui-id-8\" aria-labelledby=\"ui-id-7\" role=\"tabpanel\" aria-hidden=\"true\">\n<p>Le gel aide \u00e0 r\u00e9duire l&rsquo;apparence des rides, hydrate la peau en profondeur et lui donne un aspect plus lisse et revitalis\u00e9.<\/p>\n<\/p><\/div>\n<h3 class=\"ui-accordion-header ui-corner-top ui-state-default ui-accordion-icons\" role=\"tab\" id=\"ui-id-9\" aria-controls=\"ui-id-10\" aria-expanded=\"false\"><span class=\"ez-toc-section\" id=\"Combien_de_temps_faut-il_utiliser_le_gel_ELESSE_pour_voir_des_resultats\"><\/span>\n  Combien de temps faut-il utiliser le gel ELESSE pour voir des r\u00e9sultats ?<br \/>\n  <span class=\"ez-toc-section-end\"><\/span><\/h3>\n<div class=\"ui-accordion-content ui-corner-bottom ui-helper-reset ui-widget-content\" id=\"ui-id-10\" aria-labelledby=\"ui-id-9\" role=\"tabpanel\" aria-hidden=\"true\">\n<p>Les r\u00e9sultats peuvent varier selon les personnes, mais en g\u00e9n\u00e9ral, une utilisation r\u00e9guli\u00e8re pendant quelques semaines permet de constater une am\u00e9lioration de l&rsquo;\u00e9lasticit\u00e9 et de l&rsquo;apparence de la peau.<\/p>\n<\/p><\/div>\n<\/div>\n<\/div>\n","protected":false},"excerpt":{"rendered":"<p>Qu\u2019est-ce que ELESSE et quelles sont ses indications\u202f? ELESSE est un soin cosm\u00e9tique sp\u00e9cialement con\u00e7u pour lutter contre les signes [&hellip;]<\/p>\n","protected":false},"featured_media":239,"comment_status":"open","ping_status":"closed","template":"","meta":{"site-sidebar-layout":"default","site-content-layout":"","ast-site-content-layout":"default","site-content-style":"default","site-sidebar-style":"default","ast-global-header-display":"","ast-banner-title-visibility":"","ast-main-header-display":"","ast-hfb-above-header-display":"","ast-hfb-below-header-display":"","ast-hfb-mobile-header-display":"","site-post-title":"","ast-breadcrumbs-content":"","ast-featured-img":"","footer-sml-layout":"","ast-disable-related-posts":"","theme-transparent-header-meta":"","adv-header-id-meta":"","stick-header-meta":"","header-above-stick-meta":"","header-main-stick-meta":"","header-below-stick-meta":"","astra-migrate-meta-layouts":"default","ast-page-background-enabled":"default","ast-page-background-meta":{"desktop":{"background-color":"var(--ast-global-color-5)","background-image":"","background-repeat":"repeat","background-position":"center center","background-size":"auto","background-attachment":"scroll","background-type":"","background-media":"","overlay-type":"","overlay-color":"","overlay-opacity":"","overlay-gradient":""},"tablet":{"background-color":"","background-image":"","background-repeat":"repeat","background-position":"center center","background-size":"auto","background-attachment":"scroll","background-type":"","background-media":"","overlay-type":"","overlay-color":"","overlay-opacity":"","overlay-gradient":""},"mobile":{"background-color":"","background-image":"","background-repeat":"repeat","background-position":"center center","background-size":"auto","background-attachment":"scroll","background-type":"","background-media":"","overlay-type":"","overlay-color":"","overlay-opacity":"","overlay-gradient":""}},"ast-content-background-meta":{"desktop":{"background-color":"var(--ast-global-color-4)","background-image":"","background-repeat":"repeat","background-position":"center center","background-size":"auto","background-attachment":"scroll","background-type":"","background-media":"","overlay-type":"","overlay-color":"","overlay-opacity":"","overlay-gradient":""},"tablet":{"background-color":"var(--ast-global-color-4)","background-image":"","background-repeat":"repeat","background-position":"center center","background-size":"auto","background-attachment":"scroll","background-type":"","background-media":"","overlay-type":"","overlay-color":"","overlay-opacity":"","overlay-gradient":""},"mobile":{"background-color":"var(--ast-global-color-4)","background-image":"","background-repeat":"repeat","background-position":"center center","background-size":"auto","background-attachment":"scroll","background-type":"","background-media":"","overlay-type":"","overlay-color":"","overlay-opacity":"","overlay-gradient":""}}},"product_brand":[],"product_cat":[17],"product_tag":[],"class_list":{"0":"post-240","1":"product","2":"type-product","3":"status-publish","4":"has-post-thumbnail","6":"product_cat-soins-de-la-peau-et-beaute-naturelle","7":"desktop-align-left","8":"tablet-align-left","9":"mobile-align-left","11":"first","12":"instock","13":"sale","14":"shipping-taxable","15":"product-type-external"},"yoast_head":"<!-- This site is optimized with the Yoast SEO plugin v27.3 - https:\/\/yoast.com\/product\/yoast-seo-wordpress\/ -->\n<title>ELESSE \u2013 Prix, Notice, Composition et Avis Doctissimo \u2764\ufe0f Pharmacie Vivre Sainement<\/title>\n<meta name=\"description\" content=\"\u274c ELESSE cr\u00e8me - D\u00e9couvrez sa composition, son prix, les avis (positifs et n\u00e9gatifs), et o\u00f9 l\u2019acheter en toute s\u00e9curit\u00e9 en pharmacie en ligne. Est-ce un produit fiable ou une arnaque ?\" \/>\n<meta name=\"robots\" content=\"index, follow, max-snippet:-1, max-image-preview:large, max-video-preview:-1\" \/>\n<link rel=\"canonical\" href=\"https:\/\/www.vivre-covid19.fr\/pharmacie\/medicament\/elesse-creme-anti-rides\/\" \/>\n<meta property=\"og:locale\" content=\"fr_FR\" \/>\n<meta property=\"og:type\" content=\"article\" \/>\n<meta property=\"og:title\" content=\"ELESSE \u2013 Prix, Notice, Composition et Avis Doctissimo \u2764\ufe0f Pharmacie Vivre Sainement\" \/>\n<meta property=\"og:description\" content=\"\u274c ELESSE cr\u00e8me - D\u00e9couvrez sa composition, son prix, les avis (positifs et n\u00e9gatifs), et o\u00f9 l\u2019acheter en toute s\u00e9curit\u00e9 en pharmacie en ligne. Est-ce un produit fiable ou une arnaque ?\" \/>\n<meta property=\"og:url\" content=\"https:\/\/www.vivre-covid19.fr\/pharmacie\/medicament\/elesse-creme-anti-rides\/\" \/>\n<meta property=\"og:site_name\" content=\"Pharmacie Vivre Sainement\" \/>\n<meta property=\"article:modified_time\" content=\"2025-05-14T19:09:51+00:00\" \/>\n<meta property=\"og:image\" content=\"https:\/\/www.vivre-covid19.fr\/pharmacie\/wp-content\/uploads\/2025\/05\/elesse.webp\" \/>\n\t<meta property=\"og:image:width\" content=\"600\" \/>\n\t<meta property=\"og:image:height\" content=\"600\" \/>\n\t<meta property=\"og:image:type\" content=\"image\/webp\" \/>\n<meta name=\"twitter:card\" content=\"summary_large_image\" \/>\n<meta name=\"twitter:label1\" content=\"Dur\u00e9e de lecture estim\u00e9e\" \/>\n\t<meta name=\"twitter:data1\" content=\"11 minutes\" \/>\n<script type=\"application\/ld+json\" class=\"yoast-schema-graph\">{\"@context\":\"https:\\\/\\\/schema.org\",\"@graph\":[{\"@type\":\"WebPage\",\"@id\":\"https:\\\/\\\/www.vivre-covid19.fr\\\/pharmacie\\\/medicament\\\/elesse-creme-anti-rides\\\/\",\"url\":\"https:\\\/\\\/www.vivre-covid19.fr\\\/pharmacie\\\/medicament\\\/elesse-creme-anti-rides\\\/\",\"name\":\"ELESSE \u2013 Prix, Notice, Composition et Avis Doctissimo \u2764\ufe0f Pharmacie Vivre Sainement\",\"isPartOf\":{\"@id\":\"https:\\\/\\\/www.vivre-covid19.fr\\\/pharmacie\\\/#website\"},\"primaryImageOfPage\":{\"@id\":\"https:\\\/\\\/www.vivre-covid19.fr\\\/pharmacie\\\/medicament\\\/elesse-creme-anti-rides\\\/#primaryimage\"},\"image\":{\"@id\":\"https:\\\/\\\/www.vivre-covid19.fr\\\/pharmacie\\\/medicament\\\/elesse-creme-anti-rides\\\/#primaryimage\"},\"thumbnailUrl\":\"https:\\\/\\\/www.vivre-covid19.fr\\\/pharmacie\\\/wp-content\\\/uploads\\\/2025\\\/05\\\/elesse.webp\",\"datePublished\":\"2025-05-14T19:09:35+00:00\",\"dateModified\":\"2025-05-14T19:09:51+00:00\",\"description\":\"\u274c ELESSE cr\u00e8me - D\u00e9couvrez sa composition, son prix, les avis (positifs et n\u00e9gatifs), et o\u00f9 l\u2019acheter en toute s\u00e9curit\u00e9 en pharmacie en ligne. Est-ce un produit fiable ou une arnaque ?\",\"breadcrumb\":{\"@id\":\"https:\\\/\\\/www.vivre-covid19.fr\\\/pharmacie\\\/medicament\\\/elesse-creme-anti-rides\\\/#breadcrumb\"},\"inLanguage\":\"fr-FR\",\"potentialAction\":[{\"@type\":\"ReadAction\",\"target\":[\"https:\\\/\\\/www.vivre-covid19.fr\\\/pharmacie\\\/medicament\\\/elesse-creme-anti-rides\\\/\"]}]},{\"@type\":\"ImageObject\",\"inLanguage\":\"fr-FR\",\"@id\":\"https:\\\/\\\/www.vivre-covid19.fr\\\/pharmacie\\\/medicament\\\/elesse-creme-anti-rides\\\/#primaryimage\",\"url\":\"https:\\\/\\\/www.vivre-covid19.fr\\\/pharmacie\\\/wp-content\\\/uploads\\\/2025\\\/05\\\/elesse.webp\",\"contentUrl\":\"https:\\\/\\\/www.vivre-covid19.fr\\\/pharmacie\\\/wp-content\\\/uploads\\\/2025\\\/05\\\/elesse.webp\",\"width\":600,\"height\":600},{\"@type\":\"BreadcrumbList\",\"@id\":\"https:\\\/\\\/www.vivre-covid19.fr\\\/pharmacie\\\/medicament\\\/elesse-creme-anti-rides\\\/#breadcrumb\",\"itemListElement\":[{\"@type\":\"ListItem\",\"position\":1,\"name\":\"\u0413\u043b\u0430\u0432\u043d\u0430\u044f \u0441\u0442\u0440\u0430\u043d\u0438\u0446\u0430\",\"item\":\"https:\\\/\\\/www.vivre-covid19.fr\\\/pharmacie\\\/\"},{\"@type\":\"ListItem\",\"position\":2,\"name\":\"Pharmacie Vivre Sainement\",\"item\":\"https:\\\/\\\/www.vivre-covid19.fr\\\/pharmacie\\\/\"},{\"@type\":\"ListItem\",\"position\":3,\"name\":\"ELESSE cr\u00e8me anti-rides\"}]},{\"@type\":\"WebSite\",\"@id\":\"https:\\\/\\\/www.vivre-covid19.fr\\\/pharmacie\\\/#website\",\"url\":\"https:\\\/\\\/www.vivre-covid19.fr\\\/pharmacie\\\/\",\"name\":\"Pharmacie Vivre Sainement\",\"description\":\"\",\"publisher\":{\"@id\":\"https:\\\/\\\/www.vivre-covid19.fr\\\/pharmacie\\\/#organization\"},\"potentialAction\":[{\"@type\":\"SearchAction\",\"target\":{\"@type\":\"EntryPoint\",\"urlTemplate\":\"https:\\\/\\\/www.vivre-covid19.fr\\\/pharmacie\\\/?s={search_term_string}\"},\"query-input\":{\"@type\":\"PropertyValueSpecification\",\"valueRequired\":true,\"valueName\":\"search_term_string\"}}],\"inLanguage\":\"fr-FR\"},{\"@type\":\"Organization\",\"@id\":\"https:\\\/\\\/www.vivre-covid19.fr\\\/pharmacie\\\/#organization\",\"name\":\"Pharmacie Vivre Sainement\",\"url\":\"https:\\\/\\\/www.vivre-covid19.fr\\\/pharmacie\\\/\",\"logo\":{\"@type\":\"ImageObject\",\"inLanguage\":\"fr-FR\",\"@id\":\"https:\\\/\\\/www.vivre-covid19.fr\\\/pharmacie\\\/#\\\/schema\\\/logo\\\/image\\\/\",\"url\":\"https:\\\/\\\/www.vivre-covid19.fr\\\/pharmacie\\\/wp-content\\\/uploads\\\/2025\\\/05\\\/farmacia.png\",\"contentUrl\":\"https:\\\/\\\/www.vivre-covid19.fr\\\/pharmacie\\\/wp-content\\\/uploads\\\/2025\\\/05\\\/farmacia.png\",\"width\":1151,\"height\":1280,\"caption\":\"Pharmacie Vivre Sainement\"},\"image\":{\"@id\":\"https:\\\/\\\/www.vivre-covid19.fr\\\/pharmacie\\\/#\\\/schema\\\/logo\\\/image\\\/\"}}]}<\/script>\n<!-- \/ Yoast SEO plugin. -->","yoast_head_json":{"title":"ELESSE \u2013 Prix, Notice, Composition et Avis Doctissimo \u2764\ufe0f Pharmacie Vivre Sainement","description":"\u274c ELESSE cr\u00e8me - D\u00e9couvrez sa composition, son prix, les avis (positifs et n\u00e9gatifs), et o\u00f9 l\u2019acheter en toute s\u00e9curit\u00e9 en pharmacie en ligne. Est-ce un produit fiable ou une arnaque ?","robots":{"index":"index","follow":"follow","max-snippet":"max-snippet:-1","max-image-preview":"max-image-preview:large","max-video-preview":"max-video-preview:-1"},"canonical":"https:\/\/www.vivre-covid19.fr\/pharmacie\/medicament\/elesse-creme-anti-rides\/","og_locale":"fr_FR","og_type":"article","og_title":"ELESSE \u2013 Prix, Notice, Composition et Avis Doctissimo \u2764\ufe0f Pharmacie Vivre Sainement","og_description":"\u274c ELESSE cr\u00e8me - D\u00e9couvrez sa composition, son prix, les avis (positifs et n\u00e9gatifs), et o\u00f9 l\u2019acheter en toute s\u00e9curit\u00e9 en pharmacie en ligne. Est-ce un produit fiable ou une arnaque ?","og_url":"https:\/\/www.vivre-covid19.fr\/pharmacie\/medicament\/elesse-creme-anti-rides\/","og_site_name":"Pharmacie Vivre Sainement","article_modified_time":"2025-05-14T19:09:51+00:00","og_image":[{"width":600,"height":600,"url":"https:\/\/www.vivre-covid19.fr\/pharmacie\/wp-content\/uploads\/2025\/05\/elesse.webp","type":"image\/webp"}],"twitter_card":"summary_large_image","twitter_misc":{"Dur\u00e9e de lecture estim\u00e9e":"11 minutes"},"schema":{"@context":"https:\/\/schema.org","@graph":[{"@type":"WebPage","@id":"https:\/\/www.vivre-covid19.fr\/pharmacie\/medicament\/elesse-creme-anti-rides\/","url":"https:\/\/www.vivre-covid19.fr\/pharmacie\/medicament\/elesse-creme-anti-rides\/","name":"ELESSE \u2013 Prix, Notice, Composition et Avis Doctissimo \u2764\ufe0f Pharmacie Vivre Sainement","isPartOf":{"@id":"https:\/\/www.vivre-covid19.fr\/pharmacie\/#website"},"primaryImageOfPage":{"@id":"https:\/\/www.vivre-covid19.fr\/pharmacie\/medicament\/elesse-creme-anti-rides\/#primaryimage"},"image":{"@id":"https:\/\/www.vivre-covid19.fr\/pharmacie\/medicament\/elesse-creme-anti-rides\/#primaryimage"},"thumbnailUrl":"https:\/\/www.vivre-covid19.fr\/pharmacie\/wp-content\/uploads\/2025\/05\/elesse.webp","datePublished":"2025-05-14T19:09:35+00:00","dateModified":"2025-05-14T19:09:51+00:00","description":"\u274c ELESSE cr\u00e8me - D\u00e9couvrez sa composition, son prix, les avis (positifs et n\u00e9gatifs), et o\u00f9 l\u2019acheter en toute s\u00e9curit\u00e9 en pharmacie en ligne. Est-ce un produit fiable ou une arnaque ?","breadcrumb":{"@id":"https:\/\/www.vivre-covid19.fr\/pharmacie\/medicament\/elesse-creme-anti-rides\/#breadcrumb"},"inLanguage":"fr-FR","potentialAction":[{"@type":"ReadAction","target":["https:\/\/www.vivre-covid19.fr\/pharmacie\/medicament\/elesse-creme-anti-rides\/"]}]},{"@type":"ImageObject","inLanguage":"fr-FR","@id":"https:\/\/www.vivre-covid19.fr\/pharmacie\/medicament\/elesse-creme-anti-rides\/#primaryimage","url":"https:\/\/www.vivre-covid19.fr\/pharmacie\/wp-content\/uploads\/2025\/05\/elesse.webp","contentUrl":"https:\/\/www.vivre-covid19.fr\/pharmacie\/wp-content\/uploads\/2025\/05\/elesse.webp","width":600,"height":600},{"@type":"BreadcrumbList","@id":"https:\/\/www.vivre-covid19.fr\/pharmacie\/medicament\/elesse-creme-anti-rides\/#breadcrumb","itemListElement":[{"@type":"ListItem","position":1,"name":"\u0413\u043b\u0430\u0432\u043d\u0430\u044f \u0441\u0442\u0440\u0430\u043d\u0438\u0446\u0430","item":"https:\/\/www.vivre-covid19.fr\/pharmacie\/"},{"@type":"ListItem","position":2,"name":"Pharmacie Vivre Sainement","item":"https:\/\/www.vivre-covid19.fr\/pharmacie\/"},{"@type":"ListItem","position":3,"name":"ELESSE cr\u00e8me anti-rides"}]},{"@type":"WebSite","@id":"https:\/\/www.vivre-covid19.fr\/pharmacie\/#website","url":"https:\/\/www.vivre-covid19.fr\/pharmacie\/","name":"Pharmacie Vivre Sainement","description":"","publisher":{"@id":"https:\/\/www.vivre-covid19.fr\/pharmacie\/#organization"},"potentialAction":[{"@type":"SearchAction","target":{"@type":"EntryPoint","urlTemplate":"https:\/\/www.vivre-covid19.fr\/pharmacie\/?s={search_term_string}"},"query-input":{"@type":"PropertyValueSpecification","valueRequired":true,"valueName":"search_term_string"}}],"inLanguage":"fr-FR"},{"@type":"Organization","@id":"https:\/\/www.vivre-covid19.fr\/pharmacie\/#organization","name":"Pharmacie Vivre Sainement","url":"https:\/\/www.vivre-covid19.fr\/pharmacie\/","logo":{"@type":"ImageObject","inLanguage":"fr-FR","@id":"https:\/\/www.vivre-covid19.fr\/pharmacie\/#\/schema\/logo\/image\/","url":"https:\/\/www.vivre-covid19.fr\/pharmacie\/wp-content\/uploads\/2025\/05\/farmacia.png","contentUrl":"https:\/\/www.vivre-covid19.fr\/pharmacie\/wp-content\/uploads\/2025\/05\/farmacia.png","width":1151,"height":1280,"caption":"Pharmacie Vivre Sainement"},"image":{"@id":"https:\/\/www.vivre-covid19.fr\/pharmacie\/#\/schema\/logo\/image\/"}}]}},"_links":{"self":[{"href":"https:\/\/www.vivre-covid19.fr\/pharmacie\/wp-json\/wp\/v2\/product\/240","targetHints":{"allow":["GET"]}}],"collection":[{"href":"https:\/\/www.vivre-covid19.fr\/pharmacie\/wp-json\/wp\/v2\/product"}],"about":[{"href":"https:\/\/www.vivre-covid19.fr\/pharmacie\/wp-json\/wp\/v2\/types\/product"}],"replies":[{"embeddable":true,"href":"https:\/\/www.vivre-covid19.fr\/pharmacie\/wp-json\/wp\/v2\/comments?post=240"}],"wp:featuredmedia":[{"embeddable":true,"href":"https:\/\/www.vivre-covid19.fr\/pharmacie\/wp-json\/wp\/v2\/media\/239"}],"wp:attachment":[{"href":"https:\/\/www.vivre-covid19.fr\/pharmacie\/wp-json\/wp\/v2\/media?parent=240"}],"wp:term":[{"taxonomy":"product_brand","embeddable":true,"href":"https:\/\/www.vivre-covid19.fr\/pharmacie\/wp-json\/wp\/v2\/product_brand?post=240"},{"taxonomy":"product_cat","embeddable":true,"href":"https:\/\/www.vivre-covid19.fr\/pharmacie\/wp-json\/wp\/v2\/product_cat?post=240"},{"taxonomy":"product_tag","embeddable":true,"href":"https:\/\/www.vivre-covid19.fr\/pharmacie\/wp-json\/wp\/v2\/product_tag?post=240"}],"curies":[{"name":"wp","href":"https:\/\/api.w.org\/{rel}","templated":true}]}}