{"id":244,"date":"2025-05-14T21:11:00","date_gmt":"2025-05-14T19:11:00","guid":{"rendered":"https:\/\/www.vivre-covid19.fr\/pharmacie\/medicament\/verdexedil-spray-contre-la-chute-des-cheveux\/"},"modified":"2025-05-14T21:11:10","modified_gmt":"2025-05-14T19:11:10","slug":"verdexedil-spray-contre-la-chute-des-cheveux","status":"publish","type":"product","link":"https:\/\/www.vivre-covid19.fr\/pharmacie\/medicament\/verdexedil-spray-contre-la-chute-des-cheveux\/","title":{"rendered":"Verdexedil spray contre la chute des cheveux"},"content":{"rendered":"<div id=\"ez-toc-container\" class=\"ez-toc-v2_0_82_2 counter-hierarchy ez-toc-counter ez-toc-grey ez-toc-container-direction\">\n<div class=\"ez-toc-title-container\">\n<p class=\"ez-toc-title\" style=\"cursor:inherit\">Table des mati\u00e8res<\/p>\n<span class=\"ez-toc-title-toggle\"><a href=\"#\" class=\"ez-toc-pull-right ez-toc-btn ez-toc-btn-xs ez-toc-btn-default ez-toc-toggle\" aria-label=\"Toggle Table of Content\"><span class=\"ez-toc-js-icon-con\"><span class=\"\"><span class=\"eztoc-hide\" style=\"display:none;\">Toggle<\/span><span class=\"ez-toc-icon-toggle-span\"><svg style=\"fill: #999;color:#999\" xmlns=\"http:\/\/www.w3.org\/2000\/svg\" class=\"list-377408\" width=\"20px\" height=\"20px\" viewBox=\"0 0 24 24\" fill=\"none\"><path d=\"M6 6H4v2h2V6zm14 0H8v2h12V6zM4 11h2v2H4v-2zm16 0H8v2h12v-2zM4 16h2v2H4v-2zm16 0H8v2h12v-2z\" fill=\"currentColor\"><\/path><\/svg><svg style=\"fill: #999;color:#999\" class=\"arrow-unsorted-368013\" xmlns=\"http:\/\/www.w3.org\/2000\/svg\" width=\"10px\" height=\"10px\" viewBox=\"0 0 24 24\" version=\"1.2\" baseProfile=\"tiny\"><path d=\"M18.2 9.3l-6.2-6.3-6.2 6.3c-.2.2-.3.4-.3.7s.1.5.3.7c.2.2.4.3.7.3h11c.3 0 .5-.1.7-.3.2-.2.3-.5.3-.7s-.1-.5-.3-.7zM5.8 14.7l6.2 6.3 6.2-6.3c.2-.2.3-.5.3-.7s-.1-.5-.3-.7c-.2-.2-.4-.3-.7-.3h-11c-.3 0-.5.1-.7.3-.2.2-.3.5-.3.7s.1.5.3.7z\"\/><\/svg><\/span><\/span><\/span><\/a><\/span><\/div>\n<nav><ul class='ez-toc-list ez-toc-list-level-1 ' ><li class='ez-toc-page-1 ez-toc-heading-level-2'><a class=\"ez-toc-link ez-toc-heading-1\" href=\"https:\/\/www.vivre-covid19.fr\/pharmacie\/medicament\/verdexedil-spray-contre-la-chute-des-cheveux\/#Quest-ce_que_Verdexedil_et_quelles_sont_ses_indications%E2%80%AF\" >Qu\u2019est-ce que Verdexedil et quelles sont ses indications\u202f?<\/a><\/li><li class='ez-toc-page-1 ez-toc-heading-level-2'><a class=\"ez-toc-link ez-toc-heading-2\" href=\"https:\/\/www.vivre-covid19.fr\/pharmacie\/medicament\/verdexedil-spray-contre-la-chute-des-cheveux\/#Indications_therapeutiques_de_Verdexedil\" >Indications th\u00e9rapeutiques de Verdexedil<\/a><\/li><li class='ez-toc-page-1 ez-toc-heading-level-2'><a class=\"ez-toc-link ez-toc-heading-3\" href=\"https:\/\/www.vivre-covid19.fr\/pharmacie\/medicament\/verdexedil-spray-contre-la-chute-des-cheveux\/#Composition_de_Verdexedil_principes_actifs_et_autres_composants\" >Composition de Verdexedil : principes actifs et autres composants<\/a><\/li><li class='ez-toc-page-1 ez-toc-heading-level-2'><a class=\"ez-toc-link ez-toc-heading-4\" href=\"https:\/\/www.vivre-covid19.fr\/pharmacie\/medicament\/verdexedil-spray-contre-la-chute-des-cheveux\/#Rosemary_leaf_oil_and_carnosic_acid\" >Rosemary leaf oil and carnosic acid<\/a><\/li><li class='ez-toc-page-1 ez-toc-heading-level-2'><a class=\"ez-toc-link ez-toc-heading-5\" href=\"https:\/\/www.vivre-covid19.fr\/pharmacie\/medicament\/verdexedil-spray-contre-la-chute-des-cheveux\/#WKPep_R_M3000-TRI_Peptide\" >WKPep (R) M3000-TRI Peptide<\/a><\/li><li class='ez-toc-page-1 ez-toc-heading-level-2'><a class=\"ez-toc-link ez-toc-heading-6\" href=\"https:\/\/www.vivre-covid19.fr\/pharmacie\/medicament\/verdexedil-spray-contre-la-chute-des-cheveux\/#Panthenol\" >Panthenol<\/a><ul class='ez-toc-list-level-3' ><li class='ez-toc-heading-level-3'><a class=\"ez-toc-link ez-toc-heading-7\" href=\"https:\/\/www.vivre-covid19.fr\/pharmacie\/medicament\/verdexedil-spray-contre-la-chute-des-cheveux\/#Plant_Omega_3_huile_de_graines_de_lin_et_huile_de_Sacha_Inchi\" >Plant Omega 3 (huile de graines de lin et huile de Sacha Inchi)<\/a><\/li><li class='ez-toc-page-1 ez-toc-heading-level-3'><a class=\"ez-toc-link ez-toc-heading-8\" href=\"https:\/\/www.vivre-covid19.fr\/pharmacie\/medicament\/verdexedil-spray-contre-la-chute-des-cheveux\/#Keratine\" >K\u00e9ratine<\/a><\/li><\/ul><\/li><li class='ez-toc-page-1 ez-toc-heading-level-2'><a class=\"ez-toc-link ez-toc-heading-9\" href=\"https:\/\/www.vivre-covid19.fr\/pharmacie\/medicament\/verdexedil-spray-contre-la-chute-des-cheveux\/#Notice_%E2%80%93_Informations_pour_le_patient\" >Notice \u2013 Informations pour le patient<\/a><ul class='ez-toc-list-level-3' ><li class='ez-toc-heading-level-3'><a class=\"ez-toc-link ez-toc-heading-10\" href=\"https:\/\/www.vivre-covid19.fr\/pharmacie\/medicament\/verdexedil-spray-contre-la-chute-des-cheveux\/#Nom_du_medicament\" >Nom du m\u00e9dicament<\/a><\/li><li class='ez-toc-page-1 ez-toc-heading-level-3'><a class=\"ez-toc-link ez-toc-heading-11\" href=\"https:\/\/www.vivre-covid19.fr\/pharmacie\/medicament\/verdexedil-spray-contre-la-chute-des-cheveux\/#Forme_pharmaceutique_et_presentation\" >Forme pharmaceutique et pr\u00e9sentation<\/a><\/li><li class='ez-toc-page-1 ez-toc-heading-level-3'><a class=\"ez-toc-link ez-toc-heading-12\" href=\"https:\/\/www.vivre-covid19.fr\/pharmacie\/medicament\/verdexedil-spray-contre-la-chute-des-cheveux\/#Indications_therapeutiques\" >Indications th\u00e9rapeutiques<\/a><\/li><li class='ez-toc-page-1 ez-toc-heading-level-3'><a class=\"ez-toc-link ez-toc-heading-13\" href=\"https:\/\/www.vivre-covid19.fr\/pharmacie\/medicament\/verdexedil-spray-contre-la-chute-des-cheveux\/#Contre-indications\" >Contre-indications<\/a><\/li><li class='ez-toc-page-1 ez-toc-heading-level-3'><a class=\"ez-toc-link ez-toc-heading-14\" href=\"https:\/\/www.vivre-covid19.fr\/pharmacie\/medicament\/verdexedil-spray-contre-la-chute-des-cheveux\/#Effets_indesirables_possibles\" >Effets ind\u00e9sirables possibles<\/a><\/li><li class='ez-toc-page-1 ez-toc-heading-level-3'><a class=\"ez-toc-link ez-toc-heading-15\" href=\"https:\/\/www.vivre-covid19.fr\/pharmacie\/medicament\/verdexedil-spray-contre-la-chute-des-cheveux\/#Interactions_avec_dautres_medicaments\" >Interactions avec d&rsquo;autres m\u00e9dicaments<\/a><\/li><li class='ez-toc-page-1 ez-toc-heading-level-3'><a class=\"ez-toc-link ez-toc-heading-16\" href=\"https:\/\/www.vivre-covid19.fr\/pharmacie\/medicament\/verdexedil-spray-contre-la-chute-des-cheveux\/#Posologie_et_mode_dadministration\" >Posologie et mode d&rsquo;administration<\/a><\/li><li class='ez-toc-page-1 ez-toc-heading-level-3'><a class=\"ez-toc-link ez-toc-heading-17\" href=\"https:\/\/www.vivre-covid19.fr\/pharmacie\/medicament\/verdexedil-spray-contre-la-chute-des-cheveux\/#Duree_du_traitement\" >Dur\u00e9e du traitement<\/a><\/li><li class='ez-toc-page-1 ez-toc-heading-level-3'><a class=\"ez-toc-link ez-toc-heading-18\" href=\"https:\/\/www.vivre-covid19.fr\/pharmacie\/medicament\/verdexedil-spray-contre-la-chute-des-cheveux\/#Mises_en_garde_et_precautions\" >Mises en garde et pr\u00e9cautions<\/a><\/li><li class='ez-toc-page-1 ez-toc-heading-level-3'><a class=\"ez-toc-link ez-toc-heading-19\" href=\"https:\/\/www.vivre-covid19.fr\/pharmacie\/medicament\/verdexedil-spray-contre-la-chute-des-cheveux\/#Surdosage\" >Surdosage<\/a><\/li><li class='ez-toc-page-1 ez-toc-heading-level-3'><a class=\"ez-toc-link ez-toc-heading-20\" href=\"https:\/\/www.vivre-covid19.fr\/pharmacie\/medicament\/verdexedil-spray-contre-la-chute-des-cheveux\/#Date_de_peremption\" >Date de p\u00e9remption<\/a><\/li><li class='ez-toc-page-1 ez-toc-heading-level-3'><a class=\"ez-toc-link ez-toc-heading-21\" href=\"https:\/\/www.vivre-covid19.fr\/pharmacie\/medicament\/verdexedil-spray-contre-la-chute-des-cheveux\/#Conditions_de_conservation\" >Conditions de conservation<\/a><\/li><\/ul><\/li><li class='ez-toc-page-1 ez-toc-heading-level-2'><a class=\"ez-toc-link ez-toc-heading-22\" href=\"https:\/\/www.vivre-covid19.fr\/pharmacie\/medicament\/verdexedil-spray-contre-la-chute-des-cheveux\/#Verdexedil_%E2%80%93_Avis_Doctissimo_y_compris_negatifs_et_forum_commentaires\" >Verdexedil \u2013 Avis Doctissimo, y compris n\u00e9gatifs et forum commentaires<\/a><\/li><li class='ez-toc-page-1 ez-toc-heading-level-2'><a class=\"ez-toc-link ez-toc-heading-23\" href=\"https:\/\/www.vivre-covid19.fr\/pharmacie\/medicament\/verdexedil-spray-contre-la-chute-des-cheveux\/#Ou_acheter_Verdexedil_en_ligne_en_France_Belgique_Suisse_et_Luxembourg_avec_une_livraison_rapide\" >O\u00f9 acheter Verdexedil en ligne en France, Belgique, Suisse et Luxembourg avec une livraison rapide<\/a><ul class='ez-toc-list-level-3' ><li class='ez-toc-heading-level-3'><a class=\"ez-toc-link ez-toc-heading-24\" href=\"https:\/\/www.vivre-covid19.fr\/pharmacie\/medicament\/verdexedil-spray-contre-la-chute-des-cheveux\/#Prix\" >Prix<\/a><\/li><li class='ez-toc-page-1 ez-toc-heading-level-3'><a class=\"ez-toc-link ez-toc-heading-25\" href=\"https:\/\/www.vivre-covid19.fr\/pharmacie\/medicament\/verdexedil-spray-contre-la-chute-des-cheveux\/#Acheter_a_la_pharmacie\" >Acheter \u00e0 la pharmacie<\/a><\/li><li class='ez-toc-page-1 ez-toc-heading-level-3'><a class=\"ez-toc-link ez-toc-heading-26\" href=\"https:\/\/www.vivre-covid19.fr\/pharmacie\/medicament\/verdexedil-spray-contre-la-chute-des-cheveux\/#Modes_de_paiement_et_de_livraison\" >Modes de paiement et de livraison<\/a><\/li><\/ul><\/li><li class='ez-toc-page-1 ez-toc-heading-level-2'><a class=\"ez-toc-link ez-toc-heading-27\" href=\"https:\/\/www.vivre-covid19.fr\/pharmacie\/medicament\/verdexedil-spray-contre-la-chute-des-cheveux\/#FAQ_Questions_frequentes\" >FAQ : Questions fr\u00e9quentes<\/a><ul class='ez-toc-list-level-3' ><li class='ez-toc-heading-level-3'><a class=\"ez-toc-link ez-toc-heading-28\" href=\"https:\/\/www.vivre-covid19.fr\/pharmacie\/medicament\/verdexedil-spray-contre-la-chute-des-cheveux\/#Quels_sont_les_principaux_ingredients_actifs_du_spray_Verdexedil\" >Quels sont les principaux ingr\u00e9dients actifs du spray Verdexedil ?<\/a><\/li><li class='ez-toc-page-1 ez-toc-heading-level-3'><a class=\"ez-toc-link ez-toc-heading-29\" href=\"https:\/\/www.vivre-covid19.fr\/pharmacie\/medicament\/verdexedil-spray-contre-la-chute-des-cheveux\/#Est-ce_que_le_spray_Verdexedil_est_efficace_pour_arreter_la_chute_des_cheveux\" >Est-ce que le spray Verdexedil est efficace pour arr\u00eater la chute des cheveux ?<\/a><\/li><li class='ez-toc-page-1 ez-toc-heading-level-3'><a class=\"ez-toc-link ez-toc-heading-30\" href=\"https:\/\/www.vivre-covid19.fr\/pharmacie\/medicament\/verdexedil-spray-contre-la-chute-des-cheveux\/#Comment_utiliser_le_spray_Verdexedil_pour_obtenir_de_meilleurs_resultats\" >Comment utiliser le spray Verdexedil pour obtenir de meilleurs r\u00e9sultats ?<\/a><\/li><li class='ez-toc-page-1 ez-toc-heading-level-3'><a class=\"ez-toc-link ez-toc-heading-31\" href=\"https:\/\/www.vivre-covid19.fr\/pharmacie\/medicament\/verdexedil-spray-contre-la-chute-des-cheveux\/#Y_a-t-il_des_effets_secondaires_lies_a_lutilisation_du_spray_Verdexedil\" >Y a-t-il des effets secondaires li\u00e9s \u00e0 l\u2019utilisation du spray Verdexedil ?<\/a><\/li><li class='ez-toc-page-1 ez-toc-heading-level-3'><a class=\"ez-toc-link ez-toc-heading-32\" href=\"https:\/\/www.vivre-covid19.fr\/pharmacie\/medicament\/verdexedil-spray-contre-la-chute-des-cheveux\/#Combien_coute_le_spray_Verdexedil_et_ou_peut-on_lacheter\" >Combien co\u00fbte le spray Verdexedil et o\u00f9 peut-on l\u2019acheter ?<\/a><\/li><\/ul><\/li><\/ul><\/nav><\/div>\n<h2><span class=\"ez-toc-section\" id=\"Quest-ce_que_Verdexedil_et_quelles_sont_ses_indications%E2%80%AF\"><\/span>Qu\u2019est-ce que Verdexedil et quelles sont ses indications\u202f?<span class=\"ez-toc-section-end\"><\/span><\/h2>\n<p>Verdexedil est un spray con\u00e7u pour lutter contre la perte de cheveux et favoriser la repousse capillaire. Il s\u2019agit d\u2019un traitement topique qui s\u2019applique directement sur le cuir chevelu, visant \u00e0 stimuler la croissance des cheveux et \u00e0 ralentir leur chute. Ce produit est g\u00e9n\u00e9ralement recommand\u00e9 aux personnes souffrant de formes de calvitie ou d\u2019amincissement des cheveux, notamment dans le cadre de l\u2019alop\u00e9cie androg\u00e9n\u00e9tique. Son objectif principal est d\u2019aider \u00e0 renforcer les follicules pileux et \u00e0 am\u00e9liorer la densit\u00e9 capillaire pour retrouver une chevelure plus fournie et en meilleure sant\u00e9.<\/p>\n<h2><span class=\"ez-toc-section\" id=\"Indications_therapeutiques_de_Verdexedil\"><\/span>Indications th\u00e9rapeutiques de Verdexedil<span class=\"ez-toc-section-end\"><\/span><\/h2>\n<p>Verdexedil est principalement utilis\u00e9 dans le traitement de l\u2019alop\u00e9cie androg\u00e9n\u00e9tique, une forme courante de perte de cheveux chez les hommes et les femmes. Cette condition se manifeste par un amincissement progressif des cheveux, souvent au niveau du sommet du cr\u00e2ne ou de la couronne, accompagn\u00e9 de la chute de cheveux plus importante que la normale. Les sympt\u00f4mes typiques incluent :<\/p>\n<ul>\n<li>Cheveux qui deviennent plus fins et moins denses<\/li>\n<li>Une zone d\u00e9garnie ou clairsem\u00e9e<\/li>\n<li>Une progression lente mais continue de la calvitie<\/li>\n<\/ul>\n<p>Ce traitement peut \u00e9galement \u00eatre indiqu\u00e9 dans certains cas d\u2019amincissement capillaire li\u00e9 \u00e0 des d\u00e9s\u00e9quilibres hormonaux ou \u00e0 des changements li\u00e9s \u00e0 l\u2019\u00e2ge. Son but est de freiner la chute de cheveux et de stimuler la croissance de nouveaux follicules, am\u00e9liorant ainsi l\u2019aspect esth\u00e9tique du cuir chevelu.<\/p>\n<h2><span class=\"ez-toc-section\" id=\"Composition_de_Verdexedil_principes_actifs_et_autres_composants\"><\/span>Composition de Verdexedil : principes actifs et autres composants<span class=\"ez-toc-section-end\"><\/span><\/h2>\n<p>Le spray Verdexedil contient une formule unique, soigneusement \u00e9labor\u00e9e \u00e0 partir d\u2019ingr\u00e9dients actifs de haute qualit\u00e9. La composition inclut de l&#039;huile de romarin et de l\u2019acide carnosique, du peptide WKPep (R) M3000-TRI, du panth\u00e9nol, ainsi que des huiles v\u00e9g\u00e9tales riches en om\u00e9ga 3 comme l\u2019huile de graines de lin et l\u2019huile de Sacha Inchi, et de la k\u00e9ratine. La formule a \u00e9t\u00e9 con\u00e7ue pour offrir une efficacit\u00e9 optimale tout en \u00e9tant d\u00e9pourvue de substances nocives, garantissant ainsi la s\u00e9curit\u00e9 et la tol\u00e9rance du produit pour le cuir chevelu et les follicules pileux.<\/p>\n<h2><span class=\"ez-toc-section\" id=\"Rosemary_leaf_oil_and_carnosic_acid\"><\/span>Rosemary leaf oil and carnosic acid<span class=\"ez-toc-section-end\"><\/span><\/h2>\n<p>L\u2019huile de romarin est extraite des feuilles de cette plante aromatique, reconnue pour ses propri\u00e9t\u00e9s b\u00e9n\u00e9fiques depuis des si\u00e8cles. Elle est riche en compos\u00e9s antioxydants, notamment en acide carnosique, qui lui conf\u00e8re des effets anti-inflammatoires et antimicrobiens. La qualit\u00e9 de cette huile est essentielle pour assurer la stimulation du cuir chevelu et la sant\u00e9 globale de la chevelure.<\/p>\n<p>Les \u00e9tudes scientifiques ont d\u00e9montr\u00e9 que l\u2019huile de romarin peut am\u00e9liorer la circulation sanguine au niveau du cuir chevelu, favorisant ainsi l\u2019apport en nutriments essentiels aux follicules pileux. Elle contribue \u00e0 ralentir la chute de cheveux et \u00e0 encourager la croissance de nouveaux follicules, ce qui en fait un ingr\u00e9dient pr\u00e9cieux dans la lutte contre l\u2019alop\u00e9cie. De plus, ses propri\u00e9t\u00e9s antioxydantes aident \u00e0 prot\u00e9ger les follicules contre le stress oxydatif, un facteur souvent impliqu\u00e9 dans la perte de cheveux.<\/p>\n<h2><span class=\"ez-toc-section\" id=\"WKPep_R_M3000-TRI_Peptide\"><\/span>WKPep (R) M3000-TRI Peptide<span class=\"ez-toc-section-end\"><\/span><\/h2>\n<p>Le peptide WKPep (R) M3000-TRI est un fragment synth\u00e9tique de prot\u00e9ines con\u00e7u pour agir directement sur le cycle de croissance des cheveux. Il s\u2019agit d\u2019un peptide bioactif, fabriqu\u00e9 en laboratoire, qui imite certains composants naturels du corps pour stimuler la r\u00e9g\u00e9n\u00e9ration cellulaire du cuir chevelu.<\/p>\n<p>Les recherches ont montr\u00e9 que ce type de peptide peut augmenter la prolif\u00e9ration de k\u00e9ratinocytes, les cellules responsables de la production de k\u00e9ratine, principale composante des cheveux. Son action favorise la revitalisation des follicules affaiblis, contribue \u00e0 renforcer la structure capillaire, et acc\u00e9l\u00e8re la croissance de cheveux plus \u00e9pais et plus sains. En r\u00e9sum\u00e9, le WKPep (R) M3000-TRI est un agent innovant dans le traitement de l\u2019alop\u00e9cie, agissant sur la racine du probl\u00e8me.<\/p>\n<h2><span class=\"ez-toc-section\" id=\"Panthenol\"><\/span>Panthenol<span class=\"ez-toc-section-end\"><\/span><\/h2>\n<p>Le panth\u00e9nol, ou provitamine B5, est un ingr\u00e9dient bien connu dans les produits de soin capillaire. D\u2019origine synth\u00e9tique ou naturelle, il est facilement absorb\u00e9 par le cuir chevelu et les cheveux, o\u00f9 il se transforme en vitamine B5 active.<\/p>\n<p>Le panth\u00e9nol poss\u00e8de des propri\u00e9t\u00e9s hydratantes exceptionnelles, aidant \u00e0 retenir l\u2019humidit\u00e9 et \u00e0 renforcer la fibre capillaire. Sur le plan scientifique, il a \u00e9t\u00e9 prouv\u00e9 que le panth\u00e9nol am\u00e9liore la texture et la souplesse des cheveux, r\u00e9duit la casse, et contribue \u00e0 la r\u00e9paration des pointes ab\u00eem\u00e9es. En ce qui concerne la perte de cheveux, il favorise un cuir chevelu sain, r\u00e9duit l\u2019irritation et l\u2019inflammation, et soutient la croissance de cheveux plus \u00e9pais et plus r\u00e9sistants.<\/p>\n<h3><span class=\"ez-toc-section\" id=\"Plant_Omega_3_huile_de_graines_de_lin_et_huile_de_Sacha_Inchi\"><\/span>Plant Omega 3 (huile de graines de lin et huile de Sacha Inchi)<span class=\"ez-toc-section-end\"><\/span><\/h3>\n<p>L\u2019huile de graines de lin est extraite des graines de la plante Linum usitatissimum, connue depuis des mill\u00e9naires pour ses propri\u00e9t\u00e9s nutritives. Elle est riche en acides gras om\u00e9ga-3, notamment en acide alpha-linol\u00e9nique, qui jouent un r\u00f4le essentiel dans la sant\u00e9 cellulaire et la r\u00e9gulation de l\u2019inflammation. L\u2019huile de Sacha Inchi provient des graines de la plante Plukenetia volubilis, originaire d\u2019Amazonie, et constitue une source exceptionnelle d\u2019om\u00e9ga-3, om\u00e9ga-6 et antioxydants.<\/p>\n<p>Les bienfaits de ces huiles pour la sant\u00e9 capillaire sont largement reconnus. Leur richesse en acides gras essentiels aide \u00e0 renforcer la barri\u00e8re lipidique du cuir chevelu, favorisant une meilleure hydratation et une r\u00e9duction de la s\u00e9cheresse. Sur le plan scientifique, il a \u00e9t\u00e9 prouv\u00e9 que ces huiles am\u00e9liorent la circulation sanguine au niveau du cuir chevelu, ce qui stimule la croissance des follicules pileux, r\u00e9duit la chute des cheveux et favorise une repousse plus dense et robuste.<\/p>\n<h3><span class=\"ez-toc-section\" id=\"Keratine\"><\/span>K\u00e9ratine<span class=\"ez-toc-section-end\"><\/span><\/h3>\n<p>La k\u00e9ratine est une prot\u00e9ine fibreuse naturellement pr\u00e9sente dans la structure des cheveux, des ongles et de la couche sup\u00e9rieure de la peau. Elle est synth\u00e9tis\u00e9e par l\u2019organisme, mais peut \u00e9galement \u00eatre extraite de sources naturelles pour \u00eatre utilis\u00e9e dans des produits de soin capillaire. La k\u00e9ratine en tant qu\u2019ingr\u00e9dient contribue \u00e0 renforcer, r\u00e9parer et prot\u00e9ger la fibre capillaire.<\/p>\n<p>Les \u00e9tudes ont d\u00e9montr\u00e9 que la k\u00e9ratine a un effet r\u00e9parateur significatif sur les cheveux ab\u00eem\u00e9s, notamment ceux qui sont fragilis\u00e9s ou cassants en raison de traitements chimiques ou de stress m\u00e9canique. En renfor\u00e7ant la couche ext\u00e9rieure du cheveu, la k\u00e9ratine aide \u00e0 r\u00e9duire la casse, \u00e0 am\u00e9liorer la r\u00e9sistance et \u00e0 restaurer la souplesse. Dans le contexte de l\u2019alop\u00e9cie, elle permet de pr\u00e9server la sant\u00e9 du cuir chevelu, de renforcer les follicules et de favoriser une croissance plus saine et plus \u00e9paisse des cheveux.<\/p>\n<h2><span class=\"ez-toc-section\" id=\"Notice_%E2%80%93_Informations_pour_le_patient\"><\/span>Notice \u2013 Informations pour le patient<span class=\"ez-toc-section-end\"><\/span><\/h2>\n<h3><span class=\"ez-toc-section\" id=\"Nom_du_medicament\"><\/span>Nom du m\u00e9dicament<span class=\"ez-toc-section-end\"><\/span><\/h3>\n<p>Verdexedil, spray contre la perte de cheveux.<\/p>\n<h3><span class=\"ez-toc-section\" id=\"Forme_pharmaceutique_et_presentation\"><\/span>Forme pharmaceutique et pr\u00e9sentation<span class=\"ez-toc-section-end\"><\/span><\/h3>\n<p>Il s&rsquo;agit d&rsquo;un spray topique destin\u00e9 \u00e0 une application directe sur le cuir chevelu. Le flacon contient g\u00e9n\u00e9ralement une quantit\u00e9 de liquide pr\u00eate \u00e0 l&#8217;emploi, conditionn\u00e9e dans un vaporisateur pour faciliter la distribution uniforme du produit.<\/p>\n<h3><span class=\"ez-toc-section\" id=\"Indications_therapeutiques\"><\/span>Indications th\u00e9rapeutiques<span class=\"ez-toc-section-end\"><\/span><\/h3>\n<p>Verdexedil est indiqu\u00e9 dans le traitement de l\u2019alop\u00e9cie androg\u00e9n\u00e9tique chez l\u2019homme et la femme. Il vise \u00e0 r\u00e9duire la chute de cheveux, \u00e0 stimuler la croissance capillaire et \u00e0 am\u00e9liorer la densit\u00e9 du cheveu, en particulier dans les zones d\u00e9garnies ou clairsem\u00e9es.<\/p>\n<h3><span class=\"ez-toc-section\" id=\"Contre-indications\"><\/span>Contre-indications<span class=\"ez-toc-section-end\"><\/span><\/h3>\n<p>Ce m\u00e9dicament ne doit pas \u00eatre utilis\u00e9 en cas d\u2019hypersensibilit\u00e9 connue \u00e0 l\u2019un des composants, notamment aux actifs ou \u00e0 l\u2019alcool pr\u00e9sent dans la formule. Il est \u00e9galement contre-indiqu\u00e9 chez les personnes pr\u00e9sentant des l\u00e9sions ou irritations du cuir chevelu qui pourraient favoriser une r\u00e9action locale.<\/p>\n<h3><span class=\"ez-toc-section\" id=\"Effets_indesirables_possibles\"><\/span>Effets ind\u00e9sirables possibles<span class=\"ez-toc-section-end\"><\/span><\/h3>\n<p>Les r\u00e9actions allergiques, telles que d\u00e9mangeaisons, rougeurs, gonflements ou \u00e9ruptions cutan\u00e9es au niveau du cuir chevelu, peuvent survenir. En cas d\u2019apparition de ces sympt\u00f4mes, l\u2019utilisation doit \u00eatre interrompue.<\/p>\n<h3><span class=\"ez-toc-section\" id=\"Interactions_avec_dautres_medicaments\"><\/span>Interactions avec d&rsquo;autres m\u00e9dicaments<span class=\"ez-toc-section-end\"><\/span><\/h3>\n<p>Verdexedil peut \u00eatre utilis\u00e9 en association avec d\u2019autres traitements capillaires ou m\u00e9dicamenteux, sauf en cas d\u2019interactions sp\u00e9cifiques connues. L\u2019usage d\u2019alcool n\u2019est pas recommand\u00e9 lors du traitement.<\/p>\n<h3><span class=\"ez-toc-section\" id=\"Posologie_et_mode_dadministration\"><\/span>Posologie et mode d&rsquo;administration<span class=\"ez-toc-section-end\"><\/span><\/h3>\n<p>Le spray doit \u00eatre appliqu\u00e9 directement sur le cuir chevelu en effectuant des pulv\u00e9risations r\u00e9guli\u00e8res, g\u00e9n\u00e9ralement une \u00e0 deux fois par jour. Il faut \u00e9viter de rincer le produit apr\u00e8s application et laisser s\u00e9cher naturellement. La dose exacte doit respecter les recommandations figurant sur l\u2019emballage ou la notice.<\/p>\n<h3><span class=\"ez-toc-section\" id=\"Duree_du_traitement\"><\/span>Dur\u00e9e du traitement<span class=\"ez-toc-section-end\"><\/span><\/h3>\n<p>Le traitement doit \u00eatre poursuivi pendant plusieurs mois pour observer des r\u00e9sultats significatifs. La dur\u00e9e recommand\u00e9e est g\u00e9n\u00e9ralement de 3 \u00e0 6 mois, ou selon les conseils du professionnel de sant\u00e9.<\/p>\n<h3><span class=\"ez-toc-section\" id=\"Mises_en_garde_et_precautions\"><\/span>Mises en garde et pr\u00e9cautions<span class=\"ez-toc-section-end\"><\/span><\/h3>\n<p>Aucune pr\u00e9caution particuli\u00e8re n\u2019est requise, sauf en cas d\u2019allergie connue. Le produit n\u2019est pas recommand\u00e9 aux personnes de moins de 18 ans. Il est conseill\u00e9 de respecter strictement les instructions d\u2019utilisation.<\/p>\n<h3><span class=\"ez-toc-section\" id=\"Surdosage\"><\/span>Surdosage<span class=\"ez-toc-section-end\"><\/span><\/h3>\n<p>En cas de surdosage accidentel ou d\u2019utilisation excessive, il est important de cesser l\u2019application et de consulter un professionnel de sant\u00e9. Aucune information sp\u00e9cifique sur le surdosage n\u2019a \u00e9t\u00e9 rapport\u00e9e.<\/p>\n<h3><span class=\"ez-toc-section\" id=\"Date_de_peremption\"><\/span>Date de p\u00e9remption<span class=\"ez-toc-section-end\"><\/span><\/h3>\n<p>Ne pas utiliser apr\u00e8s la date de p\u00e9remption indiqu\u00e9e sur l\u2019emballage. La date limite de consommation doit \u00eatre respect\u00e9e pour garantir l\u2019efficacit\u00e9 et la s\u00e9curit\u00e9 du produit.<\/p>\n<h3><span class=\"ez-toc-section\" id=\"Conditions_de_conservation\"><\/span>Conditions de conservation<span class=\"ez-toc-section-end\"><\/span><\/h3>\n<p>Conserver \u00e0 une temp\u00e9rature ne d\u00e9passant pas 25\u202f\u00b0C, \u00e0 l\u2019abri de l\u2019humidit\u00e9 et de la lumi\u00e8re. Tenir hors de port\u00e9e des enfants.<\/p>\n<h2><span class=\"ez-toc-section\" id=\"Verdexedil_%E2%80%93_Avis_Doctissimo_y_compris_negatifs_et_forum_commentaires\"><\/span>Verdexedil \u2013 Avis Doctissimo, y compris n\u00e9gatifs et forum commentaires<span class=\"ez-toc-section-end\"><\/span><\/h2>\n<p>Les utilisateurs partageant leurs exp\u00e9riences sur les r\u00e9seaux sociaux et forums sp\u00e9cialis\u00e9s montrent un vif int\u00e9r\u00eat pour ce traitement capillaire. La majorit\u00e9 des t\u00e9moignages sont positifs, soulignant une am\u00e9lioration notable de la densit\u00e9 capillaire et une r\u00e9duction de la chute de cheveux apr\u00e8s plusieurs mois d\u2019utilisation. Beaucoup mentionnent une facilit\u00e9 d\u2019application gr\u00e2ce au spray, ainsi qu\u2019une bonne tol\u00e9rance, sans effets secondaires majeurs. Ces retours encourageants contribuent \u00e0 renforcer la confiance dans l\u2019efficacit\u00e9 du produit.<\/p>\n<p>Cependant, certains utilisateurs expriment des r\u00e9serves ou des r\u00e9sultats mitig\u00e9s. Quelques commentaires n\u00e9gatifs \u00e9voquent une efficacit\u00e9 limit\u00e9e ou un d\u00e9lai d\u2019attente plus long que pr\u00e9vu pour observer des changements significatifs. D\u2019autres signalent des r\u00e9actions allergiques ou une irritation du cuir chevelu, malgr\u00e9 une utilisation correcte. Dans l\u2019ensemble, la majorit\u00e9 des avis restent positifs, mais il est important de noter que les r\u00e9sultats peuvent varier d\u2019une personne \u00e0 l\u2019autre.<\/p>\n<h2><span class=\"ez-toc-section\" id=\"Ou_acheter_Verdexedil_en_ligne_en_France_Belgique_Suisse_et_Luxembourg_avec_une_livraison_rapide\"><\/span>O\u00f9 acheter Verdexedil en ligne en France, Belgique, Suisse et Luxembourg avec une livraison rapide<span class=\"ez-toc-section-end\"><\/span><\/h2>\n<p>Verdexedil est disponible \u00e0 l\u2019achat exclusivement dans notre pharmacie en ligne &quot;Pharmacie Vivre Sainement&quot;, qui b\u00e9n\u00e9ficie d\u2019un contrat direct avec le fabricant et est un partenaire officiel. Vous pouvez ainsi commander en toute confiance, en \u00e9tant assur\u00e9 de la authenticit\u00e9 et de la qualit\u00e9 du produit.<\/p>\n<h3><span class=\"ez-toc-section\" id=\"Prix\"><\/span>Prix<span class=\"ez-toc-section-end\"><\/span><\/h3>\n<p>Le prix de Verdexedil est fix\u00e9 \u00e0 39 euros en France, en Belgique, en Suisse et au Luxembourg. Actuellement, des promotions sont en cours avec des remises allant de 30 \u00e0 50 % sur la premi\u00e8re commande, pour vous permettre de b\u00e9n\u00e9ficier d\u2019un tarif avantageux.<\/p>\n<h3><span class=\"ez-toc-section\" id=\"Acheter_a_la_pharmacie\"><\/span>Acheter \u00e0 la pharmacie<span class=\"ez-toc-section-end\"><\/span><\/h3>\n<p>Vous pouvez acheter le m\u00e9dicament Verdexedil sans ordonnance sur notre site \u00ab\u00a0Vivre Sainement\u00a0\u00bb. Il est important de noter que ce produit n\u2019est pas disponible dans les pharmacies en ligne ou les cha\u00eenes telles qu\u2019Atida, DocMorris, DM, Pharma GDD, car il est actuellement distribu\u00e9 en quantit\u00e9 limit\u00e9e uniquement dans certaines pharmacies s\u00e9lectionn\u00e9es. Il est fortement d\u00e9conseill\u00e9 d\u2019acheter sur les marketplaces comme Amazon ou dans les magasins Carrefour, car il existe un risque d\u2019achat de produits contrefaits ou de qualit\u00e9 douteuse.<\/p>\n<h3><span class=\"ez-toc-section\" id=\"Modes_de_paiement_et_de_livraison\"><\/span>Modes de paiement et de livraison<span class=\"ez-toc-section-end\"><\/span><\/h3>\n<p>La livraison est assur\u00e9e par des services de messagerie rapides et fiables dans tous les pays europ\u00e9ens, y compris la France, la Suisse, la Belgique et le Luxembourg. Pour votre confort et votre s\u00e9curit\u00e9, vous pouvez payer \u00e0 la livraison (paiement \u00e0 r\u00e9ception) ou utiliser des moyens de paiement s\u00e9curis\u00e9s comme la carte bancaire, Apple Pay ou Google Pay.<\/p>\n<h2><span class=\"ez-toc-section\" id=\"FAQ_Questions_frequentes\"><\/span>FAQ : Questions fr\u00e9quentes<span class=\"ez-toc-section-end\"><\/span><\/h2>\n<div class=\"wp-faq-schema-wrap wp-faq-schema-accordion\">\n<div class=\"wp-faq-schema-items ui-accordion ui-widget ui-helper-reset\" role=\"tablist\">\n<h3 class=\"ui-accordion-header ui-corner-top ui-state-default ui-accordion-icons\" role=\"tab\" id=\"ui-id-1\" aria-controls=\"ui-id-2\" aria-expanded=\"false\"><span class=\"ez-toc-section\" id=\"Quels_sont_les_principaux_ingredients_actifs_du_spray_Verdexedil\"><\/span>\n  Quels sont les principaux ingr\u00e9dients actifs du spray Verdexedil ?<br \/>\n  <span class=\"ez-toc-section-end\"><\/span><\/h3>\n<div class=\"ui-accordion-content ui-corner-bottom ui-helper-reset ui-widget-content\" id=\"ui-id-2\" aria-labelledby=\"ui-id-1\" role=\"tabpanel\" aria-hidden=\"true\">\n<p>Le spray Verdexedil contient principalement de l&rsquo;huile de romarin, de l&rsquo;acide carnosique, le peptide WKPep (R) M3000-TRI, de la panth\u00e9nol, des om\u00e9ga 3 v\u00e9g\u00e9taux (huile de graines de lin et Sacha Inchi) ainsi que de la k\u00e9ratine.<\/p>\n<\/p><\/div>\n<h3 class=\"ui-accordion-header ui-corner-top ui-state-default ui-accordion-icons\" role=\"tab\" id=\"ui-id-3\" aria-controls=\"ui-id-4\" aria-expanded=\"false\"><span class=\"ez-toc-section\" id=\"Est-ce_que_le_spray_Verdexedil_est_efficace_pour_arreter_la_chute_des_cheveux\"><\/span>\n  Est-ce que le spray Verdexedil est efficace pour arr\u00eater la chute des cheveux ?<br \/>\n  <span class=\"ez-toc-section-end\"><\/span><\/h3>\n<div class=\"ui-accordion-content ui-corner-bottom ui-helper-reset ui-widget-content\" id=\"ui-id-4\" aria-labelledby=\"ui-id-3\" role=\"tabpanel\" aria-hidden=\"true\">\n<p>Selon les utilisateurs, le spray Verdexedil peut aider \u00e0 renforcer les cheveux et \u00e0 r\u00e9duire leur chute, mais son efficacit\u00e9 peut varier d&rsquo;une personne \u00e0 l&rsquo;autre.<\/p>\n<\/p><\/div>\n<h3 class=\"ui-accordion-header ui-corner-top ui-state-default ui-accordion-icons\" role=\"tab\" id=\"ui-id-5\" aria-controls=\"ui-id-6\" aria-expanded=\"false\"><span class=\"ez-toc-section\" id=\"Comment_utiliser_le_spray_Verdexedil_pour_obtenir_de_meilleurs_resultats\"><\/span>\n  Comment utiliser le spray Verdexedil pour obtenir de meilleurs r\u00e9sultats ?<br \/>\n  <span class=\"ez-toc-section-end\"><\/span><\/h3>\n<div class=\"ui-accordion-content ui-corner-bottom ui-helper-reset ui-widget-content\" id=\"ui-id-6\" aria-labelledby=\"ui-id-5\" role=\"tabpanel\" aria-hidden=\"true\">\n<p>Il est recommand\u00e9 d&rsquo;appliquer le spray sur le cuir chevelu propre et sec, en massant doucement pour faire p\u00e9n\u00e9trer le produit, g\u00e9n\u00e9ralement une \u00e0 deux fois par jour selon les instructions du fabricant.<\/p>\n<\/p><\/div>\n<h3 class=\"ui-accordion-header ui-corner-top ui-state-default ui-accordion-icons\" role=\"tab\" id=\"ui-id-7\" aria-controls=\"ui-id-8\" aria-expanded=\"false\"><span class=\"ez-toc-section\" id=\"Y_a-t-il_des_effets_secondaires_lies_a_lutilisation_du_spray_Verdexedil\"><\/span>\n  Y a-t-il des effets secondaires li\u00e9s \u00e0 l\u2019utilisation du spray Verdexedil ?<br \/>\n  <span class=\"ez-toc-section-end\"><\/span><\/h3>\n<div class=\"ui-accordion-content ui-corner-bottom ui-helper-reset ui-widget-content\" id=\"ui-id-8\" aria-labelledby=\"ui-id-7\" role=\"tabpanel\" aria-hidden=\"true\">\n<p>En g\u00e9n\u00e9ral, le spray Verdexedil est bien tol\u00e9r\u00e9, mais certaines personnes peuvent ressentir des irritations ou des d\u00e9mangeaisons du cuir chevelu. Il est conseill\u00e9 de faire un test de sensibilit\u00e9 avant une utilisation r\u00e9guli\u00e8re.<\/p>\n<\/p><\/div>\n<h3 class=\"ui-accordion-header ui-corner-top ui-state-default ui-accordion-icons\" role=\"tab\" id=\"ui-id-9\" aria-controls=\"ui-id-10\" aria-expanded=\"false\"><span class=\"ez-toc-section\" id=\"Combien_coute_le_spray_Verdexedil_et_ou_peut-on_lacheter\"><\/span>\n  Combien co\u00fbte le spray Verdexedil et o\u00f9 peut-on l\u2019acheter ?<br \/>\n  <span class=\"ez-toc-section-end\"><\/span><\/h3>\n<div class=\"ui-accordion-content ui-corner-bottom ui-helper-reset ui-widget-content\" id=\"ui-id-10\" aria-labelledby=\"ui-id-9\" role=\"tabpanel\" aria-hidden=\"true\">\n<p>Le spray Verdexedil co\u00fbte environ 39 euros et il peut \u00eatre achet\u00e9 en pharmacie ou en ligne sur les sites sp\u00e9cialis\u00e9s.<\/p>\n<\/p><\/div>\n<\/div>\n<\/div>\n","protected":false},"excerpt":{"rendered":"<p>Qu\u2019est-ce que Verdexedil et quelles sont ses indications\u202f? Verdexedil est un spray con\u00e7u pour lutter contre la perte de cheveux [&hellip;]<\/p>\n","protected":false},"featured_media":243,"comment_status":"open","ping_status":"closed","template":"","meta":{"site-sidebar-layout":"default","site-content-layout":"","ast-site-content-layout":"default","site-content-style":"default","site-sidebar-style":"default","ast-global-header-display":"","ast-banner-title-visibility":"","ast-main-header-display":"","ast-hfb-above-header-display":"","ast-hfb-below-header-display":"","ast-hfb-mobile-header-display":"","site-post-title":"","ast-breadcrumbs-content":"","ast-featured-img":"","footer-sml-layout":"","ast-disable-related-posts":"","theme-transparent-header-meta":"","adv-header-id-meta":"","stick-header-meta":"","header-above-stick-meta":"","header-main-stick-meta":"","header-below-stick-meta":"","astra-migrate-meta-layouts":"default","ast-page-background-enabled":"default","ast-page-background-meta":{"desktop":{"background-color":"var(--ast-global-color-5)","background-image":"","background-repeat":"repeat","background-position":"center center","background-size":"auto","background-attachment":"scroll","background-type":"","background-media":"","overlay-type":"","overlay-color":"","overlay-opacity":"","overlay-gradient":""},"tablet":{"background-color":"","background-image":"","background-repeat":"repeat","background-position":"center center","background-size":"auto","background-attachment":"scroll","background-type":"","background-media":"","overlay-type":"","overlay-color":"","overlay-opacity":"","overlay-gradient":""},"mobile":{"background-color":"","background-image":"","background-repeat":"repeat","background-position":"center center","background-size":"auto","background-attachment":"scroll","background-type":"","background-media":"","overlay-type":"","overlay-color":"","overlay-opacity":"","overlay-gradient":""}},"ast-content-background-meta":{"desktop":{"background-color":"var(--ast-global-color-4)","background-image":"","background-repeat":"repeat","background-position":"center center","background-size":"auto","background-attachment":"scroll","background-type":"","background-media":"","overlay-type":"","overlay-color":"","overlay-opacity":"","overlay-gradient":""},"tablet":{"background-color":"var(--ast-global-color-4)","background-image":"","background-repeat":"repeat","background-position":"center center","background-size":"auto","background-attachment":"scroll","background-type":"","background-media":"","overlay-type":"","overlay-color":"","overlay-opacity":"","overlay-gradient":""},"mobile":{"background-color":"var(--ast-global-color-4)","background-image":"","background-repeat":"repeat","background-position":"center center","background-size":"auto","background-attachment":"scroll","background-type":"","background-media":"","overlay-type":"","overlay-color":"","overlay-opacity":"","overlay-gradient":""}}},"product_brand":[],"product_cat":[15],"product_tag":[],"class_list":{"0":"post-244","1":"product","2":"type-product","3":"status-publish","4":"has-post-thumbnail","6":"product_cat-bien-etre-et-sante-globale","7":"desktop-align-left","8":"tablet-align-left","9":"mobile-align-left","11":"first","12":"instock","13":"sale","14":"shipping-taxable","15":"product-type-external"},"yoast_head":"<!-- This site is optimized with the Yoast SEO plugin v27.5 - https:\/\/yoast.com\/product\/yoast-seo-wordpress\/ -->\n<title>Verdexedil \u2013 Prix, Notice, Composition et Avis Doctissimo \u2764\ufe0f Pharmacie Vivre Sainement<\/title>\n<meta name=\"description\" content=\"\u274c Verdexedil spray - D\u00e9couvrez sa composition, son prix, les avis (positifs et n\u00e9gatifs), et o\u00f9 l\u2019acheter en toute s\u00e9curit\u00e9 en pharmacie en ligne. Est-ce un produit fiable ou une arnaque ?\" \/>\n<meta name=\"robots\" content=\"index, follow, max-snippet:-1, max-image-preview:large, max-video-preview:-1\" \/>\n<link rel=\"canonical\" href=\"https:\/\/www.vivre-covid19.fr\/pharmacie\/medicament\/verdexedil-spray-contre-la-chute-des-cheveux\/\" \/>\n<meta property=\"og:locale\" content=\"fr_FR\" \/>\n<meta property=\"og:type\" content=\"article\" \/>\n<meta property=\"og:title\" content=\"Verdexedil \u2013 Prix, Notice, Composition et Avis Doctissimo \u2764\ufe0f Pharmacie Vivre Sainement\" \/>\n<meta property=\"og:description\" content=\"\u274c Verdexedil spray - D\u00e9couvrez sa composition, son prix, les avis (positifs et n\u00e9gatifs), et o\u00f9 l\u2019acheter en toute s\u00e9curit\u00e9 en pharmacie en ligne. Est-ce un produit fiable ou une arnaque ?\" \/>\n<meta property=\"og:url\" content=\"https:\/\/www.vivre-covid19.fr\/pharmacie\/medicament\/verdexedil-spray-contre-la-chute-des-cheveux\/\" \/>\n<meta property=\"og:site_name\" content=\"Pharmacie Vivre Sainement\" \/>\n<meta property=\"article:modified_time\" content=\"2025-05-14T19:11:10+00:00\" \/>\n<meta property=\"og:image\" content=\"https:\/\/www.vivre-covid19.fr\/pharmacie\/wp-content\/uploads\/2025\/05\/verdexedil.webp\" \/>\n\t<meta property=\"og:image:width\" content=\"600\" \/>\n\t<meta property=\"og:image:height\" content=\"600\" \/>\n\t<meta property=\"og:image:type\" content=\"image\/webp\" \/>\n<meta name=\"twitter:card\" content=\"summary_large_image\" \/>\n<meta name=\"twitter:label1\" content=\"Dur\u00e9e de lecture estim\u00e9e\" \/>\n\t<meta name=\"twitter:data1\" content=\"12 minutes\" \/>\n<script type=\"application\/ld+json\" class=\"yoast-schema-graph\">{\"@context\":\"https:\\\/\\\/schema.org\",\"@graph\":[{\"@type\":\"WebPage\",\"@id\":\"https:\\\/\\\/www.vivre-covid19.fr\\\/pharmacie\\\/medicament\\\/verdexedil-spray-contre-la-chute-des-cheveux\\\/\",\"url\":\"https:\\\/\\\/www.vivre-covid19.fr\\\/pharmacie\\\/medicament\\\/verdexedil-spray-contre-la-chute-des-cheveux\\\/\",\"name\":\"Verdexedil \u2013 Prix, Notice, Composition et Avis Doctissimo \u2764\ufe0f Pharmacie Vivre Sainement\",\"isPartOf\":{\"@id\":\"https:\\\/\\\/www.vivre-covid19.fr\\\/pharmacie\\\/#website\"},\"primaryImageOfPage\":{\"@id\":\"https:\\\/\\\/www.vivre-covid19.fr\\\/pharmacie\\\/medicament\\\/verdexedil-spray-contre-la-chute-des-cheveux\\\/#primaryimage\"},\"image\":{\"@id\":\"https:\\\/\\\/www.vivre-covid19.fr\\\/pharmacie\\\/medicament\\\/verdexedil-spray-contre-la-chute-des-cheveux\\\/#primaryimage\"},\"thumbnailUrl\":\"https:\\\/\\\/www.vivre-covid19.fr\\\/pharmacie\\\/wp-content\\\/uploads\\\/2025\\\/05\\\/verdexedil.webp\",\"datePublished\":\"2025-05-14T19:11:00+00:00\",\"dateModified\":\"2025-05-14T19:11:10+00:00\",\"description\":\"\u274c Verdexedil spray - D\u00e9couvrez sa composition, son prix, les avis (positifs et n\u00e9gatifs), et o\u00f9 l\u2019acheter en toute s\u00e9curit\u00e9 en pharmacie en ligne. Est-ce un produit fiable ou une arnaque ?\",\"breadcrumb\":{\"@id\":\"https:\\\/\\\/www.vivre-covid19.fr\\\/pharmacie\\\/medicament\\\/verdexedil-spray-contre-la-chute-des-cheveux\\\/#breadcrumb\"},\"inLanguage\":\"fr-FR\",\"potentialAction\":[{\"@type\":\"ReadAction\",\"target\":[\"https:\\\/\\\/www.vivre-covid19.fr\\\/pharmacie\\\/medicament\\\/verdexedil-spray-contre-la-chute-des-cheveux\\\/\"]}]},{\"@type\":\"ImageObject\",\"inLanguage\":\"fr-FR\",\"@id\":\"https:\\\/\\\/www.vivre-covid19.fr\\\/pharmacie\\\/medicament\\\/verdexedil-spray-contre-la-chute-des-cheveux\\\/#primaryimage\",\"url\":\"https:\\\/\\\/www.vivre-covid19.fr\\\/pharmacie\\\/wp-content\\\/uploads\\\/2025\\\/05\\\/verdexedil.webp\",\"contentUrl\":\"https:\\\/\\\/www.vivre-covid19.fr\\\/pharmacie\\\/wp-content\\\/uploads\\\/2025\\\/05\\\/verdexedil.webp\",\"width\":600,\"height\":600},{\"@type\":\"BreadcrumbList\",\"@id\":\"https:\\\/\\\/www.vivre-covid19.fr\\\/pharmacie\\\/medicament\\\/verdexedil-spray-contre-la-chute-des-cheveux\\\/#breadcrumb\",\"itemListElement\":[{\"@type\":\"ListItem\",\"position\":1,\"name\":\"\u0413\u043b\u0430\u0432\u043d\u0430\u044f \u0441\u0442\u0440\u0430\u043d\u0438\u0446\u0430\",\"item\":\"https:\\\/\\\/www.vivre-covid19.fr\\\/pharmacie\\\/\"},{\"@type\":\"ListItem\",\"position\":2,\"name\":\"Pharmacie Vivre Sainement\",\"item\":\"https:\\\/\\\/www.vivre-covid19.fr\\\/pharmacie\\\/\"},{\"@type\":\"ListItem\",\"position\":3,\"name\":\"Verdexedil spray contre la chute des cheveux\"}]},{\"@type\":\"WebSite\",\"@id\":\"https:\\\/\\\/www.vivre-covid19.fr\\\/pharmacie\\\/#website\",\"url\":\"https:\\\/\\\/www.vivre-covid19.fr\\\/pharmacie\\\/\",\"name\":\"Pharmacie Vivre Sainement\",\"description\":\"\",\"publisher\":{\"@id\":\"https:\\\/\\\/www.vivre-covid19.fr\\\/pharmacie\\\/#organization\"},\"potentialAction\":[{\"@type\":\"SearchAction\",\"target\":{\"@type\":\"EntryPoint\",\"urlTemplate\":\"https:\\\/\\\/www.vivre-covid19.fr\\\/pharmacie\\\/?s={search_term_string}\"},\"query-input\":{\"@type\":\"PropertyValueSpecification\",\"valueRequired\":true,\"valueName\":\"search_term_string\"}}],\"inLanguage\":\"fr-FR\"},{\"@type\":\"Organization\",\"@id\":\"https:\\\/\\\/www.vivre-covid19.fr\\\/pharmacie\\\/#organization\",\"name\":\"Pharmacie Vivre Sainement\",\"url\":\"https:\\\/\\\/www.vivre-covid19.fr\\\/pharmacie\\\/\",\"logo\":{\"@type\":\"ImageObject\",\"inLanguage\":\"fr-FR\",\"@id\":\"https:\\\/\\\/www.vivre-covid19.fr\\\/pharmacie\\\/#\\\/schema\\\/logo\\\/image\\\/\",\"url\":\"https:\\\/\\\/www.vivre-covid19.fr\\\/pharmacie\\\/wp-content\\\/uploads\\\/2025\\\/05\\\/farmacia.png\",\"contentUrl\":\"https:\\\/\\\/www.vivre-covid19.fr\\\/pharmacie\\\/wp-content\\\/uploads\\\/2025\\\/05\\\/farmacia.png\",\"width\":1151,\"height\":1280,\"caption\":\"Pharmacie Vivre Sainement\"},\"image\":{\"@id\":\"https:\\\/\\\/www.vivre-covid19.fr\\\/pharmacie\\\/#\\\/schema\\\/logo\\\/image\\\/\"}}]}<\/script>\n<!-- \/ Yoast SEO plugin. -->","yoast_head_json":{"title":"Verdexedil \u2013 Prix, Notice, Composition et Avis Doctissimo \u2764\ufe0f Pharmacie Vivre Sainement","description":"\u274c Verdexedil spray - D\u00e9couvrez sa composition, son prix, les avis (positifs et n\u00e9gatifs), et o\u00f9 l\u2019acheter en toute s\u00e9curit\u00e9 en pharmacie en ligne. Est-ce un produit fiable ou une arnaque ?","robots":{"index":"index","follow":"follow","max-snippet":"max-snippet:-1","max-image-preview":"max-image-preview:large","max-video-preview":"max-video-preview:-1"},"canonical":"https:\/\/www.vivre-covid19.fr\/pharmacie\/medicament\/verdexedil-spray-contre-la-chute-des-cheveux\/","og_locale":"fr_FR","og_type":"article","og_title":"Verdexedil \u2013 Prix, Notice, Composition et Avis Doctissimo \u2764\ufe0f Pharmacie Vivre Sainement","og_description":"\u274c Verdexedil spray - D\u00e9couvrez sa composition, son prix, les avis (positifs et n\u00e9gatifs), et o\u00f9 l\u2019acheter en toute s\u00e9curit\u00e9 en pharmacie en ligne. Est-ce un produit fiable ou une arnaque ?","og_url":"https:\/\/www.vivre-covid19.fr\/pharmacie\/medicament\/verdexedil-spray-contre-la-chute-des-cheveux\/","og_site_name":"Pharmacie Vivre Sainement","article_modified_time":"2025-05-14T19:11:10+00:00","og_image":[{"width":600,"height":600,"url":"https:\/\/www.vivre-covid19.fr\/pharmacie\/wp-content\/uploads\/2025\/05\/verdexedil.webp","type":"image\/webp"}],"twitter_card":"summary_large_image","twitter_misc":{"Dur\u00e9e de lecture estim\u00e9e":"12 minutes"},"schema":{"@context":"https:\/\/schema.org","@graph":[{"@type":"WebPage","@id":"https:\/\/www.vivre-covid19.fr\/pharmacie\/medicament\/verdexedil-spray-contre-la-chute-des-cheveux\/","url":"https:\/\/www.vivre-covid19.fr\/pharmacie\/medicament\/verdexedil-spray-contre-la-chute-des-cheveux\/","name":"Verdexedil \u2013 Prix, Notice, Composition et Avis Doctissimo \u2764\ufe0f Pharmacie Vivre Sainement","isPartOf":{"@id":"https:\/\/www.vivre-covid19.fr\/pharmacie\/#website"},"primaryImageOfPage":{"@id":"https:\/\/www.vivre-covid19.fr\/pharmacie\/medicament\/verdexedil-spray-contre-la-chute-des-cheveux\/#primaryimage"},"image":{"@id":"https:\/\/www.vivre-covid19.fr\/pharmacie\/medicament\/verdexedil-spray-contre-la-chute-des-cheveux\/#primaryimage"},"thumbnailUrl":"https:\/\/www.vivre-covid19.fr\/pharmacie\/wp-content\/uploads\/2025\/05\/verdexedil.webp","datePublished":"2025-05-14T19:11:00+00:00","dateModified":"2025-05-14T19:11:10+00:00","description":"\u274c Verdexedil spray - D\u00e9couvrez sa composition, son prix, les avis (positifs et n\u00e9gatifs), et o\u00f9 l\u2019acheter en toute s\u00e9curit\u00e9 en pharmacie en ligne. Est-ce un produit fiable ou une arnaque ?","breadcrumb":{"@id":"https:\/\/www.vivre-covid19.fr\/pharmacie\/medicament\/verdexedil-spray-contre-la-chute-des-cheveux\/#breadcrumb"},"inLanguage":"fr-FR","potentialAction":[{"@type":"ReadAction","target":["https:\/\/www.vivre-covid19.fr\/pharmacie\/medicament\/verdexedil-spray-contre-la-chute-des-cheveux\/"]}]},{"@type":"ImageObject","inLanguage":"fr-FR","@id":"https:\/\/www.vivre-covid19.fr\/pharmacie\/medicament\/verdexedil-spray-contre-la-chute-des-cheveux\/#primaryimage","url":"https:\/\/www.vivre-covid19.fr\/pharmacie\/wp-content\/uploads\/2025\/05\/verdexedil.webp","contentUrl":"https:\/\/www.vivre-covid19.fr\/pharmacie\/wp-content\/uploads\/2025\/05\/verdexedil.webp","width":600,"height":600},{"@type":"BreadcrumbList","@id":"https:\/\/www.vivre-covid19.fr\/pharmacie\/medicament\/verdexedil-spray-contre-la-chute-des-cheveux\/#breadcrumb","itemListElement":[{"@type":"ListItem","position":1,"name":"\u0413\u043b\u0430\u0432\u043d\u0430\u044f \u0441\u0442\u0440\u0430\u043d\u0438\u0446\u0430","item":"https:\/\/www.vivre-covid19.fr\/pharmacie\/"},{"@type":"ListItem","position":2,"name":"Pharmacie Vivre Sainement","item":"https:\/\/www.vivre-covid19.fr\/pharmacie\/"},{"@type":"ListItem","position":3,"name":"Verdexedil spray contre la chute des cheveux"}]},{"@type":"WebSite","@id":"https:\/\/www.vivre-covid19.fr\/pharmacie\/#website","url":"https:\/\/www.vivre-covid19.fr\/pharmacie\/","name":"Pharmacie Vivre Sainement","description":"","publisher":{"@id":"https:\/\/www.vivre-covid19.fr\/pharmacie\/#organization"},"potentialAction":[{"@type":"SearchAction","target":{"@type":"EntryPoint","urlTemplate":"https:\/\/www.vivre-covid19.fr\/pharmacie\/?s={search_term_string}"},"query-input":{"@type":"PropertyValueSpecification","valueRequired":true,"valueName":"search_term_string"}}],"inLanguage":"fr-FR"},{"@type":"Organization","@id":"https:\/\/www.vivre-covid19.fr\/pharmacie\/#organization","name":"Pharmacie Vivre Sainement","url":"https:\/\/www.vivre-covid19.fr\/pharmacie\/","logo":{"@type":"ImageObject","inLanguage":"fr-FR","@id":"https:\/\/www.vivre-covid19.fr\/pharmacie\/#\/schema\/logo\/image\/","url":"https:\/\/www.vivre-covid19.fr\/pharmacie\/wp-content\/uploads\/2025\/05\/farmacia.png","contentUrl":"https:\/\/www.vivre-covid19.fr\/pharmacie\/wp-content\/uploads\/2025\/05\/farmacia.png","width":1151,"height":1280,"caption":"Pharmacie Vivre Sainement"},"image":{"@id":"https:\/\/www.vivre-covid19.fr\/pharmacie\/#\/schema\/logo\/image\/"}}]}},"_links":{"self":[{"href":"https:\/\/www.vivre-covid19.fr\/pharmacie\/wp-json\/wp\/v2\/product\/244","targetHints":{"allow":["GET"]}}],"collection":[{"href":"https:\/\/www.vivre-covid19.fr\/pharmacie\/wp-json\/wp\/v2\/product"}],"about":[{"href":"https:\/\/www.vivre-covid19.fr\/pharmacie\/wp-json\/wp\/v2\/types\/product"}],"replies":[{"embeddable":true,"href":"https:\/\/www.vivre-covid19.fr\/pharmacie\/wp-json\/wp\/v2\/comments?post=244"}],"wp:featuredmedia":[{"embeddable":true,"href":"https:\/\/www.vivre-covid19.fr\/pharmacie\/wp-json\/wp\/v2\/media\/243"}],"wp:attachment":[{"href":"https:\/\/www.vivre-covid19.fr\/pharmacie\/wp-json\/wp\/v2\/media?parent=244"}],"wp:term":[{"taxonomy":"product_brand","embeddable":true,"href":"https:\/\/www.vivre-covid19.fr\/pharmacie\/wp-json\/wp\/v2\/product_brand?post=244"},{"taxonomy":"product_cat","embeddable":true,"href":"https:\/\/www.vivre-covid19.fr\/pharmacie\/wp-json\/wp\/v2\/product_cat?post=244"},{"taxonomy":"product_tag","embeddable":true,"href":"https:\/\/www.vivre-covid19.fr\/pharmacie\/wp-json\/wp\/v2\/product_tag?post=244"}],"curies":[{"name":"wp","href":"https:\/\/api.w.org\/{rel}","templated":true}]}}