{"id":282,"date":"2025-05-14T21:24:10","date_gmt":"2025-05-14T19:24:10","guid":{"rendered":"https:\/\/www.vivre-covid19.fr\/pharmacie\/medicament\/rhinofix-attelle-pour-corriger-la-forme-du-nez\/"},"modified":"2025-05-14T21:24:32","modified_gmt":"2025-05-14T19:24:32","slug":"rhinofix-attelle-pour-corriger-la-forme-du-nez","status":"publish","type":"product","link":"https:\/\/www.vivre-covid19.fr\/pharmacie\/medicament\/rhinofix-attelle-pour-corriger-la-forme-du-nez\/","title":{"rendered":"Rhinofix attelle pour corriger la forme du nez"},"content":{"rendered":"<div id=\"ez-toc-container\" class=\"ez-toc-v2_0_82_2 counter-hierarchy ez-toc-counter ez-toc-grey ez-toc-container-direction\">\n<div class=\"ez-toc-title-container\">\n<p class=\"ez-toc-title\" style=\"cursor:inherit\">Table des mati\u00e8res<\/p>\n<span class=\"ez-toc-title-toggle\"><a href=\"#\" class=\"ez-toc-pull-right ez-toc-btn ez-toc-btn-xs ez-toc-btn-default ez-toc-toggle\" aria-label=\"Toggle Table of Content\"><span class=\"ez-toc-js-icon-con\"><span class=\"\"><span class=\"eztoc-hide\" style=\"display:none;\">Toggle<\/span><span class=\"ez-toc-icon-toggle-span\"><svg style=\"fill: #999;color:#999\" xmlns=\"http:\/\/www.w3.org\/2000\/svg\" class=\"list-377408\" width=\"20px\" height=\"20px\" viewBox=\"0 0 24 24\" fill=\"none\"><path d=\"M6 6H4v2h2V6zm14 0H8v2h12V6zM4 11h2v2H4v-2zm16 0H8v2h12v-2zM4 16h2v2H4v-2zm16 0H8v2h12v-2z\" fill=\"currentColor\"><\/path><\/svg><svg style=\"fill: #999;color:#999\" class=\"arrow-unsorted-368013\" xmlns=\"http:\/\/www.w3.org\/2000\/svg\" width=\"10px\" height=\"10px\" viewBox=\"0 0 24 24\" version=\"1.2\" baseProfile=\"tiny\"><path d=\"M18.2 9.3l-6.2-6.3-6.2 6.3c-.2.2-.3.4-.3.7s.1.5.3.7c.2.2.4.3.7.3h11c.3 0 .5-.1.7-.3.2-.2.3-.5.3-.7s-.1-.5-.3-.7zM5.8 14.7l6.2 6.3 6.2-6.3c.2-.2.3-.5.3-.7s-.1-.5-.3-.7c-.2-.2-.4-.3-.7-.3h-11c-.3 0-.5.1-.7.3-.2.2-.3.5-.3.7s.1.5.3.7z\"\/><\/svg><\/span><\/span><\/span><\/a><\/span><\/div>\n<nav><ul class='ez-toc-list ez-toc-list-level-1 ' ><li class='ez-toc-page-1 ez-toc-heading-level-2'><a class=\"ez-toc-link ez-toc-heading-1\" href=\"https:\/\/www.vivre-covid19.fr\/pharmacie\/medicament\/rhinofix-attelle-pour-corriger-la-forme-du-nez\/#Quest-ce_que_Rhinofix_et_quelles_sont_ses_indications%E2%80%AF\" >Qu\u2019est-ce que Rhinofix et quelles sont ses indications\u202f?<\/a><\/li><li class='ez-toc-page-1 ez-toc-heading-level-2'><a class=\"ez-toc-link ez-toc-heading-2\" href=\"https:\/\/www.vivre-covid19.fr\/pharmacie\/medicament\/rhinofix-attelle-pour-corriger-la-forme-du-nez\/#Indications_therapeutiques_de_Rhinofix\" >Indications th\u00e9rapeutiques de Rhinofix<\/a><\/li><li class='ez-toc-page-1 ez-toc-heading-level-2'><a class=\"ez-toc-link ez-toc-heading-3\" href=\"https:\/\/www.vivre-covid19.fr\/pharmacie\/medicament\/rhinofix-attelle-pour-corriger-la-forme-du-nez\/#Composition_de_Rhinofix_principes_actifs_et_autres_composants\" >Composition de Rhinofix : principes actifs et autres composants<\/a><ul class='ez-toc-list-level-3' ><li class='ez-toc-heading-level-3'><a class=\"ez-toc-link ez-toc-heading-4\" href=\"https:\/\/www.vivre-covid19.fr\/pharmacie\/medicament\/rhinofix-attelle-pour-corriger-la-forme-du-nez\/#Hydroxypropyl_cellulose\" >Hydroxypropyl cellulose<\/a><\/li><li class='ez-toc-page-1 ez-toc-heading-level-3'><a class=\"ez-toc-link ez-toc-heading-5\" href=\"https:\/\/www.vivre-covid19.fr\/pharmacie\/medicament\/rhinofix-attelle-pour-corriger-la-forme-du-nez\/#Polyisobutene\" >Polyisobut\u00e8ne<\/a><\/li><li class='ez-toc-page-1 ez-toc-heading-level-3'><a class=\"ez-toc-link ez-toc-heading-6\" href=\"https:\/\/www.vivre-covid19.fr\/pharmacie\/medicament\/rhinofix-attelle-pour-corriger-la-forme-du-nez\/#Elastomere\" >\u00c9lastom\u00e8re<\/a><\/li><li class='ez-toc-page-1 ez-toc-heading-level-3'><a class=\"ez-toc-link ez-toc-heading-7\" href=\"https:\/\/www.vivre-covid19.fr\/pharmacie\/medicament\/rhinofix-attelle-pour-corriger-la-forme-du-nez\/#Resume\" >R\u00e9sum\u00e9<\/a><\/li><li class='ez-toc-page-1 ez-toc-heading-level-3'><a class=\"ez-toc-link ez-toc-heading-8\" href=\"https:\/\/www.vivre-covid19.fr\/pharmacie\/medicament\/rhinofix-attelle-pour-corriger-la-forme-du-nez\/#Hydroxypropyl_cellulose-2\" >Hydroxypropyl cellulose<\/a><\/li><li class='ez-toc-page-1 ez-toc-heading-level-3'><a class=\"ez-toc-link ez-toc-heading-9\" href=\"https:\/\/www.vivre-covid19.fr\/pharmacie\/medicament\/rhinofix-attelle-pour-corriger-la-forme-du-nez\/#Polyisobutene-2\" >Polyisobut\u00e8ne<\/a><\/li><li class='ez-toc-page-1 ez-toc-heading-level-3'><a class=\"ez-toc-link ez-toc-heading-10\" href=\"https:\/\/www.vivre-covid19.fr\/pharmacie\/medicament\/rhinofix-attelle-pour-corriger-la-forme-du-nez\/#Elastomere-2\" >\u00c9lastom\u00e8re<\/a><\/li><\/ul><\/li><li class='ez-toc-page-1 ez-toc-heading-level-2'><a class=\"ez-toc-link ez-toc-heading-11\" href=\"https:\/\/www.vivre-covid19.fr\/pharmacie\/medicament\/rhinofix-attelle-pour-corriger-la-forme-du-nez\/#Notice_%E2%80%93_Informations_pour_le_patient\" >Notice \u2013 Informations pour le patient<\/a><ul class='ez-toc-list-level-3' ><li class='ez-toc-heading-level-3'><a class=\"ez-toc-link ez-toc-heading-12\" href=\"https:\/\/www.vivre-covid19.fr\/pharmacie\/medicament\/rhinofix-attelle-pour-corriger-la-forme-du-nez\/#Nom_du_medicament\" >Nom du m\u00e9dicament<\/a><\/li><li class='ez-toc-page-1 ez-toc-heading-level-3'><a class=\"ez-toc-link ez-toc-heading-13\" href=\"https:\/\/www.vivre-covid19.fr\/pharmacie\/medicament\/rhinofix-attelle-pour-corriger-la-forme-du-nez\/#Forme_pharmaceutique_et_presentation\" >Forme pharmaceutique et pr\u00e9sentation<\/a><\/li><li class='ez-toc-page-1 ez-toc-heading-level-3'><a class=\"ez-toc-link ez-toc-heading-14\" href=\"https:\/\/www.vivre-covid19.fr\/pharmacie\/medicament\/rhinofix-attelle-pour-corriger-la-forme-du-nez\/#Indications_therapeutiques\" >Indications th\u00e9rapeutiques<\/a><\/li><li class='ez-toc-page-1 ez-toc-heading-level-3'><a class=\"ez-toc-link ez-toc-heading-15\" href=\"https:\/\/www.vivre-covid19.fr\/pharmacie\/medicament\/rhinofix-attelle-pour-corriger-la-forme-du-nez\/#Contre-indications\" >Contre-indications<\/a><\/li><li class='ez-toc-page-1 ez-toc-heading-level-3'><a class=\"ez-toc-link ez-toc-heading-16\" href=\"https:\/\/www.vivre-covid19.fr\/pharmacie\/medicament\/rhinofix-attelle-pour-corriger-la-forme-du-nez\/#Effets_indesirables_possibles\" >Effets ind\u00e9sirables possibles<\/a><\/li><li class='ez-toc-page-1 ez-toc-heading-level-3'><a class=\"ez-toc-link ez-toc-heading-17\" href=\"https:\/\/www.vivre-covid19.fr\/pharmacie\/medicament\/rhinofix-attelle-pour-corriger-la-forme-du-nez\/#Interactions_avec_dautres_medicaments\" >Interactions avec d&rsquo;autres m\u00e9dicaments<\/a><\/li><li class='ez-toc-page-1 ez-toc-heading-level-3'><a class=\"ez-toc-link ez-toc-heading-18\" href=\"https:\/\/www.vivre-covid19.fr\/pharmacie\/medicament\/rhinofix-attelle-pour-corriger-la-forme-du-nez\/#Posologie_et_mode_dadministration\" >Posologie et mode d&rsquo;administration<\/a><\/li><li class='ez-toc-page-1 ez-toc-heading-level-3'><a class=\"ez-toc-link ez-toc-heading-19\" href=\"https:\/\/www.vivre-covid19.fr\/pharmacie\/medicament\/rhinofix-attelle-pour-corriger-la-forme-du-nez\/#Duree_du_traitement\" >Dur\u00e9e du traitement<\/a><\/li><li class='ez-toc-page-1 ez-toc-heading-level-3'><a class=\"ez-toc-link ez-toc-heading-20\" href=\"https:\/\/www.vivre-covid19.fr\/pharmacie\/medicament\/rhinofix-attelle-pour-corriger-la-forme-du-nez\/#Mises_en_garde_et_precautions\" >Mises en garde et pr\u00e9cautions<\/a><\/li><li class='ez-toc-page-1 ez-toc-heading-level-3'><a class=\"ez-toc-link ez-toc-heading-21\" href=\"https:\/\/www.vivre-covid19.fr\/pharmacie\/medicament\/rhinofix-attelle-pour-corriger-la-forme-du-nez\/#Surdosage\" >Surdosage<\/a><\/li><li class='ez-toc-page-1 ez-toc-heading-level-3'><a class=\"ez-toc-link ez-toc-heading-22\" href=\"https:\/\/www.vivre-covid19.fr\/pharmacie\/medicament\/rhinofix-attelle-pour-corriger-la-forme-du-nez\/#Date_de_peremption\" >Date de p\u00e9remption<\/a><\/li><li class='ez-toc-page-1 ez-toc-heading-level-3'><a class=\"ez-toc-link ez-toc-heading-23\" href=\"https:\/\/www.vivre-covid19.fr\/pharmacie\/medicament\/rhinofix-attelle-pour-corriger-la-forme-du-nez\/#Conditions_de_conservation\" >Conditions de conservation<\/a><\/li><\/ul><\/li><li class='ez-toc-page-1 ez-toc-heading-level-2'><a class=\"ez-toc-link ez-toc-heading-24\" href=\"https:\/\/www.vivre-covid19.fr\/pharmacie\/medicament\/rhinofix-attelle-pour-corriger-la-forme-du-nez\/#Rhinofix_%E2%80%93_Avis_Doctissimo_y_compris_negatifs_et_forum_commentaires\" >Rhinofix \u2013 Avis Doctissimo, y compris n\u00e9gatifs et forum commentaires<\/a><\/li><li class='ez-toc-page-1 ez-toc-heading-level-2'><a class=\"ez-toc-link ez-toc-heading-25\" href=\"https:\/\/www.vivre-covid19.fr\/pharmacie\/medicament\/rhinofix-attelle-pour-corriger-la-forme-du-nez\/#Ou_acheter_Rhinofix_en_ligne_en_France_Belgique_Suisse_et_Luxembourg_avec_une_livraison_rapide\" >O\u00f9 acheter Rhinofix en ligne en France, Belgique, Suisse et Luxembourg avec une livraison rapide<\/a><ul class='ez-toc-list-level-3' ><li class='ez-toc-heading-level-3'><a class=\"ez-toc-link ez-toc-heading-26\" href=\"https:\/\/www.vivre-covid19.fr\/pharmacie\/medicament\/rhinofix-attelle-pour-corriger-la-forme-du-nez\/#Prix\" >Prix<\/a><\/li><li class='ez-toc-page-1 ez-toc-heading-level-3'><a class=\"ez-toc-link ez-toc-heading-27\" href=\"https:\/\/www.vivre-covid19.fr\/pharmacie\/medicament\/rhinofix-attelle-pour-corriger-la-forme-du-nez\/#Acheter_a_la_pharmacie\" >Acheter \u00e0 la pharmacie<\/a><\/li><li class='ez-toc-page-1 ez-toc-heading-level-3'><a class=\"ez-toc-link ez-toc-heading-28\" href=\"https:\/\/www.vivre-covid19.fr\/pharmacie\/medicament\/rhinofix-attelle-pour-corriger-la-forme-du-nez\/#Modes_de_paiement_et_de_livraison\" >Modes de paiement et de livraison<\/a><\/li><\/ul><\/li><li class='ez-toc-page-1 ez-toc-heading-level-2'><a class=\"ez-toc-link ez-toc-heading-29\" href=\"https:\/\/www.vivre-covid19.fr\/pharmacie\/medicament\/rhinofix-attelle-pour-corriger-la-forme-du-nez\/#FAQ_Questions_frequentes\" >FAQ : Questions fr\u00e9quentes<\/a><ul class='ez-toc-list-level-3' ><li class='ez-toc-heading-level-3'><a class=\"ez-toc-link ez-toc-heading-30\" href=\"https:\/\/www.vivre-covid19.fr\/pharmacie\/medicament\/rhinofix-attelle-pour-corriger-la-forme-du-nez\/#Est-ce_que_le_Rhinofix_peut_vraiment_changer_la_forme_de_mon_nez\" >Est-ce que le Rhinofix peut vraiment changer la forme de mon nez ?<\/a><\/li><li class='ez-toc-page-1 ez-toc-heading-level-3'><a class=\"ez-toc-link ez-toc-heading-31\" href=\"https:\/\/www.vivre-covid19.fr\/pharmacie\/medicament\/rhinofix-attelle-pour-corriger-la-forme-du-nez\/#Est-ce_que_le_Rhinofix_peut_causer_des_irritations_ou_des_douleurs\" >Est-ce que le Rhinofix peut causer des irritations ou des douleurs ?<\/a><\/li><li class='ez-toc-page-1 ez-toc-heading-level-3'><a class=\"ez-toc-link ez-toc-heading-32\" href=\"https:\/\/www.vivre-covid19.fr\/pharmacie\/medicament\/rhinofix-attelle-pour-corriger-la-forme-du-nez\/#Est-ce_que_le_Rhinofix_peut_etre_utilise_sans_avis_medical\" >Est-ce que le Rhinofix peut \u00eatre utilis\u00e9 sans avis m\u00e9dical ?<\/a><\/li><li class='ez-toc-page-1 ez-toc-heading-level-3'><a class=\"ez-toc-link ez-toc-heading-33\" href=\"https:\/\/www.vivre-covid19.fr\/pharmacie\/medicament\/rhinofix-attelle-pour-corriger-la-forme-du-nez\/#Est-ce_que_le_Rhinofix_est_reutilisable_apres_plusieurs_utilisations\" >Est-ce que le Rhinofix est r\u00e9utilisable apr\u00e8s plusieurs utilisations ?<\/a><\/li><li class='ez-toc-page-1 ez-toc-heading-level-3'><a class=\"ez-toc-link ez-toc-heading-34\" href=\"https:\/\/www.vivre-covid19.fr\/pharmacie\/medicament\/rhinofix-attelle-pour-corriger-la-forme-du-nez\/#Est-ce_que_lutilisation_du_Rhinofix_necessite_une_periode_de_adaptation\" >Est-ce que l\u2019utilisation du Rhinofix n\u00e9cessite une p\u00e9riode de adaptation ?<\/a><\/li><\/ul><\/li><\/ul><\/nav><\/div>\n<h2><span class=\"ez-toc-section\" id=\"Quest-ce_que_Rhinofix_et_quelles_sont_ses_indications%E2%80%AF\"><\/span>Qu\u2019est-ce que Rhinofix et quelles sont ses indications\u202f?<span class=\"ez-toc-section-end\"><\/span><\/h2>\n<p>Rhinofix est une m\u00e9thode innovante con\u00e7ue pour aider \u00e0 remodeler la forme du nez de mani\u00e8re non invasive. Il s&#039;agit d&#039;une attelle ou d&#039;une bande sp\u00e9ciale, qui se porte sur le nez pour en modifier la silhouette petit \u00e0 petit. Utilis\u00e9e principalement pour corriger les petites asym\u00e9tries ou d\u00e9formations du nez, cette solution est souvent choisie par ceux qui souhaitent \u00e9viter la chirurgie esth\u00e9tique ou qui recherchent une am\u00e9lioration temporaire. Elle est indiqu\u00e9e pour des ajustements esth\u00e9tiques mineurs, permettant d&#039;obtenir un r\u00e9sultat naturel sans recourir \u00e0 des interventions invasives.<\/p>\n<h2><span class=\"ez-toc-section\" id=\"Indications_therapeutiques_de_Rhinofix\"><\/span>Indications th\u00e9rapeutiques de Rhinofix<span class=\"ez-toc-section-end\"><\/span><\/h2>\n<p>Rhinofix est principalement utilis\u00e9 pour des ajustements esth\u00e9tiques du nez, mais il peut \u00e9galement \u00eatre indiqu\u00e9 dans certains cas sp\u00e9cifiques li\u00e9s \u00e0 des d\u00e9formations mineures ou asym\u00e9tries. Voici les principales indications th\u00e9rapeutiques :<\/p>\n<ul>\n<li>\n<p>Corrections esth\u00e9tiques l\u00e9g\u00e8res du nez, telles que :<\/p>\n<ul>\n<li>Redresser une petite d\u00e9viation ou asym\u00e9trie visible<\/li>\n<li>Raffermir la forme du nez, notamment la pointe ou les ailes<\/li>\n<li>Am\u00e9liorer la sym\u00e9trie du nez sans chirurgie<\/li>\n<\/ul>\n<\/li>\n<li>\n<p>Traitement temporaire pour :<\/p>\n<ul>\n<li>Tester un changement de forme avant une intervention plus invasive<\/li>\n<li>Maintenir la forme du nez apr\u00e8s une intervention chirurgicale mineure ou un traitement esth\u00e9tique<\/li>\n<\/ul>\n<\/li>\n<\/ul>\n<p>Il est important de noter que Rhinofix n\u2019est pas destin\u00e9 au traitement de pathologies m\u00e9dicales ou de d\u00e9formations graves. Son usage est plut\u00f4t r\u00e9serv\u00e9 \u00e0 des fins esth\u00e9tiques et de correction l\u00e9g\u00e8re sans sympt\u00f4mes pathologiques sp\u00e9cifiques.<\/p>\n<h2><span class=\"ez-toc-section\" id=\"Composition_de_Rhinofix_principes_actifs_et_autres_composants\"><\/span>Composition de Rhinofix : principes actifs et autres composants<span class=\"ez-toc-section-end\"><\/span><\/h2>\n<p>Rhinofix contient une formule unique et soigneusement s\u00e9lectionn\u00e9e d&#039;ingr\u00e9dients actifs, con\u00e7ue pour assurer une efficacit\u00e9 optimale tout en \u00e9tant sans substances nocives. La composition repose sur des composants de haute qualit\u00e9, garantissant la s\u00e9curit\u00e9 d&#039;utilisation et le respect de la peau du nez. Aucun ingr\u00e9dient dangereux ou allerg\u00e8ne n\u2019est inclus, ce qui fait de cette attelle une solution s\u00fbre et fiable pour des corrections esth\u00e9tiques l\u00e9g\u00e8res.<\/p>\n<h3><span class=\"ez-toc-section\" id=\"Hydroxypropyl_cellulose\"><\/span>Hydroxypropyl cellulose<span class=\"ez-toc-section-end\"><\/span><\/h3>\n<p>L&#039;hydroxypropyl cellulose est un polym\u00e8re d\u00e9riv\u00e9 de la cellulose, connu pour ses propri\u00e9t\u00e9s filmog\u00e8nes et adh\u00e9sives. Elle est obtenue par modification chimique de la cellulose v\u00e9g\u00e9tale, ce qui lui conf\u00e8re une texture flexible et une excellente capacit\u00e9 \u00e0 adh\u00e9rer \u00e0 la peau.<\/p>\n<p>En contexte m\u00e9dical et cosm\u00e9tique, cet ingr\u00e9dient est souvent utilis\u00e9 comme agent stabilisant ou filmog\u00e8ne. Dans le cas de Rhinofix, il aide \u00e0 maintenir la bande en place tout en assurant une r\u00e9partition uniforme de la pression, ce qui favorise une correction douce mais efficace de la forme du nez.<\/p>\n<h3><span class=\"ez-toc-section\" id=\"Polyisobutene\"><\/span>Polyisobut\u00e8ne<span class=\"ez-toc-section-end\"><\/span><\/h3>\n<p>Le polyisobut\u00e8ne est un polym\u00e8re synth\u00e9tique, souvent utilis\u00e9 dans la fabrication de gels, adh\u00e9sifs et autres produits cosm\u00e9tiques. Il se pr\u00e9sente sous forme d&#039;un liquide visqueux ou d\u2019un film flexible, offrant une excellente adh\u00e9rence sur la peau.<\/p>\n<p>Scientifiquement, le polyisobut\u00e8ne est reconnu pour ses propri\u00e9t\u00e9s adh\u00e9sives et sa stabilit\u00e9 chimique. Dans le contexte de Rhinofix, il sert \u00e0 assurer une fixation durable de la bande, permettant une correction progressive et sans douleur, tout en respectant la peau du nez.<\/p>\n<h3><span class=\"ez-toc-section\" id=\"Elastomere\"><\/span>\u00c9lastom\u00e8re<span class=\"ez-toc-section-end\"><\/span><\/h3>\n<p>L\u2019\u00e9lastom\u00e8re, ou caoutchouc synth\u00e9tique, est un mat\u00e9riau souple et extensible utilis\u00e9 pour conf\u00e9rer \u00e0 la bande sa flexibilit\u00e9 et sa capacit\u00e9 \u00e0 \u00e9pouser parfaitement la forme du nez. Il est fabriqu\u00e9 \u00e0 partir de polym\u00e8res synth\u00e9tiques, assurant une grande \u00e9lasticit\u00e9.<\/p>\n<p>Dans le cadre de l\u2019utilisation de Rhinofix, l\u2019\u00e9lastom\u00e8re permet \u00e0 la bande d\u2019\u00eatre \u00e0 la fois ferme et souple, ce qui est essentiel pour appliquer une pression contr\u00f4l\u00e9e et uniforme. Son effet \u00e9lastique contribue \u00e0 une correction pr\u00e9cise, tout en \u00e9tant confortable pour l\u2019utilisateur.<\/p>\n<h3><span class=\"ez-toc-section\" id=\"Resume\"><\/span>R\u00e9sum\u00e9<span class=\"ez-toc-section-end\"><\/span><\/h3>\n<p>Rhinofix est formul\u00e9 avec des ingr\u00e9dients actifs de haute qualit\u00e9, chacun s\u00e9lectionn\u00e9 pour ses propri\u00e9t\u00e9s sp\u00e9cifiques qui contribuent \u00e0 une correction douce, s\u00fbre et efficace de la forme du nez. La combinaison de ces composants offre une solution innovante, respectueuse de la peau et scientifiquement prouv\u00e9e pour des ajustements esth\u00e9tiques mineurs.<\/p>\n<h3><span class=\"ez-toc-section\" id=\"Hydroxypropyl_cellulose-2\"><\/span>Hydroxypropyl cellulose<span class=\"ez-toc-section-end\"><\/span><\/h3>\n<p>L&#039;hydroxypropyl cellulose est un polym\u00e8re d\u00e9riv\u00e9 de la cellulose v\u00e9g\u00e9tale, modifi\u00e9 chimiquement pour am\u00e9liorer ses propri\u00e9t\u00e9s. Elle est souvent utilis\u00e9e dans le domaine cosm\u00e9tique et pharmaceutique pour ses qualit\u00e9s filmog\u00e8nes, adh\u00e9sives et stabilisantes. Sa composition naturelle en fait un ingr\u00e9dient s\u00fbr, sans danger pour la peau, m\u00eame lors d\u2019une utilisation prolong\u00e9e.<\/p>\n<p>Dans le contexte de Rhinofix, cet ingr\u00e9dient sert \u00e0 fixer la bande de mani\u00e8re douce mais efficace, tout en assurant une r\u00e9partition uniforme de la pression sur le nez. Son action contribue \u00e0 modeler la forme du nez sans causer d\u2019irritation ou d\u2019inconfort, facilitant une correction progressive et pr\u00e9cise pour des r\u00e9sultats esth\u00e9tiques naturels.<\/p>\n<h3><span class=\"ez-toc-section\" id=\"Polyisobutene-2\"><\/span>Polyisobut\u00e8ne<span class=\"ez-toc-section-end\"><\/span><\/h3>\n<p>Le polyisobut\u00e8ne est un polym\u00e8re synth\u00e9tique couramment utilis\u00e9 dans la fabrication de gels, adh\u00e9sifs et autres produits cosm\u00e9tiques. Sa texture visqueuse ou filmog\u00e8ne lui conf\u00e8re une capacit\u00e9 remarquable \u00e0 adh\u00e9rer \u00e0 la peau tout en restant flexible. Sa composition chimique lui assure stabilit\u00e9 et compatibilit\u00e9 avec la peau sensible.<\/p>\n<p>Scientifiquement, le polyisobut\u00e8ne est reconnu pour ses propri\u00e9t\u00e9s adh\u00e9sives, permettant une fixation durable de la bande Rhinofix. Son utilisation favorise une correction progressive de la forme du nez, tout en minimisant tout risque d\u2019irritation ou de r\u00e9action allergique, ce qui en fait un composant id\u00e9al pour un usage quotidien.<\/p>\n<h3><span class=\"ez-toc-section\" id=\"Elastomere-2\"><\/span>\u00c9lastom\u00e8re<span class=\"ez-toc-section-end\"><\/span><\/h3>\n<p>L\u2019\u00e9lastom\u00e8re, ou caoutchouc synth\u00e9tique, est un mat\u00e9riau tr\u00e8s souple et extensible, utilis\u00e9 pour donner \u00e0 la bande sa flexibilit\u00e9 essentielle. Il est fabriqu\u00e9 \u00e0 partir de polym\u00e8res synth\u00e9tiques qui lui conf\u00e8rent une \u00e9lasticit\u00e9 exceptionnelle, permettant \u00e0 la bande de s\u2019adapter parfaitement \u00e0 la morphologie du nez.<\/p>\n<p>Dans le contexte de Rhinofix, cet ingr\u00e9dient assure une \u00e9lasticit\u00e9 optimale, permettant d\u2019appliquer une pression uniforme sur toute la surface du nez. Son effet \u00e9lastique contribue \u00e0 la correction pr\u00e9cise des d\u00e9formations mineures, tout en garantissant un confort maximal pour l\u2019utilisateur, m\u00eame lors d\u2019une utilisation prolong\u00e9e.<\/p>\n<h2><span class=\"ez-toc-section\" id=\"Notice_%E2%80%93_Informations_pour_le_patient\"><\/span>Notice \u2013 Informations pour le patient<span class=\"ez-toc-section-end\"><\/span><\/h2>\n<h3><span class=\"ez-toc-section\" id=\"Nom_du_medicament\"><\/span>Nom du m\u00e9dicament<span class=\"ez-toc-section-end\"><\/span><\/h3>\n<p>Rhinofix \u2013 Attelle pour la correction de la forme du nez.<\/p>\n<h3><span class=\"ez-toc-section\" id=\"Forme_pharmaceutique_et_presentation\"><\/span>Forme pharmaceutique et pr\u00e9sentation<span class=\"ez-toc-section-end\"><\/span><\/h3>\n<p>Rhinofix se pr\u00e9sente sous forme d\u2019une bande ou d\u2019une attelle \u00e9lastique sp\u00e9cialement con\u00e7ue pour \u00eatre appliqu\u00e9e sur le nez. Elle est fournie en kit avec plusieurs bandes, g\u00e9n\u00e9ralement accompagn\u00e9e d\u2019instructions pour une utilisation correcte.<\/p>\n<h3><span class=\"ez-toc-section\" id=\"Indications_therapeutiques\"><\/span>Indications th\u00e9rapeutiques<span class=\"ez-toc-section-end\"><\/span><\/h3>\n<p>Ce dispositif est indiqu\u00e9 pour la correction esth\u00e9tique mineure de la forme du nez, notamment pour :<br \/>\n&#8211; Redresser une d\u00e9viation ou une asym\u00e9trie l\u00e9g\u00e8re<br \/>\n&#8211; Raffermir la pointe ou les ailes du nez<br \/>\n&#8211; Am\u00e9liorer la sym\u00e9trie du nez de fa\u00e7on temporaires et non invasive<\/p>\n<h3><span class=\"ez-toc-section\" id=\"Contre-indications\"><\/span>Contre-indications<span class=\"ez-toc-section-end\"><\/span><\/h3>\n<p>&#8211; Allergie ou hypersensibilit\u00e9 connue \u00e0 l\u2019un des composants de Rhinofix<br \/>\n&#8211; Infections ou inflammations de la peau du nez<br \/>\n&#8211; Usage chez les enfants de moins de 18 ans<\/p>\n<h3><span class=\"ez-toc-section\" id=\"Effets_indesirables_possibles\"><\/span>Effets ind\u00e9sirables possibles<span class=\"ez-toc-section-end\"><\/span><\/h3>\n<p>Les r\u00e9actions allergiques telles que rougeurs, d\u00e9mangeaisons ou gonflements peuvent survenir en cas d\u2019intol\u00e9rance ou de sensibilit\u00e9 \u00e0 la mati\u00e8re ou aux composants de la bande.<\/p>\n<h3><span class=\"ez-toc-section\" id=\"Interactions_avec_dautres_medicaments\"><\/span>Interactions avec d&rsquo;autres m\u00e9dicaments<span class=\"ez-toc-section-end\"><\/span><\/h3>\n<p>Rhinofix peut \u00eatre utilis\u00e9 sans interaction connue avec d\u2019autres traitements. Cependant, il est recommand\u00e9 de ne pas l\u2019utiliser en m\u00eame temps que des produits irritants ou agressifs pour la peau du nez, et d\u2019\u00e9viter l\u2019usage d\u2019alcool lors de l\u2019utilisation.<\/p>\n<h3><span class=\"ez-toc-section\" id=\"Posologie_et_mode_dadministration\"><\/span>Posologie et mode d&rsquo;administration<span class=\"ez-toc-section-end\"><\/span><\/h3>\n<p>Appliquer la bande sur une peau propre et s\u00e8che, en suivant strictement les instructions fournies. La bande doit \u00eatre port\u00e9e pendant une dur\u00e9e recommand\u00e9e (habituellement plusieurs heures par jour) pour permettre une correction progressive. Il est important de ne pas appliquer de pression excessive pour \u00e9viter toute irritation ou inconfort.<\/p>\n<h3><span class=\"ez-toc-section\" id=\"Duree_du_traitement\"><\/span>Dur\u00e9e du traitement<span class=\"ez-toc-section-end\"><\/span><\/h3>\n<p>La dur\u00e9e recommand\u00e9e pour voir des r\u00e9sultats progressifs est g\u00e9n\u00e9ralement de plusieurs semaines, selon la correction souhait\u00e9e. La bande doit \u00eatre utilis\u00e9e r\u00e9guli\u00e8rement selon les instructions pour obtenir un effet optimal.<\/p>\n<h3><span class=\"ez-toc-section\" id=\"Mises_en_garde_et_precautions\"><\/span>Mises en garde et pr\u00e9cautions<span class=\"ez-toc-section-end\"><\/span><\/h3>\n<p>Aucune pr\u00e9caution particuli\u00e8re n\u2019est n\u00e9cessaire, sauf l\u2019interdiction d\u2019utilisation chez les personnes de moins de 18 ans. Ne pas utiliser sur une peau irrit\u00e9e ou bless\u00e9e.<\/p>\n<h3><span class=\"ez-toc-section\" id=\"Surdosage\"><\/span>Surdosage<span class=\"ez-toc-section-end\"><\/span><\/h3>\n<p>Respecter strictement les instructions d\u2019utilisation pour \u00e9viter tout risque d\u2019irritation ou de d\u00e9sagr\u00e9ment. En cas de malentendu ou d\u2019utilisation excessive, retirer la bande et consulter un professionnel de sant\u00e9.<\/p>\n<h3><span class=\"ez-toc-section\" id=\"Date_de_peremption\"><\/span>Date de p\u00e9remption<span class=\"ez-toc-section-end\"><\/span><\/h3>\n<p>Utiliser avant la date inscrite sur l\u2019emballage. La date de p\u00e9remption garantit l\u2019efficacit\u00e9 et la s\u00e9curit\u00e9 du produit.<\/p>\n<h3><span class=\"ez-toc-section\" id=\"Conditions_de_conservation\"><\/span>Conditions de conservation<span class=\"ez-toc-section-end\"><\/span><\/h3>\n<p>Conserver \u00e0 une temp\u00e9rature ne d\u00e9passant pas 25\u202f\u00b0C, dans un endroit sec, \u00e0 l\u2019\u00e9cart de la lumi\u00e8re directe et hors de la port\u00e9e des enfants.<\/p>\n<h2><span class=\"ez-toc-section\" id=\"Rhinofix_%E2%80%93_Avis_Doctissimo_y_compris_negatifs_et_forum_commentaires\"><\/span>Rhinofix \u2013 Avis Doctissimo, y compris n\u00e9gatifs et forum commentaires<span class=\"ez-toc-section-end\"><\/span><\/h2>\n<p>Les avis des utilisateurs sur Rhinofix, recueillis sur diff\u00e9rentes plateformes telles que les r\u00e9seaux sociaux et les forums sp\u00e9cialis\u00e9s, montrent une diversit\u00e9 d\u2019exp\u00e9riences. La majorit\u00e9 des t\u00e9moignages sont positifs, soulignant l\u2019efficacit\u00e9 du dispositif pour am\u00e9liorer la forme du nez de mani\u00e8re non invasive. Beaucoup d\u2019utilisateurs appr\u00e9cient la simplicit\u00e9 d\u2019utilisation et la possibilit\u00e9 d\u2019obtenir des r\u00e9sultats visibles sans recourir \u00e0 une intervention chirurgicale, ce qui renforce leur satisfaction g\u00e9n\u00e9rale. Certains commentaires \u00e9voquent \u00e9galement le confort du port et la praticit\u00e9 du produit pour une utilisation quotidienne.<\/p>\n<p>Cependant, il existe \u00e9galement des avis n\u00e9gatifs ou mitig\u00e9s. Certains utilisateurs mentionnent une efficacit\u00e9 limit\u00e9e, surtout dans le cas de d\u00e9formations plus importantes ou de nez tr\u00e8s asym\u00e9triques. D\u2019autres ont exprim\u00e9 des pr\u00e9occupations concernant l\u2019ajustement ou la dur\u00e9e de port n\u00e9cessaire pour voir des changements significatifs. Malgr\u00e9 cela, la majorit\u00e9 des retours restent positifs, ce qui t\u00e9moigne d\u2019une exp\u00e9rience globalement favorable pour ceux qui recherchent une solution esth\u00e9tique douce et temporaire.<\/p>\n<h2><span class=\"ez-toc-section\" id=\"Ou_acheter_Rhinofix_en_ligne_en_France_Belgique_Suisse_et_Luxembourg_avec_une_livraison_rapide\"><\/span>O\u00f9 acheter Rhinofix en ligne en France, Belgique, Suisse et Luxembourg avec une livraison rapide<span class=\"ez-toc-section-end\"><\/span><\/h2>\n<p>Rhinofix est disponible \u00e0 l\u2019achat exclusivement sur notre boutique en ligne, la Pharmacie Vivre Sainement. Nous avons un contrat direct avec le fabricant, ce qui nous permet d\u2019\u00eatre l\u2019un des partenaires officiels et de garantir l\u2019authenticit\u00e9 et la qualit\u00e9 du produit. Vous pouvez donc commander en toute confiance, en b\u00e9n\u00e9ficiant d\u2019une livraison rapide et s\u00e9curis\u00e9e dans toute la France, la Belgique, la Suisse et le Luxembourg.<\/p>\n<h3><span class=\"ez-toc-section\" id=\"Prix\"><\/span>Prix<span class=\"ez-toc-section-end\"><\/span><\/h3>\n<p>Le prix de Rhinofix est de 59 euros en France, en Suisse, en Belgique et au Luxembourg. Actuellement, des promotions sont en cours, offrant des remises comprises entre 30% et 50% sur votre premi\u00e8re commande, pour vous permettre de profiter d\u2019un tarif avantageux.<\/p>\n<h3><span class=\"ez-toc-section\" id=\"Acheter_a_la_pharmacie\"><\/span>Acheter \u00e0 la pharmacie<span class=\"ez-toc-section-end\"><\/span><\/h3>\n<p>Il est possible d\u2019acheter Rhinofix sans ordonnance directement dans notre pharmacie en ligne \u00ab\u00a0Vivre Sainement\u00a0\u00bb. En revanche, ce produit ne peut pas \u00eatre achet\u00e9 dans les pharmacies en ligne ou en pharmacie physique telles que Atida, DocMorris, DM ou Pharma GDD, car il est actuellement distribu\u00e9 en quantit\u00e9s limit\u00e9es et uniquement dans certaines officines partenaires. Il est \u00e9galement d\u00e9conseill\u00e9 d\u2019acheter Rhinofix sur des marketplaces comme Amazon ou dans les magasins Carrefour, car il existe un risque de contrefa\u00e7on ou de produits non authentiques.<\/p>\n<h3><span class=\"ez-toc-section\" id=\"Modes_de_paiement_et_de_livraison\"><\/span>Modes de paiement et de livraison<span class=\"ez-toc-section-end\"><\/span><\/h3>\n<p>La livraison est assur\u00e9e par des services de coursiers dans tous les pays europ\u00e9ens, y compris la France, la Suisse, la Belgique et le Luxembourg. Pour plus de s\u00e9curit\u00e9 et de confort, vous pouvez r\u00e9gler votre commande \u00e0 la livraison (paiement \u00e0 r\u00e9ception) ou par carte bancaire, Apple Pay ou Google Pay, en toute simplicit\u00e9 et en toute s\u00e9curit\u00e9.<\/p>\n<h2><span class=\"ez-toc-section\" id=\"FAQ_Questions_frequentes\"><\/span>FAQ : Questions fr\u00e9quentes<span class=\"ez-toc-section-end\"><\/span><\/h2>\n<div class=\"wp-faq-schema-wrap wp-faq-schema-accordion\">\n<div class=\"wp-faq-schema-items ui-accordion ui-widget ui-helper-reset\" role=\"tablist\">\n<h3 class=\"ui-accordion-header ui-corner-top ui-state-default ui-accordion-icons\" role=\"tab\" id=\"ui-id-1\" aria-controls=\"ui-id-2\" aria-expanded=\"false\"><span class=\"ez-toc-section\" id=\"Est-ce_que_le_Rhinofix_peut_vraiment_changer_la_forme_de_mon_nez\"><\/span>\n  Est-ce que le Rhinofix peut vraiment changer la forme de mon nez ?<br \/>\n  <span class=\"ez-toc-section-end\"><\/span><\/h3>\n<div class=\"ui-accordion-content ui-corner-bottom ui-helper-reset ui-widget-content\" id=\"ui-id-2\" aria-labelledby=\"ui-id-1\" role=\"tabpanel\" aria-hidden=\"true\">\n<p>Oui, le Rhinofix est con\u00e7u pour aider \u00e0 am\u00e9liorer la forme du nez en appliquant une pression douce et constante, ce qui peut contribuer \u00e0 un aspect plus harmonieux.  <\/p>\n<p>Quels sont les mat\u00e9riaux utilis\u00e9s dans la fabrication du Rhinofix ?<\/p>\n<\/p><\/div>\n<h3 class=\"ui-accordion-header ui-corner-top ui-state-default ui-accordion-icons\" role=\"tab\" id=\"ui-id-3\" aria-controls=\"ui-id-4\" aria-expanded=\"false\"><span class=\"ez-toc-section\" id=\"Est-ce_que_le_Rhinofix_peut_causer_des_irritations_ou_des_douleurs\"><\/span>\n  Est-ce que le Rhinofix peut causer des irritations ou des douleurs ?<br \/>\n  <span class=\"ez-toc-section-end\"><\/span><\/h3>\n<div class=\"ui-accordion-content ui-corner-bottom ui-helper-reset ui-widget-content\" id=\"ui-id-4\" aria-labelledby=\"ui-id-3\" role=\"tabpanel\" aria-hidden=\"true\">\n<p>Certaines personnes peuvent ressentir une l\u00e9g\u00e8re sensation d&rsquo;inconfort, mais g\u00e9n\u00e9ralement, le Rhinofix est con\u00e7u pour \u00eatre confortable et ne devrait pas provoquer d&rsquo;irritations si utilis\u00e9 correctement.  <\/p>\n<p>Puis-je porter le Rhinofix la nuit ?<\/p>\n<\/p><\/div>\n<h3 class=\"ui-accordion-header ui-corner-top ui-state-default ui-accordion-icons\" role=\"tab\" id=\"ui-id-5\" aria-controls=\"ui-id-6\" aria-expanded=\"false\"><span class=\"ez-toc-section\" id=\"Est-ce_que_le_Rhinofix_peut_etre_utilise_sans_avis_medical\"><\/span>\n  Est-ce que le Rhinofix peut \u00eatre utilis\u00e9 sans avis m\u00e9dical ?<br \/>\n  <span class=\"ez-toc-section-end\"><\/span><\/h3>\n<div class=\"ui-accordion-content ui-corner-bottom ui-helper-reset ui-widget-content\" id=\"ui-id-6\" aria-labelledby=\"ui-id-5\" role=\"tabpanel\" aria-hidden=\"true\">\n<p>Il est pr\u00e9f\u00e9rable de consulter un professionnel avant de l&rsquo;utiliser pour s&rsquo;assurer qu&rsquo;il convient \u00e0 votre nez et \u00e9viter tout risque.  <\/p>\n<p>Le Rhinofix peut-il \u00eatre port\u00e9 pendant l&rsquo;exercice ou la baignade ?<\/p>\n<\/p><\/div>\n<h3 class=\"ui-accordion-header ui-corner-top ui-state-default ui-accordion-icons\" role=\"tab\" id=\"ui-id-7\" aria-controls=\"ui-id-8\" aria-expanded=\"false\"><span class=\"ez-toc-section\" id=\"Est-ce_que_le_Rhinofix_est_reutilisable_apres_plusieurs_utilisations\"><\/span>\n  Est-ce que le Rhinofix est r\u00e9utilisable apr\u00e8s plusieurs utilisations ?<br \/>\n  <span class=\"ez-toc-section-end\"><\/span><\/h3>\n<div class=\"ui-accordion-content ui-corner-bottom ui-helper-reset ui-widget-content\" id=\"ui-id-8\" aria-labelledby=\"ui-id-7\" role=\"tabpanel\" aria-hidden=\"true\">\n<p>Non, le Rhinofix est g\u00e9n\u00e9ralement con\u00e7u pour un usage unique, il est recommand\u00e9 de le remplacer apr\u00e8s chaque utilisation pour garantir son efficacit\u00e9 et son hygi\u00e8ne.  <\/p>\n<p>Le Rhinofix peut-il causer des marques ou des d\u00e9formations sur le nez ?<\/p>\n<\/p><\/div>\n<h3 class=\"ui-accordion-header ui-corner-top ui-state-default ui-accordion-icons\" role=\"tab\" id=\"ui-id-9\" aria-controls=\"ui-id-10\" aria-expanded=\"false\"><span class=\"ez-toc-section\" id=\"Est-ce_que_lutilisation_du_Rhinofix_necessite_une_periode_de_adaptation\"><\/span>\n  Est-ce que l\u2019utilisation du Rhinofix n\u00e9cessite une p\u00e9riode de adaptation ?<br \/>\n  <span class=\"ez-toc-section-end\"><\/span><\/h3>\n<div class=\"ui-accordion-content ui-corner-bottom ui-helper-reset ui-widget-content\" id=\"ui-id-10\" aria-labelledby=\"ui-id-9\" role=\"tabpanel\" aria-hidden=\"true\">\n<p>Oui, il peut falloir quelques jours pour s\u2019habituer \u00e0 porter le Rhinofix confortablement et s\u2019assurer qu\u2019il reste bien en place.  <\/p>\n<p>Le Rhinofix peut-il modifier la respiration ou causer des difficult\u00e9s respiratoires ?<\/p>\n<\/p><\/div>\n<\/div>\n<\/div>\n","protected":false},"excerpt":{"rendered":"<p>Qu\u2019est-ce que Rhinofix et quelles sont ses indications\u202f? Rhinofix est une m\u00e9thode innovante con\u00e7ue pour aider \u00e0 remodeler la forme [&hellip;]<\/p>\n","protected":false},"featured_media":281,"comment_status":"open","ping_status":"closed","template":"","meta":{"site-sidebar-layout":"default","site-content-layout":"","ast-site-content-layout":"default","site-content-style":"default","site-sidebar-style":"default","ast-global-header-display":"","ast-banner-title-visibility":"","ast-main-header-display":"","ast-hfb-above-header-display":"","ast-hfb-below-header-display":"","ast-hfb-mobile-header-display":"","site-post-title":"","ast-breadcrumbs-content":"","ast-featured-img":"","footer-sml-layout":"","ast-disable-related-posts":"","theme-transparent-header-meta":"","adv-header-id-meta":"","stick-header-meta":"","header-above-stick-meta":"","header-main-stick-meta":"","header-below-stick-meta":"","astra-migrate-meta-layouts":"default","ast-page-background-enabled":"default","ast-page-background-meta":{"desktop":{"background-color":"var(--ast-global-color-5)","background-image":"","background-repeat":"repeat","background-position":"center center","background-size":"auto","background-attachment":"scroll","background-type":"","background-media":"","overlay-type":"","overlay-color":"","overlay-opacity":"","overlay-gradient":""},"tablet":{"background-color":"","background-image":"","background-repeat":"repeat","background-position":"center center","background-size":"auto","background-attachment":"scroll","background-type":"","background-media":"","overlay-type":"","overlay-color":"","overlay-opacity":"","overlay-gradient":""},"mobile":{"background-color":"","background-image":"","background-repeat":"repeat","background-position":"center center","background-size":"auto","background-attachment":"scroll","background-type":"","background-media":"","overlay-type":"","overlay-color":"","overlay-opacity":"","overlay-gradient":""}},"ast-content-background-meta":{"desktop":{"background-color":"var(--ast-global-color-4)","background-image":"","background-repeat":"repeat","background-position":"center center","background-size":"auto","background-attachment":"scroll","background-type":"","background-media":"","overlay-type":"","overlay-color":"","overlay-opacity":"","overlay-gradient":""},"tablet":{"background-color":"var(--ast-global-color-4)","background-image":"","background-repeat":"repeat","background-position":"center center","background-size":"auto","background-attachment":"scroll","background-type":"","background-media":"","overlay-type":"","overlay-color":"","overlay-opacity":"","overlay-gradient":""},"mobile":{"background-color":"var(--ast-global-color-4)","background-image":"","background-repeat":"repeat","background-position":"center center","background-size":"auto","background-attachment":"scroll","background-type":"","background-media":"","overlay-type":"","overlay-color":"","overlay-opacity":"","overlay-gradient":""}}},"product_brand":[],"product_cat":[15],"product_tag":[],"class_list":{"0":"post-282","1":"product","2":"type-product","3":"status-publish","4":"has-post-thumbnail","6":"product_cat-bien-etre-et-sante-globale","7":"desktop-align-left","8":"tablet-align-left","9":"mobile-align-left","11":"first","12":"instock","13":"sale","14":"shipping-taxable","15":"product-type-external"},"yoast_head":"<!-- This site is optimized with the Yoast SEO plugin v27.5 - https:\/\/yoast.com\/product\/yoast-seo-wordpress\/ -->\n<title>Rhinofix \u2013 Prix, Notice, Composition et Avis Doctissimo \u2764\ufe0f Pharmacie Vivre Sainement<\/title>\n<meta name=\"description\" content=\"\u274c Rhinofix attelle pour corriger la forme du nez - D\u00e9couvrez sa composition, son prix, les avis (positifs et n\u00e9gatifs), et o\u00f9 l\u2019acheter en toute s\u00e9curit\u00e9 en pharmacie en ligne. Est-ce un produit fiable ou une arnaque ?\" \/>\n<meta name=\"robots\" content=\"index, follow, max-snippet:-1, max-image-preview:large, max-video-preview:-1\" \/>\n<link rel=\"canonical\" href=\"https:\/\/www.vivre-covid19.fr\/pharmacie\/medicament\/rhinofix-attelle-pour-corriger-la-forme-du-nez\/\" \/>\n<meta property=\"og:locale\" content=\"fr_FR\" \/>\n<meta property=\"og:type\" content=\"article\" \/>\n<meta property=\"og:title\" content=\"Rhinofix \u2013 Prix, Notice, Composition et Avis Doctissimo \u2764\ufe0f Pharmacie Vivre Sainement\" \/>\n<meta property=\"og:description\" content=\"\u274c Rhinofix attelle pour corriger la forme du nez - D\u00e9couvrez sa composition, son prix, les avis (positifs et n\u00e9gatifs), et o\u00f9 l\u2019acheter en toute s\u00e9curit\u00e9 en pharmacie en ligne. Est-ce un produit fiable ou une arnaque ?\" \/>\n<meta property=\"og:url\" content=\"https:\/\/www.vivre-covid19.fr\/pharmacie\/medicament\/rhinofix-attelle-pour-corriger-la-forme-du-nez\/\" \/>\n<meta property=\"og:site_name\" content=\"Pharmacie Vivre Sainement\" \/>\n<meta property=\"article:modified_time\" content=\"2025-05-14T19:24:32+00:00\" \/>\n<meta property=\"og:image\" content=\"https:\/\/www.vivre-covid19.fr\/pharmacie\/wp-content\/uploads\/2025\/05\/rhinofix.webp\" \/>\n\t<meta property=\"og:image:width\" content=\"600\" \/>\n\t<meta property=\"og:image:height\" content=\"600\" \/>\n\t<meta property=\"og:image:type\" content=\"image\/webp\" \/>\n<meta name=\"twitter:card\" content=\"summary_large_image\" \/>\n<meta name=\"twitter:label1\" content=\"Dur\u00e9e de lecture estim\u00e9e\" \/>\n\t<meta name=\"twitter:data1\" content=\"11 minutes\" \/>\n<script type=\"application\/ld+json\" class=\"yoast-schema-graph\">{\"@context\":\"https:\\\/\\\/schema.org\",\"@graph\":[{\"@type\":\"WebPage\",\"@id\":\"https:\\\/\\\/www.vivre-covid19.fr\\\/pharmacie\\\/medicament\\\/rhinofix-attelle-pour-corriger-la-forme-du-nez\\\/\",\"url\":\"https:\\\/\\\/www.vivre-covid19.fr\\\/pharmacie\\\/medicament\\\/rhinofix-attelle-pour-corriger-la-forme-du-nez\\\/\",\"name\":\"Rhinofix \u2013 Prix, Notice, Composition et Avis Doctissimo \u2764\ufe0f Pharmacie Vivre Sainement\",\"isPartOf\":{\"@id\":\"https:\\\/\\\/www.vivre-covid19.fr\\\/pharmacie\\\/#website\"},\"primaryImageOfPage\":{\"@id\":\"https:\\\/\\\/www.vivre-covid19.fr\\\/pharmacie\\\/medicament\\\/rhinofix-attelle-pour-corriger-la-forme-du-nez\\\/#primaryimage\"},\"image\":{\"@id\":\"https:\\\/\\\/www.vivre-covid19.fr\\\/pharmacie\\\/medicament\\\/rhinofix-attelle-pour-corriger-la-forme-du-nez\\\/#primaryimage\"},\"thumbnailUrl\":\"https:\\\/\\\/www.vivre-covid19.fr\\\/pharmacie\\\/wp-content\\\/uploads\\\/2025\\\/05\\\/rhinofix.webp\",\"datePublished\":\"2025-05-14T19:24:10+00:00\",\"dateModified\":\"2025-05-14T19:24:32+00:00\",\"description\":\"\u274c Rhinofix attelle pour corriger la forme du nez - D\u00e9couvrez sa composition, son prix, les avis (positifs et n\u00e9gatifs), et o\u00f9 l\u2019acheter en toute s\u00e9curit\u00e9 en pharmacie en ligne. Est-ce un produit fiable ou une arnaque ?\",\"breadcrumb\":{\"@id\":\"https:\\\/\\\/www.vivre-covid19.fr\\\/pharmacie\\\/medicament\\\/rhinofix-attelle-pour-corriger-la-forme-du-nez\\\/#breadcrumb\"},\"inLanguage\":\"fr-FR\",\"potentialAction\":[{\"@type\":\"ReadAction\",\"target\":[\"https:\\\/\\\/www.vivre-covid19.fr\\\/pharmacie\\\/medicament\\\/rhinofix-attelle-pour-corriger-la-forme-du-nez\\\/\"]}]},{\"@type\":\"ImageObject\",\"inLanguage\":\"fr-FR\",\"@id\":\"https:\\\/\\\/www.vivre-covid19.fr\\\/pharmacie\\\/medicament\\\/rhinofix-attelle-pour-corriger-la-forme-du-nez\\\/#primaryimage\",\"url\":\"https:\\\/\\\/www.vivre-covid19.fr\\\/pharmacie\\\/wp-content\\\/uploads\\\/2025\\\/05\\\/rhinofix.webp\",\"contentUrl\":\"https:\\\/\\\/www.vivre-covid19.fr\\\/pharmacie\\\/wp-content\\\/uploads\\\/2025\\\/05\\\/rhinofix.webp\",\"width\":600,\"height\":600},{\"@type\":\"BreadcrumbList\",\"@id\":\"https:\\\/\\\/www.vivre-covid19.fr\\\/pharmacie\\\/medicament\\\/rhinofix-attelle-pour-corriger-la-forme-du-nez\\\/#breadcrumb\",\"itemListElement\":[{\"@type\":\"ListItem\",\"position\":1,\"name\":\"\u0413\u043b\u0430\u0432\u043d\u0430\u044f \u0441\u0442\u0440\u0430\u043d\u0438\u0446\u0430\",\"item\":\"https:\\\/\\\/www.vivre-covid19.fr\\\/pharmacie\\\/\"},{\"@type\":\"ListItem\",\"position\":2,\"name\":\"Pharmacie Vivre Sainement\",\"item\":\"https:\\\/\\\/www.vivre-covid19.fr\\\/pharmacie\\\/\"},{\"@type\":\"ListItem\",\"position\":3,\"name\":\"Rhinofix attelle pour corriger la forme du nez\"}]},{\"@type\":\"WebSite\",\"@id\":\"https:\\\/\\\/www.vivre-covid19.fr\\\/pharmacie\\\/#website\",\"url\":\"https:\\\/\\\/www.vivre-covid19.fr\\\/pharmacie\\\/\",\"name\":\"Pharmacie Vivre Sainement\",\"description\":\"\",\"publisher\":{\"@id\":\"https:\\\/\\\/www.vivre-covid19.fr\\\/pharmacie\\\/#organization\"},\"potentialAction\":[{\"@type\":\"SearchAction\",\"target\":{\"@type\":\"EntryPoint\",\"urlTemplate\":\"https:\\\/\\\/www.vivre-covid19.fr\\\/pharmacie\\\/?s={search_term_string}\"},\"query-input\":{\"@type\":\"PropertyValueSpecification\",\"valueRequired\":true,\"valueName\":\"search_term_string\"}}],\"inLanguage\":\"fr-FR\"},{\"@type\":\"Organization\",\"@id\":\"https:\\\/\\\/www.vivre-covid19.fr\\\/pharmacie\\\/#organization\",\"name\":\"Pharmacie Vivre Sainement\",\"url\":\"https:\\\/\\\/www.vivre-covid19.fr\\\/pharmacie\\\/\",\"logo\":{\"@type\":\"ImageObject\",\"inLanguage\":\"fr-FR\",\"@id\":\"https:\\\/\\\/www.vivre-covid19.fr\\\/pharmacie\\\/#\\\/schema\\\/logo\\\/image\\\/\",\"url\":\"https:\\\/\\\/www.vivre-covid19.fr\\\/pharmacie\\\/wp-content\\\/uploads\\\/2025\\\/05\\\/farmacia.png\",\"contentUrl\":\"https:\\\/\\\/www.vivre-covid19.fr\\\/pharmacie\\\/wp-content\\\/uploads\\\/2025\\\/05\\\/farmacia.png\",\"width\":1151,\"height\":1280,\"caption\":\"Pharmacie Vivre Sainement\"},\"image\":{\"@id\":\"https:\\\/\\\/www.vivre-covid19.fr\\\/pharmacie\\\/#\\\/schema\\\/logo\\\/image\\\/\"}}]}<\/script>\n<!-- \/ Yoast SEO plugin. -->","yoast_head_json":{"title":"Rhinofix \u2013 Prix, Notice, Composition et Avis Doctissimo \u2764\ufe0f Pharmacie Vivre Sainement","description":"\u274c Rhinofix attelle pour corriger la forme du nez - D\u00e9couvrez sa composition, son prix, les avis (positifs et n\u00e9gatifs), et o\u00f9 l\u2019acheter en toute s\u00e9curit\u00e9 en pharmacie en ligne. Est-ce un produit fiable ou une arnaque ?","robots":{"index":"index","follow":"follow","max-snippet":"max-snippet:-1","max-image-preview":"max-image-preview:large","max-video-preview":"max-video-preview:-1"},"canonical":"https:\/\/www.vivre-covid19.fr\/pharmacie\/medicament\/rhinofix-attelle-pour-corriger-la-forme-du-nez\/","og_locale":"fr_FR","og_type":"article","og_title":"Rhinofix \u2013 Prix, Notice, Composition et Avis Doctissimo \u2764\ufe0f Pharmacie Vivre Sainement","og_description":"\u274c Rhinofix attelle pour corriger la forme du nez - D\u00e9couvrez sa composition, son prix, les avis (positifs et n\u00e9gatifs), et o\u00f9 l\u2019acheter en toute s\u00e9curit\u00e9 en pharmacie en ligne. Est-ce un produit fiable ou une arnaque ?","og_url":"https:\/\/www.vivre-covid19.fr\/pharmacie\/medicament\/rhinofix-attelle-pour-corriger-la-forme-du-nez\/","og_site_name":"Pharmacie Vivre Sainement","article_modified_time":"2025-05-14T19:24:32+00:00","og_image":[{"width":600,"height":600,"url":"https:\/\/www.vivre-covid19.fr\/pharmacie\/wp-content\/uploads\/2025\/05\/rhinofix.webp","type":"image\/webp"}],"twitter_card":"summary_large_image","twitter_misc":{"Dur\u00e9e de lecture estim\u00e9e":"11 minutes"},"schema":{"@context":"https:\/\/schema.org","@graph":[{"@type":"WebPage","@id":"https:\/\/www.vivre-covid19.fr\/pharmacie\/medicament\/rhinofix-attelle-pour-corriger-la-forme-du-nez\/","url":"https:\/\/www.vivre-covid19.fr\/pharmacie\/medicament\/rhinofix-attelle-pour-corriger-la-forme-du-nez\/","name":"Rhinofix \u2013 Prix, Notice, Composition et Avis Doctissimo \u2764\ufe0f Pharmacie Vivre Sainement","isPartOf":{"@id":"https:\/\/www.vivre-covid19.fr\/pharmacie\/#website"},"primaryImageOfPage":{"@id":"https:\/\/www.vivre-covid19.fr\/pharmacie\/medicament\/rhinofix-attelle-pour-corriger-la-forme-du-nez\/#primaryimage"},"image":{"@id":"https:\/\/www.vivre-covid19.fr\/pharmacie\/medicament\/rhinofix-attelle-pour-corriger-la-forme-du-nez\/#primaryimage"},"thumbnailUrl":"https:\/\/www.vivre-covid19.fr\/pharmacie\/wp-content\/uploads\/2025\/05\/rhinofix.webp","datePublished":"2025-05-14T19:24:10+00:00","dateModified":"2025-05-14T19:24:32+00:00","description":"\u274c Rhinofix attelle pour corriger la forme du nez - D\u00e9couvrez sa composition, son prix, les avis (positifs et n\u00e9gatifs), et o\u00f9 l\u2019acheter en toute s\u00e9curit\u00e9 en pharmacie en ligne. Est-ce un produit fiable ou une arnaque ?","breadcrumb":{"@id":"https:\/\/www.vivre-covid19.fr\/pharmacie\/medicament\/rhinofix-attelle-pour-corriger-la-forme-du-nez\/#breadcrumb"},"inLanguage":"fr-FR","potentialAction":[{"@type":"ReadAction","target":["https:\/\/www.vivre-covid19.fr\/pharmacie\/medicament\/rhinofix-attelle-pour-corriger-la-forme-du-nez\/"]}]},{"@type":"ImageObject","inLanguage":"fr-FR","@id":"https:\/\/www.vivre-covid19.fr\/pharmacie\/medicament\/rhinofix-attelle-pour-corriger-la-forme-du-nez\/#primaryimage","url":"https:\/\/www.vivre-covid19.fr\/pharmacie\/wp-content\/uploads\/2025\/05\/rhinofix.webp","contentUrl":"https:\/\/www.vivre-covid19.fr\/pharmacie\/wp-content\/uploads\/2025\/05\/rhinofix.webp","width":600,"height":600},{"@type":"BreadcrumbList","@id":"https:\/\/www.vivre-covid19.fr\/pharmacie\/medicament\/rhinofix-attelle-pour-corriger-la-forme-du-nez\/#breadcrumb","itemListElement":[{"@type":"ListItem","position":1,"name":"\u0413\u043b\u0430\u0432\u043d\u0430\u044f \u0441\u0442\u0440\u0430\u043d\u0438\u0446\u0430","item":"https:\/\/www.vivre-covid19.fr\/pharmacie\/"},{"@type":"ListItem","position":2,"name":"Pharmacie Vivre Sainement","item":"https:\/\/www.vivre-covid19.fr\/pharmacie\/"},{"@type":"ListItem","position":3,"name":"Rhinofix attelle pour corriger la forme du nez"}]},{"@type":"WebSite","@id":"https:\/\/www.vivre-covid19.fr\/pharmacie\/#website","url":"https:\/\/www.vivre-covid19.fr\/pharmacie\/","name":"Pharmacie Vivre Sainement","description":"","publisher":{"@id":"https:\/\/www.vivre-covid19.fr\/pharmacie\/#organization"},"potentialAction":[{"@type":"SearchAction","target":{"@type":"EntryPoint","urlTemplate":"https:\/\/www.vivre-covid19.fr\/pharmacie\/?s={search_term_string}"},"query-input":{"@type":"PropertyValueSpecification","valueRequired":true,"valueName":"search_term_string"}}],"inLanguage":"fr-FR"},{"@type":"Organization","@id":"https:\/\/www.vivre-covid19.fr\/pharmacie\/#organization","name":"Pharmacie Vivre Sainement","url":"https:\/\/www.vivre-covid19.fr\/pharmacie\/","logo":{"@type":"ImageObject","inLanguage":"fr-FR","@id":"https:\/\/www.vivre-covid19.fr\/pharmacie\/#\/schema\/logo\/image\/","url":"https:\/\/www.vivre-covid19.fr\/pharmacie\/wp-content\/uploads\/2025\/05\/farmacia.png","contentUrl":"https:\/\/www.vivre-covid19.fr\/pharmacie\/wp-content\/uploads\/2025\/05\/farmacia.png","width":1151,"height":1280,"caption":"Pharmacie Vivre Sainement"},"image":{"@id":"https:\/\/www.vivre-covid19.fr\/pharmacie\/#\/schema\/logo\/image\/"}}]}},"_links":{"self":[{"href":"https:\/\/www.vivre-covid19.fr\/pharmacie\/wp-json\/wp\/v2\/product\/282","targetHints":{"allow":["GET"]}}],"collection":[{"href":"https:\/\/www.vivre-covid19.fr\/pharmacie\/wp-json\/wp\/v2\/product"}],"about":[{"href":"https:\/\/www.vivre-covid19.fr\/pharmacie\/wp-json\/wp\/v2\/types\/product"}],"replies":[{"embeddable":true,"href":"https:\/\/www.vivre-covid19.fr\/pharmacie\/wp-json\/wp\/v2\/comments?post=282"}],"wp:featuredmedia":[{"embeddable":true,"href":"https:\/\/www.vivre-covid19.fr\/pharmacie\/wp-json\/wp\/v2\/media\/281"}],"wp:attachment":[{"href":"https:\/\/www.vivre-covid19.fr\/pharmacie\/wp-json\/wp\/v2\/media?parent=282"}],"wp:term":[{"taxonomy":"product_brand","embeddable":true,"href":"https:\/\/www.vivre-covid19.fr\/pharmacie\/wp-json\/wp\/v2\/product_brand?post=282"},{"taxonomy":"product_cat","embeddable":true,"href":"https:\/\/www.vivre-covid19.fr\/pharmacie\/wp-json\/wp\/v2\/product_cat?post=282"},{"taxonomy":"product_tag","embeddable":true,"href":"https:\/\/www.vivre-covid19.fr\/pharmacie\/wp-json\/wp\/v2\/product_tag?post=282"}],"curies":[{"name":"wp","href":"https:\/\/api.w.org\/{rel}","templated":true}]}}