{"id":380,"date":"2025-05-14T21:57:58","date_gmt":"2025-05-14T19:57:58","guid":{"rendered":"https:\/\/www.vivre-covid19.fr\/pharmacie\/medicament\/idealis-capsules-amincissantes\/"},"modified":"2025-05-14T21:58:15","modified_gmt":"2025-05-14T19:58:15","slug":"idealis-capsules-amincissantes","status":"publish","type":"product","link":"https:\/\/www.vivre-covid19.fr\/pharmacie\/medicament\/idealis-capsules-amincissantes\/","title":{"rendered":"Idealis capsules amincissantes"},"content":{"rendered":"<div id=\"ez-toc-container\" class=\"ez-toc-v2_0_82_2 counter-hierarchy ez-toc-counter ez-toc-grey ez-toc-container-direction\">\n<div class=\"ez-toc-title-container\">\n<p class=\"ez-toc-title\" style=\"cursor:inherit\">Table des mati\u00e8res<\/p>\n<span class=\"ez-toc-title-toggle\"><a href=\"#\" class=\"ez-toc-pull-right ez-toc-btn ez-toc-btn-xs ez-toc-btn-default ez-toc-toggle\" aria-label=\"Toggle Table of Content\"><span class=\"ez-toc-js-icon-con\"><span class=\"\"><span class=\"eztoc-hide\" style=\"display:none;\">Toggle<\/span><span class=\"ez-toc-icon-toggle-span\"><svg style=\"fill: #999;color:#999\" xmlns=\"http:\/\/www.w3.org\/2000\/svg\" class=\"list-377408\" width=\"20px\" height=\"20px\" viewBox=\"0 0 24 24\" fill=\"none\"><path d=\"M6 6H4v2h2V6zm14 0H8v2h12V6zM4 11h2v2H4v-2zm16 0H8v2h12v-2zM4 16h2v2H4v-2zm16 0H8v2h12v-2z\" fill=\"currentColor\"><\/path><\/svg><svg style=\"fill: #999;color:#999\" class=\"arrow-unsorted-368013\" xmlns=\"http:\/\/www.w3.org\/2000\/svg\" width=\"10px\" height=\"10px\" viewBox=\"0 0 24 24\" version=\"1.2\" baseProfile=\"tiny\"><path d=\"M18.2 9.3l-6.2-6.3-6.2 6.3c-.2.2-.3.4-.3.7s.1.5.3.7c.2.2.4.3.7.3h11c.3 0 .5-.1.7-.3.2-.2.3-.5.3-.7s-.1-.5-.3-.7zM5.8 14.7l6.2 6.3 6.2-6.3c.2-.2.3-.5.3-.7s-.1-.5-.3-.7c-.2-.2-.4-.3-.7-.3h-11c-.3 0-.5.1-.7.3-.2.2-.3.5-.3.7s.1.5.3.7z\"\/><\/svg><\/span><\/span><\/span><\/a><\/span><\/div>\n<nav><ul class='ez-toc-list ez-toc-list-level-1 ' ><li class='ez-toc-page-1 ez-toc-heading-level-2'><a class=\"ez-toc-link ez-toc-heading-1\" href=\"https:\/\/www.vivre-covid19.fr\/pharmacie\/medicament\/idealis-capsules-amincissantes\/#Quest-ce_que_Idealis_et_quelles_sont_ses_indications%E2%80%AF\" >Qu\u2019est-ce que Idealis et quelles sont ses indications\u202f?<\/a><\/li><li class='ez-toc-page-1 ez-toc-heading-level-2'><a class=\"ez-toc-link ez-toc-heading-2\" href=\"https:\/\/www.vivre-covid19.fr\/pharmacie\/medicament\/idealis-capsules-amincissantes\/#Indications_therapeutiques_de_Idealis\" >Indications th\u00e9rapeutiques de Idealis<\/a><\/li><li class='ez-toc-page-1 ez-toc-heading-level-2'><a class=\"ez-toc-link ez-toc-heading-3\" href=\"https:\/\/www.vivre-covid19.fr\/pharmacie\/medicament\/idealis-capsules-amincissantes\/#Composition_de_Idealis_principes_actifs_et_autres_composants\" >Composition de Idealis : principes actifs et autres composants<\/a><ul class='ez-toc-list-level-3' ><li class='ez-toc-heading-level-3'><a class=\"ez-toc-link ez-toc-heading-4\" href=\"https:\/\/www.vivre-covid19.fr\/pharmacie\/medicament\/idealis-capsules-amincissantes\/#Extrait_de_haricots\" >Extrait de haricots<\/a><\/li><li class='ez-toc-page-1 ez-toc-heading-level-3'><a class=\"ez-toc-link ez-toc-heading-5\" href=\"https:\/\/www.vivre-covid19.fr\/pharmacie\/medicament\/idealis-capsules-amincissantes\/#Extrait_de_gingembre\" >Extrait de gingembre<\/a><\/li><li class='ez-toc-page-1 ez-toc-heading-level-3'><a class=\"ez-toc-link ez-toc-heading-6\" href=\"https:\/\/www.vivre-covid19.fr\/pharmacie\/medicament\/idealis-capsules-amincissantes\/#Extrait_de_ginseng\" >Extrait de ginseng<\/a><\/li><li class='ez-toc-page-1 ez-toc-heading-level-3'><a class=\"ez-toc-link ez-toc-heading-7\" href=\"https:\/\/www.vivre-covid19.fr\/pharmacie\/medicament\/idealis-capsules-amincissantes\/#Cetones_de_framboise\" >C\u00e9tones de framboise<\/a><\/li><\/ul><\/li><li class='ez-toc-page-1 ez-toc-heading-level-2'><a class=\"ez-toc-link ez-toc-heading-8\" href=\"https:\/\/www.vivre-covid19.fr\/pharmacie\/medicament\/idealis-capsules-amincissantes\/#Notice_%E2%80%93_Informations_pour_le_patient\" >Notice \u2013 Informations pour le patient<\/a><ul class='ez-toc-list-level-3' ><li class='ez-toc-heading-level-3'><a class=\"ez-toc-link ez-toc-heading-9\" href=\"https:\/\/www.vivre-covid19.fr\/pharmacie\/medicament\/idealis-capsules-amincissantes\/#Nom_du_medicament\" >Nom du m\u00e9dicament<\/a><\/li><li class='ez-toc-page-1 ez-toc-heading-level-3'><a class=\"ez-toc-link ez-toc-heading-10\" href=\"https:\/\/www.vivre-covid19.fr\/pharmacie\/medicament\/idealis-capsules-amincissantes\/#Forme_pharmaceutique_et_presentation\" >Forme pharmaceutique et pr\u00e9sentation<\/a><\/li><li class='ez-toc-page-1 ez-toc-heading-level-3'><a class=\"ez-toc-link ez-toc-heading-11\" href=\"https:\/\/www.vivre-covid19.fr\/pharmacie\/medicament\/idealis-capsules-amincissantes\/#Indications_therapeutiques\" >Indications th\u00e9rapeutiques<\/a><\/li><li class='ez-toc-page-1 ez-toc-heading-level-3'><a class=\"ez-toc-link ez-toc-heading-12\" href=\"https:\/\/www.vivre-covid19.fr\/pharmacie\/medicament\/idealis-capsules-amincissantes\/#Contre-indications\" >Contre-indications<\/a><\/li><li class='ez-toc-page-1 ez-toc-heading-level-3'><a class=\"ez-toc-link ez-toc-heading-13\" href=\"https:\/\/www.vivre-covid19.fr\/pharmacie\/medicament\/idealis-capsules-amincissantes\/#Effets_indesirables_possibles\" >Effets ind\u00e9sirables possibles<\/a><\/li><li class='ez-toc-page-1 ez-toc-heading-level-3'><a class=\"ez-toc-link ez-toc-heading-14\" href=\"https:\/\/www.vivre-covid19.fr\/pharmacie\/medicament\/idealis-capsules-amincissantes\/#Interactions_avec_dautres_medicaments\" >Interactions avec d&rsquo;autres m\u00e9dicaments<\/a><\/li><li class='ez-toc-page-1 ez-toc-heading-level-3'><a class=\"ez-toc-link ez-toc-heading-15\" href=\"https:\/\/www.vivre-covid19.fr\/pharmacie\/medicament\/idealis-capsules-amincissantes\/#Posologie_et_mode_dadministration\" >Posologie et mode d&rsquo;administration<\/a><\/li><li class='ez-toc-page-1 ez-toc-heading-level-3'><a class=\"ez-toc-link ez-toc-heading-16\" href=\"https:\/\/www.vivre-covid19.fr\/pharmacie\/medicament\/idealis-capsules-amincissantes\/#Duree_du_traitement\" >Dur\u00e9e du traitement<\/a><\/li><li class='ez-toc-page-1 ez-toc-heading-level-3'><a class=\"ez-toc-link ez-toc-heading-17\" href=\"https:\/\/www.vivre-covid19.fr\/pharmacie\/medicament\/idealis-capsules-amincissantes\/#Mises_en_garde_et_precautions\" >Mises en garde et pr\u00e9cautions<\/a><\/li><li class='ez-toc-page-1 ez-toc-heading-level-3'><a class=\"ez-toc-link ez-toc-heading-18\" href=\"https:\/\/www.vivre-covid19.fr\/pharmacie\/medicament\/idealis-capsules-amincissantes\/#Surdosage\" >Surdosage<\/a><\/li><li class='ez-toc-page-1 ez-toc-heading-level-3'><a class=\"ez-toc-link ez-toc-heading-19\" href=\"https:\/\/www.vivre-covid19.fr\/pharmacie\/medicament\/idealis-capsules-amincissantes\/#Date_de_peremption\" >Date de p\u00e9remption<\/a><\/li><li class='ez-toc-page-1 ez-toc-heading-level-3'><a class=\"ez-toc-link ez-toc-heading-20\" href=\"https:\/\/www.vivre-covid19.fr\/pharmacie\/medicament\/idealis-capsules-amincissantes\/#Conditions_de_conservation\" >Conditions de conservation<\/a><\/li><\/ul><\/li><li class='ez-toc-page-1 ez-toc-heading-level-2'><a class=\"ez-toc-link ez-toc-heading-21\" href=\"https:\/\/www.vivre-covid19.fr\/pharmacie\/medicament\/idealis-capsules-amincissantes\/#Idealis_%E2%80%93_Avis_Doctissimo_y_compris_negatifs_et_forum_commentaires\" >Idealis \u2013 Avis Doctissimo, y compris n\u00e9gatifs et forum commentaires<\/a><\/li><li class='ez-toc-page-1 ez-toc-heading-level-2'><a class=\"ez-toc-link ez-toc-heading-22\" href=\"https:\/\/www.vivre-covid19.fr\/pharmacie\/medicament\/idealis-capsules-amincissantes\/#Ou_acheter_Idealis_en_ligne_en_France_Belgique_Suisse_et_Luxembourg_avec_une_livraison_rapide\" >O\u00f9 acheter Idealis en ligne en France, Belgique, Suisse et Luxembourg avec une livraison rapide<\/a><ul class='ez-toc-list-level-3' ><li class='ez-toc-heading-level-3'><a class=\"ez-toc-link ez-toc-heading-23\" href=\"https:\/\/www.vivre-covid19.fr\/pharmacie\/medicament\/idealis-capsules-amincissantes\/#Prix\" >Prix<\/a><\/li><li class='ez-toc-page-1 ez-toc-heading-level-3'><a class=\"ez-toc-link ez-toc-heading-24\" href=\"https:\/\/www.vivre-covid19.fr\/pharmacie\/medicament\/idealis-capsules-amincissantes\/#Acheter_a_la_pharmacie\" >Acheter \u00e0 la pharmacie<\/a><\/li><li class='ez-toc-page-1 ez-toc-heading-level-3'><a class=\"ez-toc-link ez-toc-heading-25\" href=\"https:\/\/www.vivre-covid19.fr\/pharmacie\/medicament\/idealis-capsules-amincissantes\/#Modes_de_paiement_et_de_livraison\" >Modes de paiement et de livraison<\/a><\/li><\/ul><\/li><li class='ez-toc-page-1 ez-toc-heading-level-2'><a class=\"ez-toc-link ez-toc-heading-26\" href=\"https:\/\/www.vivre-covid19.fr\/pharmacie\/medicament\/idealis-capsules-amincissantes\/#FAQ_Questions_frequentes\" >FAQ : Questions fr\u00e9quentes<\/a><ul class='ez-toc-list-level-3' ><li class='ez-toc-heading-level-3'><a class=\"ez-toc-link ez-toc-heading-27\" href=\"https:\/\/www.vivre-covid19.fr\/pharmacie\/medicament\/idealis-capsules-amincissantes\/#Quels_sont_les_ingredients_principaux_des_capsules_Idealis\" >Quels sont les ingr\u00e9dients principaux des capsules Idealis ?<\/a><\/li><li class='ez-toc-page-1 ez-toc-heading-level-3'><a class=\"ez-toc-link ez-toc-heading-28\" href=\"https:\/\/www.vivre-covid19.fr\/pharmacie\/medicament\/idealis-capsules-amincissantes\/#Comment_ces_capsules_Idealis_aident-elles_a_perdre_du_poids\" >Comment ces capsules Idealis aident-elles \u00e0 perdre du poids ?<\/a><\/li><li class='ez-toc-page-1 ez-toc-heading-level-3'><a class=\"ez-toc-link ez-toc-heading-29\" href=\"https:\/\/www.vivre-covid19.fr\/pharmacie\/medicament\/idealis-capsules-amincissantes\/#Est-ce_que_les_capsules_Idealis_ont_des_effets_secondaires\" >Est-ce que les capsules Idealis ont des effets secondaires ?<\/a><\/li><li class='ez-toc-page-1 ez-toc-heading-level-3'><a class=\"ez-toc-link ez-toc-heading-30\" href=\"https:\/\/www.vivre-covid19.fr\/pharmacie\/medicament\/idealis-capsules-amincissantes\/#Combien_de_temps_faut-il_prendre_les_capsules_Idealis_pour_voir_des_resultats\" >Combien de temps faut-il prendre les capsules Idealis pour voir des r\u00e9sultats ?<\/a><\/li><li class='ez-toc-page-1 ez-toc-heading-level-3'><a class=\"ez-toc-link ez-toc-heading-31\" href=\"https:\/\/www.vivre-covid19.fr\/pharmacie\/medicament\/idealis-capsules-amincissantes\/#Les_capsules_Idealis_conviennent-elles_a_tout_le_monde\" >Les capsules Idealis conviennent-elles \u00e0 tout le monde ?<\/a><\/li><\/ul><\/li><\/ul><\/nav><\/div>\n<h2><span class=\"ez-toc-section\" id=\"Quest-ce_que_Idealis_et_quelles_sont_ses_indications%E2%80%AF\"><\/span>Qu\u2019est-ce que Idealis et quelles sont ses indications\u202f?<span class=\"ez-toc-section-end\"><\/span><\/h2>\n<p>Les capsules Idealis sont un compl\u00e9ment alimentaire con\u00e7u pour accompagner un programme de perte de poids. Leur formule vise \u00e0 aider les personnes souhaitant r\u00e9duire leur app\u00e9tit, am\u00e9liorer leur m\u00e9tabolisme et favoriser la combustion des graisses. Ce produit est souvent utilis\u00e9 dans le cadre d\u2019un mode de vie sain, associ\u00e9 \u00e0 une alimentation \u00e9quilibr\u00e9e et \u00e0 une activit\u00e9 physique r\u00e9guli\u00e8re, pour faciliter la gestion du poids.<\/p>\n<h2><span class=\"ez-toc-section\" id=\"Indications_therapeutiques_de_Idealis\"><\/span>Indications th\u00e9rapeutiques de Idealis<span class=\"ez-toc-section-end\"><\/span><\/h2>\n<p>Idealis est principalement indiqu\u00e9 pour les personnes souhaitant perdre du poids en compl\u00e9ment d\u2019un r\u00e9gime alimentaire \u00e9quilibr\u00e9 et d\u2019une activit\u00e9 physique. Il peut \u00eatre utilis\u00e9 dans les cas suivants :<\/p>\n<ul>\n<li><strong>Surpoids et ob\u00e9sit\u00e9 l\u00e9g\u00e8re \u00e0 mod\u00e9r\u00e9e<\/strong> : lorsque l\u2019exc\u00e8s de poids est associ\u00e9 \u00e0 une difficult\u00e9 \u00e0 contr\u00f4ler l\u2019app\u00e9tit.  <\/li>\n<li><strong>Faim excessive ou compulsive<\/strong> : notamment chez ceux qui ont tendance \u00e0 manger de fa\u00e7on impulsive ou en dehors des repas.  <\/li>\n<li><strong>Difficult\u00e9 \u00e0 r\u00e9duire la consommation calorique<\/strong> : pour aider \u00e0 diminuer la sensation de faim et favoriser la perte de poids.<\/li>\n<\/ul>\n<p>Les sympt\u00f4mes li\u00e9s \u00e0 ces conditions peuvent inclure une sensation persistante de faim, une prise de poids progressive, une baisse d\u2019\u00e9nergie ou une sensation de fatigue en raison de l\u2019accumulation de graisses.<\/p>\n<h2><span class=\"ez-toc-section\" id=\"Composition_de_Idealis_principes_actifs_et_autres_composants\"><\/span>Composition de Idealis : principes actifs et autres composants<span class=\"ez-toc-section-end\"><\/span><\/h2>\n<p>Les capsules Idealis contiennent une formule unique et soigneusement \u00e9labor\u00e9e, compos\u00e9e d\u2019extraits naturels de haute qualit\u00e9 : extrait de haricots, extrait de gingembre, extrait de ginseng et c\u00e9tones de framboise. Ce m\u00e9lange harmonieux assure une efficacit\u00e9 optimale tout en \u00e9tant d\u00e9pourvu de substances nocives. Les composants utilis\u00e9s sont s\u00e9lectionn\u00e9s avec soin pour leur puret\u00e9 et leur innocuit\u00e9, garantissant ainsi un produit de qualit\u00e9 sup\u00e9rieure pour soutenir vos efforts de perte de poids.<\/p>\n<hr>\n<h3><span class=\"ez-toc-section\" id=\"Extrait_de_haricots\"><\/span>Extrait de haricots<span class=\"ez-toc-section-end\"><\/span><\/h3>\n<p>L\u2019extrait de haricots provient principalement de haricots blancs, riches en fibres solubles et en compos\u00e9s actifs tels que la phaseolamine. Ces substances naturelles sont reconnues pour leur capacit\u00e9 \u00e0 inhiber l\u2019absorption de certains glucides, contribuant ainsi \u00e0 r\u00e9duire la prise de calories provenant des amidons. En plus, cet extrait est souvent utilis\u00e9 pour r\u00e9guler le transit intestinal et soutenir la digestion.<\/p>\n<p>Sur le plan de la perte de poids, l\u2019extrait de haricots aide \u00e0 limiter le stockage des graisses en ralentissant l\u2019absorption des sucres complexes. Il favorise aussi une sensation de sati\u00e9t\u00e9 plus longue, ce qui peut r\u00e9duire l\u2019envie de grignoter entre les repas et faciliter le respect d\u2019un r\u00e9gime \u00e9quilibr\u00e9. De nombreuses \u00e9tudes montrent son efficacit\u00e9 dans la gestion du poids, notamment en r\u00e9duisant l\u2019accumulation de graisses et en am\u00e9liorant le m\u00e9tabolisme des glucides.<\/p>\n<hr>\n<h3><span class=\"ez-toc-section\" id=\"Extrait_de_gingembre\"><\/span>Extrait de gingembre<span class=\"ez-toc-section-end\"><\/span><\/h3>\n<p>L\u2019extrait de gingembre est obtenu \u00e0 partir de la racine de cette plante aromatique, largement utilis\u00e9e en cuisine et en m\u00e9decine traditionnelle depuis des si\u00e8cles. Il renferme des compos\u00e9s actifs comme le gingerol, qui sont responsables de ses propri\u00e9t\u00e9s b\u00e9n\u00e9fiques pour la sant\u00e9. Le gingembre est connu pour ses effets anti-inflammatoires, antioxydants et digestifs.<\/p>\n<p>Dans le contexte de la perte de poids, le gingembre stimule la thermog\u00e9n\u00e8se, c\u2019est-\u00e0-dire la production de chaleur par le corps, ce qui favorise la combustion des graisses. Il aide \u00e9galement \u00e0 am\u00e9liorer la digestion et \u00e0 r\u00e9duire la sensation de ballonnement, contribuant ainsi \u00e0 une sensation de l\u00e9g\u00e8ret\u00e9 et \u00e0 une meilleure gestion du poids. Des \u00e9tudes scientifiques ont confirm\u00e9 que l\u2019int\u00e9gration du gingembre dans un r\u00e9gime peut augmenter l\u00e9g\u00e8rement le m\u00e9tabolisme, acc\u00e9l\u00e9rant ainsi la perte de masse grasse.<\/p>\n<h3><span class=\"ez-toc-section\" id=\"Extrait_de_ginseng\"><\/span>Extrait de ginseng<span class=\"ez-toc-section-end\"><\/span><\/h3>\n<p>L\u2019extrait de ginseng est issu de la racine de la plante Panax ginseng, originaire d\u2019Asie. Cette plante a \u00e9t\u00e9 utilis\u00e9e en m\u00e9decine traditionnelle depuis des milliers d\u2019ann\u00e9es pour ses propri\u00e9t\u00e9s revitalisantes et adaptog\u00e8nes. Le ginseng contient des composants actifs appel\u00e9s gins\u00e9nosides, qui sont responsables de ses effets b\u00e9n\u00e9fiques sur l\u2019organisme. Il est reconnu pour ses propri\u00e9t\u00e9s tonifiantes, am\u00e9liorant la r\u00e9sistance au stress et la concentration, tout en renfor\u00e7ant le syst\u00e8me immunitaire.<\/p>\n<p>Dans le cadre de la perte de poids, l\u2019extrait de ginseng aide \u00e0 augmenter l\u2019\u00e9nergie et \u00e0 r\u00e9duire la fatigue, ce qui peut encourager une activit\u00e9 physique plus r\u00e9guli\u00e8re. Des \u00e9tudes scientifiques ont montr\u00e9 que le ginseng peut aussi jouer un r\u00f4le dans la r\u00e9gulation du m\u00e9tabolisme, favorisant la combustion des graisses et aidant \u00e0 contr\u00f4ler l\u2019app\u00e9tit. Son effet adaptog\u00e8ne contribue \u00e0 \u00e9quilibrer le corps face aux d\u00e9fis du r\u00e9gime, soutenant ainsi une gestion efficace du poids.<\/p>\n<hr>\n<h3><span class=\"ez-toc-section\" id=\"Cetones_de_framboise\"><\/span>C\u00e9tones de framboise<span class=\"ez-toc-section-end\"><\/span><\/h3>\n<p>Les c\u00e9tones de framboise sont des compos\u00e9s aromatiques naturellement pr\u00e9sents dans la framboise, qui donnent \u00e0 ce fruit son parfum caract\u00e9ristique. Ces substances, souvent extraites pour des compl\u00e9ments alimentaires, sont connues pour leur capacit\u00e9 \u00e0 stimuler la lipolyse, le processus par lequel le corps d\u00e9compose les graisses pour produire de l\u2019\u00e9nergie. La source principale de ces c\u00e9tones est la framboise, mais elles peuvent aussi \u00eatre synth\u00e9tis\u00e9es en laboratoire pour une utilisation plus efficace.<\/p>\n<p>Les c\u00e9tones de framboise ont \u00e9t\u00e9 scientifiquement \u00e9tudi\u00e9es pour leur potentiel \u00e0 acc\u00e9l\u00e9rer la perte de poids. Elles augmentent la production de noradr\u00e9naline, une hormone qui stimule la d\u00e9gradation des graisses stock\u00e9es et favorise leur utilisation comme source d\u2019\u00e9nergie. De plus, ces compos\u00e9s peuvent aider \u00e0 r\u00e9guler le m\u00e9tabolisme lipidique, r\u00e9duire l\u2019app\u00e9tit et augmenter la d\u00e9pense calorique, ce qui en fait un alli\u00e9 efficace pour ceux qui souhaitent perdre du poids de fa\u00e7on naturelle.<\/p>\n<h2><span class=\"ez-toc-section\" id=\"Notice_%E2%80%93_Informations_pour_le_patient\"><\/span>Notice \u2013 Informations pour le patient<span class=\"ez-toc-section-end\"><\/span><\/h2>\n<h3><span class=\"ez-toc-section\" id=\"Nom_du_medicament\"><\/span>Nom du m\u00e9dicament<span class=\"ez-toc-section-end\"><\/span><\/h3>\n<p>Idealis \u2013 Capsules pour la perte de poids.<\/p>\n<h3><span class=\"ez-toc-section\" id=\"Forme_pharmaceutique_et_presentation\"><\/span>Forme pharmaceutique et pr\u00e9sentation<span class=\"ez-toc-section-end\"><\/span><\/h3>\n<p>Ce m\u00e9dicament se pr\u00e9sente sous forme de capsules molles, conditionn\u00e9es en flacons ou en bo\u00eetes contenant un nombre d\u00e9termin\u00e9 d\u2019unit\u00e9s.<\/p>\n<h3><span class=\"ez-toc-section\" id=\"Indications_therapeutiques\"><\/span>Indications th\u00e9rapeutiques<span class=\"ez-toc-section-end\"><\/span><\/h3>\n<p>Idealis est indiqu\u00e9 comme compl\u00e9ment dans le cadre d\u2019un programme de gestion du poids, notamment chez les adultes souhaitant r\u00e9duire leur app\u00e9tit, am\u00e9liorer leur m\u00e9tabolisme et favoriser la combustion des graisses en compl\u00e9ment d\u2019un r\u00e9gime alimentaire \u00e9quilibr\u00e9 et d\u2019une activit\u00e9 physique r\u00e9guli\u00e8re.<\/p>\n<h3><span class=\"ez-toc-section\" id=\"Contre-indications\"><\/span>Contre-indications<span class=\"ez-toc-section-end\"><\/span><\/h3>\n<p>Ce m\u00e9dicament est contre-indiqu\u00e9 en cas d\u2019allergie ou d\u2019hypersensibilit\u00e9 \u00e0 l\u2019un des composants, notamment aux extraits naturels contenus dans la formule. Il ne doit pas \u00eatre utilis\u00e9 chez les personnes de moins de 18 ans.<\/p>\n<h3><span class=\"ez-toc-section\" id=\"Effets_indesirables_possibles\"><\/span>Effets ind\u00e9sirables possibles<span class=\"ez-toc-section-end\"><\/span><\/h3>\n<p>Les r\u00e9actions allergiques telles que \u00e9ruptions cutan\u00e9es, d\u00e9mangeaisons, \u0153d\u00e8me ou difficult\u00e9s respiratoires peuvent survenir. En cas d\u2019apparition de ces sympt\u00f4mes, il est n\u00e9cessaire de consulter un professionnel de sant\u00e9.<\/p>\n<h3><span class=\"ez-toc-section\" id=\"Interactions_avec_dautres_medicaments\"><\/span>Interactions avec d&rsquo;autres m\u00e9dicaments<span class=\"ez-toc-section-end\"><\/span><\/h3>\n<p>Idealis peut \u00eatre utilis\u00e9 simultan\u00e9ment avec d\u2019autres m\u00e9dicaments, sauf en cas d\u2019interaction connue ou de traitement par l\u2019alcool, qui est \u00e0 \u00e9viter.<\/p>\n<h3><span class=\"ez-toc-section\" id=\"Posologie_et_mode_dadministration\"><\/span>Posologie et mode d&rsquo;administration<span class=\"ez-toc-section-end\"><\/span><\/h3>\n<p>Il est recommand\u00e9 de prendre une capsule par jour, de pr\u00e9f\u00e9rence au cours d\u2019un repas, avec un verre d\u2019eau. La posologie ne doit pas \u00eatre modifi\u00e9e sans avis m\u00e9dical.<\/p>\n<h3><span class=\"ez-toc-section\" id=\"Duree_du_traitement\"><\/span>Dur\u00e9e du traitement<span class=\"ez-toc-section-end\"><\/span><\/h3>\n<p>La dur\u00e9e du traitement doit \u00eatre d\u00e9termin\u00e9e en fonction de l\u2019efficacit\u00e9 et de la tol\u00e9rance, g\u00e9n\u00e9ralement limit\u00e9e \u00e0 quelques semaines. Il est conseill\u00e9 de suivre strictement la posologie recommand\u00e9e.<\/p>\n<h3><span class=\"ez-toc-section\" id=\"Mises_en_garde_et_precautions\"><\/span>Mises en garde et pr\u00e9cautions<span class=\"ez-toc-section-end\"><\/span><\/h3>\n<p>Aucune pr\u00e9caution particuli\u00e8re n\u2019est requise, mais le m\u00e9dicament n\u2019est pas recommand\u00e9 aux personnes de moins de 18 ans. Il convient de respecter la posologie et de ne pas d\u00e9passer la dur\u00e9e recommand\u00e9e.<\/p>\n<h3><span class=\"ez-toc-section\" id=\"Surdosage\"><\/span>Surdosage<span class=\"ez-toc-section-end\"><\/span><\/h3>\n<p>En cas de d\u00e9passement de la dose prescrite, il est important de consulter un professionnel de sant\u00e9. Respecter strictement les instructions d\u2019utilisation pour \u00e9viter tout risque.<\/p>\n<h3><span class=\"ez-toc-section\" id=\"Date_de_peremption\"><\/span>Date de p\u00e9remption<span class=\"ez-toc-section-end\"><\/span><\/h3>\n<p>\u00c0 utiliser avant la date indiqu\u00e9e sur l\u2019emballage. Ne pas utiliser le m\u00e9dicament apr\u00e8s cette date.<\/p>\n<h3><span class=\"ez-toc-section\" id=\"Conditions_de_conservation\"><\/span>Conditions de conservation<span class=\"ez-toc-section-end\"><\/span><\/h3>\n<p>Conserver dans un endroit sec, \u00e0 temp\u00e9rature ambiante ne d\u00e9passant pas 25\u202f\u00b0C, \u00e0 l\u2019abri de la lumi\u00e8re et hors de la port\u00e9e des enfants.<\/p>\n<h2><span class=\"ez-toc-section\" id=\"Idealis_%E2%80%93_Avis_Doctissimo_y_compris_negatifs_et_forum_commentaires\"><\/span>Idealis \u2013 Avis Doctissimo, y compris n\u00e9gatifs et forum commentaires<span class=\"ez-toc-section-end\"><\/span><\/h2>\n<p>Les avis recueillis sur diff\u00e9rents forums et r\u00e9seaux sociaux concernant Idealis sont plut\u00f4t mitig\u00e9s, mais la majorit\u00e9 des utilisateurs semblent satisfaits de ses effets. Beaucoup soulignent une sensation de sati\u00e9t\u00e9 accrue d\u00e8s les premiers jours d\u2019utilisation, ce qui facilite la r\u00e9duction de l\u2019app\u00e9tit et la gestion de leur r\u00e9gime alimentaire. Certains t\u00e9moignages \u00e9voquent \u00e9galement une augmentation de leur \u00e9nergie, ce qui leur permet de rester actifs et motiv\u00e9s dans leur d\u00e9marche de perte de poids. Dans l\u2019ensemble, la majorit\u00e9 des commentaires sont positifs, mettant en avant l\u2019efficacit\u00e9 du produit lorsqu\u2019il est associ\u00e9 \u00e0 une alimentation \u00e9quilibr\u00e9e.<\/p>\n<p>Cependant, il existe aussi des avis n\u00e9gatifs, principalement li\u00e9s \u00e0 l\u2019absence d\u2019effets ou \u00e0 des r\u00e9actions ind\u00e9sirables chez certains utilisateurs. Quelques personnes mentionnent qu\u2019elles n\u2019ont pas constat\u00e9 de changement notable ou qu\u2019elles ont ressenti des effets secondaires comme des troubles digestifs ou des r\u00e9actions allergiques. Malgr\u00e9 cela, ces retours restent minoritaires, et beaucoup recommandent Idealis comme un compl\u00e9ment utile dans un programme de perte de poids, en insistant toutefois sur la n\u00e9cessit\u00e9 d\u2019adopter une hygi\u00e8ne de vie adapt\u00e9e.<\/p>\n<h2><span class=\"ez-toc-section\" id=\"Ou_acheter_Idealis_en_ligne_en_France_Belgique_Suisse_et_Luxembourg_avec_une_livraison_rapide\"><\/span>O\u00f9 acheter Idealis en ligne en France, Belgique, Suisse et Luxembourg avec une livraison rapide<span class=\"ez-toc-section-end\"><\/span><\/h2>\n<p>Idealis est disponible \u00e0 l\u2019achat exclusivement dans notre pharmacie en ligne &quot;Pharmacie Vivre Sainement&quot; \u2014 nous avons un contrat direct avec le fabricant et sommes l\u2019un de ses partenaires officiels. Vous pouvez donc commander en toute confiance, en b\u00e9n\u00e9ficiant d\u2019un produit authentique et de qualit\u00e9.<\/p>\n<h3><span class=\"ez-toc-section\" id=\"Prix\"><\/span>Prix<span class=\"ez-toc-section-end\"><\/span><\/h3>\n<p>Le prix d\u2019Idealis est fix\u00e9 \u00e0 39 euros en France, en Belgique, en Suisse et au Luxembourg. Actuellement, des promotions sont en cours avec des r\u00e9ductions allant de 30 \u00e0 50 % sur la premi\u00e8re commande, pour vous permettre de tester le produit \u00e0 prix avantageux.<\/p>\n<h3><span class=\"ez-toc-section\" id=\"Acheter_a_la_pharmacie\"><\/span>Acheter \u00e0 la pharmacie<span class=\"ez-toc-section-end\"><\/span><\/h3>\n<p>Vous pouvez acheter le m\u00e9dicament Idealis sans ordonnance directement sur notre site \u00ab\u00a0Vivre Sainement\u00a0\u00bb. Il est important de noter que ce produit ne peut pas \u00eatre achet\u00e9 dans les pharmacies en ligne ou en r\u00e9seau telles qu\u2019Atida, DocMorris, DM ou Pharma GDD, car il est actuellement distribu\u00e9 en quantit\u00e9 limit\u00e9e dans certains \u00e9tablissements. Il est \u00e9galement d\u00e9conseill\u00e9 d\u2019acheter sur des marketplaces comme Amazon ou dans des magasins Carrefour, o\u00f9 il existe un risque d\u2019achat de produits contrefaits.<\/p>\n<h3><span class=\"ez-toc-section\" id=\"Modes_de_paiement_et_de_livraison\"><\/span>Modes de paiement et de livraison<span class=\"ez-toc-section-end\"><\/span><\/h3>\n<p>La livraison est assur\u00e9e par des services de courier dans tous les pays europ\u00e9ens, ainsi qu\u2019en France, en Suisse, en Belgique et au Luxembourg. Pour votre confort et votre s\u00e9curit\u00e9, vous pouvez payer \u00e0 la livraison, par carte bancaire, Apple Pay ou Google Pay, ce qui garantit une transaction simple et fiable.<\/p>\n<h2><span class=\"ez-toc-section\" id=\"FAQ_Questions_frequentes\"><\/span>FAQ : Questions fr\u00e9quentes<span class=\"ez-toc-section-end\"><\/span><\/h2>\n<div class=\"wp-faq-schema-wrap wp-faq-schema-accordion\">\n<div class=\"wp-faq-schema-items ui-accordion ui-widget ui-helper-reset\" role=\"tablist\">\n<h3 class=\"ui-accordion-header ui-corner-top ui-state-default ui-accordion-icons\" role=\"tab\" id=\"ui-id-1\" aria-controls=\"ui-id-2\" aria-expanded=\"false\"><span class=\"ez-toc-section\" id=\"Quels_sont_les_ingredients_principaux_des_capsules_Idealis\"><\/span>\n  Quels sont les ingr\u00e9dients principaux des capsules Idealis ?<br \/>\n  <span class=\"ez-toc-section-end\"><\/span><\/h3>\n<div class=\"ui-accordion-content ui-corner-bottom ui-helper-reset ui-widget-content\" id=\"ui-id-2\" aria-labelledby=\"ui-id-1\" role=\"tabpanel\" aria-hidden=\"true\">\n<p>Les capsules Idealis contiennent de l&rsquo;extrait de haricot, de l&rsquo;extrait de gingembre, de l&rsquo;extrait de ginseng et de la caf\u00e9ine de framboise.<\/p>\n<\/p><\/div>\n<h3 class=\"ui-accordion-header ui-corner-top ui-state-default ui-accordion-icons\" role=\"tab\" id=\"ui-id-3\" aria-controls=\"ui-id-4\" aria-expanded=\"false\"><span class=\"ez-toc-section\" id=\"Comment_ces_capsules_Idealis_aident-elles_a_perdre_du_poids\"><\/span>\n  Comment ces capsules Idealis aident-elles \u00e0 perdre du poids ?<br \/>\n  <span class=\"ez-toc-section-end\"><\/span><\/h3>\n<div class=\"ui-accordion-content ui-corner-bottom ui-helper-reset ui-widget-content\" id=\"ui-id-4\" aria-labelledby=\"ui-id-3\" role=\"tabpanel\" aria-hidden=\"true\">\n<p>Les capsules Idealis stimulent le m\u00e9tabolisme, r\u00e9duisent l&rsquo;app\u00e9tit et favorisent la combustion des graisses gr\u00e2ce \u00e0 leurs ingr\u00e9dients naturels.<\/p>\n<\/p><\/div>\n<h3 class=\"ui-accordion-header ui-corner-top ui-state-default ui-accordion-icons\" role=\"tab\" id=\"ui-id-5\" aria-controls=\"ui-id-6\" aria-expanded=\"false\"><span class=\"ez-toc-section\" id=\"Est-ce_que_les_capsules_Idealis_ont_des_effets_secondaires\"><\/span>\n  Est-ce que les capsules Idealis ont des effets secondaires ?<br \/>\n  <span class=\"ez-toc-section-end\"><\/span><\/h3>\n<div class=\"ui-accordion-content ui-corner-bottom ui-helper-reset ui-widget-content\" id=\"ui-id-6\" aria-labelledby=\"ui-id-5\" role=\"tabpanel\" aria-hidden=\"true\">\n<p>En g\u00e9n\u00e9ral, les capsules Idealis sont bien tol\u00e9r\u00e9es, mais il est conseill\u00e9 de consulter un m\u00e9decin avant de commencer \u00e0 les prendre, surtout si vous avez des probl\u00e8mes de sant\u00e9 ou prenez d&rsquo;autres m\u00e9dicaments.<\/p>\n<\/p><\/div>\n<h3 class=\"ui-accordion-header ui-corner-top ui-state-default ui-accordion-icons\" role=\"tab\" id=\"ui-id-7\" aria-controls=\"ui-id-8\" aria-expanded=\"false\"><span class=\"ez-toc-section\" id=\"Combien_de_temps_faut-il_prendre_les_capsules_Idealis_pour_voir_des_resultats\"><\/span>\n  Combien de temps faut-il prendre les capsules Idealis pour voir des r\u00e9sultats ?<br \/>\n  <span class=\"ez-toc-section-end\"><\/span><\/h3>\n<div class=\"ui-accordion-content ui-corner-bottom ui-helper-reset ui-widget-content\" id=\"ui-id-8\" aria-labelledby=\"ui-id-7\" role=\"tabpanel\" aria-hidden=\"true\">\n<p>Les r\u00e9sultats peuvent varier d&rsquo;une personne \u00e0 l&rsquo;autre, mais g\u00e9n\u00e9ralement, il est recommand\u00e9 de les utiliser pendant plusieurs semaines pour observer une diff\u00e9rence significative.<\/p>\n<\/p><\/div>\n<h3 class=\"ui-accordion-header ui-corner-top ui-state-default ui-accordion-icons\" role=\"tab\" id=\"ui-id-9\" aria-controls=\"ui-id-10\" aria-expanded=\"false\"><span class=\"ez-toc-section\" id=\"Les_capsules_Idealis_conviennent-elles_a_tout_le_monde\"><\/span>\n  Les capsules Idealis conviennent-elles \u00e0 tout le monde ?<br \/>\n  <span class=\"ez-toc-section-end\"><\/span><\/h3>\n<div class=\"ui-accordion-content ui-corner-bottom ui-helper-reset ui-widget-content\" id=\"ui-id-10\" aria-labelledby=\"ui-id-9\" role=\"tabpanel\" aria-hidden=\"true\">\n<p>Ces capsules sont g\u00e9n\u00e9ralement adapt\u00e9es \u00e0 la majorit\u00e9 des personnes, mais il est pr\u00e9f\u00e9rable de consulter un professionnel de sant\u00e9 avant de les utiliser, surtout si vous \u00eates enceinte, allaitante ou si vous avez des probl\u00e8mes de sant\u00e9.<\/p>\n<\/p><\/div>\n<\/div>\n<\/div>\n","protected":false},"excerpt":{"rendered":"<p>Qu\u2019est-ce que Idealis et quelles sont ses indications\u202f? Les capsules Idealis sont un compl\u00e9ment alimentaire con\u00e7u pour accompagner un programme [&hellip;]<\/p>\n","protected":false},"featured_media":379,"comment_status":"open","ping_status":"closed","template":"","meta":{"site-sidebar-layout":"default","site-content-layout":"","ast-site-content-layout":"default","site-content-style":"default","site-sidebar-style":"default","ast-global-header-display":"","ast-banner-title-visibility":"","ast-main-header-display":"","ast-hfb-above-header-display":"","ast-hfb-below-header-display":"","ast-hfb-mobile-header-display":"","site-post-title":"","ast-breadcrumbs-content":"","ast-featured-img":"","footer-sml-layout":"","ast-disable-related-posts":"","theme-transparent-header-meta":"","adv-header-id-meta":"","stick-header-meta":"","header-above-stick-meta":"","header-main-stick-meta":"","header-below-stick-meta":"","astra-migrate-meta-layouts":"default","ast-page-background-enabled":"default","ast-page-background-meta":{"desktop":{"background-color":"var(--ast-global-color-5)","background-image":"","background-repeat":"repeat","background-position":"center center","background-size":"auto","background-attachment":"scroll","background-type":"","background-media":"","overlay-type":"","overlay-color":"","overlay-opacity":"","overlay-gradient":""},"tablet":{"background-color":"","background-image":"","background-repeat":"repeat","background-position":"center center","background-size":"auto","background-attachment":"scroll","background-type":"","background-media":"","overlay-type":"","overlay-color":"","overlay-opacity":"","overlay-gradient":""},"mobile":{"background-color":"","background-image":"","background-repeat":"repeat","background-position":"center center","background-size":"auto","background-attachment":"scroll","background-type":"","background-media":"","overlay-type":"","overlay-color":"","overlay-opacity":"","overlay-gradient":""}},"ast-content-background-meta":{"desktop":{"background-color":"var(--ast-global-color-4)","background-image":"","background-repeat":"repeat","background-position":"center center","background-size":"auto","background-attachment":"scroll","background-type":"","background-media":"","overlay-type":"","overlay-color":"","overlay-opacity":"","overlay-gradient":""},"tablet":{"background-color":"var(--ast-global-color-4)","background-image":"","background-repeat":"repeat","background-position":"center center","background-size":"auto","background-attachment":"scroll","background-type":"","background-media":"","overlay-type":"","overlay-color":"","overlay-opacity":"","overlay-gradient":""},"mobile":{"background-color":"var(--ast-global-color-4)","background-image":"","background-repeat":"repeat","background-position":"center center","background-size":"auto","background-attachment":"scroll","background-type":"","background-media":"","overlay-type":"","overlay-color":"","overlay-opacity":"","overlay-gradient":""}}},"product_brand":[],"product_cat":[16],"product_tag":[],"class_list":{"0":"post-380","1":"product","2":"type-product","3":"status-publish","4":"has-post-thumbnail","6":"product_cat-controle-du-poids-et-minceur","7":"desktop-align-left","8":"tablet-align-left","9":"mobile-align-left","11":"first","12":"instock","13":"sale","14":"shipping-taxable","15":"product-type-external"},"yoast_head":"<!-- This site is optimized with the Yoast SEO plugin v27.5 - https:\/\/yoast.com\/product\/yoast-seo-wordpress\/ -->\n<title>Idealis \u2013 Prix, Notice, Composition et Avis Doctissimo \u2764\ufe0f Pharmacie Vivre Sainement<\/title>\n<meta name=\"description\" content=\"\u274c Idealis g\u00e9lules - D\u00e9couvrez sa composition, son prix, les avis (positifs et n\u00e9gatifs), et o\u00f9 l\u2019acheter en toute s\u00e9curit\u00e9 en pharmacie en ligne. Est-ce un produit fiable ou une arnaque ?\" \/>\n<meta name=\"robots\" content=\"index, follow, max-snippet:-1, max-image-preview:large, max-video-preview:-1\" \/>\n<link rel=\"canonical\" href=\"https:\/\/www.vivre-covid19.fr\/pharmacie\/medicament\/idealis-capsules-amincissantes\/\" \/>\n<meta property=\"og:locale\" content=\"fr_FR\" \/>\n<meta property=\"og:type\" content=\"article\" \/>\n<meta property=\"og:title\" content=\"Idealis \u2013 Prix, Notice, Composition et Avis Doctissimo \u2764\ufe0f Pharmacie Vivre Sainement\" \/>\n<meta property=\"og:description\" content=\"\u274c Idealis g\u00e9lules - D\u00e9couvrez sa composition, son prix, les avis (positifs et n\u00e9gatifs), et o\u00f9 l\u2019acheter en toute s\u00e9curit\u00e9 en pharmacie en ligne. Est-ce un produit fiable ou une arnaque ?\" \/>\n<meta property=\"og:url\" content=\"https:\/\/www.vivre-covid19.fr\/pharmacie\/medicament\/idealis-capsules-amincissantes\/\" \/>\n<meta property=\"og:site_name\" content=\"Pharmacie Vivre Sainement\" \/>\n<meta property=\"article:modified_time\" content=\"2025-05-14T19:58:15+00:00\" \/>\n<meta property=\"og:image\" content=\"https:\/\/www.vivre-covid19.fr\/pharmacie\/wp-content\/uploads\/2025\/05\/idealis.webp\" \/>\n\t<meta property=\"og:image:width\" content=\"600\" \/>\n\t<meta property=\"og:image:height\" content=\"600\" \/>\n\t<meta property=\"og:image:type\" content=\"image\/webp\" \/>\n<meta name=\"twitter:card\" content=\"summary_large_image\" \/>\n<meta name=\"twitter:label1\" content=\"Dur\u00e9e de lecture estim\u00e9e\" \/>\n\t<meta name=\"twitter:data1\" content=\"10 minutes\" \/>\n<script type=\"application\/ld+json\" class=\"yoast-schema-graph\">{\"@context\":\"https:\\\/\\\/schema.org\",\"@graph\":[{\"@type\":\"WebPage\",\"@id\":\"https:\\\/\\\/www.vivre-covid19.fr\\\/pharmacie\\\/medicament\\\/idealis-capsules-amincissantes\\\/\",\"url\":\"https:\\\/\\\/www.vivre-covid19.fr\\\/pharmacie\\\/medicament\\\/idealis-capsules-amincissantes\\\/\",\"name\":\"Idealis \u2013 Prix, Notice, Composition et Avis Doctissimo \u2764\ufe0f Pharmacie Vivre Sainement\",\"isPartOf\":{\"@id\":\"https:\\\/\\\/www.vivre-covid19.fr\\\/pharmacie\\\/#website\"},\"primaryImageOfPage\":{\"@id\":\"https:\\\/\\\/www.vivre-covid19.fr\\\/pharmacie\\\/medicament\\\/idealis-capsules-amincissantes\\\/#primaryimage\"},\"image\":{\"@id\":\"https:\\\/\\\/www.vivre-covid19.fr\\\/pharmacie\\\/medicament\\\/idealis-capsules-amincissantes\\\/#primaryimage\"},\"thumbnailUrl\":\"https:\\\/\\\/www.vivre-covid19.fr\\\/pharmacie\\\/wp-content\\\/uploads\\\/2025\\\/05\\\/idealis.webp\",\"datePublished\":\"2025-05-14T19:57:58+00:00\",\"dateModified\":\"2025-05-14T19:58:15+00:00\",\"description\":\"\u274c Idealis g\u00e9lules - D\u00e9couvrez sa composition, son prix, les avis (positifs et n\u00e9gatifs), et o\u00f9 l\u2019acheter en toute s\u00e9curit\u00e9 en pharmacie en ligne. Est-ce un produit fiable ou une arnaque ?\",\"breadcrumb\":{\"@id\":\"https:\\\/\\\/www.vivre-covid19.fr\\\/pharmacie\\\/medicament\\\/idealis-capsules-amincissantes\\\/#breadcrumb\"},\"inLanguage\":\"fr-FR\",\"potentialAction\":[{\"@type\":\"ReadAction\",\"target\":[\"https:\\\/\\\/www.vivre-covid19.fr\\\/pharmacie\\\/medicament\\\/idealis-capsules-amincissantes\\\/\"]}]},{\"@type\":\"ImageObject\",\"inLanguage\":\"fr-FR\",\"@id\":\"https:\\\/\\\/www.vivre-covid19.fr\\\/pharmacie\\\/medicament\\\/idealis-capsules-amincissantes\\\/#primaryimage\",\"url\":\"https:\\\/\\\/www.vivre-covid19.fr\\\/pharmacie\\\/wp-content\\\/uploads\\\/2025\\\/05\\\/idealis.webp\",\"contentUrl\":\"https:\\\/\\\/www.vivre-covid19.fr\\\/pharmacie\\\/wp-content\\\/uploads\\\/2025\\\/05\\\/idealis.webp\",\"width\":600,\"height\":600},{\"@type\":\"BreadcrumbList\",\"@id\":\"https:\\\/\\\/www.vivre-covid19.fr\\\/pharmacie\\\/medicament\\\/idealis-capsules-amincissantes\\\/#breadcrumb\",\"itemListElement\":[{\"@type\":\"ListItem\",\"position\":1,\"name\":\"\u0413\u043b\u0430\u0432\u043d\u0430\u044f \u0441\u0442\u0440\u0430\u043d\u0438\u0446\u0430\",\"item\":\"https:\\\/\\\/www.vivre-covid19.fr\\\/pharmacie\\\/\"},{\"@type\":\"ListItem\",\"position\":2,\"name\":\"Pharmacie Vivre Sainement\",\"item\":\"https:\\\/\\\/www.vivre-covid19.fr\\\/pharmacie\\\/\"},{\"@type\":\"ListItem\",\"position\":3,\"name\":\"Idealis capsules amincissantes\"}]},{\"@type\":\"WebSite\",\"@id\":\"https:\\\/\\\/www.vivre-covid19.fr\\\/pharmacie\\\/#website\",\"url\":\"https:\\\/\\\/www.vivre-covid19.fr\\\/pharmacie\\\/\",\"name\":\"Pharmacie Vivre Sainement\",\"description\":\"\",\"publisher\":{\"@id\":\"https:\\\/\\\/www.vivre-covid19.fr\\\/pharmacie\\\/#organization\"},\"potentialAction\":[{\"@type\":\"SearchAction\",\"target\":{\"@type\":\"EntryPoint\",\"urlTemplate\":\"https:\\\/\\\/www.vivre-covid19.fr\\\/pharmacie\\\/?s={search_term_string}\"},\"query-input\":{\"@type\":\"PropertyValueSpecification\",\"valueRequired\":true,\"valueName\":\"search_term_string\"}}],\"inLanguage\":\"fr-FR\"},{\"@type\":\"Organization\",\"@id\":\"https:\\\/\\\/www.vivre-covid19.fr\\\/pharmacie\\\/#organization\",\"name\":\"Pharmacie Vivre Sainement\",\"url\":\"https:\\\/\\\/www.vivre-covid19.fr\\\/pharmacie\\\/\",\"logo\":{\"@type\":\"ImageObject\",\"inLanguage\":\"fr-FR\",\"@id\":\"https:\\\/\\\/www.vivre-covid19.fr\\\/pharmacie\\\/#\\\/schema\\\/logo\\\/image\\\/\",\"url\":\"https:\\\/\\\/www.vivre-covid19.fr\\\/pharmacie\\\/wp-content\\\/uploads\\\/2025\\\/05\\\/farmacia.png\",\"contentUrl\":\"https:\\\/\\\/www.vivre-covid19.fr\\\/pharmacie\\\/wp-content\\\/uploads\\\/2025\\\/05\\\/farmacia.png\",\"width\":1151,\"height\":1280,\"caption\":\"Pharmacie Vivre Sainement\"},\"image\":{\"@id\":\"https:\\\/\\\/www.vivre-covid19.fr\\\/pharmacie\\\/#\\\/schema\\\/logo\\\/image\\\/\"}}]}<\/script>\n<!-- \/ Yoast SEO plugin. -->","yoast_head_json":{"title":"Idealis \u2013 Prix, Notice, Composition et Avis Doctissimo \u2764\ufe0f Pharmacie Vivre Sainement","description":"\u274c Idealis g\u00e9lules - D\u00e9couvrez sa composition, son prix, les avis (positifs et n\u00e9gatifs), et o\u00f9 l\u2019acheter en toute s\u00e9curit\u00e9 en pharmacie en ligne. Est-ce un produit fiable ou une arnaque ?","robots":{"index":"index","follow":"follow","max-snippet":"max-snippet:-1","max-image-preview":"max-image-preview:large","max-video-preview":"max-video-preview:-1"},"canonical":"https:\/\/www.vivre-covid19.fr\/pharmacie\/medicament\/idealis-capsules-amincissantes\/","og_locale":"fr_FR","og_type":"article","og_title":"Idealis \u2013 Prix, Notice, Composition et Avis Doctissimo \u2764\ufe0f Pharmacie Vivre Sainement","og_description":"\u274c Idealis g\u00e9lules - D\u00e9couvrez sa composition, son prix, les avis (positifs et n\u00e9gatifs), et o\u00f9 l\u2019acheter en toute s\u00e9curit\u00e9 en pharmacie en ligne. Est-ce un produit fiable ou une arnaque ?","og_url":"https:\/\/www.vivre-covid19.fr\/pharmacie\/medicament\/idealis-capsules-amincissantes\/","og_site_name":"Pharmacie Vivre Sainement","article_modified_time":"2025-05-14T19:58:15+00:00","og_image":[{"width":600,"height":600,"url":"https:\/\/www.vivre-covid19.fr\/pharmacie\/wp-content\/uploads\/2025\/05\/idealis.webp","type":"image\/webp"}],"twitter_card":"summary_large_image","twitter_misc":{"Dur\u00e9e de lecture estim\u00e9e":"10 minutes"},"schema":{"@context":"https:\/\/schema.org","@graph":[{"@type":"WebPage","@id":"https:\/\/www.vivre-covid19.fr\/pharmacie\/medicament\/idealis-capsules-amincissantes\/","url":"https:\/\/www.vivre-covid19.fr\/pharmacie\/medicament\/idealis-capsules-amincissantes\/","name":"Idealis \u2013 Prix, Notice, Composition et Avis Doctissimo \u2764\ufe0f Pharmacie Vivre Sainement","isPartOf":{"@id":"https:\/\/www.vivre-covid19.fr\/pharmacie\/#website"},"primaryImageOfPage":{"@id":"https:\/\/www.vivre-covid19.fr\/pharmacie\/medicament\/idealis-capsules-amincissantes\/#primaryimage"},"image":{"@id":"https:\/\/www.vivre-covid19.fr\/pharmacie\/medicament\/idealis-capsules-amincissantes\/#primaryimage"},"thumbnailUrl":"https:\/\/www.vivre-covid19.fr\/pharmacie\/wp-content\/uploads\/2025\/05\/idealis.webp","datePublished":"2025-05-14T19:57:58+00:00","dateModified":"2025-05-14T19:58:15+00:00","description":"\u274c Idealis g\u00e9lules - D\u00e9couvrez sa composition, son prix, les avis (positifs et n\u00e9gatifs), et o\u00f9 l\u2019acheter en toute s\u00e9curit\u00e9 en pharmacie en ligne. Est-ce un produit fiable ou une arnaque ?","breadcrumb":{"@id":"https:\/\/www.vivre-covid19.fr\/pharmacie\/medicament\/idealis-capsules-amincissantes\/#breadcrumb"},"inLanguage":"fr-FR","potentialAction":[{"@type":"ReadAction","target":["https:\/\/www.vivre-covid19.fr\/pharmacie\/medicament\/idealis-capsules-amincissantes\/"]}]},{"@type":"ImageObject","inLanguage":"fr-FR","@id":"https:\/\/www.vivre-covid19.fr\/pharmacie\/medicament\/idealis-capsules-amincissantes\/#primaryimage","url":"https:\/\/www.vivre-covid19.fr\/pharmacie\/wp-content\/uploads\/2025\/05\/idealis.webp","contentUrl":"https:\/\/www.vivre-covid19.fr\/pharmacie\/wp-content\/uploads\/2025\/05\/idealis.webp","width":600,"height":600},{"@type":"BreadcrumbList","@id":"https:\/\/www.vivre-covid19.fr\/pharmacie\/medicament\/idealis-capsules-amincissantes\/#breadcrumb","itemListElement":[{"@type":"ListItem","position":1,"name":"\u0413\u043b\u0430\u0432\u043d\u0430\u044f \u0441\u0442\u0440\u0430\u043d\u0438\u0446\u0430","item":"https:\/\/www.vivre-covid19.fr\/pharmacie\/"},{"@type":"ListItem","position":2,"name":"Pharmacie Vivre Sainement","item":"https:\/\/www.vivre-covid19.fr\/pharmacie\/"},{"@type":"ListItem","position":3,"name":"Idealis capsules amincissantes"}]},{"@type":"WebSite","@id":"https:\/\/www.vivre-covid19.fr\/pharmacie\/#website","url":"https:\/\/www.vivre-covid19.fr\/pharmacie\/","name":"Pharmacie Vivre Sainement","description":"","publisher":{"@id":"https:\/\/www.vivre-covid19.fr\/pharmacie\/#organization"},"potentialAction":[{"@type":"SearchAction","target":{"@type":"EntryPoint","urlTemplate":"https:\/\/www.vivre-covid19.fr\/pharmacie\/?s={search_term_string}"},"query-input":{"@type":"PropertyValueSpecification","valueRequired":true,"valueName":"search_term_string"}}],"inLanguage":"fr-FR"},{"@type":"Organization","@id":"https:\/\/www.vivre-covid19.fr\/pharmacie\/#organization","name":"Pharmacie Vivre Sainement","url":"https:\/\/www.vivre-covid19.fr\/pharmacie\/","logo":{"@type":"ImageObject","inLanguage":"fr-FR","@id":"https:\/\/www.vivre-covid19.fr\/pharmacie\/#\/schema\/logo\/image\/","url":"https:\/\/www.vivre-covid19.fr\/pharmacie\/wp-content\/uploads\/2025\/05\/farmacia.png","contentUrl":"https:\/\/www.vivre-covid19.fr\/pharmacie\/wp-content\/uploads\/2025\/05\/farmacia.png","width":1151,"height":1280,"caption":"Pharmacie Vivre Sainement"},"image":{"@id":"https:\/\/www.vivre-covid19.fr\/pharmacie\/#\/schema\/logo\/image\/"}}]}},"_links":{"self":[{"href":"https:\/\/www.vivre-covid19.fr\/pharmacie\/wp-json\/wp\/v2\/product\/380","targetHints":{"allow":["GET"]}}],"collection":[{"href":"https:\/\/www.vivre-covid19.fr\/pharmacie\/wp-json\/wp\/v2\/product"}],"about":[{"href":"https:\/\/www.vivre-covid19.fr\/pharmacie\/wp-json\/wp\/v2\/types\/product"}],"replies":[{"embeddable":true,"href":"https:\/\/www.vivre-covid19.fr\/pharmacie\/wp-json\/wp\/v2\/comments?post=380"}],"wp:featuredmedia":[{"embeddable":true,"href":"https:\/\/www.vivre-covid19.fr\/pharmacie\/wp-json\/wp\/v2\/media\/379"}],"wp:attachment":[{"href":"https:\/\/www.vivre-covid19.fr\/pharmacie\/wp-json\/wp\/v2\/media?parent=380"}],"wp:term":[{"taxonomy":"product_brand","embeddable":true,"href":"https:\/\/www.vivre-covid19.fr\/pharmacie\/wp-json\/wp\/v2\/product_brand?post=380"},{"taxonomy":"product_cat","embeddable":true,"href":"https:\/\/www.vivre-covid19.fr\/pharmacie\/wp-json\/wp\/v2\/product_cat?post=380"},{"taxonomy":"product_tag","embeddable":true,"href":"https:\/\/www.vivre-covid19.fr\/pharmacie\/wp-json\/wp\/v2\/product_tag?post=380"}],"curies":[{"name":"wp","href":"https:\/\/api.w.org\/{rel}","templated":true}]}}