{"id":452,"date":"2025-05-14T22:32:13","date_gmt":"2025-05-14T20:32:13","guid":{"rendered":"https:\/\/www.vivre-covid19.fr\/pharmacie\/medicament\/eternelle-gold-day-creme-anti-rides\/"},"modified":"2025-05-14T22:32:21","modified_gmt":"2025-05-14T20:32:21","slug":"eternelle-gold-day-creme-anti-rides","status":"publish","type":"product","link":"https:\/\/www.vivre-covid19.fr\/pharmacie\/medicament\/eternelle-gold-day-creme-anti-rides\/","title":{"rendered":"ETERNELLE GOLD DAY cr\u00e8me anti-rides"},"content":{"rendered":"<div id=\"ez-toc-container\" class=\"ez-toc-v2_0_82_2 counter-hierarchy ez-toc-counter ez-toc-grey ez-toc-container-direction\">\n<div class=\"ez-toc-title-container\">\n<p class=\"ez-toc-title\" style=\"cursor:inherit\">Table des mati\u00e8res<\/p>\n<span class=\"ez-toc-title-toggle\"><a href=\"#\" class=\"ez-toc-pull-right ez-toc-btn ez-toc-btn-xs ez-toc-btn-default ez-toc-toggle\" aria-label=\"Toggle Table of Content\"><span class=\"ez-toc-js-icon-con\"><span class=\"\"><span class=\"eztoc-hide\" style=\"display:none;\">Toggle<\/span><span class=\"ez-toc-icon-toggle-span\"><svg style=\"fill: #999;color:#999\" xmlns=\"http:\/\/www.w3.org\/2000\/svg\" class=\"list-377408\" width=\"20px\" height=\"20px\" viewBox=\"0 0 24 24\" fill=\"none\"><path d=\"M6 6H4v2h2V6zm14 0H8v2h12V6zM4 11h2v2H4v-2zm16 0H8v2h12v-2zM4 16h2v2H4v-2zm16 0H8v2h12v-2z\" fill=\"currentColor\"><\/path><\/svg><svg style=\"fill: #999;color:#999\" class=\"arrow-unsorted-368013\" xmlns=\"http:\/\/www.w3.org\/2000\/svg\" width=\"10px\" height=\"10px\" viewBox=\"0 0 24 24\" version=\"1.2\" baseProfile=\"tiny\"><path d=\"M18.2 9.3l-6.2-6.3-6.2 6.3c-.2.2-.3.4-.3.7s.1.5.3.7c.2.2.4.3.7.3h11c.3 0 .5-.1.7-.3.2-.2.3-.5.3-.7s-.1-.5-.3-.7zM5.8 14.7l6.2 6.3 6.2-6.3c.2-.2.3-.5.3-.7s-.1-.5-.3-.7c-.2-.2-.4-.3-.7-.3h-11c-.3 0-.5.1-.7.3-.2.2-.3.5-.3.7s.1.5.3.7z\"\/><\/svg><\/span><\/span><\/span><\/a><\/span><\/div>\n<nav><ul class='ez-toc-list ez-toc-list-level-1 ' ><li class='ez-toc-page-1 ez-toc-heading-level-2'><a class=\"ez-toc-link ez-toc-heading-1\" href=\"https:\/\/www.vivre-covid19.fr\/pharmacie\/medicament\/eternelle-gold-day-creme-anti-rides\/#Quest-ce_que_ETERNELLE_GOLD_DAY_et_quelles_sont_ses_indications%E2%80%AF\" >Qu\u2019est-ce que ETERNELLE GOLD DAY et quelles sont ses indications\u202f?<\/a><\/li><li class='ez-toc-page-1 ez-toc-heading-level-2'><a class=\"ez-toc-link ez-toc-heading-2\" href=\"https:\/\/www.vivre-covid19.fr\/pharmacie\/medicament\/eternelle-gold-day-creme-anti-rides\/#Indications_therapeutiques_de_ETERNELLE_GOLD_DAY\" >Indications th\u00e9rapeutiques de ETERNELLE GOLD DAY<\/a><\/li><li class='ez-toc-page-1 ez-toc-heading-level-2'><a class=\"ez-toc-link ez-toc-heading-3\" href=\"https:\/\/www.vivre-covid19.fr\/pharmacie\/medicament\/eternelle-gold-day-creme-anti-rides\/#Composition_de_ETERNELLE_GOLD_DAY_principes_actifs_et_autres_composants\" >Composition de ETERNELLE GOLD DAY : principes actifs et autres composants<\/a><ul class='ez-toc-list-level-3' ><li class='ez-toc-heading-level-3'><a class=\"ez-toc-link ez-toc-heading-4\" href=\"https:\/\/www.vivre-covid19.fr\/pharmacie\/medicament\/eternelle-gold-day-creme-anti-rides\/#Gold\" >Gold<\/a><\/li><li class='ez-toc-page-1 ez-toc-heading-level-3'><a class=\"ez-toc-link ez-toc-heading-5\" href=\"https:\/\/www.vivre-covid19.fr\/pharmacie\/medicament\/eternelle-gold-day-creme-anti-rides\/#Extrait_de_caviar\" >Extrait de caviar<\/a><\/li><li class='ez-toc-page-1 ez-toc-heading-level-3'><a class=\"ez-toc-link ez-toc-heading-6\" href=\"https:\/\/www.vivre-covid19.fr\/pharmacie\/medicament\/eternelle-gold-day-creme-anti-rides\/#Acide_lactique\" >Acide lactique<\/a><\/li><li class='ez-toc-page-1 ez-toc-heading-level-3'><a class=\"ez-toc-link ez-toc-heading-7\" href=\"https:\/\/www.vivre-covid19.fr\/pharmacie\/medicament\/eternelle-gold-day-creme-anti-rides\/#Acides_amines_du_collagene\" >Acides amin\u00e9s du collag\u00e8ne<\/a><\/li><li class='ez-toc-page-1 ez-toc-heading-level-3'><a class=\"ez-toc-link ez-toc-heading-8\" href=\"https:\/\/www.vivre-covid19.fr\/pharmacie\/medicament\/eternelle-gold-day-creme-anti-rides\/#Retinol_de_nouvelle_generation\" >R\u00e9tinol de nouvelle g\u00e9n\u00e9ration<\/a><\/li><li class='ez-toc-page-1 ez-toc-heading-level-3'><a class=\"ez-toc-link ez-toc-heading-9\" href=\"https:\/\/www.vivre-covid19.fr\/pharmacie\/medicament\/eternelle-gold-day-creme-anti-rides\/#Acide_hyaluronique\" >Acide hyaluronique<\/a><\/li><li class='ez-toc-page-1 ez-toc-heading-level-3'><a class=\"ez-toc-link ez-toc-heading-10\" href=\"https:\/\/www.vivre-covid19.fr\/pharmacie\/medicament\/eternelle-gold-day-creme-anti-rides\/#Vitamine_E\" >Vitamine E<\/a><\/li><li class='ez-toc-page-1 ez-toc-heading-level-3'><a class=\"ez-toc-link ez-toc-heading-11\" href=\"https:\/\/www.vivre-covid19.fr\/pharmacie\/medicament\/eternelle-gold-day-creme-anti-rides\/#Beurre_de_karite\" >Beurre de karit\u00e9<\/a><\/li><li class='ez-toc-page-1 ez-toc-heading-level-3'><a class=\"ez-toc-link ez-toc-heading-12\" href=\"https:\/\/www.vivre-covid19.fr\/pharmacie\/medicament\/eternelle-gold-day-creme-anti-rides\/#Extrait_de_canneberge\" >Extrait de canneberge<\/a><\/li><li class='ez-toc-page-1 ez-toc-heading-level-3'><a class=\"ez-toc-link ez-toc-heading-13\" href=\"https:\/\/www.vivre-covid19.fr\/pharmacie\/medicament\/eternelle-gold-day-creme-anti-rides\/#Extrait_de_pomme\" >Extrait de pomme<\/a><\/li><\/ul><\/li><li class='ez-toc-page-1 ez-toc-heading-level-2'><a class=\"ez-toc-link ez-toc-heading-14\" href=\"https:\/\/www.vivre-covid19.fr\/pharmacie\/medicament\/eternelle-gold-day-creme-anti-rides\/#Notice_%E2%80%93_Informations_pour_le_patient\" >Notice \u2013 Informations pour le patient<\/a><ul class='ez-toc-list-level-3' ><li class='ez-toc-heading-level-3'><a class=\"ez-toc-link ez-toc-heading-15\" href=\"https:\/\/www.vivre-covid19.fr\/pharmacie\/medicament\/eternelle-gold-day-creme-anti-rides\/#Nom_du_medicament\" >Nom du m\u00e9dicament<\/a><\/li><li class='ez-toc-page-1 ez-toc-heading-level-3'><a class=\"ez-toc-link ez-toc-heading-16\" href=\"https:\/\/www.vivre-covid19.fr\/pharmacie\/medicament\/eternelle-gold-day-creme-anti-rides\/#Forme_pharmaceutique_et_presentation\" >Forme pharmaceutique et pr\u00e9sentation<\/a><\/li><li class='ez-toc-page-1 ez-toc-heading-level-3'><a class=\"ez-toc-link ez-toc-heading-17\" href=\"https:\/\/www.vivre-covid19.fr\/pharmacie\/medicament\/eternelle-gold-day-creme-anti-rides\/#Indications_therapeutiques\" >Indications th\u00e9rapeutiques<\/a><\/li><li class='ez-toc-page-1 ez-toc-heading-level-3'><a class=\"ez-toc-link ez-toc-heading-18\" href=\"https:\/\/www.vivre-covid19.fr\/pharmacie\/medicament\/eternelle-gold-day-creme-anti-rides\/#Contre-indications\" >Contre-indications<\/a><\/li><li class='ez-toc-page-1 ez-toc-heading-level-3'><a class=\"ez-toc-link ez-toc-heading-19\" href=\"https:\/\/www.vivre-covid19.fr\/pharmacie\/medicament\/eternelle-gold-day-creme-anti-rides\/#Effets_indesirables_possibles\" >Effets ind\u00e9sirables possibles<\/a><\/li><li class='ez-toc-page-1 ez-toc-heading-level-3'><a class=\"ez-toc-link ez-toc-heading-20\" href=\"https:\/\/www.vivre-covid19.fr\/pharmacie\/medicament\/eternelle-gold-day-creme-anti-rides\/#Interactions_avec_dautres_medicaments\" >Interactions avec d&rsquo;autres m\u00e9dicaments<\/a><\/li><li class='ez-toc-page-1 ez-toc-heading-level-3'><a class=\"ez-toc-link ez-toc-heading-21\" href=\"https:\/\/www.vivre-covid19.fr\/pharmacie\/medicament\/eternelle-gold-day-creme-anti-rides\/#Posologie_et_mode_dadministration\" >Posologie et mode d&rsquo;administration<\/a><\/li><li class='ez-toc-page-1 ez-toc-heading-level-3'><a class=\"ez-toc-link ez-toc-heading-22\" href=\"https:\/\/www.vivre-covid19.fr\/pharmacie\/medicament\/eternelle-gold-day-creme-anti-rides\/#Duree_du_traitement\" >Dur\u00e9e du traitement<\/a><\/li><li class='ez-toc-page-1 ez-toc-heading-level-3'><a class=\"ez-toc-link ez-toc-heading-23\" href=\"https:\/\/www.vivre-covid19.fr\/pharmacie\/medicament\/eternelle-gold-day-creme-anti-rides\/#Mises_en_garde_et_precautions\" >Mises en garde et pr\u00e9cautions<\/a><\/li><li class='ez-toc-page-1 ez-toc-heading-level-3'><a class=\"ez-toc-link ez-toc-heading-24\" href=\"https:\/\/www.vivre-covid19.fr\/pharmacie\/medicament\/eternelle-gold-day-creme-anti-rides\/#Surdosage\" >Surdosage<\/a><\/li><li class='ez-toc-page-1 ez-toc-heading-level-3'><a class=\"ez-toc-link ez-toc-heading-25\" href=\"https:\/\/www.vivre-covid19.fr\/pharmacie\/medicament\/eternelle-gold-day-creme-anti-rides\/#Date_de_peremption\" >Date de p\u00e9remption<\/a><\/li><li class='ez-toc-page-1 ez-toc-heading-level-3'><a class=\"ez-toc-link ez-toc-heading-26\" href=\"https:\/\/www.vivre-covid19.fr\/pharmacie\/medicament\/eternelle-gold-day-creme-anti-rides\/#Conditions_de_conservation\" >Conditions de conservation<\/a><\/li><\/ul><\/li><li class='ez-toc-page-1 ez-toc-heading-level-2'><a class=\"ez-toc-link ez-toc-heading-27\" href=\"https:\/\/www.vivre-covid19.fr\/pharmacie\/medicament\/eternelle-gold-day-creme-anti-rides\/#ETERNELLE_GOLD_DAY_%E2%80%93_Avis_Doctissimo_y_compris_negatifs_et_forum_commentaires\" >ETERNELLE GOLD DAY \u2013 Avis Doctissimo, y compris n\u00e9gatifs et forum commentaires<\/a><\/li><li class='ez-toc-page-1 ez-toc-heading-level-2'><a class=\"ez-toc-link ez-toc-heading-28\" href=\"https:\/\/www.vivre-covid19.fr\/pharmacie\/medicament\/eternelle-gold-day-creme-anti-rides\/#Ou_acheter_ETERNELLE_GOLD_DAY_en_ligne_en_France_Belgique_Suisse_et_Luxembourg_avec_une_livraison_rapide\" >O\u00f9 acheter ETERNELLE GOLD DAY en ligne en France, Belgique, Suisse et Luxembourg avec une livraison rapide<\/a><ul class='ez-toc-list-level-3' ><li class='ez-toc-heading-level-3'><a class=\"ez-toc-link ez-toc-heading-29\" href=\"https:\/\/www.vivre-covid19.fr\/pharmacie\/medicament\/eternelle-gold-day-creme-anti-rides\/#Prix\" >Prix<\/a><\/li><li class='ez-toc-page-1 ez-toc-heading-level-3'><a class=\"ez-toc-link ez-toc-heading-30\" href=\"https:\/\/www.vivre-covid19.fr\/pharmacie\/medicament\/eternelle-gold-day-creme-anti-rides\/#Acheter_a_la_pharmacie\" >Acheter \u00e0 la pharmacie<\/a><\/li><li class='ez-toc-page-1 ez-toc-heading-level-3'><a class=\"ez-toc-link ez-toc-heading-31\" href=\"https:\/\/www.vivre-covid19.fr\/pharmacie\/medicament\/eternelle-gold-day-creme-anti-rides\/#Modes_de_paiement_et_de_livraison\" >Modes de paiement et de livraison<\/a><\/li><\/ul><\/li><li class='ez-toc-page-1 ez-toc-heading-level-2'><a class=\"ez-toc-link ez-toc-heading-32\" href=\"https:\/\/www.vivre-covid19.fr\/pharmacie\/medicament\/eternelle-gold-day-creme-anti-rides\/#FAQ_Questions_frequentes\" >FAQ : Questions fr\u00e9quentes<\/a><ul class='ez-toc-list-level-3' ><li class='ez-toc-heading-level-3'><a class=\"ez-toc-link ez-toc-heading-33\" href=\"https:\/\/www.vivre-covid19.fr\/pharmacie\/medicament\/eternelle-gold-day-creme-anti-rides\/#Quels_sont_les_principaux_ingredients_du_creme_ETERNELLE_GOLD_DAY\" >Quels sont les principaux ingr\u00e9dients du cr\u00e8me ETERNELLE GOLD DAY ?<\/a><\/li><li class='ez-toc-page-1 ez-toc-heading-level-3'><a class=\"ez-toc-link ez-toc-heading-34\" href=\"https:\/\/www.vivre-covid19.fr\/pharmacie\/medicament\/eternelle-gold-day-creme-anti-rides\/#Le_creme_ETERNELLE_GOLD_DAY_est-il_adapte_pour_tous_les_types_de_peau\" >Le cr\u00e8me ETERNELLE GOLD DAY est-il adapt\u00e9 pour tous les types de peau ?<\/a><\/li><li class='ez-toc-page-1 ez-toc-heading-level-3'><a class=\"ez-toc-link ez-toc-heading-35\" href=\"https:\/\/www.vivre-covid19.fr\/pharmacie\/medicament\/eternelle-gold-day-creme-anti-rides\/#Comment_le_creme_ETERNELLE_GOLD_DAY_aide-t-il_a_reduire_lapparence_des_rides\" >Comment le cr\u00e8me ETERNELLE GOLD DAY aide-t-il \u00e0 r\u00e9duire l&rsquo;apparence des rides ?<\/a><\/li><li class='ez-toc-page-1 ez-toc-heading-level-3'><a class=\"ez-toc-link ez-toc-heading-36\" href=\"https:\/\/www.vivre-covid19.fr\/pharmacie\/medicament\/eternelle-gold-day-creme-anti-rides\/#Est-ce_que_le_creme_ETERNELLE_GOLD_DAY_offre_une_protection_contre_les_agressions_exterieures\" >Est-ce que le cr\u00e8me ETERNELLE GOLD DAY offre une protection contre les agressions ext\u00e9rieures ?<\/a><\/li><li class='ez-toc-page-1 ez-toc-heading-level-3'><a class=\"ez-toc-link ez-toc-heading-37\" href=\"https:\/\/www.vivre-covid19.fr\/pharmacie\/medicament\/eternelle-gold-day-creme-anti-rides\/#Ce_creme_peut-il_etre_utilise_comme_base_de_maquillage\" >Ce cr\u00e8me peut-il \u00eatre utilis\u00e9 comme base de maquillage ?<\/a><\/li><\/ul><\/li><\/ul><\/nav><\/div>\n<h2><span class=\"ez-toc-section\" id=\"Quest-ce_que_ETERNELLE_GOLD_DAY_et_quelles_sont_ses_indications%E2%80%AF\"><\/span>Qu\u2019est-ce que ETERNELLE GOLD DAY et quelles sont ses indications\u202f?<span class=\"ez-toc-section-end\"><\/span><\/h2>\n<p>ETERNELLE GOLD DAY est un soin quotidien con\u00e7u pour lutter contre le vieillissement de la peau. Ce cr\u00e8me hydratant et raffermissant est formul\u00e9 pour r\u00e9duire l\u2019apparence des rides et des ridules, tout en apportant \u00e9clat et souplesse \u00e0 la peau du visage. Il est principalement destin\u00e9 aux personnes souhaitant pr\u00e9server leur jeunesse cutan\u00e9e, tout en b\u00e9n\u00e9ficiant d\u2019une protection contre les agressions ext\u00e9rieures. Ce produit est id\u00e9al pour celles et ceux qui veulent une solution efficace pour une peau plus ferme, lisse et lumineuse tout au long de la journ\u00e9e.<\/p>\n<h2><span class=\"ez-toc-section\" id=\"Indications_therapeutiques_de_ETERNELLE_GOLD_DAY\"><\/span>Indications th\u00e9rapeutiques de ETERNELLE GOLD DAY<span class=\"ez-toc-section-end\"><\/span><\/h2>\n<p>ETERNELLE GOLD DAY est indiqu\u00e9 principalement pour lutter contre les signes visibles du vieillissement cutan\u00e9. Il est recommand\u00e9 pour les personnes pr\u00e9sentant :<\/p>\n<ul>\n<li>Des rides et des ridules, notamment autour des yeux, de la bouche ou du front, qui donnent un aspect fatigu\u00e9 ou marqu\u00e9 \u00e0 la peau.<\/li>\n<li>Une perte de fermet\u00e9 et d\u2019\u00e9lasticit\u00e9 de la peau, rendant le visage moins tonique et plus rel\u00e2ch\u00e9.<\/li>\n<li>Une peau terne, manquant d\u2019\u00e9clat, avec des signes de fatigue ou de d\u00e9shydratation.<\/li>\n<li>Une peau qui montre des premiers signes de vieillissement pr\u00e9matur\u00e9, souvent dus \u00e0 l\u2019exposition au soleil, \u00e0 la pollution ou au stress oxydatif.<\/li>\n<\/ul>\n<p>Ce soin peut \u00e9galement \u00eatre utilis\u00e9 par celles et ceux qui souhaitent maintenir une peau jeune et saine, en pr\u00e9venant l\u2019apparition des rides et en am\u00e9liorant la texture cutan\u00e9e.<\/p>\n<h2><span class=\"ez-toc-section\" id=\"Composition_de_ETERNELLE_GOLD_DAY_principes_actifs_et_autres_composants\"><\/span>Composition de ETERNELLE GOLD DAY : principes actifs et autres composants<span class=\"ez-toc-section-end\"><\/span><\/h2>\n<p>Ce soin anti-\u00e2ge contient une formule unique et soigneusement \u00e9labor\u00e9e, regroupant des ingr\u00e9dients actifs de haute qualit\u00e9. La composition inclut de l\u2019or, de l\u2019extrait de caviar, de l\u2019acide lactique, des acides amin\u00e9s du collag\u00e8ne et de la vitamine A de nouvelle g\u00e9n\u00e9ration (r\u00e9tinol). Le produit ne renferme aucun composant nuisible, ce qui garantit une utilisation en toute s\u00e9curit\u00e9. La synergie de ces composants permet d\u2019offrir une efficacit\u00e9 optimale pour lutter contre les signes du vieillissement, tout en respectant la peau.<\/p>\n<h3><span class=\"ez-toc-section\" id=\"Gold\"><\/span>Gold<span class=\"ez-toc-section-end\"><\/span><\/h3>\n<p>L\u2019or est utilis\u00e9 en cosm\u00e9tique pour ses propri\u00e9t\u00e9s anti-inflammatoires et revitalisantes. Provenant de minerais pr\u00e9cieux, il a \u00e9t\u00e9 int\u00e9gr\u00e9 dans de nombreux soins de luxe pour ses vertus exceptionnelles. Son r\u00f4le principal est de stimuler la circulation sanguine cutan\u00e9e, ce qui favorise un teint plus lumineux et une peau visiblement rajeunie.<\/p>\n<p>Les effets positifs de l\u2019or dans les produits cosm\u00e9tiques ont \u00e9t\u00e9 \u00e9tudi\u00e9s pour leur capacit\u00e9 \u00e0 am\u00e9liorer la fermet\u00e9 de la peau et \u00e0 r\u00e9duire l\u2019apparence des rides. Gr\u00e2ce \u00e0 ses propri\u00e9t\u00e9s antioxydantes, il aide \u00e0 lutter contre le stress oxydatif responsable du vieillissement pr\u00e9matur\u00e9, ce qui en fait un ingr\u00e9dient pr\u00e9cieux dans la lutte contre les signes du vieillissement cutan\u00e9.<\/p>\n<h3><span class=\"ez-toc-section\" id=\"Extrait_de_caviar\"><\/span>Extrait de caviar<span class=\"ez-toc-section-end\"><\/span><\/h3>\n<p>L\u2019extrait de caviar est riche en nutriments essentiels, notamment en acides gras, en prot\u00e9ines et en vitamines, qui nourrissent profond\u00e9ment la peau. Originaire des \u0153ufs de poisson de haute qualit\u00e9, il est reconnu pour ses propri\u00e9t\u00e9s r\u00e9g\u00e9n\u00e9ratrices et anti-\u00e2ge.<\/p>\n<p>Cet ingr\u00e9dient stimule la synth\u00e8se de collag\u00e8ne et d\u2019\u00e9lastine, ce qui contribue \u00e0 am\u00e9liorer la fermet\u00e9 et l\u2019\u00e9lasticit\u00e9 de la peau. Il aide \u00e9galement \u00e0 att\u00e9nuer les rides et \u00e0 repulper les zones fragilis\u00e9es, rendant la peau plus lisse, plus ferme et plus \u00e9clatante.<\/p>\n<h3><span class=\"ez-toc-section\" id=\"Acide_lactique\"><\/span>Acide lactique<span class=\"ez-toc-section-end\"><\/span><\/h3>\n<p>L\u2019acide lactique est un acide alpha-hydroxyl\u00e9 (AHA) naturel, d\u00e9riv\u00e9 du lactate, un composant du lait. Il est utilis\u00e9 en cosm\u00e9tique pour ses propri\u00e9t\u00e9s exfoliantes douces, permettant d\u2019\u00e9liminer les cellules mortes en surface.<\/p>\n<p>Son r\u00f4le principal dans les soins anti-\u00e2ge est d\u2019acc\u00e9l\u00e9rer le renouvellement cellulaire, ce qui favorise une peau plus lumineuse et plus lisse. Il contribue \u00e9galement \u00e0 am\u00e9liorer la texture de la peau, \u00e0 r\u00e9duire l\u2019apparence des ridules et \u00e0 uniformiser le teint, agissant ainsi contre les premiers signes du vieillissement.<\/p>\n<h3><span class=\"ez-toc-section\" id=\"Acides_amines_du_collagene\"><\/span>Acides amin\u00e9s du collag\u00e8ne<span class=\"ez-toc-section-end\"><\/span><\/h3>\n<p>Les acides amin\u00e9s du collag\u00e8ne sont des \u00e9l\u00e9ments constitutifs essentiels de la peau, responsables de sa structure et de sa fermet\u00e9. Provenant de sources naturelles, ils sont incorpor\u00e9s dans les formulations pour renforcer la matrice cutan\u00e9e.<\/p>\n<p>En apportant ces acides amin\u00e9s, le soin stimule la synth\u00e8se de nouveau collag\u00e8ne, ce qui aide \u00e0 combler les rides et \u00e0 am\u00e9liorer la souplesse de la peau. Leur action contribue \u00e0 une peau plus ferme, plus \u00e9lastique et visiblement rajeunie, en combattant la perte de tonicit\u00e9 li\u00e9e \u00e0 l\u2019\u00e2ge.<\/p>\n<h3><span class=\"ez-toc-section\" id=\"Retinol_de_nouvelle_generation\"><\/span>R\u00e9tinol de nouvelle g\u00e9n\u00e9ration<span class=\"ez-toc-section-end\"><\/span><\/h3>\n<p>Le r\u00e9tinol, ou vitamine A, de nouvelle g\u00e9n\u00e9ration, est une version avanc\u00e9e de cet ingr\u00e9dient reconnu pour ses effets anti-\u00e2ge. Il est formul\u00e9 pour optimiser la p\u00e9n\u00e9tration cutan\u00e9e tout en minimisant les irritations souvent associ\u00e9es au r\u00e9tinol classique.<\/p>\n<p>Ses bienfaits incluent la stimulation du renouvellement cellulaire, la r\u00e9duction des rides et des ridules, ainsi que l\u2019am\u00e9lioration de la texture de la peau. En agissant en profondeur, il contribue \u00e0 raffermir la peau, \u00e0 lisser ses reliefs et \u00e0 raviver son \u00e9clat naturel.<\/p>\n<h3><span class=\"ez-toc-section\" id=\"Acide_hyaluronique\"><\/span>Acide hyaluronique<span class=\"ez-toc-section-end\"><\/span><\/h3>\n<p>L\u2019acide hyaluronique est une substance naturellement pr\u00e9sente dans notre corps, principalement dans la peau, le tissu conjonctif et les yeux. Il s\u2019agit d\u2019un polysaccharide appartenant \u00e0 la famille des glycosaminoglycanes, connu pour sa capacit\u00e9 exceptionnelle \u00e0 retenir l\u2019eau. Provenant de sources v\u00e9g\u00e9tales ou synth\u00e9tiques, il est largement utilis\u00e9 dans les soins cosm\u00e9tiques pour ses propri\u00e9t\u00e9s hydratantes.<\/p>\n<p>Dans le contexte du vieillissement cutan\u00e9, l\u2019acide hyaluronique joue un r\u00f4le cl\u00e9 en maintenant l\u2019hydratation de la peau. En am\u00e9liorant la capacit\u00e9 de la peau \u00e0 retenir l\u2019eau, il contribue \u00e0 combler les rides et ridules, rendant la peau plus ferme, rebondie et lisser le relief cutan\u00e9. Son action hydratante intense permet \u00e9galement de redonner de l\u2019\u00e9clat \u00e0 la peau fatigu\u00e9e ou d\u00e9shydrat\u00e9e.<\/p>\n<h3><span class=\"ez-toc-section\" id=\"Vitamine_E\"><\/span>Vitamine E<span class=\"ez-toc-section-end\"><\/span><\/h3>\n<p>La vitamine E, \u00e9galement connue sous le nom de tocoph\u00e9rol, est une vitamine liposoluble d\u2019origine v\u00e9g\u00e9tale, extraite principalement des huiles v\u00e9g\u00e9tales comme l\u2019huile de soja, de tournesol ou d\u2019amande. Elle est r\u00e9put\u00e9e pour ses propri\u00e9t\u00e9s antioxydantes, prot\u00e9geant la peau contre les agressions environnementales telles que la pollution, le soleil ou le stress oxydatif.<\/p>\n<p>Sur le plan anti-\u00e2ge, la vitamine E aide \u00e0 r\u00e9duire les dommages caus\u00e9s par les radicaux libres, responsables du vieillissement pr\u00e9matur\u00e9 de la peau. Elle favorise la r\u00e9paration des cellules cutan\u00e9es, att\u00e9nue les rides et contribue \u00e0 une meilleure \u00e9lasticit\u00e9, pour une peau plus jeune, souple et prot\u00e9g\u00e9e contre les signes visibles du temps.<\/p>\n<h3><span class=\"ez-toc-section\" id=\"Beurre_de_karite\"><\/span>Beurre de karit\u00e9<span class=\"ez-toc-section-end\"><\/span><\/h3>\n<p>Le beurre de karit\u00e9 est un extrait riche en acides gras, provenant des noix de l\u2019arbre de karit\u00e9, principalement cultiv\u00e9 en Afrique de l\u2019Ouest. Il poss\u00e8de une texture riche et nourrissante, utilis\u00e9e depuis des si\u00e8cles pour ses vertus r\u00e9paratrices et adoucissantes pour la peau.<\/p>\n<p>Dans le domaine du soin anti-\u00e2ge, le beurre de karit\u00e9 hydrate intens\u00e9ment, am\u00e9liore la souplesse de la peau et forme une barri\u00e8re contre les agressions ext\u00e9rieures. Il aide \u00e0 diminuer l\u2019apparence des rides et ridules, tout en r\u00e9g\u00e9n\u00e9rant la peau en profondeur, pour une surface plus lisse, plus ferme et plus prot\u00e9g\u00e9e contre le vieillissement.<\/p>\n<h3><span class=\"ez-toc-section\" id=\"Extrait_de_canneberge\"><\/span>Extrait de canneberge<span class=\"ez-toc-section-end\"><\/span><\/h3>\n<p>L\u2019extrait de canneberge, provenant du fruit riche en antioxydants, est connu pour ses propri\u00e9t\u00e9s anti-inflammatoires et protectrices. Riche en vitamine C, en flavono\u00efdes et en proanthocyanidines, il est utilis\u00e9 pour ses vertus b\u00e9n\u00e9fiques pour la peau.<\/p>\n<p>Il contribue \u00e0 renforcer la barri\u00e8re cutan\u00e9e, \u00e0 r\u00e9duire les signes d\u2019irritation et \u00e0 pr\u00e9venir le vieillissement pr\u00e9matur\u00e9. En luttant contre le stress oxydatif, l\u2019extrait de canneberge aide \u00e0 diminuer la formation de rides, tout en am\u00e9liorant la texture et l\u2019\u00e9clat de la peau, pour une apparence plus jeune et plus saine.<\/p>\n<h3><span class=\"ez-toc-section\" id=\"Extrait_de_pomme\"><\/span>Extrait de pomme<span class=\"ez-toc-section-end\"><\/span><\/h3>\n<p>L\u2019extrait de pomme, riche en vitamine C, polyph\u00e9nols et autres antioxydants, provient du fruit de la pomme. Il est appr\u00e9ci\u00e9 pour ses propri\u00e9t\u00e9s r\u00e9g\u00e9n\u00e9ratrices et tonifiantes, ainsi que pour sa capacit\u00e9 \u00e0 neutraliser les radicaux libres.<\/p>\n<p>Dans le cadre des soins anti-\u00e2ge, l\u2019extrait de pomme aide \u00e0 stimuler la production de collag\u00e8ne, essentiel pour maintenir la fermet\u00e9 et l\u2019\u00e9lasticit\u00e9 de la peau. Il contribue \u00e0 att\u00e9nuer l\u2019apparence des rides et ridules, tout en am\u00e9liorant la texture globale du visage, pour une peau plus ferme, plus lisse et plus \u00e9clatante.<\/p>\n<h2><span class=\"ez-toc-section\" id=\"Notice_%E2%80%93_Informations_pour_le_patient\"><\/span>Notice \u2013 Informations pour le patient<span class=\"ez-toc-section-end\"><\/span><\/h2>\n<h3><span class=\"ez-toc-section\" id=\"Nom_du_medicament\"><\/span>Nom du m\u00e9dicament<span class=\"ez-toc-section-end\"><\/span><\/h3>\n<p>ETERNELLE GOLD DAY (\u041a\u0440\u0435\u043c \u043e\u0442 \u043c\u043e\u0440\u0449\u0438\u043d)<\/p>\n<h3><span class=\"ez-toc-section\" id=\"Forme_pharmaceutique_et_presentation\"><\/span>Forme pharmaceutique et pr\u00e9sentation<span class=\"ez-toc-section-end\"><\/span><\/h3>\n<p>Cr\u00e8me hydratante et anti-\u00e2ge pr\u00e9sent\u00e9e en tube ou pot, conditionn\u00e9e en emballage de format vari\u00e9 adapt\u00e9 \u00e0 une utilisation quotidienne.<\/p>\n<h3><span class=\"ez-toc-section\" id=\"Indications_therapeutiques\"><\/span>Indications th\u00e9rapeutiques<span class=\"ez-toc-section-end\"><\/span><\/h3>\n<p>Ce m\u00e9dicament est indiqu\u00e9 pour la r\u00e9duction des rides et ridules, la lutte contre le rel\u00e2chement cutan\u00e9, ainsi que pour le maintien d\u2019une peau ferme, lisse et lumineuse. Il convient aux personnes souhaitant pr\u00e9venir ou att\u00e9nuer les signes visibles du vieillissement cutan\u00e9.<\/p>\n<h3><span class=\"ez-toc-section\" id=\"Contre-indications\"><\/span>Contre-indications<span class=\"ez-toc-section-end\"><\/span><\/h3>\n<p>Hypersensibilit\u00e9 ou allergie connue \u00e0 l\u2019un des composants du produit. Usage interdit chez les personnes de moins de 18 ans.<\/p>\n<h3><span class=\"ez-toc-section\" id=\"Effets_indesirables_possibles\"><\/span>Effets ind\u00e9sirables possibles<span class=\"ez-toc-section-end\"><\/span><\/h3>\n<p>R\u00e9actions allergiques telles que rougeur, d\u00e9mangeaison, gonflement ou \u00e9ruption cutan\u00e9e.<\/p>\n<h3><span class=\"ez-toc-section\" id=\"Interactions_avec_dautres_medicaments\"><\/span>Interactions avec d&rsquo;autres m\u00e9dicaments<span class=\"ez-toc-section-end\"><\/span><\/h3>\n<p>Ce produit peut \u00eatre utilis\u00e9 en association avec d\u2019autres soins cosm\u00e9tiques ou m\u00e9dicamenteux. Il est \u00e0 \u00e9viter d\u2019appliquer en m\u00eame temps des produits contenant des agents irritants ou agressifs, sauf avis m\u00e9dical ou pharmaceutique.<\/p>\n<h3><span class=\"ez-toc-section\" id=\"Posologie_et_mode_dadministration\"><\/span>Posologie et mode d&rsquo;administration<span class=\"ez-toc-section-end\"><\/span><\/h3>\n<p>Appliquer une petite quantit\u00e9 de cr\u00e8me sur une peau propre et s\u00e8che, matin et soir. Masser d\u00e9licatement jusqu\u2019\u00e0 absorption compl\u00e8te. \u00c9viter le contact avec les yeux.<\/p>\n<h3><span class=\"ez-toc-section\" id=\"Duree_du_traitement\"><\/span>Dur\u00e9e du traitement<span class=\"ez-toc-section-end\"><\/span><\/h3>\n<p>Le traitement doit \u00eatre poursuivi r\u00e9guli\u00e8rement pour obtenir des r\u00e9sultats optimaux. La dur\u00e9e recommand\u00e9e est g\u00e9n\u00e9ralement de 4 \u00e0 8 semaines, selon l\u2019effet souhait\u00e9.<\/p>\n<h3><span class=\"ez-toc-section\" id=\"Mises_en_garde_et_precautions\"><\/span>Mises en garde et pr\u00e9cautions<span class=\"ez-toc-section-end\"><\/span><\/h3>\n<p>Aucune pr\u00e9caution particuli\u00e8re n\u2019est requise. Ne pas utiliser chez les personnes de moins de 18 ans. En cas d\u2019irritation ou de r\u00e9action allergique, arr\u00eater l\u2019utilisation et consulter un professionnel de sant\u00e9.<\/p>\n<h3><span class=\"ez-toc-section\" id=\"Surdosage\"><\/span>Surdosage<span class=\"ez-toc-section-end\"><\/span><\/h3>\n<p>Respecter la posologie et les instructions d\u2019utilisation. En cas d\u2019ingestion accidentelle ou d\u2019utilisation excessive, rincer abondamment \u00e0 l\u2019eau claire et consulter un m\u00e9decin si n\u00e9cessaire.<\/p>\n<h3><span class=\"ez-toc-section\" id=\"Date_de_peremption\"><\/span>Date de p\u00e9remption<span class=\"ez-toc-section-end\"><\/span><\/h3>\n<p>\u00c0 utiliser avant la date indiqu\u00e9e sur l\u2019emballage. Ne pas utiliser si la date est d\u00e9pass\u00e9e.<\/p>\n<h3><span class=\"ez-toc-section\" id=\"Conditions_de_conservation\"><\/span>Conditions de conservation<span class=\"ez-toc-section-end\"><\/span><\/h3>\n<p>Conserver \u00e0 une temp\u00e9rature ne d\u00e9passant pas 25\u202f\u00b0C, \u00e0 l\u2019abri de la lumi\u00e8re et hors de la port\u00e9e des enfants.<\/p>\n<h2><span class=\"ez-toc-section\" id=\"ETERNELLE_GOLD_DAY_%E2%80%93_Avis_Doctissimo_y_compris_negatifs_et_forum_commentaires\"><\/span>ETERNELLE GOLD DAY \u2013 Avis Doctissimo, y compris n\u00e9gatifs et forum commentaires<span class=\"ez-toc-section-end\"><\/span><\/h2>\n<p>Les utilisateurs partagent g\u00e9n\u00e9ralement des avis positifs sur ETERNELLE GOLD DAY, soulignant ses effets visibles sur la peau, notamment une am\u00e9lioration de l\u2019\u00e9clat, une r\u00e9duction des rides et une sensation de peau plus ferme et hydrat\u00e9e. Beaucoup appr\u00e9cient la texture l\u00e9g\u00e8re de la cr\u00e8me, sa finesse et la sensation de confort qu\u2019elle procure d\u00e8s l\u2019application. Ces t\u00e9moignages montrent que le produit r\u00e9pond souvent aux attentes en mati\u00e8re de soins anti-\u00e2ge, ce qui explique sa popularit\u00e9 sur les forums et dans les r\u00e9seaux sociaux.<\/p>\n<p>Cependant, certains commentaires mentionnent des avis n\u00e9gatifs ou mitig\u00e9s. Certains utilisateurs ont signal\u00e9 une absence d\u2019effet ou une irritation cutan\u00e9e apr\u00e8s utilisation, ce qui peut \u00eatre li\u00e9 \u00e0 une peau sensible ou \u00e0 une r\u00e9action individuelle. D\u2019autres trouvent que le produit est un peu cher par rapport \u00e0 ses r\u00e9sultats, ou estiment qu\u2019il n\u00e9cessite une utilisation prolong\u00e9e pour voir des changements significatifs. Malgr\u00e9 cela, la majorit\u00e9 des t\u00e9moignages restent positifs, ce qui confirme l\u2019appr\u00e9ciation g\u00e9n\u00e9rale du soin dans la lutte contre le vieillissement cutan\u00e9.<\/p>\n<h2><span class=\"ez-toc-section\" id=\"Ou_acheter_ETERNELLE_GOLD_DAY_en_ligne_en_France_Belgique_Suisse_et_Luxembourg_avec_une_livraison_rapide\"><\/span>O\u00f9 acheter ETERNELLE GOLD DAY en ligne en France, Belgique, Suisse et Luxembourg avec une livraison rapide<span class=\"ez-toc-section-end\"><\/span><\/h2>\n<p>ETERNELLE GOLD DAY est disponible exclusivement dans notre pharmacie en ligne &quot;Pharmacie Vivre Sainement&quot;. Nous avons un contrat direct avec le fabricant, ce qui garantit l\u2019authenticit\u00e9 du produit et la meilleure qualit\u00e9. Notre pharmacie est un partenaire officiel, assurant une livraison rapide et s\u00e9curis\u00e9e dans toute la France, la Belgique, la Suisse et le Luxembourg.<\/p>\n<h3><span class=\"ez-toc-section\" id=\"Prix\"><\/span>Prix<span class=\"ez-toc-section-end\"><\/span><\/h3>\n<p>Le prix d\u2019ETERNELLE GOLD DAY est de 73 euros dans tous ces pays. Actuellement, des promotions sont en cours pour le premier achat, avec des r\u00e9ductions allant de 30% \u00e0 50%, permettant d\u2019obtenir ce soin \u00e0 un tarif avantageux.<\/p>\n<h3><span class=\"ez-toc-section\" id=\"Acheter_a_la_pharmacie\"><\/span>Acheter \u00e0 la pharmacie<span class=\"ez-toc-section-end\"><\/span><\/h3>\n<p>Vous pouvez acheter le m\u00e9dicament ETERNELLE GOLD DAY sans ordonnance directement sur notre site \u00ab\u00a0Vivre Sainement\u00a0\u00bb. Il est important de noter que ce produit ne peut pas \u00eatre achet\u00e9 dans les pharmacies en ligne ou en r\u00e9seau telles que Atida, DocMorris, DM ou Pharma GDD, car il est actuellement distribu\u00e9 en quantit\u00e9 limit\u00e9e et uniquement dans certaines officines s\u00e9lectionn\u00e9es. \u00c9vitez \u00e9galement d\u2019acheter sur les marketplaces comme Amazon ou dans les magasins Carrefour, car il existe un risque \u00e9lev\u00e9 d\u2019acheter une contrefa\u00e7on.<\/p>\n<h3><span class=\"ez-toc-section\" id=\"Modes_de_paiement_et_de_livraison\"><\/span>Modes de paiement et de livraison<span class=\"ez-toc-section-end\"><\/span><\/h3>\n<p>La livraison est assur\u00e9e par des services de messagerie fiables dans tous les pays europ\u00e9ens, y compris la France, la Suisse, la Belgique et le Luxembourg. La s\u00e9curit\u00e9 et la simplicit\u00e9 du paiement sont garanties : vous pouvez r\u00e9gler \u00e0 la livraison (paiement \u00e0 la r\u00e9ception), par carte bancaire, ou utiliser Apple Pay ou Google Pay pour un paiement s\u00e9curis\u00e9 et pratique.<\/p>\n<h2><span class=\"ez-toc-section\" id=\"FAQ_Questions_frequentes\"><\/span>FAQ : Questions fr\u00e9quentes<span class=\"ez-toc-section-end\"><\/span><\/h2>\n<div class=\"wp-faq-schema-wrap wp-faq-schema-accordion\">\n<div class=\"wp-faq-schema-items ui-accordion ui-widget ui-helper-reset\" role=\"tablist\">\n<h3 class=\"ui-accordion-header ui-corner-top ui-state-default ui-accordion-icons\" role=\"tab\" id=\"ui-id-1\" aria-controls=\"ui-id-2\" aria-expanded=\"false\"><span class=\"ez-toc-section\" id=\"Quels_sont_les_principaux_ingredients_du_creme_ETERNELLE_GOLD_DAY\"><\/span>\n  Quels sont les principaux ingr\u00e9dients du cr\u00e8me ETERNELLE GOLD DAY ?<br \/>\n  <span class=\"ez-toc-section-end\"><\/span><\/h3>\n<div class=\"ui-accordion-content ui-corner-bottom ui-helper-reset ui-widget-content\" id=\"ui-id-2\" aria-labelledby=\"ui-id-1\" role=\"tabpanel\" aria-hidden=\"true\">\n<p>Le cr\u00e8me contient de l\u2019or, de l\u2019extrait de caviar, de l\u2019acide lactique, des acides amin\u00e9s du collag\u00e8ne, de la vitamine E, du beurre de karit\u00e9, de l\u2019extrait de cranberry, de l\u2019extrait de pomme, de l\u2019acide hyaluronique, un r\u00e9tinol de nouvelle g\u00e9n\u00e9ration.<\/p>\n<\/p><\/div>\n<h3 class=\"ui-accordion-header ui-corner-top ui-state-default ui-accordion-icons\" role=\"tab\" id=\"ui-id-3\" aria-controls=\"ui-id-4\" aria-expanded=\"false\"><span class=\"ez-toc-section\" id=\"Le_creme_ETERNELLE_GOLD_DAY_est-il_adapte_pour_tous_les_types_de_peau\"><\/span>\n  Le cr\u00e8me ETERNELLE GOLD DAY est-il adapt\u00e9 pour tous les types de peau ?<br \/>\n  <span class=\"ez-toc-section-end\"><\/span><\/h3>\n<div class=\"ui-accordion-content ui-corner-bottom ui-helper-reset ui-widget-content\" id=\"ui-id-4\" aria-labelledby=\"ui-id-3\" role=\"tabpanel\" aria-hidden=\"true\">\n<p>Oui, ce soin est con\u00e7u pour convenir \u00e0 tous les types de peau, notamment gr\u00e2ce \u00e0 ses ingr\u00e9dients hydratants et anti-\u00e2ge qui nourrissent et prot\u00e8gent la peau en profondeur.<\/p>\n<\/p><\/div>\n<h3 class=\"ui-accordion-header ui-corner-top ui-state-default ui-accordion-icons\" role=\"tab\" id=\"ui-id-5\" aria-controls=\"ui-id-6\" aria-expanded=\"false\"><span class=\"ez-toc-section\" id=\"Comment_le_creme_ETERNELLE_GOLD_DAY_aide-t-il_a_reduire_lapparence_des_rides\"><\/span>\n  Comment le cr\u00e8me ETERNELLE GOLD DAY aide-t-il \u00e0 r\u00e9duire l&rsquo;apparence des rides ?<br \/>\n  <span class=\"ez-toc-section-end\"><\/span><\/h3>\n<div class=\"ui-accordion-content ui-corner-bottom ui-helper-reset ui-widget-content\" id=\"ui-id-6\" aria-labelledby=\"ui-id-5\" role=\"tabpanel\" aria-hidden=\"true\">\n<p>Le cr\u00e8me agit en hydratant en profondeur, en stimulant la production de collag\u00e8ne gr\u00e2ce \u00e0 ses acides amin\u00e9s et au r\u00e9tinol, ce qui aide \u00e0 lisser la peau et \u00e0 diminuer l&rsquo;apparence des rides.<\/p>\n<\/p><\/div>\n<h3 class=\"ui-accordion-header ui-corner-top ui-state-default ui-accordion-icons\" role=\"tab\" id=\"ui-id-7\" aria-controls=\"ui-id-8\" aria-expanded=\"false\"><span class=\"ez-toc-section\" id=\"Est-ce_que_le_creme_ETERNELLE_GOLD_DAY_offre_une_protection_contre_les_agressions_exterieures\"><\/span>\n  Est-ce que le cr\u00e8me ETERNELLE GOLD DAY offre une protection contre les agressions ext\u00e9rieures ?<br \/>\n  <span class=\"ez-toc-section-end\"><\/span><\/h3>\n<div class=\"ui-accordion-content ui-corner-bottom ui-helper-reset ui-widget-content\" id=\"ui-id-8\" aria-labelledby=\"ui-id-7\" role=\"tabpanel\" aria-hidden=\"true\">\n<p>Oui, gr\u00e2ce \u00e0 ses composants tels que la vitamine E et l&rsquo;extrait de cranberry, le cr\u00e8me aide \u00e0 prot\u00e9ger la peau des radicaux libres et des agressions environnementales.<\/p>\n<\/p><\/div>\n<h3 class=\"ui-accordion-header ui-corner-top ui-state-default ui-accordion-icons\" role=\"tab\" id=\"ui-id-9\" aria-controls=\"ui-id-10\" aria-expanded=\"false\"><span class=\"ez-toc-section\" id=\"Ce_creme_peut-il_etre_utilise_comme_base_de_maquillage\"><\/span>\n  Ce cr\u00e8me peut-il \u00eatre utilis\u00e9 comme base de maquillage ?<br \/>\n  <span class=\"ez-toc-section-end\"><\/span><\/h3>\n<div class=\"ui-accordion-content ui-corner-bottom ui-helper-reset ui-widget-content\" id=\"ui-id-10\" aria-labelledby=\"ui-id-9\" role=\"tabpanel\" aria-hidden=\"true\">\n<p>Oui, la texture l\u00e9g\u00e8re du cr\u00e8me ETERNELLE GOLD DAY permet de l&rsquo;appliquer sous le maquillage pour une peau hydrat\u00e9e et prot\u00e9g\u00e9e toute la journ\u00e9e.<\/p>\n<\/p><\/div>\n<\/div>\n<\/div>\n","protected":false},"excerpt":{"rendered":"<p>Qu\u2019est-ce que ETERNELLE GOLD DAY et quelles sont ses indications\u202f? ETERNELLE GOLD DAY est un soin quotidien con\u00e7u pour lutter [&hellip;]<\/p>\n","protected":false},"featured_media":451,"comment_status":"open","ping_status":"closed","template":"","meta":{"site-sidebar-layout":"default","site-content-layout":"","ast-site-content-layout":"default","site-content-style":"default","site-sidebar-style":"default","ast-global-header-display":"","ast-banner-title-visibility":"","ast-main-header-display":"","ast-hfb-above-header-display":"","ast-hfb-below-header-display":"","ast-hfb-mobile-header-display":"","site-post-title":"","ast-breadcrumbs-content":"","ast-featured-img":"","footer-sml-layout":"","ast-disable-related-posts":"","theme-transparent-header-meta":"","adv-header-id-meta":"","stick-header-meta":"","header-above-stick-meta":"","header-main-stick-meta":"","header-below-stick-meta":"","astra-migrate-meta-layouts":"default","ast-page-background-enabled":"default","ast-page-background-meta":{"desktop":{"background-color":"var(--ast-global-color-5)","background-image":"","background-repeat":"repeat","background-position":"center center","background-size":"auto","background-attachment":"scroll","background-type":"","background-media":"","overlay-type":"","overlay-color":"","overlay-opacity":"","overlay-gradient":""},"tablet":{"background-color":"","background-image":"","background-repeat":"repeat","background-position":"center center","background-size":"auto","background-attachment":"scroll","background-type":"","background-media":"","overlay-type":"","overlay-color":"","overlay-opacity":"","overlay-gradient":""},"mobile":{"background-color":"","background-image":"","background-repeat":"repeat","background-position":"center center","background-size":"auto","background-attachment":"scroll","background-type":"","background-media":"","overlay-type":"","overlay-color":"","overlay-opacity":"","overlay-gradient":""}},"ast-content-background-meta":{"desktop":{"background-color":"var(--ast-global-color-4)","background-image":"","background-repeat":"repeat","background-position":"center center","background-size":"auto","background-attachment":"scroll","background-type":"","background-media":"","overlay-type":"","overlay-color":"","overlay-opacity":"","overlay-gradient":""},"tablet":{"background-color":"var(--ast-global-color-4)","background-image":"","background-repeat":"repeat","background-position":"center center","background-size":"auto","background-attachment":"scroll","background-type":"","background-media":"","overlay-type":"","overlay-color":"","overlay-opacity":"","overlay-gradient":""},"mobile":{"background-color":"var(--ast-global-color-4)","background-image":"","background-repeat":"repeat","background-position":"center center","background-size":"auto","background-attachment":"scroll","background-type":"","background-media":"","overlay-type":"","overlay-color":"","overlay-opacity":"","overlay-gradient":""}}},"product_brand":[],"product_cat":[17],"product_tag":[],"class_list":{"0":"post-452","1":"product","2":"type-product","3":"status-publish","4":"has-post-thumbnail","6":"product_cat-soins-de-la-peau-et-beaute-naturelle","7":"desktop-align-left","8":"tablet-align-left","9":"mobile-align-left","11":"first","12":"instock","13":"sale","14":"shipping-taxable","15":"product-type-external"},"yoast_head":"<!-- This site is optimized with the Yoast SEO plugin v27.5 - https:\/\/yoast.com\/product\/yoast-seo-wordpress\/ -->\n<title>ETERNELLE GOLD DAY \u2013 Prix, Notice, Composition et Avis Doctissimo \u2764\ufe0f Pharmacie Vivre Sainement<\/title>\n<meta name=\"description\" content=\"\u274c ETERNELLE GOLD DAY cr\u00e8me - D\u00e9couvrez sa composition, son prix, les avis (positifs et n\u00e9gatifs), et o\u00f9 l\u2019acheter en toute s\u00e9curit\u00e9 en pharmacie en ligne. Est-ce un produit fiable ou une arnaque ?\" \/>\n<meta name=\"robots\" content=\"index, follow, max-snippet:-1, max-image-preview:large, max-video-preview:-1\" \/>\n<link rel=\"canonical\" href=\"https:\/\/www.vivre-covid19.fr\/pharmacie\/medicament\/eternelle-gold-day-creme-anti-rides\/\" \/>\n<meta property=\"og:locale\" content=\"fr_FR\" \/>\n<meta property=\"og:type\" content=\"article\" \/>\n<meta property=\"og:title\" content=\"ETERNELLE GOLD DAY \u2013 Prix, Notice, Composition et Avis Doctissimo \u2764\ufe0f Pharmacie Vivre Sainement\" \/>\n<meta property=\"og:description\" content=\"\u274c ETERNELLE GOLD DAY cr\u00e8me - D\u00e9couvrez sa composition, son prix, les avis (positifs et n\u00e9gatifs), et o\u00f9 l\u2019acheter en toute s\u00e9curit\u00e9 en pharmacie en ligne. Est-ce un produit fiable ou une arnaque ?\" \/>\n<meta property=\"og:url\" content=\"https:\/\/www.vivre-covid19.fr\/pharmacie\/medicament\/eternelle-gold-day-creme-anti-rides\/\" \/>\n<meta property=\"og:site_name\" content=\"Pharmacie Vivre Sainement\" \/>\n<meta property=\"article:modified_time\" content=\"2025-05-14T20:32:21+00:00\" \/>\n<meta property=\"og:image\" content=\"https:\/\/www.vivre-covid19.fr\/pharmacie\/wp-content\/uploads\/2025\/05\/eternelle-gold-day.webp\" \/>\n\t<meta property=\"og:image:width\" content=\"600\" \/>\n\t<meta property=\"og:image:height\" content=\"600\" \/>\n\t<meta property=\"og:image:type\" content=\"image\/webp\" \/>\n<meta name=\"twitter:card\" content=\"summary_large_image\" \/>\n<meta name=\"twitter:label1\" content=\"Dur\u00e9e de lecture estim\u00e9e\" \/>\n\t<meta name=\"twitter:data1\" content=\"13 minutes\" \/>\n<script type=\"application\/ld+json\" class=\"yoast-schema-graph\">{\"@context\":\"https:\\\/\\\/schema.org\",\"@graph\":[{\"@type\":\"WebPage\",\"@id\":\"https:\\\/\\\/www.vivre-covid19.fr\\\/pharmacie\\\/medicament\\\/eternelle-gold-day-creme-anti-rides\\\/\",\"url\":\"https:\\\/\\\/www.vivre-covid19.fr\\\/pharmacie\\\/medicament\\\/eternelle-gold-day-creme-anti-rides\\\/\",\"name\":\"ETERNELLE GOLD DAY \u2013 Prix, Notice, Composition et Avis Doctissimo \u2764\ufe0f Pharmacie Vivre Sainement\",\"isPartOf\":{\"@id\":\"https:\\\/\\\/www.vivre-covid19.fr\\\/pharmacie\\\/#website\"},\"primaryImageOfPage\":{\"@id\":\"https:\\\/\\\/www.vivre-covid19.fr\\\/pharmacie\\\/medicament\\\/eternelle-gold-day-creme-anti-rides\\\/#primaryimage\"},\"image\":{\"@id\":\"https:\\\/\\\/www.vivre-covid19.fr\\\/pharmacie\\\/medicament\\\/eternelle-gold-day-creme-anti-rides\\\/#primaryimage\"},\"thumbnailUrl\":\"https:\\\/\\\/www.vivre-covid19.fr\\\/pharmacie\\\/wp-content\\\/uploads\\\/2025\\\/05\\\/eternelle-gold-day.webp\",\"datePublished\":\"2025-05-14T20:32:13+00:00\",\"dateModified\":\"2025-05-14T20:32:21+00:00\",\"description\":\"\u274c ETERNELLE GOLD DAY cr\u00e8me - D\u00e9couvrez sa composition, son prix, les avis (positifs et n\u00e9gatifs), et o\u00f9 l\u2019acheter en toute s\u00e9curit\u00e9 en pharmacie en ligne. Est-ce un produit fiable ou une arnaque ?\",\"breadcrumb\":{\"@id\":\"https:\\\/\\\/www.vivre-covid19.fr\\\/pharmacie\\\/medicament\\\/eternelle-gold-day-creme-anti-rides\\\/#breadcrumb\"},\"inLanguage\":\"fr-FR\",\"potentialAction\":[{\"@type\":\"ReadAction\",\"target\":[\"https:\\\/\\\/www.vivre-covid19.fr\\\/pharmacie\\\/medicament\\\/eternelle-gold-day-creme-anti-rides\\\/\"]}]},{\"@type\":\"ImageObject\",\"inLanguage\":\"fr-FR\",\"@id\":\"https:\\\/\\\/www.vivre-covid19.fr\\\/pharmacie\\\/medicament\\\/eternelle-gold-day-creme-anti-rides\\\/#primaryimage\",\"url\":\"https:\\\/\\\/www.vivre-covid19.fr\\\/pharmacie\\\/wp-content\\\/uploads\\\/2025\\\/05\\\/eternelle-gold-day.webp\",\"contentUrl\":\"https:\\\/\\\/www.vivre-covid19.fr\\\/pharmacie\\\/wp-content\\\/uploads\\\/2025\\\/05\\\/eternelle-gold-day.webp\",\"width\":600,\"height\":600},{\"@type\":\"BreadcrumbList\",\"@id\":\"https:\\\/\\\/www.vivre-covid19.fr\\\/pharmacie\\\/medicament\\\/eternelle-gold-day-creme-anti-rides\\\/#breadcrumb\",\"itemListElement\":[{\"@type\":\"ListItem\",\"position\":1,\"name\":\"\u0413\u043b\u0430\u0432\u043d\u0430\u044f \u0441\u0442\u0440\u0430\u043d\u0438\u0446\u0430\",\"item\":\"https:\\\/\\\/www.vivre-covid19.fr\\\/pharmacie\\\/\"},{\"@type\":\"ListItem\",\"position\":2,\"name\":\"Pharmacie Vivre Sainement\",\"item\":\"https:\\\/\\\/www.vivre-covid19.fr\\\/pharmacie\\\/\"},{\"@type\":\"ListItem\",\"position\":3,\"name\":\"ETERNELLE GOLD DAY cr\u00e8me anti-rides\"}]},{\"@type\":\"WebSite\",\"@id\":\"https:\\\/\\\/www.vivre-covid19.fr\\\/pharmacie\\\/#website\",\"url\":\"https:\\\/\\\/www.vivre-covid19.fr\\\/pharmacie\\\/\",\"name\":\"Pharmacie Vivre Sainement\",\"description\":\"\",\"publisher\":{\"@id\":\"https:\\\/\\\/www.vivre-covid19.fr\\\/pharmacie\\\/#organization\"},\"potentialAction\":[{\"@type\":\"SearchAction\",\"target\":{\"@type\":\"EntryPoint\",\"urlTemplate\":\"https:\\\/\\\/www.vivre-covid19.fr\\\/pharmacie\\\/?s={search_term_string}\"},\"query-input\":{\"@type\":\"PropertyValueSpecification\",\"valueRequired\":true,\"valueName\":\"search_term_string\"}}],\"inLanguage\":\"fr-FR\"},{\"@type\":\"Organization\",\"@id\":\"https:\\\/\\\/www.vivre-covid19.fr\\\/pharmacie\\\/#organization\",\"name\":\"Pharmacie Vivre Sainement\",\"url\":\"https:\\\/\\\/www.vivre-covid19.fr\\\/pharmacie\\\/\",\"logo\":{\"@type\":\"ImageObject\",\"inLanguage\":\"fr-FR\",\"@id\":\"https:\\\/\\\/www.vivre-covid19.fr\\\/pharmacie\\\/#\\\/schema\\\/logo\\\/image\\\/\",\"url\":\"https:\\\/\\\/www.vivre-covid19.fr\\\/pharmacie\\\/wp-content\\\/uploads\\\/2025\\\/05\\\/farmacia.png\",\"contentUrl\":\"https:\\\/\\\/www.vivre-covid19.fr\\\/pharmacie\\\/wp-content\\\/uploads\\\/2025\\\/05\\\/farmacia.png\",\"width\":1151,\"height\":1280,\"caption\":\"Pharmacie Vivre Sainement\"},\"image\":{\"@id\":\"https:\\\/\\\/www.vivre-covid19.fr\\\/pharmacie\\\/#\\\/schema\\\/logo\\\/image\\\/\"}}]}<\/script>\n<!-- \/ Yoast SEO plugin. -->","yoast_head_json":{"title":"ETERNELLE GOLD DAY \u2013 Prix, Notice, Composition et Avis Doctissimo \u2764\ufe0f Pharmacie Vivre Sainement","description":"\u274c ETERNELLE GOLD DAY cr\u00e8me - D\u00e9couvrez sa composition, son prix, les avis (positifs et n\u00e9gatifs), et o\u00f9 l\u2019acheter en toute s\u00e9curit\u00e9 en pharmacie en ligne. Est-ce un produit fiable ou une arnaque ?","robots":{"index":"index","follow":"follow","max-snippet":"max-snippet:-1","max-image-preview":"max-image-preview:large","max-video-preview":"max-video-preview:-1"},"canonical":"https:\/\/www.vivre-covid19.fr\/pharmacie\/medicament\/eternelle-gold-day-creme-anti-rides\/","og_locale":"fr_FR","og_type":"article","og_title":"ETERNELLE GOLD DAY \u2013 Prix, Notice, Composition et Avis Doctissimo \u2764\ufe0f Pharmacie Vivre Sainement","og_description":"\u274c ETERNELLE GOLD DAY cr\u00e8me - D\u00e9couvrez sa composition, son prix, les avis (positifs et n\u00e9gatifs), et o\u00f9 l\u2019acheter en toute s\u00e9curit\u00e9 en pharmacie en ligne. Est-ce un produit fiable ou une arnaque ?","og_url":"https:\/\/www.vivre-covid19.fr\/pharmacie\/medicament\/eternelle-gold-day-creme-anti-rides\/","og_site_name":"Pharmacie Vivre Sainement","article_modified_time":"2025-05-14T20:32:21+00:00","og_image":[{"width":600,"height":600,"url":"https:\/\/www.vivre-covid19.fr\/pharmacie\/wp-content\/uploads\/2025\/05\/eternelle-gold-day.webp","type":"image\/webp"}],"twitter_card":"summary_large_image","twitter_misc":{"Dur\u00e9e de lecture estim\u00e9e":"13 minutes"},"schema":{"@context":"https:\/\/schema.org","@graph":[{"@type":"WebPage","@id":"https:\/\/www.vivre-covid19.fr\/pharmacie\/medicament\/eternelle-gold-day-creme-anti-rides\/","url":"https:\/\/www.vivre-covid19.fr\/pharmacie\/medicament\/eternelle-gold-day-creme-anti-rides\/","name":"ETERNELLE GOLD DAY \u2013 Prix, Notice, Composition et Avis Doctissimo \u2764\ufe0f Pharmacie Vivre Sainement","isPartOf":{"@id":"https:\/\/www.vivre-covid19.fr\/pharmacie\/#website"},"primaryImageOfPage":{"@id":"https:\/\/www.vivre-covid19.fr\/pharmacie\/medicament\/eternelle-gold-day-creme-anti-rides\/#primaryimage"},"image":{"@id":"https:\/\/www.vivre-covid19.fr\/pharmacie\/medicament\/eternelle-gold-day-creme-anti-rides\/#primaryimage"},"thumbnailUrl":"https:\/\/www.vivre-covid19.fr\/pharmacie\/wp-content\/uploads\/2025\/05\/eternelle-gold-day.webp","datePublished":"2025-05-14T20:32:13+00:00","dateModified":"2025-05-14T20:32:21+00:00","description":"\u274c ETERNELLE GOLD DAY cr\u00e8me - D\u00e9couvrez sa composition, son prix, les avis (positifs et n\u00e9gatifs), et o\u00f9 l\u2019acheter en toute s\u00e9curit\u00e9 en pharmacie en ligne. Est-ce un produit fiable ou une arnaque ?","breadcrumb":{"@id":"https:\/\/www.vivre-covid19.fr\/pharmacie\/medicament\/eternelle-gold-day-creme-anti-rides\/#breadcrumb"},"inLanguage":"fr-FR","potentialAction":[{"@type":"ReadAction","target":["https:\/\/www.vivre-covid19.fr\/pharmacie\/medicament\/eternelle-gold-day-creme-anti-rides\/"]}]},{"@type":"ImageObject","inLanguage":"fr-FR","@id":"https:\/\/www.vivre-covid19.fr\/pharmacie\/medicament\/eternelle-gold-day-creme-anti-rides\/#primaryimage","url":"https:\/\/www.vivre-covid19.fr\/pharmacie\/wp-content\/uploads\/2025\/05\/eternelle-gold-day.webp","contentUrl":"https:\/\/www.vivre-covid19.fr\/pharmacie\/wp-content\/uploads\/2025\/05\/eternelle-gold-day.webp","width":600,"height":600},{"@type":"BreadcrumbList","@id":"https:\/\/www.vivre-covid19.fr\/pharmacie\/medicament\/eternelle-gold-day-creme-anti-rides\/#breadcrumb","itemListElement":[{"@type":"ListItem","position":1,"name":"\u0413\u043b\u0430\u0432\u043d\u0430\u044f \u0441\u0442\u0440\u0430\u043d\u0438\u0446\u0430","item":"https:\/\/www.vivre-covid19.fr\/pharmacie\/"},{"@type":"ListItem","position":2,"name":"Pharmacie Vivre Sainement","item":"https:\/\/www.vivre-covid19.fr\/pharmacie\/"},{"@type":"ListItem","position":3,"name":"ETERNELLE GOLD DAY cr\u00e8me anti-rides"}]},{"@type":"WebSite","@id":"https:\/\/www.vivre-covid19.fr\/pharmacie\/#website","url":"https:\/\/www.vivre-covid19.fr\/pharmacie\/","name":"Pharmacie Vivre Sainement","description":"","publisher":{"@id":"https:\/\/www.vivre-covid19.fr\/pharmacie\/#organization"},"potentialAction":[{"@type":"SearchAction","target":{"@type":"EntryPoint","urlTemplate":"https:\/\/www.vivre-covid19.fr\/pharmacie\/?s={search_term_string}"},"query-input":{"@type":"PropertyValueSpecification","valueRequired":true,"valueName":"search_term_string"}}],"inLanguage":"fr-FR"},{"@type":"Organization","@id":"https:\/\/www.vivre-covid19.fr\/pharmacie\/#organization","name":"Pharmacie Vivre Sainement","url":"https:\/\/www.vivre-covid19.fr\/pharmacie\/","logo":{"@type":"ImageObject","inLanguage":"fr-FR","@id":"https:\/\/www.vivre-covid19.fr\/pharmacie\/#\/schema\/logo\/image\/","url":"https:\/\/www.vivre-covid19.fr\/pharmacie\/wp-content\/uploads\/2025\/05\/farmacia.png","contentUrl":"https:\/\/www.vivre-covid19.fr\/pharmacie\/wp-content\/uploads\/2025\/05\/farmacia.png","width":1151,"height":1280,"caption":"Pharmacie Vivre Sainement"},"image":{"@id":"https:\/\/www.vivre-covid19.fr\/pharmacie\/#\/schema\/logo\/image\/"}}]}},"_links":{"self":[{"href":"https:\/\/www.vivre-covid19.fr\/pharmacie\/wp-json\/wp\/v2\/product\/452","targetHints":{"allow":["GET"]}}],"collection":[{"href":"https:\/\/www.vivre-covid19.fr\/pharmacie\/wp-json\/wp\/v2\/product"}],"about":[{"href":"https:\/\/www.vivre-covid19.fr\/pharmacie\/wp-json\/wp\/v2\/types\/product"}],"replies":[{"embeddable":true,"href":"https:\/\/www.vivre-covid19.fr\/pharmacie\/wp-json\/wp\/v2\/comments?post=452"}],"wp:featuredmedia":[{"embeddable":true,"href":"https:\/\/www.vivre-covid19.fr\/pharmacie\/wp-json\/wp\/v2\/media\/451"}],"wp:attachment":[{"href":"https:\/\/www.vivre-covid19.fr\/pharmacie\/wp-json\/wp\/v2\/media?parent=452"}],"wp:term":[{"taxonomy":"product_brand","embeddable":true,"href":"https:\/\/www.vivre-covid19.fr\/pharmacie\/wp-json\/wp\/v2\/product_brand?post=452"},{"taxonomy":"product_cat","embeddable":true,"href":"https:\/\/www.vivre-covid19.fr\/pharmacie\/wp-json\/wp\/v2\/product_cat?post=452"},{"taxonomy":"product_tag","embeddable":true,"href":"https:\/\/www.vivre-covid19.fr\/pharmacie\/wp-json\/wp\/v2\/product_tag?post=452"}],"curies":[{"name":"wp","href":"https:\/\/api.w.org\/{rel}","templated":true}]}}