{"id":640,"date":"2025-05-14T23:45:59","date_gmt":"2025-05-14T21:45:59","guid":{"rendered":"https:\/\/www.vivre-covid19.fr\/pharmacie\/medicament\/profolan-capsules-antichute-pour-hommes\/"},"modified":"2025-05-14T23:46:12","modified_gmt":"2025-05-14T21:46:12","slug":"profolan-capsules-antichute-pour-hommes","status":"publish","type":"product","link":"https:\/\/www.vivre-covid19.fr\/pharmacie\/medicament\/profolan-capsules-antichute-pour-hommes\/","title":{"rendered":"Profolan capsules antichute pour hommes"},"content":{"rendered":"<div id=\"ez-toc-container\" class=\"ez-toc-v2_0_82_2 counter-hierarchy ez-toc-counter ez-toc-grey ez-toc-container-direction\">\n<div class=\"ez-toc-title-container\">\n<p class=\"ez-toc-title\" style=\"cursor:inherit\">Table des mati\u00e8res<\/p>\n<span class=\"ez-toc-title-toggle\"><a href=\"#\" class=\"ez-toc-pull-right ez-toc-btn ez-toc-btn-xs ez-toc-btn-default ez-toc-toggle\" aria-label=\"Toggle Table of Content\"><span class=\"ez-toc-js-icon-con\"><span class=\"\"><span class=\"eztoc-hide\" style=\"display:none;\">Toggle<\/span><span class=\"ez-toc-icon-toggle-span\"><svg style=\"fill: #999;color:#999\" xmlns=\"http:\/\/www.w3.org\/2000\/svg\" class=\"list-377408\" width=\"20px\" height=\"20px\" viewBox=\"0 0 24 24\" fill=\"none\"><path d=\"M6 6H4v2h2V6zm14 0H8v2h12V6zM4 11h2v2H4v-2zm16 0H8v2h12v-2zM4 16h2v2H4v-2zm16 0H8v2h12v-2z\" fill=\"currentColor\"><\/path><\/svg><svg style=\"fill: #999;color:#999\" class=\"arrow-unsorted-368013\" xmlns=\"http:\/\/www.w3.org\/2000\/svg\" width=\"10px\" height=\"10px\" viewBox=\"0 0 24 24\" version=\"1.2\" baseProfile=\"tiny\"><path d=\"M18.2 9.3l-6.2-6.3-6.2 6.3c-.2.2-.3.4-.3.7s.1.5.3.7c.2.2.4.3.7.3h11c.3 0 .5-.1.7-.3.2-.2.3-.5.3-.7s-.1-.5-.3-.7zM5.8 14.7l6.2 6.3 6.2-6.3c.2-.2.3-.5.3-.7s-.1-.5-.3-.7c-.2-.2-.4-.3-.7-.3h-11c-.3 0-.5.1-.7.3-.2.2-.3.5-.3.7s.1.5.3.7z\"\/><\/svg><\/span><\/span><\/span><\/a><\/span><\/div>\n<nav><ul class='ez-toc-list ez-toc-list-level-1 ' ><li class='ez-toc-page-1 ez-toc-heading-level-2'><a class=\"ez-toc-link ez-toc-heading-1\" href=\"https:\/\/www.vivre-covid19.fr\/pharmacie\/medicament\/profolan-capsules-antichute-pour-hommes\/#Quest-ce_que_Profolan_et_quelles_sont_ses_indications%E2%80%AF\" >Qu\u2019est-ce que Profolan et quelles sont ses indications\u202f?<\/a><\/li><li class='ez-toc-page-1 ez-toc-heading-level-2'><a class=\"ez-toc-link ez-toc-heading-2\" href=\"https:\/\/www.vivre-covid19.fr\/pharmacie\/medicament\/profolan-capsules-antichute-pour-hommes\/#Indications_therapeutiques_de_Profolan\" >Indications th\u00e9rapeutiques de Profolan<\/a><\/li><li class='ez-toc-page-1 ez-toc-heading-level-2'><a class=\"ez-toc-link ez-toc-heading-3\" href=\"https:\/\/www.vivre-covid19.fr\/pharmacie\/medicament\/profolan-capsules-antichute-pour-hommes\/#Composition_de_Profolan_principes_actifs_et_autres_composants\" >Composition de Profolan : principes actifs et autres composants<\/a><ul class='ez-toc-list-level-3' ><li class='ez-toc-heading-level-3'><a class=\"ez-toc-link ez-toc-heading-4\" href=\"https:\/\/www.vivre-covid19.fr\/pharmacie\/medicament\/profolan-capsules-antichute-pour-hommes\/#Horsetail_Extract_Equisetum_arvense\" >Horsetail Extract (Equisetum arvense)<\/a><\/li><li class='ez-toc-page-1 ez-toc-heading-level-3'><a class=\"ez-toc-link ez-toc-heading-5\" href=\"https:\/\/www.vivre-covid19.fr\/pharmacie\/medicament\/profolan-capsules-antichute-pour-hommes\/#Taurine\" >Taurine<\/a><\/li><li class='ez-toc-page-1 ez-toc-heading-level-3'><a class=\"ez-toc-link ez-toc-heading-6\" href=\"https:\/\/www.vivre-covid19.fr\/pharmacie\/medicament\/profolan-capsules-antichute-pour-hommes\/#Nettle_Leaf_Extract_Urtica_dioica\" >Nettle Leaf Extract (Urtica dioica)<\/a><\/li><li class='ez-toc-page-1 ez-toc-heading-level-3'><a class=\"ez-toc-link ez-toc-heading-7\" href=\"https:\/\/www.vivre-covid19.fr\/pharmacie\/medicament\/profolan-capsules-antichute-pour-hommes\/#L-Cysteine\" >L-Cysteine<\/a><\/li><li class='ez-toc-page-1 ez-toc-heading-level-3'><a class=\"ez-toc-link ez-toc-heading-8\" href=\"https:\/\/www.vivre-covid19.fr\/pharmacie\/medicament\/profolan-capsules-antichute-pour-hommes\/#Vitamin_E\" >Vitamin E<\/a><\/li><li class='ez-toc-page-1 ez-toc-heading-level-3'><a class=\"ez-toc-link ez-toc-heading-9\" href=\"https:\/\/www.vivre-covid19.fr\/pharmacie\/medicament\/profolan-capsules-antichute-pour-hommes\/#Thiamin_Vitamine_B1\" >Thiamin (Vitamine B1)<\/a><\/li><li class='ez-toc-page-1 ez-toc-heading-level-3'><a class=\"ez-toc-link ez-toc-heading-10\" href=\"https:\/\/www.vivre-covid19.fr\/pharmacie\/medicament\/profolan-capsules-antichute-pour-hommes\/#Zinc\" >Zinc<\/a><\/li><li class='ez-toc-page-1 ez-toc-heading-level-3'><a class=\"ez-toc-link ez-toc-heading-11\" href=\"https:\/\/www.vivre-covid19.fr\/pharmacie\/medicament\/profolan-capsules-antichute-pour-hommes\/#Vitamin_B6\" >Vitamin B6<\/a><\/li><li class='ez-toc-page-1 ez-toc-heading-level-3'><a class=\"ez-toc-link ez-toc-heading-12\" href=\"https:\/\/www.vivre-covid19.fr\/pharmacie\/medicament\/profolan-capsules-antichute-pour-hommes\/#Copper\" >Copper<\/a><\/li><li class='ez-toc-page-1 ez-toc-heading-level-3'><a class=\"ez-toc-link ez-toc-heading-13\" href=\"https:\/\/www.vivre-covid19.fr\/pharmacie\/medicament\/profolan-capsules-antichute-pour-hommes\/#Biotin\" >Biotin<\/a><\/li><li class='ez-toc-page-1 ez-toc-heading-level-3'><a class=\"ez-toc-link ez-toc-heading-14\" href=\"https:\/\/www.vivre-covid19.fr\/pharmacie\/medicament\/profolan-capsules-antichute-pour-hommes\/#Vitamin_A\" >Vitamin A<\/a><\/li><\/ul><\/li><li class='ez-toc-page-1 ez-toc-heading-level-2'><a class=\"ez-toc-link ez-toc-heading-15\" href=\"https:\/\/www.vivre-covid19.fr\/pharmacie\/medicament\/profolan-capsules-antichute-pour-hommes\/#Notice_%E2%80%93_Informations_pour_le_patient\" >Notice \u2013 Informations pour le patient<\/a><ul class='ez-toc-list-level-3' ><li class='ez-toc-heading-level-3'><a class=\"ez-toc-link ez-toc-heading-16\" href=\"https:\/\/www.vivre-covid19.fr\/pharmacie\/medicament\/profolan-capsules-antichute-pour-hommes\/#Nom_du_medicament\" >Nom du m\u00e9dicament<\/a><\/li><li class='ez-toc-page-1 ez-toc-heading-level-3'><a class=\"ez-toc-link ez-toc-heading-17\" href=\"https:\/\/www.vivre-covid19.fr\/pharmacie\/medicament\/profolan-capsules-antichute-pour-hommes\/#Forme_pharmaceutique_et_presentation\" >Forme pharmaceutique et pr\u00e9sentation<\/a><\/li><li class='ez-toc-page-1 ez-toc-heading-level-3'><a class=\"ez-toc-link ez-toc-heading-18\" href=\"https:\/\/www.vivre-covid19.fr\/pharmacie\/medicament\/profolan-capsules-antichute-pour-hommes\/#Indications_therapeutiques\" >Indications th\u00e9rapeutiques<\/a><\/li><li class='ez-toc-page-1 ez-toc-heading-level-3'><a class=\"ez-toc-link ez-toc-heading-19\" href=\"https:\/\/www.vivre-covid19.fr\/pharmacie\/medicament\/profolan-capsules-antichute-pour-hommes\/#Contre-indications\" >Contre-indications<\/a><\/li><li class='ez-toc-page-1 ez-toc-heading-level-3'><a class=\"ez-toc-link ez-toc-heading-20\" href=\"https:\/\/www.vivre-covid19.fr\/pharmacie\/medicament\/profolan-capsules-antichute-pour-hommes\/#Effets_indesirables_possibles\" >Effets ind\u00e9sirables possibles<\/a><\/li><li class='ez-toc-page-1 ez-toc-heading-level-3'><a class=\"ez-toc-link ez-toc-heading-21\" href=\"https:\/\/www.vivre-covid19.fr\/pharmacie\/medicament\/profolan-capsules-antichute-pour-hommes\/#Interactions_avec_dautres_medicaments\" >Interactions avec d&rsquo;autres m\u00e9dicaments<\/a><\/li><li class='ez-toc-page-1 ez-toc-heading-level-3'><a class=\"ez-toc-link ez-toc-heading-22\" href=\"https:\/\/www.vivre-covid19.fr\/pharmacie\/medicament\/profolan-capsules-antichute-pour-hommes\/#Posologie_et_mode_dadministration\" >Posologie et mode d&rsquo;administration<\/a><\/li><li class='ez-toc-page-1 ez-toc-heading-level-3'><a class=\"ez-toc-link ez-toc-heading-23\" href=\"https:\/\/www.vivre-covid19.fr\/pharmacie\/medicament\/profolan-capsules-antichute-pour-hommes\/#Duree_du_traitement\" >Dur\u00e9e du traitement<\/a><\/li><li class='ez-toc-page-1 ez-toc-heading-level-3'><a class=\"ez-toc-link ez-toc-heading-24\" href=\"https:\/\/www.vivre-covid19.fr\/pharmacie\/medicament\/profolan-capsules-antichute-pour-hommes\/#Mises_en_garde_et_precautions\" >Mises en garde et pr\u00e9cautions<\/a><\/li><li class='ez-toc-page-1 ez-toc-heading-level-3'><a class=\"ez-toc-link ez-toc-heading-25\" href=\"https:\/\/www.vivre-covid19.fr\/pharmacie\/medicament\/profolan-capsules-antichute-pour-hommes\/#Surdosage\" >Surdosage<\/a><\/li><li class='ez-toc-page-1 ez-toc-heading-level-3'><a class=\"ez-toc-link ez-toc-heading-26\" href=\"https:\/\/www.vivre-covid19.fr\/pharmacie\/medicament\/profolan-capsules-antichute-pour-hommes\/#Date_de_peremption\" >Date de p\u00e9remption<\/a><\/li><li class='ez-toc-page-1 ez-toc-heading-level-3'><a class=\"ez-toc-link ez-toc-heading-27\" href=\"https:\/\/www.vivre-covid19.fr\/pharmacie\/medicament\/profolan-capsules-antichute-pour-hommes\/#Conditions_de_conservation\" >Conditions de conservation<\/a><\/li><\/ul><\/li><li class='ez-toc-page-1 ez-toc-heading-level-2'><a class=\"ez-toc-link ez-toc-heading-28\" href=\"https:\/\/www.vivre-covid19.fr\/pharmacie\/medicament\/profolan-capsules-antichute-pour-hommes\/#Profolan_%E2%80%93_Avis_Doctissimo_y_compris_negatifs_et_forum_commentaires\" >Profolan \u2013 Avis Doctissimo, y compris n\u00e9gatifs et forum commentaires<\/a><\/li><li class='ez-toc-page-1 ez-toc-heading-level-2'><a class=\"ez-toc-link ez-toc-heading-29\" href=\"https:\/\/www.vivre-covid19.fr\/pharmacie\/medicament\/profolan-capsules-antichute-pour-hommes\/#Ou_acheter_Profolan_en_ligne_en_France_Belgique_Suisse_et_Luxembourg_avec_une_livraison_rapide\" >O\u00f9 acheter Profolan en ligne en France, Belgique, Suisse et Luxembourg avec une livraison rapide<\/a><ul class='ez-toc-list-level-3' ><li class='ez-toc-heading-level-3'><a class=\"ez-toc-link ez-toc-heading-30\" href=\"https:\/\/www.vivre-covid19.fr\/pharmacie\/medicament\/profolan-capsules-antichute-pour-hommes\/#Prix\" >Prix<\/a><\/li><li class='ez-toc-page-1 ez-toc-heading-level-3'><a class=\"ez-toc-link ez-toc-heading-31\" href=\"https:\/\/www.vivre-covid19.fr\/pharmacie\/medicament\/profolan-capsules-antichute-pour-hommes\/#Acheter_a_la_pharmacie\" >Acheter \u00e0 la pharmacie<\/a><\/li><li class='ez-toc-page-1 ez-toc-heading-level-3'><a class=\"ez-toc-link ez-toc-heading-32\" href=\"https:\/\/www.vivre-covid19.fr\/pharmacie\/medicament\/profolan-capsules-antichute-pour-hommes\/#Modes_de_paiement_et_de_livraison\" >Modes de paiement et de livraison<\/a><\/li><\/ul><\/li><li class='ez-toc-page-1 ez-toc-heading-level-2'><a class=\"ez-toc-link ez-toc-heading-33\" href=\"https:\/\/www.vivre-covid19.fr\/pharmacie\/medicament\/profolan-capsules-antichute-pour-hommes\/#FAQ_Questions_frequentes\" >FAQ : Questions fr\u00e9quentes<\/a><ul class='ez-toc-list-level-3' ><li class='ez-toc-heading-level-3'><a class=\"ez-toc-link ez-toc-heading-34\" href=\"https:\/\/www.vivre-covid19.fr\/pharmacie\/medicament\/profolan-capsules-antichute-pour-hommes\/#Quels_sont_les_principaux_ingredients_du_complement_Profolan_pour_hommes\" >Quels sont les principaux ingr\u00e9dients du compl\u00e9ment Profolan pour hommes ?<\/a><\/li><li class='ez-toc-page-1 ez-toc-heading-level-3'><a class=\"ez-toc-link ez-toc-heading-35\" href=\"https:\/\/www.vivre-covid19.fr\/pharmacie\/medicament\/profolan-capsules-antichute-pour-hommes\/#Comment_Profolan_aide-t-il_a_reduire_la_chute_des_cheveux_chez_les_hommes\" >Comment Profolan aide-t-il \u00e0 r\u00e9duire la chute des cheveux chez les hommes ?<\/a><\/li><li class='ez-toc-page-1 ez-toc-heading-level-3'><a class=\"ez-toc-link ez-toc-heading-36\" href=\"https:\/\/www.vivre-covid19.fr\/pharmacie\/medicament\/profolan-capsules-antichute-pour-hommes\/#Est-ce_que_Profolan_est_adapte_pour_tous_les_types_de_perte_de_cheveux_chez_les_hommes\" >Est-ce que Profolan est adapt\u00e9 pour tous les types de perte de cheveux chez les hommes ?<\/a><\/li><li class='ez-toc-page-1 ez-toc-heading-level-3'><a class=\"ez-toc-link ez-toc-heading-37\" href=\"https:\/\/www.vivre-covid19.fr\/pharmacie\/medicament\/profolan-capsules-antichute-pour-hommes\/#Combien_de_temps_faut-il_pour_voir_des_resultats_avec_Profolan\" >Combien de temps faut-il pour voir des r\u00e9sultats avec Profolan ?<\/a><\/li><li class='ez-toc-page-1 ez-toc-heading-level-3'><a class=\"ez-toc-link ez-toc-heading-38\" href=\"https:\/\/www.vivre-covid19.fr\/pharmacie\/medicament\/profolan-capsules-antichute-pour-hommes\/#Les_capsules_Profolan_sont-elles_sures_a_utiliser_pour_les_hommes\" >Les capsules Profolan sont-elles s\u00fbres \u00e0 utiliser pour les hommes ?<\/a><\/li><\/ul><\/li><\/ul><\/nav><\/div>\n<h2><span class=\"ez-toc-section\" id=\"Quest-ce_que_Profolan_et_quelles_sont_ses_indications%E2%80%AF\"><\/span>Qu\u2019est-ce que Profolan et quelles sont ses indications\u202f?<span class=\"ez-toc-section-end\"><\/span><\/h2>\n<p>Profolan est un compl\u00e9ment alimentaire sous forme de capsules sp\u00e9cialement con\u00e7u pour r\u00e9pondre aux besoins des hommes confront\u00e9s \u00e0 la chute de cheveux. Son objectif principal est de renforcer la sant\u00e9 du cuir chevelu et de stimuler la croissance capillaire. Ce produit est souvent utilis\u00e9 par ceux qui souhaitent freiner la perte de leurs cheveux et retrouver une chevelure plus dense et plus saine. En combinant divers ingr\u00e9dients actifs, Profolan agit en profondeur pour soutenir la vitalit\u00e9 des follicules pileux et am\u00e9liorer l\u2019aspect g\u00e9n\u00e9ral des cheveux.<\/p>\n<h2><span class=\"ez-toc-section\" id=\"Indications_therapeutiques_de_Profolan\"><\/span>Indications th\u00e9rapeutiques de Profolan<span class=\"ez-toc-section-end\"><\/span><\/h2>\n<p>Profolan est principalement destin\u00e9 aux hommes qui souffrent de chute de cheveux ou d\u2019amincissement capillaire. Ce compl\u00e9ment est utilis\u00e9 dans les cas o\u00f9 la perte de cheveux est progressive et accompagn\u00e9e de signes tels que :<\/p>\n<ul>\n<li>Cheveux qui deviennent plus fins ou plus rares<\/li>\n<li>Diminution du volume capillaire<\/li>\n<li>Apparition de zones d\u00e9garnies ou de calvitie naissante<\/li>\n<li>Sensation de fragilit\u00e9 ou de d\u00e9doublement des cheveux<\/li>\n<li>Perte de densit\u00e9 capillaire li\u00e9e \u00e0 des facteurs hormonaux ou li\u00e9s au stress<\/li>\n<\/ul>\n<p>Ce traitement vise \u00e0 freiner la chute, renforcer les follicules et favoriser une croissance plus saine.<\/p>\n<h2><span class=\"ez-toc-section\" id=\"Composition_de_Profolan_principes_actifs_et_autres_composants\"><\/span>Composition de Profolan : principes actifs et autres composants<span class=\"ez-toc-section-end\"><\/span><\/h2>\n<p>Profolan contient une formule unique et soigneusement s\u00e9lectionn\u00e9e d\u2019ingr\u00e9dients actifs, garantissant une efficacit\u00e9 optimale tout en \u00e9tant d\u00e9pourvue de substances nocives. La composition se distingue par la qualit\u00e9 des composants, assurant une s\u00e9curit\u00e9 maximale pour l\u2019utilisateur. Parmi les ingr\u00e9dients principaux, on trouve l\u2019extrait de queue de cheval, la taurine, l\u2019extrait de feuille d\u2019ortie, la L-cyst\u00e9ine, la vitamine E et la vitamine B1 (thiamine). Cette synergie de composants naturels et synth\u00e9tiques vise \u00e0 renforcer la sant\u00e9 capillaire et \u00e0 freiner la chute des cheveux.<\/p>\n<hr>\n<h3><span class=\"ez-toc-section\" id=\"Horsetail_Extract_Equisetum_arvense\"><\/span>Horsetail Extract (Equisetum arvense)<span class=\"ez-toc-section-end\"><\/span><\/h3>\n<p>L\u2019extrait de queue de cheval provient de la plante du m\u00eame nom, une foug\u00e8re ancienne utilis\u00e9e depuis des si\u00e8cles en phytoth\u00e9rapie. Il est riche en silice organique, un min\u00e9ral essentiel \u00e0 la sant\u00e9 de la peau, des cheveux et des ongles. La queue de cheval est aussi connue pour ses propri\u00e9t\u00e9s diur\u00e9tiques et d\u00e9toxifiantes, contribuant \u00e0 l\u2019\u00e9limination des toxines accumul\u00e9es dans l\u2019organisme.<\/p>\n<p>Sur le plan capillaire, cet extrait est reconnu pour stimuler la croissance des cheveux et renforcer leur structure. La silice favorise la synth\u00e8se de collag\u00e8ne et de k\u00e9ratine, deux prot\u00e9ines fondamentales pour la solidit\u00e9 et la souplesse des cheveux. Des \u00e9tudes ont montr\u00e9 que l\u2019utilisation r\u00e9guli\u00e8re de l\u2019extrait de queue de cheval peut r\u00e9duire la chute capillaire en am\u00e9liorant la r\u00e9sistance des follicules et en revitalisant le cuir chevelu.<\/p>\n<hr>\n<h3><span class=\"ez-toc-section\" id=\"Taurine\"><\/span>Taurine<span class=\"ez-toc-section-end\"><\/span><\/h3>\n<p>La taurine est un acide amin\u00e9 naturellement pr\u00e9sent dans notre corps, principalement dans le c\u0153ur, le cerveau et les muscles. Elle est \u00e9galement extraite ou synth\u00e9tis\u00e9e \u00e0 partir de sources v\u00e9g\u00e9tales ou animales. La taurine joue un r\u00f4le crucial dans la r\u00e9gulation du volume cellulaire, la protection contre le stress oxydatif et la r\u00e9gulation du m\u00e9tabolisme cellulaire.<\/p>\n<p>Dans le contexte de la sant\u00e9 capillaire, la taurine contribue \u00e0 am\u00e9liorer la circulation sanguine au niveau du cuir chevelu, ce qui facilite l\u2019apport de nutriments essentiels aux follicules. Elle poss\u00e8de \u00e9galement des propri\u00e9t\u00e9s antioxydantes, aidant \u00e0 r\u00e9duire les dommages caus\u00e9s par les radicaux libres, souvent impliqu\u00e9s dans la chute de cheveux li\u00e9e au stress ou \u00e0 l\u2019\u00e2ge. Des recherches indiquent que la taurine peut \u00e9galement renforcer la structure capillaire et favoriser la croissance de cheveux plus \u00e9pais.<\/p>\n<hr>\n<h3><span class=\"ez-toc-section\" id=\"Nettle_Leaf_Extract_Urtica_dioica\"><\/span>Nettle Leaf Extract (Urtica dioica)<span class=\"ez-toc-section-end\"><\/span><\/h3>\n<p>L\u2019extrait de feuille d\u2019ortie est tir\u00e9 de la plante d\u2019ortie, connue pour ses nombreuses vertus m\u00e9dicinales depuis l\u2019Antiquit\u00e9. Riche en vitamines, min\u00e9raux, et compos\u00e9s anti-inflammatoires, il est traditionnellement utilis\u00e9 pour am\u00e9liorer la sant\u00e9 du cuir chevelu. En phytoth\u00e9rapie, l\u2019ortie est appr\u00e9ci\u00e9e pour ses propri\u00e9t\u00e9s purifiantes et r\u00e9gulatrices de la production de s\u00e9bum.<\/p>\n<p>Concernant la chute de cheveux chez les hommes, l\u2019extrait d\u2019ortie est reconnu pour ses effets b\u00e9n\u00e9fiques sur la r\u00e9duction de l\u2019inflammation du cuir chevelu et la stimulation de la croissance. Il aide \u00e9galement \u00e0 lutter contre la dihydrotestost\u00e9rone (DHT), une hormone souvent responsable de la calvitie androg\u00e9n\u00e9tique. En am\u00e9liorant la circulation sanguine locale, cet ingr\u00e9dient permet de revitaliser les follicules capillaires et de favoriser une pousse plus dense et plus forte.<\/p>\n<hr>\n<h3><span class=\"ez-toc-section\" id=\"L-Cysteine\"><\/span>L-Cysteine<span class=\"ez-toc-section-end\"><\/span><\/h3>\n<p>La L-cyst\u00e9ine est un acide amin\u00e9 semi-essentiel, naturellement pr\u00e9sent dans de nombreux aliments riches en prot\u00e9ines. Elle est essentielle \u00e0 la synth\u00e8se de la k\u00e9ratine, principale prot\u00e9ine constituant la structure des cheveux, des ongles et de la peau. La L-cyst\u00e9ine peut \u00e9galement \u00eatre synth\u00e9tis\u00e9e par le corps \u00e0 partir d\u2019autres acides amin\u00e9s, mais un apport externe peut renforcer ses niveaux.<\/p>\n<p>Dans le contexte de la chute de cheveux, la L-cyst\u00e9ine joue un r\u00f4le crucial en favorisant la reconstruction des follicules capillaires affaiblis. Elle participe \u00e0 la production de k\u00e9ratine, ce qui donne aux cheveux une meilleure r\u00e9sistance \u00e0 la casse et \u00e0 la chute. Des \u00e9tudes montrent que l\u2019augmentation de sa concentration peut acc\u00e9l\u00e9rer la croissance de cheveux plus sains et plus \u00e9pais, notamment dans les cas de cheveux fragilis\u00e9s ou cassants.<\/p>\n<hr>\n<h3><span class=\"ez-toc-section\" id=\"Vitamin_E\"><\/span>Vitamin E<span class=\"ez-toc-section-end\"><\/span><\/h3>\n<p>La vitamine E est un antioxydant naturel, principalement connue pour ses propri\u00e9t\u00e9s protectrices contre les radicaux libres. Elle est pr\u00e9sente dans divers aliments comme les huiles v\u00e9g\u00e9tales, les noix et les graines. La vitamine E contribue \u00e9galement \u00e0 la sant\u00e9 de la peau en am\u00e9liorant la circulation sanguine locale.<\/p>\n<p>Pour la sant\u00e9 capillaire, la vitamine E favorise une meilleure oxyg\u00e9nation du cuir chevelu, ce qui stimule la croissance et r\u00e9duit la chute. Elle aide \u00e0 renforcer la barri\u00e8re protectrice de la peau du cuir chevelu, \u00e0 diminuer l\u2019inflammation et \u00e0 lutter contre les effets du stress oxydatif, un facteur aggravant la calvitie. Des \u00e9tudes cliniques ont confirm\u00e9 que l\u2019utilisation r\u00e9guli\u00e8re de vitamine E peut am\u00e9liorer la densit\u00e9 capillaire et r\u00e9duire la perte de cheveux.<\/p>\n<hr>\n<h3><span class=\"ez-toc-section\" id=\"Thiamin_Vitamine_B1\"><\/span>Thiamin (Vitamine B1)<span class=\"ez-toc-section-end\"><\/span><\/h3>\n<p>La thiamine, ou vitamine B1, est une vitamine hydrosoluble essentielle \u00e0 la conversion des glucides en \u00e9nergie. Elle est naturellement pr\u00e9sente dans de nombreux aliments comme les c\u00e9r\u00e9ales compl\u00e8tes, la viande, et les l\u00e9gumineuses. La thiamine joue un r\u00f4le cl\u00e9 dans le m\u00e9tabolisme cellulaire et la sant\u00e9 du syst\u00e8me nerveux.<\/p>\n<p>Dans le domaine capillaire, la vitamine B1 contribue \u00e0 am\u00e9liorer la circulation sanguine dans le cuir chevelu, ce qui facilite l\u2019apport en nutriments aux follicules pileux. Elle participe aussi \u00e0 la r\u00e9gulation du cycle de croissance des cheveux et \u00e0 la pr\u00e9vention de leur chute. Une carence en vitamine B1 peut entra\u00eener une fragilit\u00e9 accrue des cheveux et leur chute pr\u00e9matur\u00e9e, c\u2019est pourquoi une suppl\u00e9mentation peut s\u2019av\u00e9rer b\u00e9n\u00e9fique dans le traitement de la perte capillaire chez l\u2019homme.<\/p>\n<h3><span class=\"ez-toc-section\" id=\"Zinc\"><\/span>Zinc<span class=\"ez-toc-section-end\"><\/span><\/h3>\n<p>Le zinc est un oligo-\u00e9l\u00e9ment essentiel que l\u2019on trouve en quantit\u00e9s faibles dans de nombreux aliments, notamment les fruits de mer, la viande et les graines. Il joue un r\u00f4le fondamental dans le m\u00e9tabolisme cellulaire, la croissance, la r\u00e9paration des tissus et le bon fonctionnement du syst\u00e8me immunitaire. Le zinc est \u00e9galement impliqu\u00e9 dans la synth\u00e8se des prot\u00e9ines et la r\u00e9gulation hormonale, ce qui est crucial pour la sant\u00e9 capillaire.<\/p>\n<p>En ce qui concerne la chute de cheveux chez les hommes, le zinc poss\u00e8de des propri\u00e9t\u00e9s anti-inflammatoires et antimicrobiennes qui contribuent \u00e0 maintenir un cuir chevelu sain. Plusieurs \u00e9tudes ont montr\u00e9 que la carence en zinc peut entra\u00eener une chute accrue des cheveux, tandis qu\u2019une suppl\u00e9mentation appropri\u00e9e peut favoriser la croissance capillaire, renforcer les follicules et r\u00e9duire la perte de cheveux li\u00e9e \u00e0 l\u2019inflammation ou aux d\u00e9s\u00e9quilibres hormonaux.<\/p>\n<hr>\n<h3><span class=\"ez-toc-section\" id=\"Vitamin_B6\"><\/span>Vitamin B6<span class=\"ez-toc-section-end\"><\/span><\/h3>\n<p>La vitamine B6, ou pyridoxine, est une vitamine hydrosoluble que l\u2019on trouve dans des aliments comme la volaille, les bananes, les pommes de terre et les c\u00e9r\u00e9ales compl\u00e8tes. Elle est essentielle pour le m\u00e9tabolisme des acides amin\u00e9s, la production de neurotransmetteurs et la r\u00e9gulation hormonale. La vitamine B6 joue aussi un r\u00f4le dans la synth\u00e8se de l\u2019h\u00e9moglobine et dans le maintien d\u2019un syst\u00e8me immunitaire fort.<\/p>\n<p>Dans le cas de la perte de cheveux, la vitamine B6 est reconnue pour am\u00e9liorer la circulation sanguine au niveau du cuir chevelu, ce qui facilite l\u2019apport de nutriments vitaux aux follicules pileux. Elle participe \u00e9galement \u00e0 la r\u00e9gulation des hormones, notamment la DHT (dihydrotestost\u00e9rone), souvent responsable de la calvitie masculine. Une suppl\u00e9mentation en vitamine B6 peut donc contribuer \u00e0 r\u00e9duire la chute capillaire et \u00e0 stimuler la croissance de nouveaux cheveux.<\/p>\n<hr>\n<h3><span class=\"ez-toc-section\" id=\"Copper\"><\/span>Copper<span class=\"ez-toc-section-end\"><\/span><\/h3>\n<p>Le cuivre est un oligo-\u00e9l\u00e9ment que l\u2019on trouve dans les aliments tels que les fruits de mer, les noix, les graines et les l\u00e9gumineuses. Il intervient dans de nombreux processus enzymatiques, notamment ceux li\u00e9s \u00e0 la formation du tissu conjonctif, \u00e0 la synth\u00e8se de la m\u00e9lanine et \u00e0 la r\u00e9gulation du m\u00e9tabolisme \u00e9nerg\u00e9tique. Le cuivre est aussi important pour la sant\u00e9 de la peau et des cheveux, en participant \u00e0 leur pigmentation et leur r\u00e9sistance.<\/p>\n<p>En ce qui concerne la chute de cheveux chez les hommes, le cuivre contribue \u00e0 la production de k\u00e9ratine, la prot\u00e9ine principale constituant les cheveux. Il poss\u00e8de \u00e9galement des propri\u00e9t\u00e9s antioxydantes qui prot\u00e8gent les follicules pileux contre les dommages oxydatifs. Des \u00e9tudes ont montr\u00e9 qu\u2019un apport ad\u00e9quat en cuivre peut favoriser la croissance capillaire, renforcer la structure capillaire et r\u00e9duire la fragilit\u00e9 des cheveux, notamment dans les cas de cheveux cassants ou d\u00e9vitalis\u00e9s.<\/p>\n<hr>\n<h3><span class=\"ez-toc-section\" id=\"Biotin\"><\/span>Biotin<span class=\"ez-toc-section-end\"><\/span><\/h3>\n<p>La biotine, aussi connue sous le nom de vitamine B7, est une vitamine hydrosoluble pr\u00e9sente dans les \u0153ufs, les noix, les graines et certains l\u00e9gumes. Elle est essentielle pour le m\u00e9tabolisme des acides gras, des glucides et des prot\u00e9ines, jouant un r\u00f4le cl\u00e9 dans le maintien de la sant\u00e9 de la peau, des ongles et des cheveux. La biotine est souvent recommand\u00e9e pour renforcer la fibre capillaire et pr\u00e9venir la chute.<\/p>\n<p>Concernant la chute de cheveux, la biotine est largement reconnue pour ses effets b\u00e9n\u00e9fiques sur la croissance capillaire. Elle stimule la k\u00e9ratinisation, ce qui rend les cheveux plus forts, plus \u00e9pais et moins sujets \u00e0 la casse. Des \u00e9tudes cliniques ont confirm\u00e9 que la suppl\u00e9mentation en biotine peut am\u00e9liorer la densit\u00e9 capillaire, r\u00e9duire la fragilit\u00e9 des cheveux et favoriser une repousse plus rapide, surtout chez ceux souffrant de carences en cette vitamine.<\/p>\n<hr>\n<h3><span class=\"ez-toc-section\" id=\"Vitamin_A\"><\/span>Vitamin A<span class=\"ez-toc-section-end\"><\/span><\/h3>\n<p>La vitamine A est une vitamine liposoluble que l\u2019on trouve dans les aliments riches en b\u00eata-carot\u00e8ne, comme les carottes, les \u00e9pinards, et la patate douce. Elle est essentielle pour la vision, la croissance cellulaire, le syst\u00e8me immunitaire, et la sant\u00e9 de la peau. La vitamine A joue \u00e9galement un r\u00f4le crucial dans la r\u00e9gulation de la production de s\u00e9bum, une substance qui hydrate le cuir chevelu et pr\u00e9vient la s\u00e9cheresse.<\/p>\n<p>Dans le contexte de la perte de cheveux chez les hommes, la vitamine A aide \u00e0 maintenir un cuir chevelu sain en r\u00e9gulant la production de s\u00e9bum et en favorisant une croissance \u00e9quilibr\u00e9e des follicules. Une carence peut entra\u00eener un cuir chevelu sec et des cheveux cassants, tandis qu\u2019un exc\u00e8s peut provoquer une chute de cheveux. Des \u00e9tudes ont montr\u00e9 que des niveaux optimaux de vitamine A contribuent \u00e0 la croissance de cheveux plus forts, plus r\u00e9sistants, et \u00e0 la pr\u00e9vention de la chute li\u00e9e \u00e0 une mauvaise sant\u00e9 du cuir chevelu.<\/p>\n<h2><span class=\"ez-toc-section\" id=\"Notice_%E2%80%93_Informations_pour_le_patient\"><\/span>Notice \u2013 Informations pour le patient<span class=\"ez-toc-section-end\"><\/span><\/h2>\n<h3><span class=\"ez-toc-section\" id=\"Nom_du_medicament\"><\/span>Nom du m\u00e9dicament<span class=\"ez-toc-section-end\"><\/span><\/h3>\n<p>Profolan, capsules pour hommes contre la chute de cheveux.<\/p>\n<h3><span class=\"ez-toc-section\" id=\"Forme_pharmaceutique_et_presentation\"><\/span>Forme pharmaceutique et pr\u00e9sentation<span class=\"ez-toc-section-end\"><\/span><\/h3>\n<p>Profolan se pr\u00e9sente sous forme de capsules molles, emball\u00e9es en flacons ou en bo\u00eetes, contenant un nombre variable de capsules selon la pr\u00e9sentation.<\/p>\n<h3><span class=\"ez-toc-section\" id=\"Indications_therapeutiques\"><\/span>Indications th\u00e9rapeutiques<span class=\"ez-toc-section-end\"><\/span><\/h3>\n<p>Ce m\u00e9dicament est indiqu\u00e9 pour le traitement de la chute de cheveux chez les hommes, notamment dans les cas de calvitie androg\u00e9n\u00e9tique ou d\u2019amincissement capillaire progressif.<\/p>\n<h3><span class=\"ez-toc-section\" id=\"Contre-indications\"><\/span>Contre-indications<span class=\"ez-toc-section-end\"><\/span><\/h3>\n<p>Ce produit ne doit pas \u00eatre utilis\u00e9 en cas d\u2019allergie connue \u00e0 l\u2019un quelconque de ses composants ou en cas d\u2019hypersensibilit\u00e9 individuelle aux principes actifs ou excipients.<\/p>\n<h3><span class=\"ez-toc-section\" id=\"Effets_indesirables_possibles\"><\/span>Effets ind\u00e9sirables possibles<span class=\"ez-toc-section-end\"><\/span><\/h3>\n<p>Les r\u00e9actions allergiques telles que d\u00e9mangeaisons, rougeurs, gonflements ou \u00e9ruptions cutan\u00e9es peuvent survenir. En cas de r\u00e9action allergique, il est recommand\u00e9 d\u2019arr\u00eater le traitement et de consulter un professionnel de sant\u00e9.<\/p>\n<h3><span class=\"ez-toc-section\" id=\"Interactions_avec_dautres_medicaments\"><\/span>Interactions avec d&rsquo;autres m\u00e9dicaments<span class=\"ez-toc-section-end\"><\/span><\/h3>\n<p>Profolan peut \u00eatre associ\u00e9 \u00e0 d\u2019autres traitements, sauf en cas de consommation excessive d\u2019alcool, qui pourrait r\u00e9duire son efficacit\u00e9 ou augmenter le risque d\u2019effets ind\u00e9sirables.<\/p>\n<h3><span class=\"ez-toc-section\" id=\"Posologie_et_mode_dadministration\"><\/span>Posologie et mode d&rsquo;administration<span class=\"ez-toc-section-end\"><\/span><\/h3>\n<p>Il est conseill\u00e9 de prendre une capsule par jour, de pr\u00e9f\u00e9rence avec un repas ou selon les recommandations du professionnel de sant\u00e9. Avaler la capsule enti\u00e8re avec un peu d\u2019eau, sans la mastiquer.<\/p>\n<h3><span class=\"ez-toc-section\" id=\"Duree_du_traitement\"><\/span>Dur\u00e9e du traitement<span class=\"ez-toc-section-end\"><\/span><\/h3>\n<p>Le traitement doit \u00eatre poursuivi pendant au moins 3 \u00e0 6 mois pour observer des r\u00e9sultats significatifs. La dur\u00e9e exacte doit \u00eatre d\u00e9termin\u00e9e en fonction de l\u2019\u00e9volution de la chute des cheveux.<\/p>\n<h3><span class=\"ez-toc-section\" id=\"Mises_en_garde_et_precautions\"><\/span>Mises en garde et pr\u00e9cautions<span class=\"ez-toc-section-end\"><\/span><\/h3>\n<p>Aucune pr\u00e9caution particuli\u00e8re n\u2019est requise. Le produit n\u2019est pas recommand\u00e9 aux personnes de moins de 18 ans ou aux femmes.<\/p>\n<h3><span class=\"ez-toc-section\" id=\"Surdosage\"><\/span>Surdosage<span class=\"ez-toc-section-end\"><\/span><\/h3>\n<p>Respecter strictement la posologie indiqu\u00e9e. En cas de prise accidentelle d\u2019une dose excessive, consulter un professionnel de sant\u00e9.<\/p>\n<h3><span class=\"ez-toc-section\" id=\"Date_de_peremption\"><\/span>Date de p\u00e9remption<span class=\"ez-toc-section-end\"><\/span><\/h3>\n<p>Utiliser le m\u00e9dicament avant la date figurant sur l\u2019emballage. Ne pas utiliser apr\u00e8s cette date.<\/p>\n<h3><span class=\"ez-toc-section\" id=\"Conditions_de_conservation\"><\/span>Conditions de conservation<span class=\"ez-toc-section-end\"><\/span><\/h3>\n<p>Conserver \u00e0 une temp\u00e9rature ne d\u00e9passant pas 25\u202f\u00b0C, \u00e0 l\u2019abri de la lumi\u00e8re, de l\u2019humidit\u00e9 et hors de port\u00e9e des enfants.<\/p>\n<h2><span class=\"ez-toc-section\" id=\"Profolan_%E2%80%93_Avis_Doctissimo_y_compris_negatifs_et_forum_commentaires\"><\/span>Profolan \u2013 Avis Doctissimo, y compris n\u00e9gatifs et forum commentaires<span class=\"ez-toc-section-end\"><\/span><\/h2>\n<p>Les retours des utilisateurs sur les r\u00e9seaux sociaux et les forums sont globalement positifs, avec de nombreux t\u00e9moignages soulignant une am\u00e9lioration visible de la densit\u00e9 capillaire apr\u00e8s quelques mois de traitement. La majorit\u00e9 des utilisateurs appr\u00e9cient la simplicit\u00e9 de la prise quotidienne des capsules et notent une sensation de renforcement de leurs cheveux, ce qui leur redonne confiance. Certains commentaires mentionnent \u00e9galement une r\u00e9duction de la chute capillaire, notamment chez ceux qui souffraient d\u2019amincissement progressif ou de calvitie naissante.<\/p>\n<p>Cependant, il existe aussi des avis n\u00e9gatifs ou mitig\u00e9s, principalement li\u00e9s \u00e0 l\u2019efficacit\u00e9 individuelle qui peut varier d\u2019une personne \u00e0 l\u2019autre. Quelques utilisateurs ont exprim\u00e9 leur d\u00e9ception, constatant peu ou pas de changement malgr\u00e9 une utilisation r\u00e9guli\u00e8re. D\u2019autres \u00e9voquent \u00e9galement des effets secondaires mineurs ou des r\u00e9actions allergiques, mais ces t\u00e9moignages restent minoritaires. Dans l\u2019ensemble, la majorit\u00e9 des commentaires restent favorables, soulignant que Profolan constitue une option int\u00e9ressante pour lutter contre la chute de cheveux chez les hommes.<\/p>\n<h2><span class=\"ez-toc-section\" id=\"Ou_acheter_Profolan_en_ligne_en_France_Belgique_Suisse_et_Luxembourg_avec_une_livraison_rapide\"><\/span>O\u00f9 acheter Profolan en ligne en France, Belgique, Suisse et Luxembourg avec une livraison rapide<span class=\"ez-toc-section-end\"><\/span><\/h2>\n<p>Profolan est disponible exclusivement \u00e0 l\u2019achat dans notre pharmacie en ligne &quot;Pharmacie Vivre Sainement&quot;. Nous avons un contrat direct avec le fabricant, ce qui garantit l\u2019authenticit\u00e9 du produit. Notre pharmacie est un partenaire officiel, assurant ainsi la qualit\u00e9 et la s\u00e9curit\u00e9 de chaque commande.<\/p>\n<h3><span class=\"ez-toc-section\" id=\"Prix\"><\/span>Prix<span class=\"ez-toc-section-end\"><\/span><\/h3>\n<p>Le prix de Profolan s\u2019\u00e9l\u00e8ve \u00e0 25 euros dans tous les pays mentionn\u00e9s : France, Suisse, Belgique et Luxembourg. Actuellement, des r\u00e9ductions sont propos\u00e9es pour le premier achat, allant de 30 \u00e0 50 %, permettant ainsi d\u2019obtenir ce traitement \u00e0 un tarif avantageux.<\/p>\n<h3><span class=\"ez-toc-section\" id=\"Acheter_a_la_pharmacie\"><\/span>Acheter \u00e0 la pharmacie<span class=\"ez-toc-section-end\"><\/span><\/h3>\n<p>Il est possible d\u2019acheter le m\u00e9dicament Profolan sans prescription dans notre pharmacie en ligne \u00ab\u00a0Vivre Sainement\u00a0\u00bb. Attention, ce produit ne peut pas \u00eatre achet\u00e9 dans d\u2019autres pharmacies en ligne ou dans les r\u00e9seaux de pharmacies comme Atida, DocMorris, DM ou Pharma GDD, car il est actuellement distribu\u00e9 en quantit\u00e9 limit\u00e9e dans certaines officines. Il est aussi d\u00e9conseill\u00e9 d\u2019acheter sur des marketplaces comme Amazon ou dans des magasins Carrefour, car il existe un risque d\u2019achat de produits contrefaits.<\/p>\n<h3><span class=\"ez-toc-section\" id=\"Modes_de_paiement_et_de_livraison\"><\/span>Modes de paiement et de livraison<span class=\"ez-toc-section-end\"><\/span><\/h3>\n<p>La livraison est assur\u00e9e par des services de coursiers dans tous les pays europ\u00e9ens, y compris en France, en Suisse, en Belgique et au Luxembourg. Pour plus de s\u00e9curit\u00e9, vous pouvez payer lors de la r\u00e9ception du colis en esp\u00e8ces ou par carte bancaire, ainsi qu\u2019avec Apple Pay ou Google Pay, ce qui garantit une transaction simple et s\u00e9curis\u00e9e.<\/p>\n<h2><span class=\"ez-toc-section\" id=\"FAQ_Questions_frequentes\"><\/span>FAQ : Questions fr\u00e9quentes<span class=\"ez-toc-section-end\"><\/span><\/h2>\n<div class=\"wp-faq-schema-wrap wp-faq-schema-accordion\">\n<div class=\"wp-faq-schema-items ui-accordion ui-widget ui-helper-reset\" role=\"tablist\">\n<h3 class=\"ui-accordion-header ui-corner-top ui-state-default ui-accordion-icons\" role=\"tab\" id=\"ui-id-1\" aria-controls=\"ui-id-2\" aria-expanded=\"false\"><span class=\"ez-toc-section\" id=\"Quels_sont_les_principaux_ingredients_du_complement_Profolan_pour_hommes\"><\/span>\n  Quels sont les principaux ingr\u00e9dients du compl\u00e9ment Profolan pour hommes ?<br \/>\n  <span class=\"ez-toc-section-end\"><\/span><\/h3>\n<div class=\"ui-accordion-content ui-corner-bottom ui-helper-reset ui-widget-content\" id=\"ui-id-2\" aria-labelledby=\"ui-id-1\" role=\"tabpanel\" aria-hidden=\"true\">\n<p>Les principaux ingr\u00e9dients de Profolan sont l&rsquo;extrait de queue de cheval, la taurine, l&rsquo;extrait de feuille d&rsquo;ortie, la cyst\u00e9ine, la vitamine E, la vitamine B1, le zinc, la vitamine B6, le cuivre, la biotine et la vitamine A.<\/p>\n<\/p><\/div>\n<h3 class=\"ui-accordion-header ui-corner-top ui-state-default ui-accordion-icons\" role=\"tab\" id=\"ui-id-3\" aria-controls=\"ui-id-4\" aria-expanded=\"false\"><span class=\"ez-toc-section\" id=\"Comment_Profolan_aide-t-il_a_reduire_la_chute_des_cheveux_chez_les_hommes\"><\/span>\n  Comment Profolan aide-t-il \u00e0 r\u00e9duire la chute des cheveux chez les hommes ?<br \/>\n  <span class=\"ez-toc-section-end\"><\/span><\/h3>\n<div class=\"ui-accordion-content ui-corner-bottom ui-helper-reset ui-widget-content\" id=\"ui-id-4\" aria-labelledby=\"ui-id-3\" role=\"tabpanel\" aria-hidden=\"true\">\n<p>Profolan agit en renfor\u00e7ant les follicules capillaires gr\u00e2ce \u00e0 ses ingr\u00e9dients nutritifs, ce qui stimule la croissance des cheveux et limite leur chute.<\/p>\n<\/p><\/div>\n<h3 class=\"ui-accordion-header ui-corner-top ui-state-default ui-accordion-icons\" role=\"tab\" id=\"ui-id-5\" aria-controls=\"ui-id-6\" aria-expanded=\"false\"><span class=\"ez-toc-section\" id=\"Est-ce_que_Profolan_est_adapte_pour_tous_les_types_de_perte_de_cheveux_chez_les_hommes\"><\/span>\n  Est-ce que Profolan est adapt\u00e9 pour tous les types de perte de cheveux chez les hommes ?<br \/>\n  <span class=\"ez-toc-section-end\"><\/span><\/h3>\n<div class=\"ui-accordion-content ui-corner-bottom ui-helper-reset ui-widget-content\" id=\"ui-id-6\" aria-labelledby=\"ui-id-5\" role=\"tabpanel\" aria-hidden=\"true\">\n<p>Oui, Profolan est con\u00e7u pour aider \u00e0 r\u00e9duire la chute des cheveux chez les hommes, qu&rsquo;elle soit due \u00e0 des facteurs hormonaux, au stress ou \u00e0 d&rsquo;autres causes.<\/p>\n<\/p><\/div>\n<h3 class=\"ui-accordion-header ui-corner-top ui-state-default ui-accordion-icons\" role=\"tab\" id=\"ui-id-7\" aria-controls=\"ui-id-8\" aria-expanded=\"false\"><span class=\"ez-toc-section\" id=\"Combien_de_temps_faut-il_pour_voir_des_resultats_avec_Profolan\"><\/span>\n  Combien de temps faut-il pour voir des r\u00e9sultats avec Profolan ?<br \/>\n  <span class=\"ez-toc-section-end\"><\/span><\/h3>\n<div class=\"ui-accordion-content ui-corner-bottom ui-helper-reset ui-widget-content\" id=\"ui-id-8\" aria-labelledby=\"ui-id-7\" role=\"tabpanel\" aria-hidden=\"true\">\n<p>En g\u00e9n\u00e9ral, il faut compter plusieurs semaines \u00e0 quelques mois d&rsquo;utilisation r\u00e9guli\u00e8re pour remarquer une am\u00e9lioration de la densit\u00e9 capillaire avec Profolan.<\/p>\n<\/p><\/div>\n<h3 class=\"ui-accordion-header ui-corner-top ui-state-default ui-accordion-icons\" role=\"tab\" id=\"ui-id-9\" aria-controls=\"ui-id-10\" aria-expanded=\"false\"><span class=\"ez-toc-section\" id=\"Les_capsules_Profolan_sont-elles_sures_a_utiliser_pour_les_hommes\"><\/span>\n  Les capsules Profolan sont-elles s\u00fbres \u00e0 utiliser pour les hommes ?<br \/>\n  <span class=\"ez-toc-section-end\"><\/span><\/h3>\n<div class=\"ui-accordion-content ui-corner-bottom ui-helper-reset ui-widget-content\" id=\"ui-id-10\" aria-labelledby=\"ui-id-9\" role=\"tabpanel\" aria-hidden=\"true\">\n<p>Oui, Profolan est formul\u00e9 avec des ingr\u00e9dients naturels et est g\u00e9n\u00e9ralement s\u00fbr pour une utilisation chez les hommes, mais il est toujours conseill\u00e9 de consulter un m\u00e9decin avant de commencer tout nouveau compl\u00e9ment.<\/p>\n<\/p><\/div>\n<\/div>\n<\/div>\n","protected":false},"excerpt":{"rendered":"<p>Qu\u2019est-ce que Profolan et quelles sont ses indications\u202f? Profolan est un compl\u00e9ment alimentaire sous forme de capsules sp\u00e9cialement con\u00e7u pour [&hellip;]<\/p>\n","protected":false},"featured_media":639,"comment_status":"open","ping_status":"closed","template":"","meta":{"site-sidebar-layout":"default","site-content-layout":"","ast-site-content-layout":"default","site-content-style":"default","site-sidebar-style":"default","ast-global-header-display":"","ast-banner-title-visibility":"","ast-main-header-display":"","ast-hfb-above-header-display":"","ast-hfb-below-header-display":"","ast-hfb-mobile-header-display":"","site-post-title":"","ast-breadcrumbs-content":"","ast-featured-img":"","footer-sml-layout":"","ast-disable-related-posts":"","theme-transparent-header-meta":"","adv-header-id-meta":"","stick-header-meta":"","header-above-stick-meta":"","header-main-stick-meta":"","header-below-stick-meta":"","astra-migrate-meta-layouts":"default","ast-page-background-enabled":"default","ast-page-background-meta":{"desktop":{"background-color":"var(--ast-global-color-5)","background-image":"","background-repeat":"repeat","background-position":"center center","background-size":"auto","background-attachment":"scroll","background-type":"","background-media":"","overlay-type":"","overlay-color":"","overlay-opacity":"","overlay-gradient":""},"tablet":{"background-color":"","background-image":"","background-repeat":"repeat","background-position":"center center","background-size":"auto","background-attachment":"scroll","background-type":"","background-media":"","overlay-type":"","overlay-color":"","overlay-opacity":"","overlay-gradient":""},"mobile":{"background-color":"","background-image":"","background-repeat":"repeat","background-position":"center center","background-size":"auto","background-attachment":"scroll","background-type":"","background-media":"","overlay-type":"","overlay-color":"","overlay-opacity":"","overlay-gradient":""}},"ast-content-background-meta":{"desktop":{"background-color":"var(--ast-global-color-4)","background-image":"","background-repeat":"repeat","background-position":"center center","background-size":"auto","background-attachment":"scroll","background-type":"","background-media":"","overlay-type":"","overlay-color":"","overlay-opacity":"","overlay-gradient":""},"tablet":{"background-color":"var(--ast-global-color-4)","background-image":"","background-repeat":"repeat","background-position":"center center","background-size":"auto","background-attachment":"scroll","background-type":"","background-media":"","overlay-type":"","overlay-color":"","overlay-opacity":"","overlay-gradient":""},"mobile":{"background-color":"var(--ast-global-color-4)","background-image":"","background-repeat":"repeat","background-position":"center center","background-size":"auto","background-attachment":"scroll","background-type":"","background-media":"","overlay-type":"","overlay-color":"","overlay-opacity":"","overlay-gradient":""}}},"product_brand":[],"product_cat":[15],"product_tag":[],"class_list":{"0":"post-640","1":"product","2":"type-product","3":"status-publish","4":"has-post-thumbnail","6":"product_cat-bien-etre-et-sante-globale","7":"desktop-align-left","8":"tablet-align-left","9":"mobile-align-left","11":"first","12":"instock","13":"sale","14":"shipping-taxable","15":"product-type-external"},"yoast_head":"<!-- This site is optimized with the Yoast SEO plugin v27.5 - https:\/\/yoast.com\/product\/yoast-seo-wordpress\/ -->\n<title>Profolan \u2013 Prix, Notice, Composition et Avis Doctissimo \u2764\ufe0f Pharmacie Vivre Sainement<\/title>\n<meta name=\"description\" content=\"\u274c Profolan g\u00e9lules - D\u00e9couvrez sa composition, son prix, les avis (positifs et n\u00e9gatifs), et o\u00f9 l\u2019acheter en toute s\u00e9curit\u00e9 en pharmacie en ligne. Est-ce un produit fiable ou une arnaque ?\" \/>\n<meta name=\"robots\" content=\"index, follow, max-snippet:-1, max-image-preview:large, max-video-preview:-1\" \/>\n<link rel=\"canonical\" href=\"https:\/\/www.vivre-covid19.fr\/pharmacie\/medicament\/profolan-capsules-antichute-pour-hommes\/\" \/>\n<meta property=\"og:locale\" content=\"fr_FR\" \/>\n<meta property=\"og:type\" content=\"article\" \/>\n<meta property=\"og:title\" content=\"Profolan \u2013 Prix, Notice, Composition et Avis Doctissimo \u2764\ufe0f Pharmacie Vivre Sainement\" \/>\n<meta property=\"og:description\" content=\"\u274c Profolan g\u00e9lules - D\u00e9couvrez sa composition, son prix, les avis (positifs et n\u00e9gatifs), et o\u00f9 l\u2019acheter en toute s\u00e9curit\u00e9 en pharmacie en ligne. Est-ce un produit fiable ou une arnaque ?\" \/>\n<meta property=\"og:url\" content=\"https:\/\/www.vivre-covid19.fr\/pharmacie\/medicament\/profolan-capsules-antichute-pour-hommes\/\" \/>\n<meta property=\"og:site_name\" content=\"Pharmacie Vivre Sainement\" \/>\n<meta property=\"article:modified_time\" content=\"2025-05-14T21:46:12+00:00\" \/>\n<meta property=\"og:image\" content=\"https:\/\/www.vivre-covid19.fr\/pharmacie\/wp-content\/uploads\/2025\/05\/profolan.webp\" \/>\n\t<meta property=\"og:image:width\" content=\"600\" \/>\n\t<meta property=\"og:image:height\" content=\"600\" \/>\n\t<meta property=\"og:image:type\" content=\"image\/webp\" \/>\n<meta name=\"twitter:card\" content=\"summary_large_image\" \/>\n<meta name=\"twitter:label1\" content=\"Dur\u00e9e de lecture estim\u00e9e\" \/>\n\t<meta name=\"twitter:data1\" content=\"15 minutes\" \/>\n<script type=\"application\/ld+json\" class=\"yoast-schema-graph\">{\"@context\":\"https:\\\/\\\/schema.org\",\"@graph\":[{\"@type\":\"WebPage\",\"@id\":\"https:\\\/\\\/www.vivre-covid19.fr\\\/pharmacie\\\/medicament\\\/profolan-capsules-antichute-pour-hommes\\\/\",\"url\":\"https:\\\/\\\/www.vivre-covid19.fr\\\/pharmacie\\\/medicament\\\/profolan-capsules-antichute-pour-hommes\\\/\",\"name\":\"Profolan \u2013 Prix, Notice, Composition et Avis Doctissimo \u2764\ufe0f Pharmacie Vivre Sainement\",\"isPartOf\":{\"@id\":\"https:\\\/\\\/www.vivre-covid19.fr\\\/pharmacie\\\/#website\"},\"primaryImageOfPage\":{\"@id\":\"https:\\\/\\\/www.vivre-covid19.fr\\\/pharmacie\\\/medicament\\\/profolan-capsules-antichute-pour-hommes\\\/#primaryimage\"},\"image\":{\"@id\":\"https:\\\/\\\/www.vivre-covid19.fr\\\/pharmacie\\\/medicament\\\/profolan-capsules-antichute-pour-hommes\\\/#primaryimage\"},\"thumbnailUrl\":\"https:\\\/\\\/www.vivre-covid19.fr\\\/pharmacie\\\/wp-content\\\/uploads\\\/2025\\\/05\\\/profolan.webp\",\"datePublished\":\"2025-05-14T21:45:59+00:00\",\"dateModified\":\"2025-05-14T21:46:12+00:00\",\"description\":\"\u274c Profolan g\u00e9lules - D\u00e9couvrez sa composition, son prix, les avis (positifs et n\u00e9gatifs), et o\u00f9 l\u2019acheter en toute s\u00e9curit\u00e9 en pharmacie en ligne. Est-ce un produit fiable ou une arnaque ?\",\"breadcrumb\":{\"@id\":\"https:\\\/\\\/www.vivre-covid19.fr\\\/pharmacie\\\/medicament\\\/profolan-capsules-antichute-pour-hommes\\\/#breadcrumb\"},\"inLanguage\":\"fr-FR\",\"potentialAction\":[{\"@type\":\"ReadAction\",\"target\":[\"https:\\\/\\\/www.vivre-covid19.fr\\\/pharmacie\\\/medicament\\\/profolan-capsules-antichute-pour-hommes\\\/\"]}]},{\"@type\":\"ImageObject\",\"inLanguage\":\"fr-FR\",\"@id\":\"https:\\\/\\\/www.vivre-covid19.fr\\\/pharmacie\\\/medicament\\\/profolan-capsules-antichute-pour-hommes\\\/#primaryimage\",\"url\":\"https:\\\/\\\/www.vivre-covid19.fr\\\/pharmacie\\\/wp-content\\\/uploads\\\/2025\\\/05\\\/profolan.webp\",\"contentUrl\":\"https:\\\/\\\/www.vivre-covid19.fr\\\/pharmacie\\\/wp-content\\\/uploads\\\/2025\\\/05\\\/profolan.webp\",\"width\":600,\"height\":600},{\"@type\":\"BreadcrumbList\",\"@id\":\"https:\\\/\\\/www.vivre-covid19.fr\\\/pharmacie\\\/medicament\\\/profolan-capsules-antichute-pour-hommes\\\/#breadcrumb\",\"itemListElement\":[{\"@type\":\"ListItem\",\"position\":1,\"name\":\"\u0413\u043b\u0430\u0432\u043d\u0430\u044f \u0441\u0442\u0440\u0430\u043d\u0438\u0446\u0430\",\"item\":\"https:\\\/\\\/www.vivre-covid19.fr\\\/pharmacie\\\/\"},{\"@type\":\"ListItem\",\"position\":2,\"name\":\"Pharmacie Vivre Sainement\",\"item\":\"https:\\\/\\\/www.vivre-covid19.fr\\\/pharmacie\\\/\"},{\"@type\":\"ListItem\",\"position\":3,\"name\":\"Profolan capsules antichute pour hommes\"}]},{\"@type\":\"WebSite\",\"@id\":\"https:\\\/\\\/www.vivre-covid19.fr\\\/pharmacie\\\/#website\",\"url\":\"https:\\\/\\\/www.vivre-covid19.fr\\\/pharmacie\\\/\",\"name\":\"Pharmacie Vivre Sainement\",\"description\":\"\",\"publisher\":{\"@id\":\"https:\\\/\\\/www.vivre-covid19.fr\\\/pharmacie\\\/#organization\"},\"potentialAction\":[{\"@type\":\"SearchAction\",\"target\":{\"@type\":\"EntryPoint\",\"urlTemplate\":\"https:\\\/\\\/www.vivre-covid19.fr\\\/pharmacie\\\/?s={search_term_string}\"},\"query-input\":{\"@type\":\"PropertyValueSpecification\",\"valueRequired\":true,\"valueName\":\"search_term_string\"}}],\"inLanguage\":\"fr-FR\"},{\"@type\":\"Organization\",\"@id\":\"https:\\\/\\\/www.vivre-covid19.fr\\\/pharmacie\\\/#organization\",\"name\":\"Pharmacie Vivre Sainement\",\"url\":\"https:\\\/\\\/www.vivre-covid19.fr\\\/pharmacie\\\/\",\"logo\":{\"@type\":\"ImageObject\",\"inLanguage\":\"fr-FR\",\"@id\":\"https:\\\/\\\/www.vivre-covid19.fr\\\/pharmacie\\\/#\\\/schema\\\/logo\\\/image\\\/\",\"url\":\"https:\\\/\\\/www.vivre-covid19.fr\\\/pharmacie\\\/wp-content\\\/uploads\\\/2025\\\/05\\\/farmacia.png\",\"contentUrl\":\"https:\\\/\\\/www.vivre-covid19.fr\\\/pharmacie\\\/wp-content\\\/uploads\\\/2025\\\/05\\\/farmacia.png\",\"width\":1151,\"height\":1280,\"caption\":\"Pharmacie Vivre Sainement\"},\"image\":{\"@id\":\"https:\\\/\\\/www.vivre-covid19.fr\\\/pharmacie\\\/#\\\/schema\\\/logo\\\/image\\\/\"}}]}<\/script>\n<!-- \/ Yoast SEO plugin. -->","yoast_head_json":{"title":"Profolan \u2013 Prix, Notice, Composition et Avis Doctissimo \u2764\ufe0f Pharmacie Vivre Sainement","description":"\u274c Profolan g\u00e9lules - D\u00e9couvrez sa composition, son prix, les avis (positifs et n\u00e9gatifs), et o\u00f9 l\u2019acheter en toute s\u00e9curit\u00e9 en pharmacie en ligne. Est-ce un produit fiable ou une arnaque ?","robots":{"index":"index","follow":"follow","max-snippet":"max-snippet:-1","max-image-preview":"max-image-preview:large","max-video-preview":"max-video-preview:-1"},"canonical":"https:\/\/www.vivre-covid19.fr\/pharmacie\/medicament\/profolan-capsules-antichute-pour-hommes\/","og_locale":"fr_FR","og_type":"article","og_title":"Profolan \u2013 Prix, Notice, Composition et Avis Doctissimo \u2764\ufe0f Pharmacie Vivre Sainement","og_description":"\u274c Profolan g\u00e9lules - D\u00e9couvrez sa composition, son prix, les avis (positifs et n\u00e9gatifs), et o\u00f9 l\u2019acheter en toute s\u00e9curit\u00e9 en pharmacie en ligne. Est-ce un produit fiable ou une arnaque ?","og_url":"https:\/\/www.vivre-covid19.fr\/pharmacie\/medicament\/profolan-capsules-antichute-pour-hommes\/","og_site_name":"Pharmacie Vivre Sainement","article_modified_time":"2025-05-14T21:46:12+00:00","og_image":[{"width":600,"height":600,"url":"https:\/\/www.vivre-covid19.fr\/pharmacie\/wp-content\/uploads\/2025\/05\/profolan.webp","type":"image\/webp"}],"twitter_card":"summary_large_image","twitter_misc":{"Dur\u00e9e de lecture estim\u00e9e":"15 minutes"},"schema":{"@context":"https:\/\/schema.org","@graph":[{"@type":"WebPage","@id":"https:\/\/www.vivre-covid19.fr\/pharmacie\/medicament\/profolan-capsules-antichute-pour-hommes\/","url":"https:\/\/www.vivre-covid19.fr\/pharmacie\/medicament\/profolan-capsules-antichute-pour-hommes\/","name":"Profolan \u2013 Prix, Notice, Composition et Avis Doctissimo \u2764\ufe0f Pharmacie Vivre Sainement","isPartOf":{"@id":"https:\/\/www.vivre-covid19.fr\/pharmacie\/#website"},"primaryImageOfPage":{"@id":"https:\/\/www.vivre-covid19.fr\/pharmacie\/medicament\/profolan-capsules-antichute-pour-hommes\/#primaryimage"},"image":{"@id":"https:\/\/www.vivre-covid19.fr\/pharmacie\/medicament\/profolan-capsules-antichute-pour-hommes\/#primaryimage"},"thumbnailUrl":"https:\/\/www.vivre-covid19.fr\/pharmacie\/wp-content\/uploads\/2025\/05\/profolan.webp","datePublished":"2025-05-14T21:45:59+00:00","dateModified":"2025-05-14T21:46:12+00:00","description":"\u274c Profolan g\u00e9lules - D\u00e9couvrez sa composition, son prix, les avis (positifs et n\u00e9gatifs), et o\u00f9 l\u2019acheter en toute s\u00e9curit\u00e9 en pharmacie en ligne. Est-ce un produit fiable ou une arnaque ?","breadcrumb":{"@id":"https:\/\/www.vivre-covid19.fr\/pharmacie\/medicament\/profolan-capsules-antichute-pour-hommes\/#breadcrumb"},"inLanguage":"fr-FR","potentialAction":[{"@type":"ReadAction","target":["https:\/\/www.vivre-covid19.fr\/pharmacie\/medicament\/profolan-capsules-antichute-pour-hommes\/"]}]},{"@type":"ImageObject","inLanguage":"fr-FR","@id":"https:\/\/www.vivre-covid19.fr\/pharmacie\/medicament\/profolan-capsules-antichute-pour-hommes\/#primaryimage","url":"https:\/\/www.vivre-covid19.fr\/pharmacie\/wp-content\/uploads\/2025\/05\/profolan.webp","contentUrl":"https:\/\/www.vivre-covid19.fr\/pharmacie\/wp-content\/uploads\/2025\/05\/profolan.webp","width":600,"height":600},{"@type":"BreadcrumbList","@id":"https:\/\/www.vivre-covid19.fr\/pharmacie\/medicament\/profolan-capsules-antichute-pour-hommes\/#breadcrumb","itemListElement":[{"@type":"ListItem","position":1,"name":"\u0413\u043b\u0430\u0432\u043d\u0430\u044f \u0441\u0442\u0440\u0430\u043d\u0438\u0446\u0430","item":"https:\/\/www.vivre-covid19.fr\/pharmacie\/"},{"@type":"ListItem","position":2,"name":"Pharmacie Vivre Sainement","item":"https:\/\/www.vivre-covid19.fr\/pharmacie\/"},{"@type":"ListItem","position":3,"name":"Profolan capsules antichute pour hommes"}]},{"@type":"WebSite","@id":"https:\/\/www.vivre-covid19.fr\/pharmacie\/#website","url":"https:\/\/www.vivre-covid19.fr\/pharmacie\/","name":"Pharmacie Vivre Sainement","description":"","publisher":{"@id":"https:\/\/www.vivre-covid19.fr\/pharmacie\/#organization"},"potentialAction":[{"@type":"SearchAction","target":{"@type":"EntryPoint","urlTemplate":"https:\/\/www.vivre-covid19.fr\/pharmacie\/?s={search_term_string}"},"query-input":{"@type":"PropertyValueSpecification","valueRequired":true,"valueName":"search_term_string"}}],"inLanguage":"fr-FR"},{"@type":"Organization","@id":"https:\/\/www.vivre-covid19.fr\/pharmacie\/#organization","name":"Pharmacie Vivre Sainement","url":"https:\/\/www.vivre-covid19.fr\/pharmacie\/","logo":{"@type":"ImageObject","inLanguage":"fr-FR","@id":"https:\/\/www.vivre-covid19.fr\/pharmacie\/#\/schema\/logo\/image\/","url":"https:\/\/www.vivre-covid19.fr\/pharmacie\/wp-content\/uploads\/2025\/05\/farmacia.png","contentUrl":"https:\/\/www.vivre-covid19.fr\/pharmacie\/wp-content\/uploads\/2025\/05\/farmacia.png","width":1151,"height":1280,"caption":"Pharmacie Vivre Sainement"},"image":{"@id":"https:\/\/www.vivre-covid19.fr\/pharmacie\/#\/schema\/logo\/image\/"}}]}},"_links":{"self":[{"href":"https:\/\/www.vivre-covid19.fr\/pharmacie\/wp-json\/wp\/v2\/product\/640","targetHints":{"allow":["GET"]}}],"collection":[{"href":"https:\/\/www.vivre-covid19.fr\/pharmacie\/wp-json\/wp\/v2\/product"}],"about":[{"href":"https:\/\/www.vivre-covid19.fr\/pharmacie\/wp-json\/wp\/v2\/types\/product"}],"replies":[{"embeddable":true,"href":"https:\/\/www.vivre-covid19.fr\/pharmacie\/wp-json\/wp\/v2\/comments?post=640"}],"wp:featuredmedia":[{"embeddable":true,"href":"https:\/\/www.vivre-covid19.fr\/pharmacie\/wp-json\/wp\/v2\/media\/639"}],"wp:attachment":[{"href":"https:\/\/www.vivre-covid19.fr\/pharmacie\/wp-json\/wp\/v2\/media?parent=640"}],"wp:term":[{"taxonomy":"product_brand","embeddable":true,"href":"https:\/\/www.vivre-covid19.fr\/pharmacie\/wp-json\/wp\/v2\/product_brand?post=640"},{"taxonomy":"product_cat","embeddable":true,"href":"https:\/\/www.vivre-covid19.fr\/pharmacie\/wp-json\/wp\/v2\/product_cat?post=640"},{"taxonomy":"product_tag","embeddable":true,"href":"https:\/\/www.vivre-covid19.fr\/pharmacie\/wp-json\/wp\/v2\/product_tag?post=640"}],"curies":[{"name":"wp","href":"https:\/\/api.w.org\/{rel}","templated":true}]}}