{"id":90,"date":"2025-05-14T20:17:34","date_gmt":"2025-05-14T18:17:34","guid":{"rendered":"https:\/\/www.vivre-covid19.fr\/pharmacie\/medicament\/lumilean-comprimes-pour-la-perte-de-poids\/"},"modified":"2025-05-14T20:17:52","modified_gmt":"2025-05-14T18:17:52","slug":"lumilean-comprimes-pour-la-perte-de-poids","status":"publish","type":"product","link":"https:\/\/www.vivre-covid19.fr\/pharmacie\/medicament\/lumilean-comprimes-pour-la-perte-de-poids\/","title":{"rendered":"LumiLean comprim\u00e9s pour la perte de poids"},"content":{"rendered":"<div id=\"ez-toc-container\" class=\"ez-toc-v2_0_82_2 counter-hierarchy ez-toc-counter ez-toc-grey ez-toc-container-direction\">\n<div class=\"ez-toc-title-container\">\n<p class=\"ez-toc-title\" style=\"cursor:inherit\">Table des mati\u00e8res<\/p>\n<span class=\"ez-toc-title-toggle\"><a href=\"#\" class=\"ez-toc-pull-right ez-toc-btn ez-toc-btn-xs ez-toc-btn-default ez-toc-toggle\" aria-label=\"Toggle Table of Content\"><span class=\"ez-toc-js-icon-con\"><span class=\"\"><span class=\"eztoc-hide\" style=\"display:none;\">Toggle<\/span><span class=\"ez-toc-icon-toggle-span\"><svg style=\"fill: #999;color:#999\" xmlns=\"http:\/\/www.w3.org\/2000\/svg\" class=\"list-377408\" width=\"20px\" height=\"20px\" viewBox=\"0 0 24 24\" fill=\"none\"><path d=\"M6 6H4v2h2V6zm14 0H8v2h12V6zM4 11h2v2H4v-2zm16 0H8v2h12v-2zM4 16h2v2H4v-2zm16 0H8v2h12v-2z\" fill=\"currentColor\"><\/path><\/svg><svg style=\"fill: #999;color:#999\" class=\"arrow-unsorted-368013\" xmlns=\"http:\/\/www.w3.org\/2000\/svg\" width=\"10px\" height=\"10px\" viewBox=\"0 0 24 24\" version=\"1.2\" baseProfile=\"tiny\"><path d=\"M18.2 9.3l-6.2-6.3-6.2 6.3c-.2.2-.3.4-.3.7s.1.5.3.7c.2.2.4.3.7.3h11c.3 0 .5-.1.7-.3.2-.2.3-.5.3-.7s-.1-.5-.3-.7zM5.8 14.7l6.2 6.3 6.2-6.3c.2-.2.3-.5.3-.7s-.1-.5-.3-.7c-.2-.2-.4-.3-.7-.3h-11c-.3 0-.5.1-.7.3-.2.2-.3.5-.3.7s.1.5.3.7z\"\/><\/svg><\/span><\/span><\/span><\/a><\/span><\/div>\n<nav><ul class='ez-toc-list ez-toc-list-level-1 ' ><li class='ez-toc-page-1 ez-toc-heading-level-2'><a class=\"ez-toc-link ez-toc-heading-1\" href=\"https:\/\/www.vivre-covid19.fr\/pharmacie\/medicament\/lumilean-comprimes-pour-la-perte-de-poids\/#Quest-ce_que_LumiLean_et_quelles_sont_ses_indications%E2%80%AF\" >Qu\u2019est-ce que LumiLean et quelles sont ses indications\u202f?<\/a><\/li><li class='ez-toc-page-1 ez-toc-heading-level-2'><a class=\"ez-toc-link ez-toc-heading-2\" href=\"https:\/\/www.vivre-covid19.fr\/pharmacie\/medicament\/lumilean-comprimes-pour-la-perte-de-poids\/#Indications_therapeutiques_de_LumiLean\" >Indications th\u00e9rapeutiques de LumiLean<\/a><\/li><li class='ez-toc-page-1 ez-toc-heading-level-2'><a class=\"ez-toc-link ez-toc-heading-3\" href=\"https:\/\/www.vivre-covid19.fr\/pharmacie\/medicament\/lumilean-comprimes-pour-la-perte-de-poids\/#Composition_de_LumiLean_principes_actifs_et_autres_composants\" >Composition de LumiLean : principes actifs et autres composants<\/a><ul class='ez-toc-list-level-3' ><li class='ez-toc-heading-level-3'><a class=\"ez-toc-link ez-toc-heading-4\" href=\"https:\/\/www.vivre-covid19.fr\/pharmacie\/medicament\/lumilean-comprimes-pour-la-perte-de-poids\/#Calcium\" >Calcium<\/a><\/li><li class='ez-toc-page-1 ez-toc-heading-level-3'><a class=\"ez-toc-link ez-toc-heading-5\" href=\"https:\/\/www.vivre-covid19.fr\/pharmacie\/medicament\/lumilean-comprimes-pour-la-perte-de-poids\/#Magnesium\" >Magn\u00e9sium<\/a><\/li><li class='ez-toc-page-1 ez-toc-heading-level-3'><a class=\"ez-toc-link ez-toc-heading-6\" href=\"https:\/\/www.vivre-covid19.fr\/pharmacie\/medicament\/lumilean-comprimes-pour-la-perte-de-poids\/#Extrait_de_cannelle_ratio_4_1\" >Extrait de cannelle (ratio 4:1)<\/a><\/li><li class='ez-toc-page-1 ez-toc-heading-level-3'><a class=\"ez-toc-link ez-toc-heading-7\" href=\"https:\/\/www.vivre-covid19.fr\/pharmacie\/medicament\/lumilean-comprimes-pour-la-perte-de-poids\/#Berberine_ratio_4_1\" >Berberine (ratio 4:1)<\/a><\/li><li class='ez-toc-page-1 ez-toc-heading-level-3'><a class=\"ez-toc-link ez-toc-heading-8\" href=\"https:\/\/www.vivre-covid19.fr\/pharmacie\/medicament\/lumilean-comprimes-pour-la-perte-de-poids\/#Vitamine_E\" >Vitamine E<\/a><\/li><li class='ez-toc-page-1 ez-toc-heading-level-3'><a class=\"ez-toc-link ez-toc-heading-9\" href=\"https:\/\/www.vivre-covid19.fr\/pharmacie\/medicament\/lumilean-comprimes-pour-la-perte-de-poids\/#Vitamin_B3_Niacine\" >Vitamin B3 (Niacine)<\/a><\/li><li class='ez-toc-page-1 ez-toc-heading-level-3'><a class=\"ez-toc-link ez-toc-heading-10\" href=\"https:\/\/www.vivre-covid19.fr\/pharmacie\/medicament\/lumilean-comprimes-pour-la-perte-de-poids\/#Extrait_de_fenugrec_ratio_20_1\" >Extrait de fenugrec (ratio 20:1)<\/a><\/li><li class='ez-toc-page-1 ez-toc-heading-level-3'><a class=\"ez-toc-link ez-toc-heading-11\" href=\"https:\/\/www.vivre-covid19.fr\/pharmacie\/medicament\/lumilean-comprimes-pour-la-perte-de-poids\/#Vitamine_D3\" >Vitamine D3<\/a><\/li><li class='ez-toc-page-1 ez-toc-heading-level-3'><a class=\"ez-toc-link ez-toc-heading-12\" href=\"https:\/\/www.vivre-covid19.fr\/pharmacie\/medicament\/lumilean-comprimes-pour-la-perte-de-poids\/#Chrome\" >Chrome<\/a><\/li><li class='ez-toc-page-1 ez-toc-heading-level-3'><a class=\"ez-toc-link ez-toc-heading-13\" href=\"https:\/\/www.vivre-covid19.fr\/pharmacie\/medicament\/lumilean-comprimes-pour-la-perte-de-poids\/#Biotine_vitamine_B7\" >Biotine (vitamine B7)<\/a><\/li><li class='ez-toc-page-1 ez-toc-heading-level-3'><a class=\"ez-toc-link ez-toc-heading-14\" href=\"https:\/\/www.vivre-covid19.fr\/pharmacie\/medicament\/lumilean-comprimes-pour-la-perte-de-poids\/#Selenium\" >S\u00e9l\u00e9nium<\/a><\/li><\/ul><\/li><li class='ez-toc-page-1 ez-toc-heading-level-2'><a class=\"ez-toc-link ez-toc-heading-15\" href=\"https:\/\/www.vivre-covid19.fr\/pharmacie\/medicament\/lumilean-comprimes-pour-la-perte-de-poids\/#Notice_%E2%80%93_Informations_pour_le_patient\" >Notice \u2013 Informations pour le patient<\/a><ul class='ez-toc-list-level-3' ><li class='ez-toc-heading-level-3'><a class=\"ez-toc-link ez-toc-heading-16\" href=\"https:\/\/www.vivre-covid19.fr\/pharmacie\/medicament\/lumilean-comprimes-pour-la-perte-de-poids\/#Nom_du_medicament\" >Nom du m\u00e9dicament<\/a><\/li><li class='ez-toc-page-1 ez-toc-heading-level-3'><a class=\"ez-toc-link ez-toc-heading-17\" href=\"https:\/\/www.vivre-covid19.fr\/pharmacie\/medicament\/lumilean-comprimes-pour-la-perte-de-poids\/#Forme_pharmaceutique_et_presentation\" >Forme pharmaceutique et pr\u00e9sentation<\/a><\/li><li class='ez-toc-page-1 ez-toc-heading-level-3'><a class=\"ez-toc-link ez-toc-heading-18\" href=\"https:\/\/www.vivre-covid19.fr\/pharmacie\/medicament\/lumilean-comprimes-pour-la-perte-de-poids\/#Indications_therapeutiques\" >Indications th\u00e9rapeutiques<\/a><\/li><li class='ez-toc-page-1 ez-toc-heading-level-3'><a class=\"ez-toc-link ez-toc-heading-19\" href=\"https:\/\/www.vivre-covid19.fr\/pharmacie\/medicament\/lumilean-comprimes-pour-la-perte-de-poids\/#Contre-indications\" >Contre-indications<\/a><\/li><li class='ez-toc-page-1 ez-toc-heading-level-3'><a class=\"ez-toc-link ez-toc-heading-20\" href=\"https:\/\/www.vivre-covid19.fr\/pharmacie\/medicament\/lumilean-comprimes-pour-la-perte-de-poids\/#Effets_indesirables_possibles\" >Effets ind\u00e9sirables possibles<\/a><\/li><li class='ez-toc-page-1 ez-toc-heading-level-3'><a class=\"ez-toc-link ez-toc-heading-21\" href=\"https:\/\/www.vivre-covid19.fr\/pharmacie\/medicament\/lumilean-comprimes-pour-la-perte-de-poids\/#Interactions_avec_dautres_medicaments\" >Interactions avec d&rsquo;autres m\u00e9dicaments<\/a><\/li><li class='ez-toc-page-1 ez-toc-heading-level-3'><a class=\"ez-toc-link ez-toc-heading-22\" href=\"https:\/\/www.vivre-covid19.fr\/pharmacie\/medicament\/lumilean-comprimes-pour-la-perte-de-poids\/#Posologie_et_mode_dadministration\" >Posologie et mode d&rsquo;administration<\/a><\/li><li class='ez-toc-page-1 ez-toc-heading-level-3'><a class=\"ez-toc-link ez-toc-heading-23\" href=\"https:\/\/www.vivre-covid19.fr\/pharmacie\/medicament\/lumilean-comprimes-pour-la-perte-de-poids\/#Duree_du_traitement\" >Dur\u00e9e du traitement<\/a><\/li><li class='ez-toc-page-1 ez-toc-heading-level-3'><a class=\"ez-toc-link ez-toc-heading-24\" href=\"https:\/\/www.vivre-covid19.fr\/pharmacie\/medicament\/lumilean-comprimes-pour-la-perte-de-poids\/#Mises_en_garde_et_precautions\" >Mises en garde et pr\u00e9cautions<\/a><\/li><li class='ez-toc-page-1 ez-toc-heading-level-3'><a class=\"ez-toc-link ez-toc-heading-25\" href=\"https:\/\/www.vivre-covid19.fr\/pharmacie\/medicament\/lumilean-comprimes-pour-la-perte-de-poids\/#Surdosage\" >Surdosage<\/a><\/li><li class='ez-toc-page-1 ez-toc-heading-level-3'><a class=\"ez-toc-link ez-toc-heading-26\" href=\"https:\/\/www.vivre-covid19.fr\/pharmacie\/medicament\/lumilean-comprimes-pour-la-perte-de-poids\/#Date_de_peremption\" >Date de p\u00e9remption<\/a><\/li><li class='ez-toc-page-1 ez-toc-heading-level-3'><a class=\"ez-toc-link ez-toc-heading-27\" href=\"https:\/\/www.vivre-covid19.fr\/pharmacie\/medicament\/lumilean-comprimes-pour-la-perte-de-poids\/#Conditions_de_conservation\" >Conditions de conservation<\/a><\/li><\/ul><\/li><li class='ez-toc-page-1 ez-toc-heading-level-2'><a class=\"ez-toc-link ez-toc-heading-28\" href=\"https:\/\/www.vivre-covid19.fr\/pharmacie\/medicament\/lumilean-comprimes-pour-la-perte-de-poids\/#LumiLean_%E2%80%93_Avis_Doctissimo_y_compris_negatifs_et_forum_commentaires\" >LumiLean \u2013 Avis Doctissimo, y compris n\u00e9gatifs et forum commentaires<\/a><\/li><li class='ez-toc-page-1 ez-toc-heading-level-2'><a class=\"ez-toc-link ez-toc-heading-29\" href=\"https:\/\/www.vivre-covid19.fr\/pharmacie\/medicament\/lumilean-comprimes-pour-la-perte-de-poids\/#Ou_acheter_LumiLean_en_ligne_en_France_Belgique_Suisse_et_Luxembourg_avec_une_livraison_rapide\" >O\u00f9 acheter LumiLean en ligne en France, Belgique, Suisse et Luxembourg avec une livraison rapide<\/a><ul class='ez-toc-list-level-3' ><li class='ez-toc-heading-level-3'><a class=\"ez-toc-link ez-toc-heading-30\" href=\"https:\/\/www.vivre-covid19.fr\/pharmacie\/medicament\/lumilean-comprimes-pour-la-perte-de-poids\/#Prix\" >Prix<\/a><\/li><li class='ez-toc-page-1 ez-toc-heading-level-3'><a class=\"ez-toc-link ez-toc-heading-31\" href=\"https:\/\/www.vivre-covid19.fr\/pharmacie\/medicament\/lumilean-comprimes-pour-la-perte-de-poids\/#Acheter_a_la_pharmacie\" >Acheter \u00e0 la pharmacie<\/a><\/li><li class='ez-toc-page-1 ez-toc-heading-level-3'><a class=\"ez-toc-link ez-toc-heading-32\" href=\"https:\/\/www.vivre-covid19.fr\/pharmacie\/medicament\/lumilean-comprimes-pour-la-perte-de-poids\/#Modes_de_paiement_et_de_livraison\" >Modes de paiement et de livraison<\/a><\/li><\/ul><\/li><li class='ez-toc-page-1 ez-toc-heading-level-2'><a class=\"ez-toc-link ez-toc-heading-33\" href=\"https:\/\/www.vivre-covid19.fr\/pharmacie\/medicament\/lumilean-comprimes-pour-la-perte-de-poids\/#FAQ_Questions_frequentes\" >FAQ : Questions fr\u00e9quentes<\/a><ul class='ez-toc-list-level-3' ><li class='ez-toc-heading-level-3'><a class=\"ez-toc-link ez-toc-heading-34\" href=\"https:\/\/www.vivre-covid19.fr\/pharmacie\/medicament\/lumilean-comprimes-pour-la-perte-de-poids\/#Quels_sont_les_ingredients_principaux_contenus_dans_les_comprimes_LumiLean\" >Quels sont les ingr\u00e9dients principaux contenus dans les comprim\u00e9s LumiLean ?<\/a><\/li><li class='ez-toc-page-1 ez-toc-heading-level-3'><a class=\"ez-toc-link ez-toc-heading-35\" href=\"https:\/\/www.vivre-covid19.fr\/pharmacie\/medicament\/lumilean-comprimes-pour-la-perte-de-poids\/#Est-ce_que_LumiLean_est_efficace_pour_perdre_du_poids\" >Est-ce que LumiLean est efficace pour perdre du poids ?<\/a><\/li><li class='ez-toc-page-1 ez-toc-heading-level-3'><a class=\"ez-toc-link ez-toc-heading-36\" href=\"https:\/\/www.vivre-covid19.fr\/pharmacie\/medicament\/lumilean-comprimes-pour-la-perte-de-poids\/#Y_a-t-il_des_precautions_a_prendre_avant_de_prendre_LumiLean\" >Y a-t-il des pr\u00e9cautions \u00e0 prendre avant de prendre LumiLean ?<\/a><\/li><li class='ez-toc-page-1 ez-toc-heading-level-3'><a class=\"ez-toc-link ez-toc-heading-37\" href=\"https:\/\/www.vivre-covid19.fr\/pharmacie\/medicament\/lumilean-comprimes-pour-la-perte-de-poids\/#Combien_coute_le_traitement_avec_LumiLean\" >Combien co\u00fbte le traitement avec LumiLean ?<\/a><\/li><li class='ez-toc-page-1 ez-toc-heading-level-3'><a class=\"ez-toc-link ez-toc-heading-38\" href=\"https:\/\/www.vivre-covid19.fr\/pharmacie\/medicament\/lumilean-comprimes-pour-la-perte-de-poids\/#Est-ce_que_LumiLean_peut_etre_utilise_par_tout_le_monde\" >Est-ce que LumiLean peut \u00eatre utilis\u00e9 par tout le monde ?<\/a><\/li><\/ul><\/li><\/ul><\/nav><\/div>\n<h2><span class=\"ez-toc-section\" id=\"Quest-ce_que_LumiLean_et_quelles_sont_ses_indications%E2%80%AF\"><\/span>Qu\u2019est-ce que LumiLean et quelles sont ses indications\u202f?<span class=\"ez-toc-section-end\"><\/span><\/h2>\n<p>LumiLean est un compl\u00e9ment alimentaire sous forme de comprim\u00e9s con\u00e7u pour aider \u00e0 la gestion du poids. Il est souvent utilis\u00e9 par ceux qui souhaitent perdre quelques kilos en compl\u00e9ment d\u2019un mode de vie sain. Ce produit agit principalement en favorisant la sensation de sati\u00e9t\u00e9, en r\u00e9gulant l\u2019app\u00e9tit et en soutenant le m\u00e9tabolisme des graisses. Il peut \u00eatre int\u00e9gr\u00e9 \u00e0 un programme de perte de poids pour accompagner les efforts di\u00e9t\u00e9tiques et d\u2019activit\u00e9 physique.<\/p>\n<h2><span class=\"ez-toc-section\" id=\"Indications_therapeutiques_de_LumiLean\"><\/span>Indications th\u00e9rapeutiques de LumiLean<span class=\"ez-toc-section-end\"><\/span><\/h2>\n<p>LumiLean est principalement indiqu\u00e9 pour les personnes qui cherchent \u00e0 perdre du poids ou \u00e0 contr\u00f4ler leur app\u00e9tit dans le cadre d\u2019un programme de gestion du poids. Il peut \u00eatre utile dans les situations suivantes :<\/p>\n<ul>\n<li>Surpoids ou ob\u00e9sit\u00e9 l\u00e9g\u00e8re \u00e0 mod\u00e9r\u00e9e, lorsque l\u2019exc\u00e8s de poids est associ\u00e9 \u00e0 une sensation constante de faim ou \u00e0 une difficult\u00e9 \u00e0 r\u00e9duire l\u2019apport calorique.<\/li>\n<li>Troubles du comportement alimentaire li\u00e9s \u00e0 une envie excessive de manger, en particulier en cas de grignotage ou de crise de compulsivit\u00e9 alimentaire.<\/li>\n<li>Personnes souhaitant am\u00e9liorer leur silhouette ou leur confort de vie en r\u00e9duisant leur masse graisseuse, tout en conservant une alimentation \u00e9quilibr\u00e9e.<\/li>\n<li>Conditions o\u00f9 l\u2019on souhaite soutenir le m\u00e9tabolisme pour favoriser la combustion des graisses stock\u00e9es, notamment lors d\u2019un r\u00e9gime amaigrissant.<\/li>\n<\/ul>\n<p>Ce compl\u00e9ment peut aider \u00e0 att\u00e9nuer les sympt\u00f4mes li\u00e9s \u00e0 la sensation de faim excessive, favorisant ainsi une meilleure ma\u00eetrise de l\u2019apport alimentaire.<\/p>\n<h2><span class=\"ez-toc-section\" id=\"Composition_de_LumiLean_principes_actifs_et_autres_composants\"><\/span>Composition de LumiLean : principes actifs et autres composants<span class=\"ez-toc-section-end\"><\/span><\/h2>\n<p>LumiLean contient une formule unique, soigneusement \u00e9labor\u00e9e \u00e0 partir d\u2019ingr\u00e9dients actifs de haute qualit\u00e9. La composition inclut du calcium, du magn\u00e9sium, un extrait de cannelle (ratio 4:1), de la berb\u00e9rine (ratio 4:1), de la vitamine E, ainsi qu\u2019un extrait de riz rouge ferment\u00e9 (ratio 4:1). Ce m\u00e9lange a \u00e9t\u00e9 con\u00e7u pour offrir une efficacit\u00e9 optimale tout en garantissant l\u2019absence de substances nocives, assurant ainsi la s\u00e9curit\u00e9 et la puret\u00e9 du produit.<\/p>\n<h3><span class=\"ez-toc-section\" id=\"Calcium\"><\/span>Calcium<span class=\"ez-toc-section-end\"><\/span><\/h3>\n<p>Le calcium est un min\u00e9ral essentiel pour la sant\u00e9 osseuse et dentaire, mais il joue aussi un r\u00f4le dans le m\u00e9tabolisme \u00e9nerg\u00e9tique. Il est naturellement pr\u00e9sent dans de nombreux aliments, notamment dans les produits laitiers, les l\u00e9gumes verts et certains poissons. Le calcium contribue \u00e0 la r\u00e9gulation des enzymes et \u00e0 la contraction musculaire, ce qui peut soutenir l\u2019activit\u00e9 physique lors d\u2019un programme de perte de poids.<\/p>\n<p>Sur le plan de la perte de poids, le calcium a \u00e9t\u00e9 \u00e9tudi\u00e9 pour son potentiel \u00e0 aider \u00e0 r\u00e9duire la masse grasse. Certaines recherches sugg\u00e8rent qu\u2019un apport ad\u00e9quat en calcium peut favoriser la lipolyse (la d\u00e9gradation des graisses) et inhiber la formation de nouvelles cellules graisseuses, ce qui peut contribuer \u00e0 contr\u00f4ler le poids corporel.<\/p>\n<h3><span class=\"ez-toc-section\" id=\"Magnesium\"><\/span>Magn\u00e9sium<span class=\"ez-toc-section-end\"><\/span><\/h3>\n<p>Le magn\u00e9sium est un min\u00e9ral indispensable pour de nombreux processus biologiques, notamment la production d\u2019\u00e9nergie et la r\u00e9gulation de la fonction musculaire et nerveuse. Il se trouve dans les l\u00e9gumes \u00e0 feuilles vertes, les noix, les graines et certains fruits. Le magn\u00e9sium joue un r\u00f4le cl\u00e9 dans la synth\u00e8se des prot\u00e9ines et la gestion du stress oxydatif.<\/p>\n<p>En ce qui concerne la perte de poids, le magn\u00e9sium peut aider \u00e0 am\u00e9liorer le m\u00e9tabolisme, \u00e0 r\u00e9duire la fatigue et \u00e0 favoriser une meilleure r\u00e9cup\u00e9ration apr\u00e8s l\u2019effort physique. Son r\u00f4le dans la r\u00e9gulation du glucose et la synth\u00e8se d\u2019\u00e9nergie peut \u00e9galement soutenir les efforts pour perdre du poids en am\u00e9liorant l\u2019efficacit\u00e9 m\u00e9tabolique.<\/p>\n<h3><span class=\"ez-toc-section\" id=\"Extrait_de_cannelle_ratio_4_1\"><\/span>Extrait de cannelle (ratio 4:1)<span class=\"ez-toc-section-end\"><\/span><\/h3>\n<p>L\u2019extrait de cannelle est d\u00e9riv\u00e9 de l\u2019\u00e9corce de cet arbre aromatique, connu pour ses propri\u00e9t\u00e9s m\u00e9dicinales et ses qualit\u00e9s gustatives. La concentration 4:1 indique que l\u2019extrait est quatre fois plus concentr\u00e9 que la cannelle ordinaire, garantissant une efficacit\u00e9 accrue. La cannelle est riche en compos\u00e9s antioxydants, notamment la cinnamald\u00e9hyde.<\/p>\n<p>Dans le contexte de la perte de poids, la cannelle est r\u00e9put\u00e9e pour ses effets sur la r\u00e9gulation de la glyc\u00e9mie. Elle peut aider \u00e0 stabiliser les niveaux de sucre dans le sang, r\u00e9duire les pics d\u2019insuline et limiter ainsi la sensation de faim li\u00e9e aux variations de glucose. Ces propri\u00e9t\u00e9s peuvent contribuer \u00e0 diminuer l\u2019envie de grignoter et \u00e0 favoriser une meilleure gestion de l\u2019app\u00e9tit.<\/p>\n<h3><span class=\"ez-toc-section\" id=\"Berberine_ratio_4_1\"><\/span>Berberine (ratio 4:1)<span class=\"ez-toc-section-end\"><\/span><\/h3>\n<p>La berb\u00e9rine est un alcalo\u00efde extrait de plusieurs plantes du genre Berberis. Elle poss\u00e8de une couleur jaune caract\u00e9ristique et est utilis\u00e9e depuis longtemps dans la m\u00e9decine traditionnelle chinoise. La berb\u00e9rine est connue pour ses effets b\u00e9n\u00e9fiques sur le m\u00e9tabolisme du glucose et des lipides.<\/p>\n<p>Les \u00e9tudes scientifiques ont montr\u00e9 que la berb\u00e9rine peut am\u00e9liorer la sensibilit\u00e9 \u00e0 l\u2019insuline, r\u00e9duire la production de glucose dans le foie et favoriser l\u2019utilisation des graisses comme source d\u2019\u00e9nergie. Elle est souvent recommand\u00e9e pour la gestion du diab\u00e8te de type 2 et peut \u00e9galement contribuer \u00e0 la perte de poids en r\u00e9gulant les niveaux de sucre sanguin et en r\u00e9duisant la formation de nouvelles graisses corporelles.<\/p>\n<h3><span class=\"ez-toc-section\" id=\"Vitamine_E\"><\/span>Vitamine E<span class=\"ez-toc-section-end\"><\/span><\/h3>\n<p>La vitamine E est un puissant antioxydant soluble dans les lipides, pr\u00e9sente dans de nombreux aliments comme les huiles v\u00e9g\u00e9tales, les noix et les graines. Elle prot\u00e8ge les cellules contre le stress oxydatif et soutient le bon fonctionnement du syst\u00e8me immunitaire.<\/p>\n<p>Dans le cadre de la gestion du poids, la vitamine E aide \u00e0 r\u00e9duire le stress oxydatif induit par l\u2019exercice physique et la perte de poids. Elle contribue \u00e9galement \u00e0 am\u00e9liorer la circulation sanguine et \u00e0 soutenir la sant\u00e9 cellulaire globale, ce qui peut favoriser un m\u00e9tabolisme plus efficace et un meilleur bien-\u00eatre g\u00e9n\u00e9ral lors d\u2019un programme de r\u00e9duction de poids.<\/p>\n<h3><span class=\"ez-toc-section\" id=\"Vitamin_B3_Niacine\"><\/span>Vitamin B3 (Niacine)<span class=\"ez-toc-section-end\"><\/span><\/h3>\n<p>La vitamine B3, \u00e9galement connue sous le nom de niacine, est une vitamine hydrosoluble que l\u2019on trouve dans divers aliments tels que la viande, les c\u00e9r\u00e9ales compl\u00e8tes et certains l\u00e9gumes. Elle joue un r\u00f4le crucial dans le m\u00e9tabolisme \u00e9nerg\u00e9tique en participant \u00e0 la transformation des glucides, des lipides et des prot\u00e9ines en \u00e9nergie utilisable par le corps. La vitamine B3 est \u00e9galement essentielle pour la sant\u00e9 de la peau, du syst\u00e8me nerveux et du syst\u00e8me digestif.<\/p>\n<p>Dans le contexte de la perte de poids, la vitamine B3 peut aider \u00e0 am\u00e9liorer le m\u00e9tabolisme des graisses et \u00e0 soutenir la production d\u2019\u00e9nergie. Des \u00e9tudes ont montr\u00e9 qu\u2019un apport ad\u00e9quat en niacine peut favoriser la combustion des lipides, r\u00e9duire la fatigue li\u00e9e \u00e0 un r\u00e9gime restrictif et am\u00e9liorer la composition corporelle, ce qui est b\u00e9n\u00e9fique pour ceux qui cherchent \u00e0 perdre du poids efficacement.<\/p>\n<h3><span class=\"ez-toc-section\" id=\"Extrait_de_fenugrec_ratio_20_1\"><\/span>Extrait de fenugrec (ratio 20:1)<span class=\"ez-toc-section-end\"><\/span><\/h3>\n<p>L\u2019extrait de fenugrec est d\u00e9riv\u00e9 des graines de la plante Trigonella foenum-graecum, une l\u00e9gumineuse largement utilis\u00e9e dans la m\u00e9decine traditionnelle et la cuisine. Ce concentr\u00e9 20:1 signifie que l\u2019extrait est vingt fois plus concentr\u00e9 que la graine fra\u00eeche, ce qui en augmente la puissance. Le fenugrec est riche en fibres, en prot\u00e9ines et en compos\u00e9s bioactifs comme la diosg\u00e9nine.<\/p>\n<p>Concernant la perte de poids, le fenugrec est reconnu pour ses propri\u00e9t\u00e9s suppressives de l\u2019app\u00e9tit, favorisant une sensation de sati\u00e9t\u00e9 plus longue. Il peut \u00e9galement aider \u00e0 r\u00e9guler la glyc\u00e9mie, ce qui \u00e9vite les pics d\u2019insuline et les envies de grignoter. Son effet sur la digestion et la r\u00e9duction de l\u2019app\u00e9tit en fait un alli\u00e9 pr\u00e9cieux pour ceux qui souhaitent contr\u00f4ler leur apport calorique.<\/p>\n<h3><span class=\"ez-toc-section\" id=\"Vitamine_D3\"><\/span>Vitamine D3<span class=\"ez-toc-section-end\"><\/span><\/h3>\n<p>La vitamine D3, ou chol\u00e9calcif\u00e9rol, est une vitamine liposoluble synth\u00e9tis\u00e9e par la peau lors de l\u2019exposition au soleil ou pr\u00e9sente dans certains aliments comme le poisson gras et les \u0153ufs. Elle joue un r\u00f4le cl\u00e9 dans la r\u00e9gulation du calcium et du phosphore, essentiels pour la sant\u00e9 osseuse. La vitamine D3 contribue aussi au bon fonctionnement du syst\u00e8me immunitaire.<\/p>\n<p>En mati\u00e8re de perte de poids, la vitamine D3 peut influencer la r\u00e9gulation de l\u2019app\u00e9tit et l\u2019\u00e9quilibre hormonal. Des \u00e9tudes sugg\u00e8rent qu\u2019un niveau optimal de vitamine D peut favoriser la sensibilit\u00e9 \u00e0 l\u2019insuline, r\u00e9duire la prise de poids et am\u00e9liorer la composition corporelle en aidant \u00e0 la r\u00e9gulation des hormones li\u00e9es \u00e0 la faim, comme la leptine.<\/p>\n<h3><span class=\"ez-toc-section\" id=\"Chrome\"><\/span>Chrome<span class=\"ez-toc-section-end\"><\/span><\/h3>\n<p>Le chrome est un oligo-\u00e9l\u00e9ment essentiel que l\u2019on trouve en petites quantit\u00e9s dans des aliments comme la viande, les c\u00e9r\u00e9ales compl\u00e8tes, les l\u00e9gumes et les fruits. Il est surtout connu pour son r\u00f4le dans le m\u00e9tabolisme du glucose en augmentant l\u2019efficacit\u00e9 de l\u2019insuline, une hormone cl\u00e9 pour la gestion de la glyc\u00e9mie. Le chrome contribue \u00e9galement \u00e0 la synth\u00e8se des lipides et des prot\u00e9ines.<\/p>\n<p>Dans le domaine de la perte de poids, le chrome est souvent utilis\u00e9 pour am\u00e9liorer la sensibilit\u00e9 \u00e0 l\u2019insuline, r\u00e9duire les envies de sucre et stabiliser la glyc\u00e9mie. Ces effets peuvent aider \u00e0 limiter les fringales, \u00e0 contr\u00f4ler l\u2019app\u00e9tit et \u00e0 favoriser une meilleure gestion du poids, en particulier chez les personnes souffrant de r\u00e9sistance \u00e0 l\u2019insuline ou de diab\u00e8te de type 2.<\/p>\n<h3><span class=\"ez-toc-section\" id=\"Biotine_vitamine_B7\"><\/span>Biotine (vitamine B7)<span class=\"ez-toc-section-end\"><\/span><\/h3>\n<p>La biotine, ou vitamine B7, est une vitamine hydrosoluble pr\u00e9sente dans de nombreux aliments comme les \u0153ufs, les noix, les graines et certains l\u00e9gumes. Elle est essentielle pour le m\u00e9tabolisme des glucides, des lipides et des prot\u00e9ines, jouant un r\u00f4le dans la synth\u00e8se de l\u2019\u00e9nergie et la sant\u00e9 de la peau, des cheveux et des ongles.<\/p>\n<p>Concernant la perte de poids, la biotine peut contribuer \u00e0 am\u00e9liorer le m\u00e9tabolisme \u00e9nerg\u00e9tique et favoriser la conversion des nutriments en \u00e9nergie. Bien que ses effets directs sur la perte de poids soient encore \u00e9tudi\u00e9s, une suppl\u00e9mentation ad\u00e9quate peut soutenir un m\u00e9tabolisme sain, augmenter la vitalit\u00e9 et aider \u00e0 maintenir une composition corporelle \u00e9quilibr\u00e9e lors d\u2019un r\u00e9gime.<\/p>\n<h3><span class=\"ez-toc-section\" id=\"Selenium\"><\/span>S\u00e9l\u00e9nium<span class=\"ez-toc-section-end\"><\/span><\/h3>\n<p>Le s\u00e9l\u00e9nium est un oligo-\u00e9l\u00e9ment essentiel que l\u2019on trouve dans les noix du Br\u00e9sil, les fruits de mer, la viande et les grains entiers. Il poss\u00e8de des propri\u00e9t\u00e9s antioxydantes puissantes, prot\u00e9geant les cellules contre le stress oxydatif et contribuant au bon fonctionnement du syst\u00e8me immunitaire. Le s\u00e9l\u00e9nium intervient \u00e9galement dans la r\u00e9gulation du m\u00e9tabolisme thyro\u00efdien, en \u00e9tant un composant cl\u00e9 des enzymes d\u00e9iodinases.<\/p>\n<p>En lien avec la perte de poids, le s\u00e9l\u00e9nium peut aider \u00e0 r\u00e9duire l\u2019inflammation et \u00e0 am\u00e9liorer le m\u00e9tabolisme \u00e9nerg\u00e9tique global. Son r\u00f4le dans la sant\u00e9 thyro\u00efdienne est particuli\u00e8rement important, car une thyro\u00efde fonctionnant normalement favorise un m\u00e9tabolisme \u00e9quilibr\u00e9, ce qui peut faciliter la gestion du poids et soutenir les efforts de perte de graisse.<\/p>\n<h2><span class=\"ez-toc-section\" id=\"Notice_%E2%80%93_Informations_pour_le_patient\"><\/span>Notice \u2013 Informations pour le patient<span class=\"ez-toc-section-end\"><\/span><\/h2>\n<h3><span class=\"ez-toc-section\" id=\"Nom_du_medicament\"><\/span>Nom du m\u00e9dicament<span class=\"ez-toc-section-end\"><\/span><\/h3>\n<p>LumiLean<\/p>\n<h3><span class=\"ez-toc-section\" id=\"Forme_pharmaceutique_et_presentation\"><\/span>Forme pharmaceutique et pr\u00e9sentation<span class=\"ez-toc-section-end\"><\/span><\/h3>\n<p>LumiLean se pr\u00e9sente sous forme de comprim\u00e9s pellicul\u00e9s. Chaque bo\u00eete contient g\u00e9n\u00e9ralement un flacon ou un blister avec un nombre d\u00e9termin\u00e9 de comprim\u00e9s, selon la posologie recommand\u00e9e.<\/p>\n<h3><span class=\"ez-toc-section\" id=\"Indications_therapeutiques\"><\/span>Indications th\u00e9rapeutiques<span class=\"ez-toc-section-end\"><\/span><\/h3>\n<p>Ce m\u00e9dicament est indiqu\u00e9 pour la gestion du poids chez les adultes en surcharge pond\u00e9rale ou ob\u00e9sit\u00e9 l\u00e9g\u00e8re \u00e0 mod\u00e9r\u00e9e, en compl\u00e9ment d\u2019un r\u00e9gime alimentaire \u00e9quilibr\u00e9 et d\u2019une activit\u00e9 physique adapt\u00e9e. Il vise \u00e0 aider \u00e0 r\u00e9duire la sensation de faim, \u00e0 contr\u00f4ler l\u2019app\u00e9tit et \u00e0 soutenir le m\u00e9tabolisme des graisses.<\/p>\n<h3><span class=\"ez-toc-section\" id=\"Contre-indications\"><\/span>Contre-indications<span class=\"ez-toc-section-end\"><\/span><\/h3>\n<p>LumiLean ne doit pas \u00eatre utilis\u00e9 en cas d\u2019allergie connue \u00e0 l\u2019un de ses composants. Il est contre-indiqu\u00e9 chez les personnes hypersensibles ou pr\u00e9sentant une r\u00e9action allergique \u00e0 l\u2019un des ingr\u00e9dients du m\u00e9dicament.<\/p>\n<h3><span class=\"ez-toc-section\" id=\"Effets_indesirables_possibles\"><\/span>Effets ind\u00e9sirables possibles<span class=\"ez-toc-section-end\"><\/span><\/h3>\n<p>Les r\u00e9actions allergiques peuvent inclure des \u00e9ruptions cutan\u00e9es, des d\u00e9mangeaisons, un gonflement du visage, des l\u00e8vres, de la langue ou de la gorge. En cas de manifestation de ces sympt\u00f4mes, il convient d\u2019arr\u00eater le traitement et de consulter un professionnel de sant\u00e9.<\/p>\n<h3><span class=\"ez-toc-section\" id=\"Interactions_avec_dautres_medicaments\"><\/span>Interactions avec d&rsquo;autres m\u00e9dicaments<span class=\"ez-toc-section-end\"><\/span><\/h3>\n<p>LumiLean peut \u00eatre utilis\u00e9 avec d\u2019autres m\u00e9dicaments, sauf en association avec l\u2019alcool, qui peut diminuer l\u2019efficacit\u00e9 du traitement ou augmenter le risque d\u2019effets ind\u00e9sirables.<\/p>\n<h3><span class=\"ez-toc-section\" id=\"Posologie_et_mode_dadministration\"><\/span>Posologie et mode d&rsquo;administration<span class=\"ez-toc-section-end\"><\/span><\/h3>\n<p>Il est recommand\u00e9 de prendre un comprim\u00e9 par jour, de pr\u00e9f\u00e9rence avant le repas principal, avec un verre d\u2019eau. Il ne doit pas \u00eatre m\u00e2ch\u00e9 ni \u00e9cras\u00e9. La prise doit \u00eatre r\u00e9guli\u00e8re et conforme aux instructions pour garantir l\u2019efficacit\u00e9 du traitement.<\/p>\n<h3><span class=\"ez-toc-section\" id=\"Duree_du_traitement\"><\/span>Dur\u00e9e du traitement<span class=\"ez-toc-section-end\"><\/span><\/h3>\n<p>La dur\u00e9e du traitement doit \u00eatre d\u00e9termin\u00e9e par un professionnel de sant\u00e9, g\u00e9n\u00e9ralement limit\u00e9e \u00e0 quelques semaines \u00e0 plusieurs mois, selon la r\u00e9ponse individuelle et les objectifs de perte de poids.<\/p>\n<h3><span class=\"ez-toc-section\" id=\"Mises_en_garde_et_precautions\"><\/span>Mises en garde et pr\u00e9cautions<span class=\"ez-toc-section-end\"><\/span><\/h3>\n<p>Aucune pr\u00e9caution particuli\u00e8re n\u2019est requise pour l\u2019utilisation de LumiLean. Cependant, il est d\u00e9conseill\u00e9 aux personnes de moins de 18 ans, ainsi qu\u2019aux femmes enceintes ou allaitantes sans avis m\u00e9dical.<\/p>\n<h3><span class=\"ez-toc-section\" id=\"Surdosage\"><\/span>Surdosage<span class=\"ez-toc-section-end\"><\/span><\/h3>\n<p>En cas de surdosage, il est important de respecter strictement la posologie recommand\u00e9e. En cas de prise accidentelle d\u2019une dose excessive, consulter imm\u00e9diatement un professionnel de sant\u00e9.<\/p>\n<h3><span class=\"ez-toc-section\" id=\"Date_de_peremption\"><\/span>Date de p\u00e9remption<span class=\"ez-toc-section-end\"><\/span><\/h3>\n<p>Ne pas utiliser apr\u00e8s la date de p\u00e9remption indiqu\u00e9e sur l\u2019emballage. La date de p\u00e9remption correspond au dernier jour du mois indiqu\u00e9.<\/p>\n<h3><span class=\"ez-toc-section\" id=\"Conditions_de_conservation\"><\/span>Conditions de conservation<span class=\"ez-toc-section-end\"><\/span><\/h3>\n<p>Conserver \u00e0 une temp\u00e9rature ambiante, ne d\u00e9passant pas 25\u202f\u00b0C, dans un endroit sec, \u00e0 l\u2019abri de la lumi\u00e8re et hors de la port\u00e9e des enfants.<\/p>\n<h2><span class=\"ez-toc-section\" id=\"LumiLean_%E2%80%93_Avis_Doctissimo_y_compris_negatifs_et_forum_commentaires\"><\/span>LumiLean \u2013 Avis Doctissimo, y compris n\u00e9gatifs et forum commentaires<span class=\"ez-toc-section-end\"><\/span><\/h2>\n<p>Les retours des utilisateurs sur les r\u00e9seaux sociaux et les forums comme Doctissimo sont globalement positifs, ce qui t\u00e9moigne de l\u2019int\u00e9r\u00eat que suscite ce compl\u00e9ment dans le cadre de la perte de poids. Beaucoup de personnes rapportent que le produit leur a permis de mieux contr\u00f4ler leur app\u00e9tit, de r\u00e9duire leurs envies de grignotage et de constater une perte de poids progressive lorsqu\u2019il est associ\u00e9 \u00e0 une alimentation \u00e9quilibr\u00e9e et \u00e0 une activit\u00e9 physique r\u00e9guli\u00e8re. La majorit\u00e9 des t\u00e9moignages mettent en avant la facilit\u00e9 d\u2019utilisation et la sensation de sati\u00e9t\u00e9 prolong\u00e9e, ce qui facilite le respect d\u2019un r\u00e9gime restrictif.<\/p>\n<p>Cependant, certains utilisateurs partagent des avis plus mitig\u00e9s ou n\u00e9gatifs, \u00e9voquant notamment l\u2019absence de r\u00e9sultats significatifs ou une r\u00e9action allergique \u00e0 certains composants. D\u2019autres mentionnent que l\u2019efficacit\u00e9 de LumiLean peut varier selon les individus et que pour certains, il n\u2019a pas permis d\u2019atteindre leurs objectifs de perte de poids. Malgr\u00e9 ces quelques retours critiques, la tendance g\u00e9n\u00e9rale reste favorable, avec une majorit\u00e9 de t\u00e9moignages soulignant la satisfaction quant \u00e0 l\u2019aide apport\u00e9e dans leur d\u00e9marche de gestion du poids.<\/p>\n<h2><span class=\"ez-toc-section\" id=\"Ou_acheter_LumiLean_en_ligne_en_France_Belgique_Suisse_et_Luxembourg_avec_une_livraison_rapide\"><\/span>O\u00f9 acheter LumiLean en ligne en France, Belgique, Suisse et Luxembourg avec une livraison rapide<span class=\"ez-toc-section-end\"><\/span><\/h2>\n<p>LumiLean est disponible \u00e0 l\u2019achat exclusivement dans notre pharmacie en ligne &quot;Pharmacie Vivre Sainement&quot;, qui b\u00e9n\u00e9ficie d\u2019un contrat direct avec le fabricant. En tant que partenaire officiel, nous garantissons l&#039;authenticit\u00e9 du produit, sa qualit\u00e9 et une livraison rapide dans toute la France, la Belgique, la Suisse et le Luxembourg.<\/p>\n<h3><span class=\"ez-toc-section\" id=\"Prix\"><\/span>Prix<span class=\"ez-toc-section-end\"><\/span><\/h3>\n<p>Le prix de LumiLean s\u2019\u00e9l\u00e8ve \u00e0 33 euros dans tous ces pays. Actuellement, des promotions sp\u00e9ciales sont en cours, avec des r\u00e9ductions allant de 30 % \u00e0 50 % sur votre premi\u00e8re commande, pour vous permettre de tester ce compl\u00e9ment \u00e0 un prix avantageux.<\/p>\n<h3><span class=\"ez-toc-section\" id=\"Acheter_a_la_pharmacie\"><\/span>Acheter \u00e0 la pharmacie<span class=\"ez-toc-section-end\"><\/span><\/h3>\n<p>Il est possible d\u2019acheter LumiLean sans ordonnance directement sur notre site \u00ab\u00a0Vivre Sainement\u00a0\u00bb. Il est important de noter que ce produit ne peut pas \u00eatre achet\u00e9 dans d\u2019autres pharmacies en ligne ou en pharmacie physique telles que Atida, DocMorris, DM ou Pharma GDD, car il est actuellement distribu\u00e9 en quantit\u00e9 limit\u00e9e uniquement dans quelques pharmacies s\u00e9lectionn\u00e9es. \u00c9vitez \u00e9galement d\u2019acheter ce produit sur des marketplaces comme Amazon ou dans des magasins Carrefour, car il existe un risque de contrefa\u00e7on.<\/p>\n<h3><span class=\"ez-toc-section\" id=\"Modes_de_paiement_et_de_livraison\"><\/span>Modes de paiement et de livraison<span class=\"ez-toc-section-end\"><\/span><\/h3>\n<p>La livraison est assur\u00e9e par des services courier dans tous les pays europ\u00e9ens, y compris la France, la Suisse, la Belgique et le Luxembourg. Pour votre confort et votre s\u00e9curit\u00e9, vous pouvez payer \u00e0 la livraison (paiement \u00e0 r\u00e9ception) ou par carte bancaire, Apple Pay ou Google Pay, garantissant une transaction simple et s\u00e9curis\u00e9e.<\/p>\n<h2><span class=\"ez-toc-section\" id=\"FAQ_Questions_frequentes\"><\/span>FAQ : Questions fr\u00e9quentes<span class=\"ez-toc-section-end\"><\/span><\/h2>\n<div class=\"wp-faq-schema-wrap wp-faq-schema-accordion\">\n<div class=\"wp-faq-schema-items ui-accordion ui-widget ui-helper-reset\" role=\"tablist\">\n<h3 class=\"ui-accordion-header ui-corner-top ui-state-default ui-accordion-icons\" role=\"tab\" id=\"ui-id-1\" aria-controls=\"ui-id-2\" aria-expanded=\"false\"><span class=\"ez-toc-section\" id=\"Quels_sont_les_ingredients_principaux_contenus_dans_les_comprimes_LumiLean\"><\/span>\n  Quels sont les ingr\u00e9dients principaux contenus dans les comprim\u00e9s LumiLean ?<br \/>\n  <span class=\"ez-toc-section-end\"><\/span><\/h3>\n<div class=\"ui-accordion-content ui-corner-bottom ui-helper-reset ui-widget-content\" id=\"ui-id-2\" aria-labelledby=\"ui-id-1\" role=\"tabpanel\" aria-hidden=\"true\">\n<p>Les comprim\u00e9s LumiLean contiennent du calcium, du magn\u00e9sium, de l&rsquo;extrait de cannelle, de la berb\u00e9rine, de la vitamine E, de l&rsquo;extrait de riz rouge, de la vitamine B3, de l&rsquo;extrait de fenugrec, de la vitamine D3, du chrome, de la biotine et du s\u00e9l\u00e9nium.<\/p>\n<\/p><\/div>\n<h3 class=\"ui-accordion-header ui-corner-top ui-state-default ui-accordion-icons\" role=\"tab\" id=\"ui-id-3\" aria-controls=\"ui-id-4\" aria-expanded=\"false\"><span class=\"ez-toc-section\" id=\"Est-ce_que_LumiLean_est_efficace_pour_perdre_du_poids\"><\/span>\n  Est-ce que LumiLean est efficace pour perdre du poids ?<br \/>\n  <span class=\"ez-toc-section-end\"><\/span><\/h3>\n<div class=\"ui-accordion-content ui-corner-bottom ui-helper-reset ui-widget-content\" id=\"ui-id-4\" aria-labelledby=\"ui-id-3\" role=\"tabpanel\" aria-hidden=\"true\">\n<p>LumiLean est con\u00e7u pour soutenir la perte de poids en combinant plusieurs ingr\u00e9dients naturels, mais son efficacit\u00e9 peut varier selon chaque personne et un mode de vie \u00e9quilibr\u00e9 est \u00e9galement important.<\/p>\n<\/p><\/div>\n<h3 class=\"ui-accordion-header ui-corner-top ui-state-default ui-accordion-icons\" role=\"tab\" id=\"ui-id-5\" aria-controls=\"ui-id-6\" aria-expanded=\"false\"><span class=\"ez-toc-section\" id=\"Y_a-t-il_des_precautions_a_prendre_avant_de_prendre_LumiLean\"><\/span>\n  Y a-t-il des pr\u00e9cautions \u00e0 prendre avant de prendre LumiLean ?<br \/>\n  <span class=\"ez-toc-section-end\"><\/span><\/h3>\n<div class=\"ui-accordion-content ui-corner-bottom ui-helper-reset ui-widget-content\" id=\"ui-id-6\" aria-labelledby=\"ui-id-5\" role=\"tabpanel\" aria-hidden=\"true\">\n<p>Il est conseill\u00e9 de consulter un m\u00e9decin avant de commencer \u00e0 prendre LumiLean, surtout si vous avez des probl\u00e8mes de sant\u00e9 ou si vous prenez d&rsquo;autres m\u00e9dicaments.<\/p>\n<\/p><\/div>\n<h3 class=\"ui-accordion-header ui-corner-top ui-state-default ui-accordion-icons\" role=\"tab\" id=\"ui-id-7\" aria-controls=\"ui-id-8\" aria-expanded=\"false\"><span class=\"ez-toc-section\" id=\"Combien_coute_le_traitement_avec_LumiLean\"><\/span>\n  Combien co\u00fbte le traitement avec LumiLean ?<br \/>\n  <span class=\"ez-toc-section-end\"><\/span><\/h3>\n<div class=\"ui-accordion-content ui-corner-bottom ui-helper-reset ui-widget-content\" id=\"ui-id-8\" aria-labelledby=\"ui-id-7\" role=\"tabpanel\" aria-hidden=\"true\">\n<p>Le prix de LumiLean est d&rsquo;environ 33 euros.<\/p>\n<\/p><\/div>\n<h3 class=\"ui-accordion-header ui-corner-top ui-state-default ui-accordion-icons\" role=\"tab\" id=\"ui-id-9\" aria-controls=\"ui-id-10\" aria-expanded=\"false\"><span class=\"ez-toc-section\" id=\"Est-ce_que_LumiLean_peut_etre_utilise_par_tout_le_monde\"><\/span>\n  Est-ce que LumiLean peut \u00eatre utilis\u00e9 par tout le monde ?<br \/>\n  <span class=\"ez-toc-section-end\"><\/span><\/h3>\n<div class=\"ui-accordion-content ui-corner-bottom ui-helper-reset ui-widget-content\" id=\"ui-id-10\" aria-labelledby=\"ui-id-9\" role=\"tabpanel\" aria-hidden=\"true\">\n<p>Il est pr\u00e9f\u00e9rable de v\u00e9rifier avec un professionnel de sant\u00e9 si LumiLean convient \u00e0 votre situation, notamment si vous \u00eates enceinte, allaitante ou si vous avez des allergies.<\/p>\n<\/p><\/div>\n<\/div>\n<\/div>\n","protected":false},"excerpt":{"rendered":"<p>Qu\u2019est-ce que LumiLean et quelles sont ses indications\u202f? LumiLean est un compl\u00e9ment alimentaire sous forme de comprim\u00e9s con\u00e7u pour aider [&hellip;]<\/p>\n","protected":false},"featured_media":89,"comment_status":"open","ping_status":"closed","template":"","meta":{"site-sidebar-layout":"default","site-content-layout":"","ast-site-content-layout":"default","site-content-style":"default","site-sidebar-style":"default","ast-global-header-display":"","ast-banner-title-visibility":"","ast-main-header-display":"","ast-hfb-above-header-display":"","ast-hfb-below-header-display":"","ast-hfb-mobile-header-display":"","site-post-title":"","ast-breadcrumbs-content":"","ast-featured-img":"","footer-sml-layout":"","ast-disable-related-posts":"","theme-transparent-header-meta":"","adv-header-id-meta":"","stick-header-meta":"","header-above-stick-meta":"","header-main-stick-meta":"","header-below-stick-meta":"","astra-migrate-meta-layouts":"default","ast-page-background-enabled":"default","ast-page-background-meta":{"desktop":{"background-color":"var(--ast-global-color-5)","background-image":"","background-repeat":"repeat","background-position":"center center","background-size":"auto","background-attachment":"scroll","background-type":"","background-media":"","overlay-type":"","overlay-color":"","overlay-opacity":"","overlay-gradient":""},"tablet":{"background-color":"","background-image":"","background-repeat":"repeat","background-position":"center center","background-size":"auto","background-attachment":"scroll","background-type":"","background-media":"","overlay-type":"","overlay-color":"","overlay-opacity":"","overlay-gradient":""},"mobile":{"background-color":"","background-image":"","background-repeat":"repeat","background-position":"center center","background-size":"auto","background-attachment":"scroll","background-type":"","background-media":"","overlay-type":"","overlay-color":"","overlay-opacity":"","overlay-gradient":""}},"ast-content-background-meta":{"desktop":{"background-color":"var(--ast-global-color-4)","background-image":"","background-repeat":"repeat","background-position":"center center","background-size":"auto","background-attachment":"scroll","background-type":"","background-media":"","overlay-type":"","overlay-color":"","overlay-opacity":"","overlay-gradient":""},"tablet":{"background-color":"var(--ast-global-color-4)","background-image":"","background-repeat":"repeat","background-position":"center center","background-size":"auto","background-attachment":"scroll","background-type":"","background-media":"","overlay-type":"","overlay-color":"","overlay-opacity":"","overlay-gradient":""},"mobile":{"background-color":"var(--ast-global-color-4)","background-image":"","background-repeat":"repeat","background-position":"center center","background-size":"auto","background-attachment":"scroll","background-type":"","background-media":"","overlay-type":"","overlay-color":"","overlay-opacity":"","overlay-gradient":""}}},"product_brand":[],"product_cat":[16],"product_tag":[],"class_list":{"0":"post-90","1":"product","2":"type-product","3":"status-publish","4":"has-post-thumbnail","6":"product_cat-controle-du-poids-et-minceur","7":"desktop-align-left","8":"tablet-align-left","9":"mobile-align-left","11":"first","12":"instock","13":"sale","14":"shipping-taxable","15":"product-type-external"},"yoast_head":"<!-- This site is optimized with the Yoast SEO plugin v27.5 - https:\/\/yoast.com\/product\/yoast-seo-wordpress\/ -->\n<title>LumiLean \u2013 Prix, Notice, Composition et Avis Doctissimo \u2764\ufe0f Pharmacie Vivre Sainement<\/title>\n<meta name=\"description\" content=\"\u274c LumiLean comprim\u00e9s - D\u00e9couvrez sa composition, son prix, les avis (positifs et n\u00e9gatifs), et o\u00f9 l\u2019acheter en toute s\u00e9curit\u00e9 en pharmacie en ligne. Est-ce un produit fiable ou une arnaque ?\" \/>\n<meta name=\"robots\" content=\"index, follow, max-snippet:-1, max-image-preview:large, max-video-preview:-1\" \/>\n<link rel=\"canonical\" href=\"https:\/\/www.vivre-covid19.fr\/pharmacie\/medicament\/lumilean-comprimes-pour-la-perte-de-poids\/\" \/>\n<meta property=\"og:locale\" content=\"fr_FR\" \/>\n<meta property=\"og:type\" content=\"article\" \/>\n<meta property=\"og:title\" content=\"LumiLean \u2013 Prix, Notice, Composition et Avis Doctissimo \u2764\ufe0f Pharmacie Vivre Sainement\" \/>\n<meta property=\"og:description\" content=\"\u274c LumiLean comprim\u00e9s - D\u00e9couvrez sa composition, son prix, les avis (positifs et n\u00e9gatifs), et o\u00f9 l\u2019acheter en toute s\u00e9curit\u00e9 en pharmacie en ligne. Est-ce un produit fiable ou une arnaque ?\" \/>\n<meta property=\"og:url\" content=\"https:\/\/www.vivre-covid19.fr\/pharmacie\/medicament\/lumilean-comprimes-pour-la-perte-de-poids\/\" \/>\n<meta property=\"og:site_name\" content=\"Pharmacie Vivre Sainement\" \/>\n<meta property=\"article:modified_time\" content=\"2025-05-14T18:17:52+00:00\" \/>\n<meta property=\"og:image\" content=\"https:\/\/www.vivre-covid19.fr\/pharmacie\/wp-content\/uploads\/2025\/05\/lumilean.webp\" \/>\n\t<meta property=\"og:image:width\" content=\"600\" \/>\n\t<meta property=\"og:image:height\" content=\"600\" \/>\n\t<meta property=\"og:image:type\" content=\"image\/webp\" \/>\n<meta name=\"twitter:card\" content=\"summary_large_image\" \/>\n<meta name=\"twitter:label1\" content=\"Dur\u00e9e de lecture estim\u00e9e\" \/>\n\t<meta name=\"twitter:data1\" content=\"15 minutes\" \/>\n<script type=\"application\/ld+json\" class=\"yoast-schema-graph\">{\"@context\":\"https:\\\/\\\/schema.org\",\"@graph\":[{\"@type\":\"WebPage\",\"@id\":\"https:\\\/\\\/www.vivre-covid19.fr\\\/pharmacie\\\/medicament\\\/lumilean-comprimes-pour-la-perte-de-poids\\\/\",\"url\":\"https:\\\/\\\/www.vivre-covid19.fr\\\/pharmacie\\\/medicament\\\/lumilean-comprimes-pour-la-perte-de-poids\\\/\",\"name\":\"LumiLean \u2013 Prix, Notice, Composition et Avis Doctissimo \u2764\ufe0f Pharmacie Vivre Sainement\",\"isPartOf\":{\"@id\":\"https:\\\/\\\/www.vivre-covid19.fr\\\/pharmacie\\\/#website\"},\"primaryImageOfPage\":{\"@id\":\"https:\\\/\\\/www.vivre-covid19.fr\\\/pharmacie\\\/medicament\\\/lumilean-comprimes-pour-la-perte-de-poids\\\/#primaryimage\"},\"image\":{\"@id\":\"https:\\\/\\\/www.vivre-covid19.fr\\\/pharmacie\\\/medicament\\\/lumilean-comprimes-pour-la-perte-de-poids\\\/#primaryimage\"},\"thumbnailUrl\":\"https:\\\/\\\/www.vivre-covid19.fr\\\/pharmacie\\\/wp-content\\\/uploads\\\/2025\\\/05\\\/lumilean.webp\",\"datePublished\":\"2025-05-14T18:17:34+00:00\",\"dateModified\":\"2025-05-14T18:17:52+00:00\",\"description\":\"\u274c LumiLean comprim\u00e9s - D\u00e9couvrez sa composition, son prix, les avis (positifs et n\u00e9gatifs), et o\u00f9 l\u2019acheter en toute s\u00e9curit\u00e9 en pharmacie en ligne. Est-ce un produit fiable ou une arnaque ?\",\"breadcrumb\":{\"@id\":\"https:\\\/\\\/www.vivre-covid19.fr\\\/pharmacie\\\/medicament\\\/lumilean-comprimes-pour-la-perte-de-poids\\\/#breadcrumb\"},\"inLanguage\":\"fr-FR\",\"potentialAction\":[{\"@type\":\"ReadAction\",\"target\":[\"https:\\\/\\\/www.vivre-covid19.fr\\\/pharmacie\\\/medicament\\\/lumilean-comprimes-pour-la-perte-de-poids\\\/\"]}]},{\"@type\":\"ImageObject\",\"inLanguage\":\"fr-FR\",\"@id\":\"https:\\\/\\\/www.vivre-covid19.fr\\\/pharmacie\\\/medicament\\\/lumilean-comprimes-pour-la-perte-de-poids\\\/#primaryimage\",\"url\":\"https:\\\/\\\/www.vivre-covid19.fr\\\/pharmacie\\\/wp-content\\\/uploads\\\/2025\\\/05\\\/lumilean.webp\",\"contentUrl\":\"https:\\\/\\\/www.vivre-covid19.fr\\\/pharmacie\\\/wp-content\\\/uploads\\\/2025\\\/05\\\/lumilean.webp\",\"width\":600,\"height\":600},{\"@type\":\"BreadcrumbList\",\"@id\":\"https:\\\/\\\/www.vivre-covid19.fr\\\/pharmacie\\\/medicament\\\/lumilean-comprimes-pour-la-perte-de-poids\\\/#breadcrumb\",\"itemListElement\":[{\"@type\":\"ListItem\",\"position\":1,\"name\":\"\u0413\u043b\u0430\u0432\u043d\u0430\u044f \u0441\u0442\u0440\u0430\u043d\u0438\u0446\u0430\",\"item\":\"https:\\\/\\\/www.vivre-covid19.fr\\\/pharmacie\\\/\"},{\"@type\":\"ListItem\",\"position\":2,\"name\":\"Pharmacie Vivre Sainement\",\"item\":\"https:\\\/\\\/www.vivre-covid19.fr\\\/pharmacie\\\/\"},{\"@type\":\"ListItem\",\"position\":3,\"name\":\"LumiLean comprim\u00e9s pour la perte de poids\"}]},{\"@type\":\"WebSite\",\"@id\":\"https:\\\/\\\/www.vivre-covid19.fr\\\/pharmacie\\\/#website\",\"url\":\"https:\\\/\\\/www.vivre-covid19.fr\\\/pharmacie\\\/\",\"name\":\"Pharmacie Vivre Sainement\",\"description\":\"\",\"publisher\":{\"@id\":\"https:\\\/\\\/www.vivre-covid19.fr\\\/pharmacie\\\/#organization\"},\"potentialAction\":[{\"@type\":\"SearchAction\",\"target\":{\"@type\":\"EntryPoint\",\"urlTemplate\":\"https:\\\/\\\/www.vivre-covid19.fr\\\/pharmacie\\\/?s={search_term_string}\"},\"query-input\":{\"@type\":\"PropertyValueSpecification\",\"valueRequired\":true,\"valueName\":\"search_term_string\"}}],\"inLanguage\":\"fr-FR\"},{\"@type\":\"Organization\",\"@id\":\"https:\\\/\\\/www.vivre-covid19.fr\\\/pharmacie\\\/#organization\",\"name\":\"Pharmacie Vivre Sainement\",\"url\":\"https:\\\/\\\/www.vivre-covid19.fr\\\/pharmacie\\\/\",\"logo\":{\"@type\":\"ImageObject\",\"inLanguage\":\"fr-FR\",\"@id\":\"https:\\\/\\\/www.vivre-covid19.fr\\\/pharmacie\\\/#\\\/schema\\\/logo\\\/image\\\/\",\"url\":\"https:\\\/\\\/www.vivre-covid19.fr\\\/pharmacie\\\/wp-content\\\/uploads\\\/2025\\\/05\\\/farmacia.png\",\"contentUrl\":\"https:\\\/\\\/www.vivre-covid19.fr\\\/pharmacie\\\/wp-content\\\/uploads\\\/2025\\\/05\\\/farmacia.png\",\"width\":1151,\"height\":1280,\"caption\":\"Pharmacie Vivre Sainement\"},\"image\":{\"@id\":\"https:\\\/\\\/www.vivre-covid19.fr\\\/pharmacie\\\/#\\\/schema\\\/logo\\\/image\\\/\"}}]}<\/script>\n<!-- \/ Yoast SEO plugin. -->","yoast_head_json":{"title":"LumiLean \u2013 Prix, Notice, Composition et Avis Doctissimo \u2764\ufe0f Pharmacie Vivre Sainement","description":"\u274c LumiLean comprim\u00e9s - D\u00e9couvrez sa composition, son prix, les avis (positifs et n\u00e9gatifs), et o\u00f9 l\u2019acheter en toute s\u00e9curit\u00e9 en pharmacie en ligne. Est-ce un produit fiable ou une arnaque ?","robots":{"index":"index","follow":"follow","max-snippet":"max-snippet:-1","max-image-preview":"max-image-preview:large","max-video-preview":"max-video-preview:-1"},"canonical":"https:\/\/www.vivre-covid19.fr\/pharmacie\/medicament\/lumilean-comprimes-pour-la-perte-de-poids\/","og_locale":"fr_FR","og_type":"article","og_title":"LumiLean \u2013 Prix, Notice, Composition et Avis Doctissimo \u2764\ufe0f Pharmacie Vivre Sainement","og_description":"\u274c LumiLean comprim\u00e9s - D\u00e9couvrez sa composition, son prix, les avis (positifs et n\u00e9gatifs), et o\u00f9 l\u2019acheter en toute s\u00e9curit\u00e9 en pharmacie en ligne. Est-ce un produit fiable ou une arnaque ?","og_url":"https:\/\/www.vivre-covid19.fr\/pharmacie\/medicament\/lumilean-comprimes-pour-la-perte-de-poids\/","og_site_name":"Pharmacie Vivre Sainement","article_modified_time":"2025-05-14T18:17:52+00:00","og_image":[{"width":600,"height":600,"url":"https:\/\/www.vivre-covid19.fr\/pharmacie\/wp-content\/uploads\/2025\/05\/lumilean.webp","type":"image\/webp"}],"twitter_card":"summary_large_image","twitter_misc":{"Dur\u00e9e de lecture estim\u00e9e":"15 minutes"},"schema":{"@context":"https:\/\/schema.org","@graph":[{"@type":"WebPage","@id":"https:\/\/www.vivre-covid19.fr\/pharmacie\/medicament\/lumilean-comprimes-pour-la-perte-de-poids\/","url":"https:\/\/www.vivre-covid19.fr\/pharmacie\/medicament\/lumilean-comprimes-pour-la-perte-de-poids\/","name":"LumiLean \u2013 Prix, Notice, Composition et Avis Doctissimo \u2764\ufe0f Pharmacie Vivre Sainement","isPartOf":{"@id":"https:\/\/www.vivre-covid19.fr\/pharmacie\/#website"},"primaryImageOfPage":{"@id":"https:\/\/www.vivre-covid19.fr\/pharmacie\/medicament\/lumilean-comprimes-pour-la-perte-de-poids\/#primaryimage"},"image":{"@id":"https:\/\/www.vivre-covid19.fr\/pharmacie\/medicament\/lumilean-comprimes-pour-la-perte-de-poids\/#primaryimage"},"thumbnailUrl":"https:\/\/www.vivre-covid19.fr\/pharmacie\/wp-content\/uploads\/2025\/05\/lumilean.webp","datePublished":"2025-05-14T18:17:34+00:00","dateModified":"2025-05-14T18:17:52+00:00","description":"\u274c LumiLean comprim\u00e9s - D\u00e9couvrez sa composition, son prix, les avis (positifs et n\u00e9gatifs), et o\u00f9 l\u2019acheter en toute s\u00e9curit\u00e9 en pharmacie en ligne. Est-ce un produit fiable ou une arnaque ?","breadcrumb":{"@id":"https:\/\/www.vivre-covid19.fr\/pharmacie\/medicament\/lumilean-comprimes-pour-la-perte-de-poids\/#breadcrumb"},"inLanguage":"fr-FR","potentialAction":[{"@type":"ReadAction","target":["https:\/\/www.vivre-covid19.fr\/pharmacie\/medicament\/lumilean-comprimes-pour-la-perte-de-poids\/"]}]},{"@type":"ImageObject","inLanguage":"fr-FR","@id":"https:\/\/www.vivre-covid19.fr\/pharmacie\/medicament\/lumilean-comprimes-pour-la-perte-de-poids\/#primaryimage","url":"https:\/\/www.vivre-covid19.fr\/pharmacie\/wp-content\/uploads\/2025\/05\/lumilean.webp","contentUrl":"https:\/\/www.vivre-covid19.fr\/pharmacie\/wp-content\/uploads\/2025\/05\/lumilean.webp","width":600,"height":600},{"@type":"BreadcrumbList","@id":"https:\/\/www.vivre-covid19.fr\/pharmacie\/medicament\/lumilean-comprimes-pour-la-perte-de-poids\/#breadcrumb","itemListElement":[{"@type":"ListItem","position":1,"name":"\u0413\u043b\u0430\u0432\u043d\u0430\u044f \u0441\u0442\u0440\u0430\u043d\u0438\u0446\u0430","item":"https:\/\/www.vivre-covid19.fr\/pharmacie\/"},{"@type":"ListItem","position":2,"name":"Pharmacie Vivre Sainement","item":"https:\/\/www.vivre-covid19.fr\/pharmacie\/"},{"@type":"ListItem","position":3,"name":"LumiLean comprim\u00e9s pour la perte de poids"}]},{"@type":"WebSite","@id":"https:\/\/www.vivre-covid19.fr\/pharmacie\/#website","url":"https:\/\/www.vivre-covid19.fr\/pharmacie\/","name":"Pharmacie Vivre Sainement","description":"","publisher":{"@id":"https:\/\/www.vivre-covid19.fr\/pharmacie\/#organization"},"potentialAction":[{"@type":"SearchAction","target":{"@type":"EntryPoint","urlTemplate":"https:\/\/www.vivre-covid19.fr\/pharmacie\/?s={search_term_string}"},"query-input":{"@type":"PropertyValueSpecification","valueRequired":true,"valueName":"search_term_string"}}],"inLanguage":"fr-FR"},{"@type":"Organization","@id":"https:\/\/www.vivre-covid19.fr\/pharmacie\/#organization","name":"Pharmacie Vivre Sainement","url":"https:\/\/www.vivre-covid19.fr\/pharmacie\/","logo":{"@type":"ImageObject","inLanguage":"fr-FR","@id":"https:\/\/www.vivre-covid19.fr\/pharmacie\/#\/schema\/logo\/image\/","url":"https:\/\/www.vivre-covid19.fr\/pharmacie\/wp-content\/uploads\/2025\/05\/farmacia.png","contentUrl":"https:\/\/www.vivre-covid19.fr\/pharmacie\/wp-content\/uploads\/2025\/05\/farmacia.png","width":1151,"height":1280,"caption":"Pharmacie Vivre Sainement"},"image":{"@id":"https:\/\/www.vivre-covid19.fr\/pharmacie\/#\/schema\/logo\/image\/"}}]}},"_links":{"self":[{"href":"https:\/\/www.vivre-covid19.fr\/pharmacie\/wp-json\/wp\/v2\/product\/90","targetHints":{"allow":["GET"]}}],"collection":[{"href":"https:\/\/www.vivre-covid19.fr\/pharmacie\/wp-json\/wp\/v2\/product"}],"about":[{"href":"https:\/\/www.vivre-covid19.fr\/pharmacie\/wp-json\/wp\/v2\/types\/product"}],"replies":[{"embeddable":true,"href":"https:\/\/www.vivre-covid19.fr\/pharmacie\/wp-json\/wp\/v2\/comments?post=90"}],"wp:featuredmedia":[{"embeddable":true,"href":"https:\/\/www.vivre-covid19.fr\/pharmacie\/wp-json\/wp\/v2\/media\/89"}],"wp:attachment":[{"href":"https:\/\/www.vivre-covid19.fr\/pharmacie\/wp-json\/wp\/v2\/media?parent=90"}],"wp:term":[{"taxonomy":"product_brand","embeddable":true,"href":"https:\/\/www.vivre-covid19.fr\/pharmacie\/wp-json\/wp\/v2\/product_brand?post=90"},{"taxonomy":"product_cat","embeddable":true,"href":"https:\/\/www.vivre-covid19.fr\/pharmacie\/wp-json\/wp\/v2\/product_cat?post=90"},{"taxonomy":"product_tag","embeddable":true,"href":"https:\/\/www.vivre-covid19.fr\/pharmacie\/wp-json\/wp\/v2\/product_tag?post=90"}],"curies":[{"name":"wp","href":"https:\/\/api.w.org\/{rel}","templated":true}]}}