{"id":952,"date":"2025-09-24T16:44:44","date_gmt":"2025-09-24T14:44:44","guid":{"rendered":"https:\/\/www.vivre-covid19.fr\/pharmacie\/medicament\/varicold-gel-flacon-de-50-ml\/"},"modified":"2025-09-24T16:44:56","modified_gmt":"2025-09-24T14:44:56","slug":"varicold-gel-flacon-de-50-ml","status":"publish","type":"product","link":"https:\/\/www.vivre-covid19.fr\/pharmacie\/medicament\/varicold-gel-flacon-de-50-ml\/","title":{"rendered":"Varicold gel, flacon de 50 ml"},"content":{"rendered":"<div id=\"ez-toc-container\" class=\"ez-toc-v2_0_82_2 counter-hierarchy ez-toc-counter ez-toc-grey ez-toc-container-direction\">\n<div class=\"ez-toc-title-container\">\n<p class=\"ez-toc-title\" style=\"cursor:inherit\">Table des mati\u00e8res<\/p>\n<span class=\"ez-toc-title-toggle\"><a href=\"#\" class=\"ez-toc-pull-right ez-toc-btn ez-toc-btn-xs ez-toc-btn-default ez-toc-toggle\" aria-label=\"Toggle Table of Content\"><span class=\"ez-toc-js-icon-con\"><span class=\"\"><span class=\"eztoc-hide\" style=\"display:none;\">Toggle<\/span><span class=\"ez-toc-icon-toggle-span\"><svg style=\"fill: #999;color:#999\" xmlns=\"http:\/\/www.w3.org\/2000\/svg\" class=\"list-377408\" width=\"20px\" height=\"20px\" viewBox=\"0 0 24 24\" fill=\"none\"><path d=\"M6 6H4v2h2V6zm14 0H8v2h12V6zM4 11h2v2H4v-2zm16 0H8v2h12v-2zM4 16h2v2H4v-2zm16 0H8v2h12v-2z\" fill=\"currentColor\"><\/path><\/svg><svg style=\"fill: #999;color:#999\" class=\"arrow-unsorted-368013\" xmlns=\"http:\/\/www.w3.org\/2000\/svg\" width=\"10px\" height=\"10px\" viewBox=\"0 0 24 24\" version=\"1.2\" baseProfile=\"tiny\"><path d=\"M18.2 9.3l-6.2-6.3-6.2 6.3c-.2.2-.3.4-.3.7s.1.5.3.7c.2.2.4.3.7.3h11c.3 0 .5-.1.7-.3.2-.2.3-.5.3-.7s-.1-.5-.3-.7zM5.8 14.7l6.2 6.3 6.2-6.3c.2-.2.3-.5.3-.7s-.1-.5-.3-.7c-.2-.2-.4-.3-.7-.3h-11c-.3 0-.5.1-.7.3-.2.2-.3.5-.3.7s.1.5.3.7z\"\/><\/svg><\/span><\/span><\/span><\/a><\/span><\/div>\n<nav><ul class='ez-toc-list ez-toc-list-level-1 ' ><li class='ez-toc-page-1 ez-toc-heading-level-2'><a class=\"ez-toc-link ez-toc-heading-1\" href=\"https:\/\/www.vivre-covid19.fr\/pharmacie\/medicament\/varicold-gel-flacon-de-50-ml\/#Quest-ce_que_Varicold_et_quelles_sont_ses_indications%E2%80%AF\" >Qu\u2019est-ce que Varicold et quelles sont ses indications\u202f?<\/a><\/li><li class='ez-toc-page-1 ez-toc-heading-level-2'><a class=\"ez-toc-link ez-toc-heading-2\" href=\"https:\/\/www.vivre-covid19.fr\/pharmacie\/medicament\/varicold-gel-flacon-de-50-ml\/#Indications_therapeutiques_de_Varicold\" >Indications th\u00e9rapeutiques de Varicold<\/a><\/li><li class='ez-toc-page-1 ez-toc-heading-level-2'><a class=\"ez-toc-link ez-toc-heading-3\" href=\"https:\/\/www.vivre-covid19.fr\/pharmacie\/medicament\/varicold-gel-flacon-de-50-ml\/#Composition_de_Varicold_principes_actifs_et_autres_composants\" >Composition de Varicold : principes actifs et autres composants<\/a><ul class='ez-toc-list-level-3' ><li class='ez-toc-heading-level-3'><a class=\"ez-toc-link ez-toc-heading-4\" href=\"https:\/\/www.vivre-covid19.fr\/pharmacie\/medicament\/varicold-gel-flacon-de-50-ml\/#Hydroxyethylcellulose\" >Hydroxy\u00e9thylcellulose<\/a><\/li><li class='ez-toc-page-1 ez-toc-heading-level-3'><a class=\"ez-toc-link ez-toc-heading-5\" href=\"https:\/\/www.vivre-covid19.fr\/pharmacie\/medicament\/varicold-gel-flacon-de-50-ml\/#Centella_Asiatica\" >Centella Asiatica<\/a><\/li><li class='ez-toc-page-1 ez-toc-heading-level-3'><a class=\"ez-toc-link ez-toc-heading-6\" href=\"https:\/\/www.vivre-covid19.fr\/pharmacie\/medicament\/varicold-gel-flacon-de-50-ml\/#Extrait_de_marronnier_dInde_Aesculus_hippocastanum\" >Extrait de marronnier d\u2019Inde (Aesculus hippocastanum)<\/a><\/li><li class='ez-toc-page-1 ez-toc-heading-level-3'><a class=\"ez-toc-link ez-toc-heading-7\" href=\"https:\/\/www.vivre-covid19.fr\/pharmacie\/medicament\/varicold-gel-flacon-de-50-ml\/#Extrait_de_theier_Camellia_sinensis\" >Extrait de th\u00e9ier (Camellia sinensis)<\/a><\/li><\/ul><\/li><li class='ez-toc-page-1 ez-toc-heading-level-2'><a class=\"ez-toc-link ez-toc-heading-8\" href=\"https:\/\/www.vivre-covid19.fr\/pharmacie\/medicament\/varicold-gel-flacon-de-50-ml\/#Notice_%E2%80%93_Informations_pour_le_patient\" >Notice \u2013 Informations pour le patient<\/a><ul class='ez-toc-list-level-3' ><li class='ez-toc-heading-level-3'><a class=\"ez-toc-link ez-toc-heading-9\" href=\"https:\/\/www.vivre-covid19.fr\/pharmacie\/medicament\/varicold-gel-flacon-de-50-ml\/#Nom_du_medicament\" >Nom du m\u00e9dicament<\/a><\/li><li class='ez-toc-page-1 ez-toc-heading-level-3'><a class=\"ez-toc-link ez-toc-heading-10\" href=\"https:\/\/www.vivre-covid19.fr\/pharmacie\/medicament\/varicold-gel-flacon-de-50-ml\/#Forme_pharmaceutique_et_presentation\" >Forme pharmaceutique et pr\u00e9sentation<\/a><\/li><li class='ez-toc-page-1 ez-toc-heading-level-3'><a class=\"ez-toc-link ez-toc-heading-11\" href=\"https:\/\/www.vivre-covid19.fr\/pharmacie\/medicament\/varicold-gel-flacon-de-50-ml\/#Indications_therapeutiques\" >Indications th\u00e9rapeutiques<\/a><\/li><li class='ez-toc-page-1 ez-toc-heading-level-3'><a class=\"ez-toc-link ez-toc-heading-12\" href=\"https:\/\/www.vivre-covid19.fr\/pharmacie\/medicament\/varicold-gel-flacon-de-50-ml\/#Contre-indications\" >Contre-indications<\/a><\/li><li class='ez-toc-page-1 ez-toc-heading-level-3'><a class=\"ez-toc-link ez-toc-heading-13\" href=\"https:\/\/www.vivre-covid19.fr\/pharmacie\/medicament\/varicold-gel-flacon-de-50-ml\/#Effets_indesirables_possibles\" >Effets ind\u00e9sirables possibles<\/a><\/li><li class='ez-toc-page-1 ez-toc-heading-level-3'><a class=\"ez-toc-link ez-toc-heading-14\" href=\"https:\/\/www.vivre-covid19.fr\/pharmacie\/medicament\/varicold-gel-flacon-de-50-ml\/#Interactions_avec_dautres_medicaments\" >Interactions avec d&rsquo;autres m\u00e9dicaments<\/a><\/li><li class='ez-toc-page-1 ez-toc-heading-level-3'><a class=\"ez-toc-link ez-toc-heading-15\" href=\"https:\/\/www.vivre-covid19.fr\/pharmacie\/medicament\/varicold-gel-flacon-de-50-ml\/#Posologie_et_mode_dadministration\" >Posologie et mode d&rsquo;administration<\/a><\/li><li class='ez-toc-page-1 ez-toc-heading-level-3'><a class=\"ez-toc-link ez-toc-heading-16\" href=\"https:\/\/www.vivre-covid19.fr\/pharmacie\/medicament\/varicold-gel-flacon-de-50-ml\/#Duree_du_traitement\" >Dur\u00e9e du traitement<\/a><\/li><li class='ez-toc-page-1 ez-toc-heading-level-3'><a class=\"ez-toc-link ez-toc-heading-17\" href=\"https:\/\/www.vivre-covid19.fr\/pharmacie\/medicament\/varicold-gel-flacon-de-50-ml\/#Mises_en_garde_et_precautions\" >Mises en garde et pr\u00e9cautions<\/a><\/li><li class='ez-toc-page-1 ez-toc-heading-level-3'><a class=\"ez-toc-link ez-toc-heading-18\" href=\"https:\/\/www.vivre-covid19.fr\/pharmacie\/medicament\/varicold-gel-flacon-de-50-ml\/#Surdosage\" >Surdosage<\/a><\/li><li class='ez-toc-page-1 ez-toc-heading-level-3'><a class=\"ez-toc-link ez-toc-heading-19\" href=\"https:\/\/www.vivre-covid19.fr\/pharmacie\/medicament\/varicold-gel-flacon-de-50-ml\/#Date_de_peremption\" >Date de p\u00e9remption<\/a><\/li><li class='ez-toc-page-1 ez-toc-heading-level-3'><a class=\"ez-toc-link ez-toc-heading-20\" href=\"https:\/\/www.vivre-covid19.fr\/pharmacie\/medicament\/varicold-gel-flacon-de-50-ml\/#Conditions_de_conservation\" >Conditions de conservation<\/a><\/li><\/ul><\/li><li class='ez-toc-page-1 ez-toc-heading-level-2'><a class=\"ez-toc-link ez-toc-heading-21\" href=\"https:\/\/www.vivre-covid19.fr\/pharmacie\/medicament\/varicold-gel-flacon-de-50-ml\/#Varicold_%E2%80%93_Avis_Doctissimo_y_compris_negatifs_et_forum_commentaires\" >Varicold \u2013 Avis Doctissimo, y compris n\u00e9gatifs et forum commentaires<\/a><\/li><li class='ez-toc-page-1 ez-toc-heading-level-2'><a class=\"ez-toc-link ez-toc-heading-22\" href=\"https:\/\/www.vivre-covid19.fr\/pharmacie\/medicament\/varicold-gel-flacon-de-50-ml\/#Ou_acheter_Varicold_en_ligne_en_France_Belgique_Suisse_et_Luxembourg_avec_une_livraison_rapide\" >O\u00f9 acheter Varicold en ligne en France, Belgique, Suisse et Luxembourg avec une livraison rapide<\/a><ul class='ez-toc-list-level-3' ><li class='ez-toc-heading-level-3'><a class=\"ez-toc-link ez-toc-heading-23\" href=\"https:\/\/www.vivre-covid19.fr\/pharmacie\/medicament\/varicold-gel-flacon-de-50-ml\/#Prix\" >Prix<\/a><\/li><li class='ez-toc-page-1 ez-toc-heading-level-3'><a class=\"ez-toc-link ez-toc-heading-24\" href=\"https:\/\/www.vivre-covid19.fr\/pharmacie\/medicament\/varicold-gel-flacon-de-50-ml\/#Acheter_a_la_pharmacie\" >Acheter \u00e0 la pharmacie<\/a><\/li><li class='ez-toc-page-1 ez-toc-heading-level-3'><a class=\"ez-toc-link ez-toc-heading-25\" href=\"https:\/\/www.vivre-covid19.fr\/pharmacie\/medicament\/varicold-gel-flacon-de-50-ml\/#Modes_de_paiement_et_de_livraison\" >Modes de paiement et de livraison<\/a><\/li><\/ul><\/li><li class='ez-toc-page-1 ez-toc-heading-level-2'><a class=\"ez-toc-link ez-toc-heading-26\" href=\"https:\/\/www.vivre-covid19.fr\/pharmacie\/medicament\/varicold-gel-flacon-de-50-ml\/#FAQ_Questions_frequentes\" >FAQ : Questions fr\u00e9quentes<\/a><ul class='ez-toc-list-level-3' ><li class='ez-toc-heading-level-3'><a class=\"ez-toc-link ez-toc-heading-27\" href=\"https:\/\/www.vivre-covid19.fr\/pharmacie\/medicament\/varicold-gel-flacon-de-50-ml\/#Quels_sont_les_ingredients_principaux_du_gel_Varicold\" >Quels sont les ingr\u00e9dients principaux du gel Varicold ?<\/a><\/li><li class='ez-toc-page-1 ez-toc-heading-level-3'><a class=\"ez-toc-link ez-toc-heading-28\" href=\"https:\/\/www.vivre-covid19.fr\/pharmacie\/medicament\/varicold-gel-flacon-de-50-ml\/#Comment_le_gel_Varicold_aide-t-il_a_soulager_les_symptomes_des_varices\" >Comment le gel Varicold aide-t-il \u00e0 soulager les sympt\u00f4mes des varices ?<\/a><\/li><li class='ez-toc-page-1 ez-toc-heading-level-3'><a class=\"ez-toc-link ez-toc-heading-29\" href=\"https:\/\/www.vivre-covid19.fr\/pharmacie\/medicament\/varicold-gel-flacon-de-50-ml\/#Est-ce_que_le_gel_Varicold_est_adapte_pour_une_utilisation_quotidienne\" >Est-ce que le gel Varicold est adapt\u00e9 pour une utilisation quotidienne ?<\/a><\/li><li class='ez-toc-page-1 ez-toc-heading-level-3'><a class=\"ez-toc-link ez-toc-heading-30\" href=\"https:\/\/www.vivre-covid19.fr\/pharmacie\/medicament\/varicold-gel-flacon-de-50-ml\/#Combien_de_temps_faut-il_utiliser_le_gel_Varicold_pour_voir_des_resultats\" >Combien de temps faut-il utiliser le gel Varicold pour voir des r\u00e9sultats ?<\/a><\/li><li class='ez-toc-page-1 ez-toc-heading-level-3'><a class=\"ez-toc-link ez-toc-heading-31\" href=\"https:\/\/www.vivre-covid19.fr\/pharmacie\/medicament\/varicold-gel-flacon-de-50-ml\/#Le_gel_Varicold_est-il_sur_pour_une_utilisation_sur_la_peau_sensible\" >Le gel Varicold est-il s\u00fbr pour une utilisation sur la peau sensible ?<\/a><\/li><\/ul><\/li><\/ul><\/nav><\/div>\n<h2><span class=\"ez-toc-section\" id=\"Quest-ce_que_Varicold_et_quelles_sont_ses_indications%E2%80%AF\"><\/span>Qu\u2019est-ce que Varicold et quelles sont ses indications\u202f?<span class=\"ez-toc-section-end\"><\/span><\/h2>\n<p>Varicold est un gel topique con\u00e7u pour soulager et am\u00e9liorer l&#039;apparence des jambes touch\u00e9es par la varicosit\u00e9. Sa formule innovante vise \u00e0 r\u00e9duire la sensation de lourdeur, de fatigue et de gonflement, tout en contribuant \u00e0 renforcer la paroi veineuse. Ce gel est principalement utilis\u00e9 pour traiter les sympt\u00f4mes li\u00e9s \u00e0 la varicose et \u00e0 la congestion veineuse, apportant confort et bien-\u00eatre aux personnes souffrant de ces troubles veineux.<\/p>\n<h2><span class=\"ez-toc-section\" id=\"Indications_therapeutiques_de_Varicold\"><\/span>Indications th\u00e9rapeutiques de Varicold<span class=\"ez-toc-section-end\"><\/span><\/h2>\n<p>Varicold est indiqu\u00e9 principalement pour le traitement des affections veineuses superficielles, telles que la varicosit\u00e9 et la congestion veineuse. Il est recommand\u00e9 en cas de sympt\u00f4mes comme :<\/p>\n<ul>\n<li>La sensation de lourdeur et de fatigue dans les jambes<\/li>\n<li>La sensation de gonflement ou d\u2019\u0153d\u00e8me<\/li>\n<li>La sensation de br\u00fblure ou de picotement<\/li>\n<li>La sensation de pesanteur, surtout en fin de journ\u00e9e ou apr\u00e8s une longue p\u00e9riode debout<\/li>\n<li>Les petites veines dilat\u00e9es ou visibles sous la peau (tel que le r\u00e9seau veineux apparent)<\/li>\n<li>La sensation de jambes chaudes ou de d\u00e9mangeaisons<\/li>\n<\/ul>\n<p>Ce gel aide \u00e0 att\u00e9nuer ces sympt\u00f4mes et \u00e0 am\u00e9liorer la circulation sanguine locale.<\/p>\n<h2><span class=\"ez-toc-section\" id=\"Composition_de_Varicold_principes_actifs_et_autres_composants\"><\/span>Composition de Varicold : principes actifs et autres composants<span class=\"ez-toc-section-end\"><\/span><\/h2>\n<p>Le gel Varicold contient une formule unique et soigneusement \u00e9labor\u00e9e d&#039;ingr\u00e9dients actifs, comprenant notamment l&#039;hydroxy\u00e9thylcellulose et l&#039;extrait de Centella Asiatica. La composition est exempte de substances nocives, ce qui garantit la haute qualit\u00e9 et la s\u00e9curit\u00e9 du produit. Chaque composant a \u00e9t\u00e9 choisi pour ses propri\u00e9t\u00e9s b\u00e9n\u00e9fiques sp\u00e9cifiques, contribuant ainsi \u00e0 une efficacit\u00e9 optimale dans le traitement des troubles veineux.<\/p>\n<h3><span class=\"ez-toc-section\" id=\"Hydroxyethylcellulose\"><\/span>Hydroxy\u00e9thylcellulose<span class=\"ez-toc-section-end\"><\/span><\/h3>\n<p>L&#039;hydroxy\u00e9thylcellulose est un polym\u00e8re synth\u00e9tique d\u00e9riv\u00e9 de la cellulose, une substance naturelle pr\u00e9sente dans les plantes. Elle sert principalement de gelifiant ou de stabilisateur dans les formulations pharmaceutiques et cosm\u00e9tiques. Cette substance est appr\u00e9ci\u00e9e pour sa capacit\u00e9 \u00e0 cr\u00e9er une texture agr\u00e9able, \u00e0 maintenir la stabilit\u00e9 du produit et \u00e0 faciliter son application sur la peau.<\/p>\n<p>Dans le contexte du traitement de la varicosit\u00e9, l&#039;hydroxy\u00e9thylcellulose joue un r\u00f4le de support, permettant une meilleure p\u00e9n\u00e9tration des autres ingr\u00e9dients actifs et assurant une distribution uniforme du gel. Elle contribue \u00e9galement \u00e0 la formation d\u2019un film protecteur l\u00e9ger sur la peau, aidant \u00e0 soulager la sensation de lourdeur et de fatigue dans les jambes en am\u00e9liorant la circulation locale.<\/p>\n<h3><span class=\"ez-toc-section\" id=\"Centella_Asiatica\"><\/span>Centella Asiatica<span class=\"ez-toc-section-end\"><\/span><\/h3>\n<p>La Centella Asiatica, \u00e9galement connue sous le nom de gotu kola, est une plante m\u00e9dicinale traditionnellement utilis\u00e9e dans la m\u00e9decine ayurv\u00e9dique et chinoise. Elle est riche en compos\u00e9s actifs tels que les asiaticosides, qui ont des propri\u00e9t\u00e9s r\u00e9paratrices et r\u00e9g\u00e9n\u00e9ratrices pour la peau. La plante pousse principalement dans les r\u00e9gions tropicales et subtropicales, et ses extraits sont r\u00e9colt\u00e9s pour leurs vertus th\u00e9rapeutiques.<\/p>\n<p>Les \u00e9tudes scientifiques ont d\u00e9montr\u00e9 que la Centella Asiatica poss\u00e8de des propri\u00e9t\u00e9s anti-inflammatoires, antioxydantes et cicatrisantes. Dans le traitement des troubles veineux, ses composants renforcent la paroi veineuse, am\u00e9liorent la circulation sanguine locale et r\u00e9duisent l\u2019inflammation. Ces effets contribuent \u00e0 diminuer la sensation de lourdeur, \u00e0 r\u00e9duire les \u0153d\u00e8mes et \u00e0 apaiser les sympt\u00f4mes associ\u00e9s aux varices et \u00e0 la congestion veineuse.<\/p>\n<h3><span class=\"ez-toc-section\" id=\"Extrait_de_marronnier_dInde_Aesculus_hippocastanum\"><\/span>Extrait de marronnier d\u2019Inde (Aesculus hippocastanum)<span class=\"ez-toc-section-end\"><\/span><\/h3>\n<p>L\u2019extrait de marronnier d\u2019Inde provient des graines du marronnier, un arbre originaire d\u2019Europe et d\u2019Asie occidentale. Ces graines sont riches en compos\u00e9s actifs appel\u00e9s escine, qui ont des propri\u00e9t\u00e9s anti-inflammatoires, anti-\u0153d\u00e9mateuses et veinotoniques. Depuis longtemps, cette plante est utilis\u00e9e dans la m\u00e9decine traditionnelle pour traiter les troubles circulatoires et les probl\u00e8mes veineux.<\/p>\n<p>Des \u00e9tudes scientifiques ont confirm\u00e9 que l\u2019extrait de marronnier d\u2019Inde aide \u00e0 renforcer la paroi des veines, \u00e0 diminuer la perm\u00e9abilit\u00e9 capillaire et \u00e0 r\u00e9duire l\u2019enflure. Son utilisation dans les formulations pour les varices contribue \u00e0 att\u00e9nuer la sensation de lourdeur et de fatigue dans les jambes, \u00e0 diminuer l\u2019apparence des veines apparentes et \u00e0 am\u00e9liorer la circulation sanguine locale. Gr\u00e2ce \u00e0 ses effets, il favorise une meilleure sant\u00e9 veineuse et un soulagement durable des sympt\u00f4mes li\u00e9s \u00e0 la congestion veineuse.<\/p>\n<h3><span class=\"ez-toc-section\" id=\"Extrait_de_theier_Camellia_sinensis\"><\/span>Extrait de th\u00e9ier (Camellia sinensis)<span class=\"ez-toc-section-end\"><\/span><\/h3>\n<p>L\u2019extrait de th\u00e9ier est obtenu \u00e0 partir des feuilles de la plante Camellia sinensis, largement connue pour ses propri\u00e9t\u00e9s antioxydantes et anti-inflammatoires. Originaire d\u2019Asie, cette plante est utilis\u00e9e depuis des mill\u00e9naires dans la m\u00e9decine traditionnelle pour ses vertus th\u00e9rapeutiques. Ses compos\u00e9s actifs, notamment les polyph\u00e9nols, contribuent \u00e0 la protection des cellules contre le stress oxydatif.<\/p>\n<p>Dans le contexte des troubles veineux, l\u2019extrait de th\u00e9ier aide \u00e0 renforcer la paroi vasculaire, \u00e0 r\u00e9duire l\u2019inflammation et \u00e0 am\u00e9liorer la circulation sanguine. Des recherches ont montr\u00e9 qu\u2019il r\u00e9duit la perm\u00e9abilit\u00e9 capillaire, ce qui limite la formation de gonflements et d\u2019\u0153d\u00e8mes, et aide \u00e0 diminuer la sensation de lourdeur et de fatigue dans les jambes. Son action contribue ainsi \u00e0 soulager efficacement les sympt\u00f4mes du varicose et \u00e0 favoriser une meilleure sant\u00e9 veineuse.<\/p>\n<h2><span class=\"ez-toc-section\" id=\"Notice_%E2%80%93_Informations_pour_le_patient\"><\/span>Notice \u2013 Informations pour le patient<span class=\"ez-toc-section-end\"><\/span><\/h2>\n<h3><span class=\"ez-toc-section\" id=\"Nom_du_medicament\"><\/span>Nom du m\u00e9dicament<span class=\"ez-toc-section-end\"><\/span><\/h3>\n<p>Varicold<\/p>\n<h3><span class=\"ez-toc-section\" id=\"Forme_pharmaceutique_et_presentation\"><\/span>Forme pharmaceutique et pr\u00e9sentation<span class=\"ez-toc-section-end\"><\/span><\/h3>\n<p>Gel topique pr\u00e9sent\u00e9 en tube ou flacon, destin\u00e9 \u00e0 une application cutan\u00e9e locale. La pr\u00e9sentation peut varier selon le conditionnement, g\u00e9n\u00e9ralement en formats de 50 ml ou 100 ml.<\/p>\n<h3><span class=\"ez-toc-section\" id=\"Indications_therapeutiques\"><\/span>Indications th\u00e9rapeutiques<span class=\"ez-toc-section-end\"><\/span><\/h3>\n<p>Le gel Varicold est indiqu\u00e9 pour le soulagement des sympt\u00f4mes li\u00e9s aux troubles veineux, notamment la sensation de lourdeur, de fatigue, de gonflement, de br\u00fblures ou de d\u00e9mangeaisons dans les jambes. Il contribue \u00e0 am\u00e9liorer la circulation sanguine locale et \u00e0 r\u00e9duire l\u2019apparence de petites veines dilat\u00e9es, favorisant ainsi le confort et la sant\u00e9 veineuse.<\/p>\n<h3><span class=\"ez-toc-section\" id=\"Contre-indications\"><\/span>Contre-indications<span class=\"ez-toc-section-end\"><\/span><\/h3>\n<p>Hypersensibilit\u00e9 ou allergy connue \u00e0 l\u2019un des composants du produit. En cas de r\u00e9actions allergiques ou d\u2019irritation cutan\u00e9e lors de l\u2019utilisation, il est recommand\u00e9 d\u2019arr\u00eater l\u2019application.<\/p>\n<h3><span class=\"ez-toc-section\" id=\"Effets_indesirables_possibles\"><\/span>Effets ind\u00e9sirables possibles<span class=\"ez-toc-section-end\"><\/span><\/h3>\n<p>Les r\u00e9actions allergiques localis\u00e9es, telles que rougeurs, d\u00e9mangeaisons, ou gonflements, peuvent survenir. En cas de r\u00e9action allergique, l\u2019utilisation doit \u00eatre interrompue et un professionnel de sant\u00e9 doit \u00eatre consult\u00e9.<\/p>\n<h3><span class=\"ez-toc-section\" id=\"Interactions_avec_dautres_medicaments\"><\/span>Interactions avec d&rsquo;autres m\u00e9dicaments<span class=\"ez-toc-section-end\"><\/span><\/h3>\n<p>Le gel peut \u00eatre utilis\u00e9 en association avec d\u2019autres traitements locaux ou syst\u00e9miques, sauf en cas de r\u00e9action allergique ou d\u2019interactions sp\u00e9cifiques. Il n\u2019est pas recommand\u00e9 de l\u2019utiliser en m\u00eame temps que de l\u2019alcool ou des produits irritants pour la peau.<\/p>\n<h3><span class=\"ez-toc-section\" id=\"Posologie_et_mode_dadministration\"><\/span>Posologie et mode d&rsquo;administration<span class=\"ez-toc-section-end\"><\/span><\/h3>\n<p>Appliquer une fine couche de gel sur la zone affect\u00e9e, en massant doucement jusqu\u2019\u00e0 absorption compl\u00e8te. La fr\u00e9quence d\u2019application recommand\u00e9e est g\u00e9n\u00e9ralement de 2 \u00e0 3 fois par jour, selon les indications ou la gravit\u00e9 des sympt\u00f4mes. Se laver les mains apr\u00e8s chaque application.<\/p>\n<h3><span class=\"ez-toc-section\" id=\"Duree_du_traitement\"><\/span>Dur\u00e9e du traitement<span class=\"ez-toc-section-end\"><\/span><\/h3>\n<p>La dur\u00e9e du traitement doit \u00eatre d\u00e9termin\u00e9e en fonction de l\u2019\u00e9volution des sympt\u00f4mes. En cas d\u2019absence d\u2019am\u00e9lioration apr\u00e8s 14 jours d\u2019utilisation, il est conseill\u00e9 de consulter un professionnel de sant\u00e9.<\/p>\n<h3><span class=\"ez-toc-section\" id=\"Mises_en_garde_et_precautions\"><\/span>Mises en garde et pr\u00e9cautions<span class=\"ez-toc-section-end\"><\/span><\/h3>\n<p>Aucune pr\u00e9caution particuli\u00e8re n\u2019est requise. Le produit n\u2019est pas destin\u00e9 aux personnes de moins de 18 ans. \u00c9viter le contact avec les yeux, les muqueuses ou les plaies ouvertes.<\/p>\n<h3><span class=\"ez-toc-section\" id=\"Surdosage\"><\/span>Surdosage<span class=\"ez-toc-section-end\"><\/span><\/h3>\n<p>Respecter la posologie recommand\u00e9e. En cas d\u2019application excessive ou accidentelle, rincer abondamment \u00e0 l\u2019eau. Aucun signe de surdosage sp\u00e9cifique n\u2019est connu pour ce type de traitement topique.<\/p>\n<h3><span class=\"ez-toc-section\" id=\"Date_de_peremption\"><\/span>Date de p\u00e9remption<span class=\"ez-toc-section-end\"><\/span><\/h3>\n<p>\u00c0 utiliser avant la date figurant sur l\u2019emballage. Ne pas utiliser un produit dont la date de p\u00e9remption est d\u00e9pass\u00e9e.<\/p>\n<h3><span class=\"ez-toc-section\" id=\"Conditions_de_conservation\"><\/span>Conditions de conservation<span class=\"ez-toc-section-end\"><\/span><\/h3>\n<p>Conserver \u00e0 temp\u00e9rature ambiante, ne d\u00e9passant pas 25\u202f\u00b0C, dans un endroit sec, \u00e0 l\u2019abri de la lumi\u00e8re. Tenir hors de la port\u00e9e des enfants.<\/p>\n<h2><span class=\"ez-toc-section\" id=\"Varicold_%E2%80%93_Avis_Doctissimo_y_compris_negatifs_et_forum_commentaires\"><\/span>Varicold \u2013 Avis Doctissimo, y compris n\u00e9gatifs et forum commentaires<span class=\"ez-toc-section-end\"><\/span><\/h2>\n<p>Les retours des utilisateurs sur Varicold sont vari\u00e9s, mais la majorit\u00e9 des avis restent positifs. Beaucoup de personnes soulignent une am\u00e9lioration notable de la sensation de lourdeur et de fatigue dans les jambes apr\u00e8s quelques applications, appr\u00e9ciant \u00e9galement la texture agr\u00e9able du gel et sa facilit\u00e9 d\u2019utilisation. Sur les forums, plusieurs t\u00e9moignages \u00e9voquent une r\u00e9duction visible des petits vaisseaux et une sensation de confort accrue, renfor\u00e7ant la confiance dans ce traitement topique pour la gestion des sympt\u00f4mes veineux.<\/p>\n<p>Cependant, certains utilisateurs partagent des exp\u00e9riences moins favorables, mentionnant qu\u2019ils n\u2019ont pas constat\u00e9 d\u2019effets significatifs ou que le produit n\u2019a pas r\u00e9pondu \u00e0 leurs attentes. Quelques critiques concernent \u00e9galement la sensation de fra\u00eecheur ou d\u2019irritation cutan\u00e9e chez les personnes \u00e0 peau sensible. Malgr\u00e9 ces avis n\u00e9gatifs, ils restent minoritaires par rapport aux nombreux t\u00e9moignages positifs, qui soulignent l\u2019efficacit\u00e9 du gel dans le soulagement des sympt\u00f4mes li\u00e9s \u00e0 la congestion veineuse.<\/p>\n<h2><span class=\"ez-toc-section\" id=\"Ou_acheter_Varicold_en_ligne_en_France_Belgique_Suisse_et_Luxembourg_avec_une_livraison_rapide\"><\/span>O\u00f9 acheter Varicold en ligne en France, Belgique, Suisse et Luxembourg avec une livraison rapide<span class=\"ez-toc-section-end\"><\/span><\/h2>\n<p>Varicold est disponible exclusivement \u00e0 l\u2019achat dans notre pharmacie en ligne &quot;Pharmacie Vivre Sainement&quot;. Nous avons un contrat direct avec le fabricant, ce qui nous permet d\u2019assurer l\u2019authenticit\u00e9 de chaque produit. En tant que partenaire officiel, nous garantissons une livraison rapide et fiable dans toute la France, la Belgique, la Suisse et le Luxembourg.<\/p>\n<h3><span class=\"ez-toc-section\" id=\"Prix\"><\/span>Prix<span class=\"ez-toc-section-end\"><\/span><\/h3>\n<p>Le prix de Varicold est fix\u00e9 \u00e0 39 euros en France, en Suisse, en Belgique et au Luxembourg. Actuellement, nous proposons des remises sp\u00e9ciales allant de 30% \u00e0 50% sur votre premi\u00e8re commande, pour vous permettre de d\u00e9couvrir efficacement ce gel \u00e0 un tarif avantageux.<\/p>\n<h3><span class=\"ez-toc-section\" id=\"Acheter_a_la_pharmacie\"><\/span>Acheter \u00e0 la pharmacie<span class=\"ez-toc-section-end\"><\/span><\/h3>\n<p>Vous pouvez acheter le m\u00e9dicament Varicold sans ordonnance via notre pharmacie en ligne \u00ab\u00a0Vivre Sainement\u00a0\u00bb. Il est important de noter que ce produit ne peut pas \u00eatre achet\u00e9 dans les pharmacies en ligne ou r\u00e9seaux de pharmacies comme Atida, DocMorris, DM ou Pharma GDD, car il est actuellement disponible en quantit\u00e9 limit\u00e9e dans certaines pharmacies s\u00e9lectionn\u00e9es. Nous d\u00e9conseillons \u00e9galement les achats sur les marketplaces comme Amazon ou dans les magasins Carrefour, car il existe un risque d\u2019acquisition de produits contrefaits.<\/p>\n<h3><span class=\"ez-toc-section\" id=\"Modes_de_paiement_et_de_livraison\"><\/span>Modes de paiement et de livraison<span class=\"ez-toc-section-end\"><\/span><\/h3>\n<p>La livraison se fait par des services de courier \u00e0 travers toute l\u2019Europe, y compris en France, en Suisse, en Belgique et au Luxembourg. Pour votre confort et votre s\u00e9curit\u00e9, vous pouvez r\u00e9gler votre commande \u00e0 la livraison, par carte bancaire, Apple Pay ou Google Pay. La livraison est rapide et fiable, garantissant la r\u00e9ception de votre commande dans les meilleurs d\u00e9lais.<\/p>\n<h2><span class=\"ez-toc-section\" id=\"FAQ_Questions_frequentes\"><\/span>FAQ : Questions fr\u00e9quentes<span class=\"ez-toc-section-end\"><\/span><\/h2>\n<div class=\"wp-faq-schema-wrap wp-faq-schema-accordion\">\n<div class=\"wp-faq-schema-items ui-accordion ui-widget ui-helper-reset\" role=\"tablist\">\n<h3 class=\"ui-accordion-header ui-corner-top ui-state-default ui-accordion-icons\" role=\"tab\" id=\"ui-id-1\" aria-controls=\"ui-id-2\" aria-expanded=\"false\"><span class=\"ez-toc-section\" id=\"Quels_sont_les_ingredients_principaux_du_gel_Varicold\"><\/span>\n  Quels sont les ingr\u00e9dients principaux du gel Varicold ?<br \/>\n  <span class=\"ez-toc-section-end\"><\/span><\/h3>\n<div class=\"ui-accordion-content ui-corner-bottom ui-helper-reset ui-widget-content\" id=\"ui-id-2\" aria-labelledby=\"ui-id-1\" role=\"tabpanel\" aria-hidden=\"true\">\n<p>Le gel Varicold contient de l&rsquo;hydroxy\u00e9thylcellulose, de l&rsquo;extrait de Centella Asiatica, de l&rsquo;extrait de marronnier d&rsquo;Inde et de l&rsquo;extrait de camellia.<\/p>\n<\/p><\/div>\n<h3 class=\"ui-accordion-header ui-corner-top ui-state-default ui-accordion-icons\" role=\"tab\" id=\"ui-id-3\" aria-controls=\"ui-id-4\" aria-expanded=\"false\"><span class=\"ez-toc-section\" id=\"Comment_le_gel_Varicold_aide-t-il_a_soulager_les_symptomes_des_varices\"><\/span>\n  Comment le gel Varicold aide-t-il \u00e0 soulager les sympt\u00f4mes des varices ?<br \/>\n  <span class=\"ez-toc-section-end\"><\/span><\/h3>\n<div class=\"ui-accordion-content ui-corner-bottom ui-helper-reset ui-widget-content\" id=\"ui-id-4\" aria-labelledby=\"ui-id-3\" role=\"tabpanel\" aria-hidden=\"true\">\n<p>Le gel Varicold aide \u00e0 r\u00e9duire l&rsquo;inflammation, \u00e0 renforcer la paroi veineuse et \u00e0 am\u00e9liorer la circulation sanguine, ce qui soulage les douleurs et la sensation de lourdeur dans les jambes.<\/p>\n<\/p><\/div>\n<h3 class=\"ui-accordion-header ui-corner-top ui-state-default ui-accordion-icons\" role=\"tab\" id=\"ui-id-5\" aria-controls=\"ui-id-6\" aria-expanded=\"false\"><span class=\"ez-toc-section\" id=\"Est-ce_que_le_gel_Varicold_est_adapte_pour_une_utilisation_quotidienne\"><\/span>\n  Est-ce que le gel Varicold est adapt\u00e9 pour une utilisation quotidienne ?<br \/>\n  <span class=\"ez-toc-section-end\"><\/span><\/h3>\n<div class=\"ui-accordion-content ui-corner-bottom ui-helper-reset ui-widget-content\" id=\"ui-id-6\" aria-labelledby=\"ui-id-5\" role=\"tabpanel\" aria-hidden=\"true\">\n<p>Oui, il peut \u00eatre utilis\u00e9 tous les jours pour aider \u00e0 pr\u00e9venir et \u00e0 r\u00e9duire les sympt\u00f4mes li\u00e9s aux varices, en suivant les recommandations d&rsquo;utilisation.<\/p>\n<\/p><\/div>\n<h3 class=\"ui-accordion-header ui-corner-top ui-state-default ui-accordion-icons\" role=\"tab\" id=\"ui-id-7\" aria-controls=\"ui-id-8\" aria-expanded=\"false\"><span class=\"ez-toc-section\" id=\"Combien_de_temps_faut-il_utiliser_le_gel_Varicold_pour_voir_des_resultats\"><\/span>\n  Combien de temps faut-il utiliser le gel Varicold pour voir des r\u00e9sultats ?<br \/>\n  <span class=\"ez-toc-section-end\"><\/span><\/h3>\n<div class=\"ui-accordion-content ui-corner-bottom ui-helper-reset ui-widget-content\" id=\"ui-id-8\" aria-labelledby=\"ui-id-7\" role=\"tabpanel\" aria-hidden=\"true\">\n<p>La plupart des utilisateurs commencent \u00e0 remarquer une am\u00e9lioration apr\u00e8s quelques semaines d&rsquo;utilisation r\u00e9guli\u00e8re, mais cela peut varier en fonction de la gravit\u00e9 des varices.<\/p>\n<\/p><\/div>\n<h3 class=\"ui-accordion-header ui-corner-top ui-state-default ui-accordion-icons\" role=\"tab\" id=\"ui-id-9\" aria-controls=\"ui-id-10\" aria-expanded=\"false\"><span class=\"ez-toc-section\" id=\"Le_gel_Varicold_est-il_sur_pour_une_utilisation_sur_la_peau_sensible\"><\/span>\n  Le gel Varicold est-il s\u00fbr pour une utilisation sur la peau sensible ?<br \/>\n  <span class=\"ez-toc-section-end\"><\/span><\/h3>\n<div class=\"ui-accordion-content ui-corner-bottom ui-helper-reset ui-widget-content\" id=\"ui-id-10\" aria-labelledby=\"ui-id-9\" role=\"tabpanel\" aria-hidden=\"true\">\n<p>Oui, le gel est formul\u00e9 pour \u00eatre doux et convient g\u00e9n\u00e9ralement aux peaux sensibles, mais il est toujours conseill\u00e9 de faire un test sur une petite zone avant une utilisation plus \u00e9tendue.<\/p>\n<\/p><\/div>\n<\/div>\n<\/div>\n","protected":false},"excerpt":{"rendered":"<p>Qu\u2019est-ce que Varicold et quelles sont ses indications\u202f? Varicold est un gel topique con\u00e7u pour soulager et am\u00e9liorer l&#039;apparence des [&hellip;]<\/p>\n","protected":false},"featured_media":951,"comment_status":"open","ping_status":"closed","template":"","meta":{"site-sidebar-layout":"default","site-content-layout":"","ast-site-content-layout":"default","site-content-style":"default","site-sidebar-style":"default","ast-global-header-display":"","ast-banner-title-visibility":"","ast-main-header-display":"","ast-hfb-above-header-display":"","ast-hfb-below-header-display":"","ast-hfb-mobile-header-display":"","site-post-title":"","ast-breadcrumbs-content":"","ast-featured-img":"","footer-sml-layout":"","ast-disable-related-posts":"","theme-transparent-header-meta":"","adv-header-id-meta":"","stick-header-meta":"","header-above-stick-meta":"","header-main-stick-meta":"","header-below-stick-meta":"","astra-migrate-meta-layouts":"default","ast-page-background-enabled":"default","ast-page-background-meta":{"desktop":{"background-color":"var(--ast-global-color-5)","background-image":"","background-repeat":"repeat","background-position":"center center","background-size":"auto","background-attachment":"scroll","background-type":"","background-media":"","overlay-type":"","overlay-color":"","overlay-opacity":"","overlay-gradient":""},"tablet":{"background-color":"","background-image":"","background-repeat":"repeat","background-position":"center center","background-size":"auto","background-attachment":"scroll","background-type":"","background-media":"","overlay-type":"","overlay-color":"","overlay-opacity":"","overlay-gradient":""},"mobile":{"background-color":"","background-image":"","background-repeat":"repeat","background-position":"center center","background-size":"auto","background-attachment":"scroll","background-type":"","background-media":"","overlay-type":"","overlay-color":"","overlay-opacity":"","overlay-gradient":""}},"ast-content-background-meta":{"desktop":{"background-color":"var(--ast-global-color-4)","background-image":"","background-repeat":"repeat","background-position":"center center","background-size":"auto","background-attachment":"scroll","background-type":"","background-media":"","overlay-type":"","overlay-color":"","overlay-opacity":"","overlay-gradient":""},"tablet":{"background-color":"var(--ast-global-color-4)","background-image":"","background-repeat":"repeat","background-position":"center center","background-size":"auto","background-attachment":"scroll","background-type":"","background-media":"","overlay-type":"","overlay-color":"","overlay-opacity":"","overlay-gradient":""},"mobile":{"background-color":"var(--ast-global-color-4)","background-image":"","background-repeat":"repeat","background-position":"center center","background-size":"auto","background-attachment":"scroll","background-type":"","background-media":"","overlay-type":"","overlay-color":"","overlay-opacity":"","overlay-gradient":""}}},"product_brand":[],"product_cat":[15],"product_tag":[],"class_list":{"0":"post-952","1":"product","2":"type-product","3":"status-publish","4":"has-post-thumbnail","6":"product_cat-bien-etre-et-sante-globale","7":"desktop-align-left","8":"tablet-align-left","9":"mobile-align-left","11":"first","12":"instock","13":"sale","14":"shipping-taxable","15":"product-type-external"},"yoast_head":"<!-- This site is optimized with the Yoast SEO plugin v27.5 - https:\/\/yoast.com\/product\/yoast-seo-wordpress\/ -->\n<title>Varicold \u2013 Prix, Notice, Composition et Avis Doctissimo \u2764\ufe0f Pharmacie Vivre Sainement<\/title>\n<meta name=\"description\" content=\"\u274c Varicold gel - D\u00e9couvrez sa composition, son prix, les avis (positifs et n\u00e9gatifs), et o\u00f9 l\u2019acheter en toute s\u00e9curit\u00e9 en pharmacie en ligne. Est-ce un produit fiable ou une arnaque ?\" \/>\n<meta name=\"robots\" content=\"index, follow, max-snippet:-1, max-image-preview:large, max-video-preview:-1\" \/>\n<link rel=\"canonical\" href=\"https:\/\/www.vivre-covid19.fr\/pharmacie\/medicament\/varicold-gel-flacon-de-50-ml\/\" \/>\n<meta property=\"og:locale\" content=\"fr_FR\" \/>\n<meta property=\"og:type\" content=\"article\" \/>\n<meta property=\"og:title\" content=\"Varicold \u2013 Prix, Notice, Composition et Avis Doctissimo \u2764\ufe0f Pharmacie Vivre Sainement\" \/>\n<meta property=\"og:description\" content=\"\u274c Varicold gel - D\u00e9couvrez sa composition, son prix, les avis (positifs et n\u00e9gatifs), et o\u00f9 l\u2019acheter en toute s\u00e9curit\u00e9 en pharmacie en ligne. Est-ce un produit fiable ou une arnaque ?\" \/>\n<meta property=\"og:url\" content=\"https:\/\/www.vivre-covid19.fr\/pharmacie\/medicament\/varicold-gel-flacon-de-50-ml\/\" \/>\n<meta property=\"og:site_name\" content=\"Pharmacie Vivre Sainement\" \/>\n<meta property=\"article:modified_time\" content=\"2025-09-24T14:44:56+00:00\" \/>\n<meta property=\"og:image\" content=\"https:\/\/www.vivre-covid19.fr\/pharmacie\/wp-content\/uploads\/2025\/09\/varicold.webp\" \/>\n\t<meta property=\"og:image:width\" content=\"600\" \/>\n\t<meta property=\"og:image:height\" content=\"600\" \/>\n\t<meta property=\"og:image:type\" content=\"image\/webp\" \/>\n<meta name=\"twitter:card\" content=\"summary_large_image\" \/>\n<meta name=\"twitter:label1\" content=\"Dur\u00e9e de lecture estim\u00e9e\" \/>\n\t<meta name=\"twitter:data1\" content=\"10 minutes\" \/>\n<script type=\"application\/ld+json\" class=\"yoast-schema-graph\">{\"@context\":\"https:\\\/\\\/schema.org\",\"@graph\":[{\"@type\":\"WebPage\",\"@id\":\"https:\\\/\\\/www.vivre-covid19.fr\\\/pharmacie\\\/medicament\\\/varicold-gel-flacon-de-50-ml\\\/\",\"url\":\"https:\\\/\\\/www.vivre-covid19.fr\\\/pharmacie\\\/medicament\\\/varicold-gel-flacon-de-50-ml\\\/\",\"name\":\"Varicold \u2013 Prix, Notice, Composition et Avis Doctissimo \u2764\ufe0f Pharmacie Vivre Sainement\",\"isPartOf\":{\"@id\":\"https:\\\/\\\/www.vivre-covid19.fr\\\/pharmacie\\\/#website\"},\"primaryImageOfPage\":{\"@id\":\"https:\\\/\\\/www.vivre-covid19.fr\\\/pharmacie\\\/medicament\\\/varicold-gel-flacon-de-50-ml\\\/#primaryimage\"},\"image\":{\"@id\":\"https:\\\/\\\/www.vivre-covid19.fr\\\/pharmacie\\\/medicament\\\/varicold-gel-flacon-de-50-ml\\\/#primaryimage\"},\"thumbnailUrl\":\"https:\\\/\\\/www.vivre-covid19.fr\\\/pharmacie\\\/wp-content\\\/uploads\\\/2025\\\/09\\\/varicold.webp\",\"datePublished\":\"2025-09-24T14:44:44+00:00\",\"dateModified\":\"2025-09-24T14:44:56+00:00\",\"description\":\"\u274c Varicold gel - D\u00e9couvrez sa composition, son prix, les avis (positifs et n\u00e9gatifs), et o\u00f9 l\u2019acheter en toute s\u00e9curit\u00e9 en pharmacie en ligne. Est-ce un produit fiable ou une arnaque ?\",\"breadcrumb\":{\"@id\":\"https:\\\/\\\/www.vivre-covid19.fr\\\/pharmacie\\\/medicament\\\/varicold-gel-flacon-de-50-ml\\\/#breadcrumb\"},\"inLanguage\":\"fr-FR\",\"potentialAction\":[{\"@type\":\"ReadAction\",\"target\":[\"https:\\\/\\\/www.vivre-covid19.fr\\\/pharmacie\\\/medicament\\\/varicold-gel-flacon-de-50-ml\\\/\"]}]},{\"@type\":\"ImageObject\",\"inLanguage\":\"fr-FR\",\"@id\":\"https:\\\/\\\/www.vivre-covid19.fr\\\/pharmacie\\\/medicament\\\/varicold-gel-flacon-de-50-ml\\\/#primaryimage\",\"url\":\"https:\\\/\\\/www.vivre-covid19.fr\\\/pharmacie\\\/wp-content\\\/uploads\\\/2025\\\/09\\\/varicold.webp\",\"contentUrl\":\"https:\\\/\\\/www.vivre-covid19.fr\\\/pharmacie\\\/wp-content\\\/uploads\\\/2025\\\/09\\\/varicold.webp\",\"width\":600,\"height\":600},{\"@type\":\"BreadcrumbList\",\"@id\":\"https:\\\/\\\/www.vivre-covid19.fr\\\/pharmacie\\\/medicament\\\/varicold-gel-flacon-de-50-ml\\\/#breadcrumb\",\"itemListElement\":[{\"@type\":\"ListItem\",\"position\":1,\"name\":\"\u0413\u043b\u0430\u0432\u043d\u0430\u044f \u0441\u0442\u0440\u0430\u043d\u0438\u0446\u0430\",\"item\":\"https:\\\/\\\/www.vivre-covid19.fr\\\/pharmacie\\\/\"},{\"@type\":\"ListItem\",\"position\":2,\"name\":\"Pharmacie Vivre Sainement\",\"item\":\"https:\\\/\\\/www.vivre-covid19.fr\\\/pharmacie\\\/\"},{\"@type\":\"ListItem\",\"position\":3,\"name\":\"Varicold gel, flacon de 50 ml\"}]},{\"@type\":\"WebSite\",\"@id\":\"https:\\\/\\\/www.vivre-covid19.fr\\\/pharmacie\\\/#website\",\"url\":\"https:\\\/\\\/www.vivre-covid19.fr\\\/pharmacie\\\/\",\"name\":\"Pharmacie Vivre Sainement\",\"description\":\"\",\"publisher\":{\"@id\":\"https:\\\/\\\/www.vivre-covid19.fr\\\/pharmacie\\\/#organization\"},\"potentialAction\":[{\"@type\":\"SearchAction\",\"target\":{\"@type\":\"EntryPoint\",\"urlTemplate\":\"https:\\\/\\\/www.vivre-covid19.fr\\\/pharmacie\\\/?s={search_term_string}\"},\"query-input\":{\"@type\":\"PropertyValueSpecification\",\"valueRequired\":true,\"valueName\":\"search_term_string\"}}],\"inLanguage\":\"fr-FR\"},{\"@type\":\"Organization\",\"@id\":\"https:\\\/\\\/www.vivre-covid19.fr\\\/pharmacie\\\/#organization\",\"name\":\"Pharmacie Vivre Sainement\",\"url\":\"https:\\\/\\\/www.vivre-covid19.fr\\\/pharmacie\\\/\",\"logo\":{\"@type\":\"ImageObject\",\"inLanguage\":\"fr-FR\",\"@id\":\"https:\\\/\\\/www.vivre-covid19.fr\\\/pharmacie\\\/#\\\/schema\\\/logo\\\/image\\\/\",\"url\":\"https:\\\/\\\/www.vivre-covid19.fr\\\/pharmacie\\\/wp-content\\\/uploads\\\/2025\\\/05\\\/farmacia.png\",\"contentUrl\":\"https:\\\/\\\/www.vivre-covid19.fr\\\/pharmacie\\\/wp-content\\\/uploads\\\/2025\\\/05\\\/farmacia.png\",\"width\":1151,\"height\":1280,\"caption\":\"Pharmacie Vivre Sainement\"},\"image\":{\"@id\":\"https:\\\/\\\/www.vivre-covid19.fr\\\/pharmacie\\\/#\\\/schema\\\/logo\\\/image\\\/\"}}]}<\/script>\n<!-- \/ Yoast SEO plugin. -->","yoast_head_json":{"title":"Varicold \u2013 Prix, Notice, Composition et Avis Doctissimo \u2764\ufe0f Pharmacie Vivre Sainement","description":"\u274c Varicold gel - D\u00e9couvrez sa composition, son prix, les avis (positifs et n\u00e9gatifs), et o\u00f9 l\u2019acheter en toute s\u00e9curit\u00e9 en pharmacie en ligne. Est-ce un produit fiable ou une arnaque ?","robots":{"index":"index","follow":"follow","max-snippet":"max-snippet:-1","max-image-preview":"max-image-preview:large","max-video-preview":"max-video-preview:-1"},"canonical":"https:\/\/www.vivre-covid19.fr\/pharmacie\/medicament\/varicold-gel-flacon-de-50-ml\/","og_locale":"fr_FR","og_type":"article","og_title":"Varicold \u2013 Prix, Notice, Composition et Avis Doctissimo \u2764\ufe0f Pharmacie Vivre Sainement","og_description":"\u274c Varicold gel - D\u00e9couvrez sa composition, son prix, les avis (positifs et n\u00e9gatifs), et o\u00f9 l\u2019acheter en toute s\u00e9curit\u00e9 en pharmacie en ligne. Est-ce un produit fiable ou une arnaque ?","og_url":"https:\/\/www.vivre-covid19.fr\/pharmacie\/medicament\/varicold-gel-flacon-de-50-ml\/","og_site_name":"Pharmacie Vivre Sainement","article_modified_time":"2025-09-24T14:44:56+00:00","og_image":[{"width":600,"height":600,"url":"https:\/\/www.vivre-covid19.fr\/pharmacie\/wp-content\/uploads\/2025\/09\/varicold.webp","type":"image\/webp"}],"twitter_card":"summary_large_image","twitter_misc":{"Dur\u00e9e de lecture estim\u00e9e":"10 minutes"},"schema":{"@context":"https:\/\/schema.org","@graph":[{"@type":"WebPage","@id":"https:\/\/www.vivre-covid19.fr\/pharmacie\/medicament\/varicold-gel-flacon-de-50-ml\/","url":"https:\/\/www.vivre-covid19.fr\/pharmacie\/medicament\/varicold-gel-flacon-de-50-ml\/","name":"Varicold \u2013 Prix, Notice, Composition et Avis Doctissimo \u2764\ufe0f Pharmacie Vivre Sainement","isPartOf":{"@id":"https:\/\/www.vivre-covid19.fr\/pharmacie\/#website"},"primaryImageOfPage":{"@id":"https:\/\/www.vivre-covid19.fr\/pharmacie\/medicament\/varicold-gel-flacon-de-50-ml\/#primaryimage"},"image":{"@id":"https:\/\/www.vivre-covid19.fr\/pharmacie\/medicament\/varicold-gel-flacon-de-50-ml\/#primaryimage"},"thumbnailUrl":"https:\/\/www.vivre-covid19.fr\/pharmacie\/wp-content\/uploads\/2025\/09\/varicold.webp","datePublished":"2025-09-24T14:44:44+00:00","dateModified":"2025-09-24T14:44:56+00:00","description":"\u274c Varicold gel - D\u00e9couvrez sa composition, son prix, les avis (positifs et n\u00e9gatifs), et o\u00f9 l\u2019acheter en toute s\u00e9curit\u00e9 en pharmacie en ligne. Est-ce un produit fiable ou une arnaque ?","breadcrumb":{"@id":"https:\/\/www.vivre-covid19.fr\/pharmacie\/medicament\/varicold-gel-flacon-de-50-ml\/#breadcrumb"},"inLanguage":"fr-FR","potentialAction":[{"@type":"ReadAction","target":["https:\/\/www.vivre-covid19.fr\/pharmacie\/medicament\/varicold-gel-flacon-de-50-ml\/"]}]},{"@type":"ImageObject","inLanguage":"fr-FR","@id":"https:\/\/www.vivre-covid19.fr\/pharmacie\/medicament\/varicold-gel-flacon-de-50-ml\/#primaryimage","url":"https:\/\/www.vivre-covid19.fr\/pharmacie\/wp-content\/uploads\/2025\/09\/varicold.webp","contentUrl":"https:\/\/www.vivre-covid19.fr\/pharmacie\/wp-content\/uploads\/2025\/09\/varicold.webp","width":600,"height":600},{"@type":"BreadcrumbList","@id":"https:\/\/www.vivre-covid19.fr\/pharmacie\/medicament\/varicold-gel-flacon-de-50-ml\/#breadcrumb","itemListElement":[{"@type":"ListItem","position":1,"name":"\u0413\u043b\u0430\u0432\u043d\u0430\u044f \u0441\u0442\u0440\u0430\u043d\u0438\u0446\u0430","item":"https:\/\/www.vivre-covid19.fr\/pharmacie\/"},{"@type":"ListItem","position":2,"name":"Pharmacie Vivre Sainement","item":"https:\/\/www.vivre-covid19.fr\/pharmacie\/"},{"@type":"ListItem","position":3,"name":"Varicold gel, flacon de 50 ml"}]},{"@type":"WebSite","@id":"https:\/\/www.vivre-covid19.fr\/pharmacie\/#website","url":"https:\/\/www.vivre-covid19.fr\/pharmacie\/","name":"Pharmacie Vivre Sainement","description":"","publisher":{"@id":"https:\/\/www.vivre-covid19.fr\/pharmacie\/#organization"},"potentialAction":[{"@type":"SearchAction","target":{"@type":"EntryPoint","urlTemplate":"https:\/\/www.vivre-covid19.fr\/pharmacie\/?s={search_term_string}"},"query-input":{"@type":"PropertyValueSpecification","valueRequired":true,"valueName":"search_term_string"}}],"inLanguage":"fr-FR"},{"@type":"Organization","@id":"https:\/\/www.vivre-covid19.fr\/pharmacie\/#organization","name":"Pharmacie Vivre Sainement","url":"https:\/\/www.vivre-covid19.fr\/pharmacie\/","logo":{"@type":"ImageObject","inLanguage":"fr-FR","@id":"https:\/\/www.vivre-covid19.fr\/pharmacie\/#\/schema\/logo\/image\/","url":"https:\/\/www.vivre-covid19.fr\/pharmacie\/wp-content\/uploads\/2025\/05\/farmacia.png","contentUrl":"https:\/\/www.vivre-covid19.fr\/pharmacie\/wp-content\/uploads\/2025\/05\/farmacia.png","width":1151,"height":1280,"caption":"Pharmacie Vivre Sainement"},"image":{"@id":"https:\/\/www.vivre-covid19.fr\/pharmacie\/#\/schema\/logo\/image\/"}}]}},"_links":{"self":[{"href":"https:\/\/www.vivre-covid19.fr\/pharmacie\/wp-json\/wp\/v2\/product\/952","targetHints":{"allow":["GET"]}}],"collection":[{"href":"https:\/\/www.vivre-covid19.fr\/pharmacie\/wp-json\/wp\/v2\/product"}],"about":[{"href":"https:\/\/www.vivre-covid19.fr\/pharmacie\/wp-json\/wp\/v2\/types\/product"}],"replies":[{"embeddable":true,"href":"https:\/\/www.vivre-covid19.fr\/pharmacie\/wp-json\/wp\/v2\/comments?post=952"}],"wp:featuredmedia":[{"embeddable":true,"href":"https:\/\/www.vivre-covid19.fr\/pharmacie\/wp-json\/wp\/v2\/media\/951"}],"wp:attachment":[{"href":"https:\/\/www.vivre-covid19.fr\/pharmacie\/wp-json\/wp\/v2\/media?parent=952"}],"wp:term":[{"taxonomy":"product_brand","embeddable":true,"href":"https:\/\/www.vivre-covid19.fr\/pharmacie\/wp-json\/wp\/v2\/product_brand?post=952"},{"taxonomy":"product_cat","embeddable":true,"href":"https:\/\/www.vivre-covid19.fr\/pharmacie\/wp-json\/wp\/v2\/product_cat?post=952"},{"taxonomy":"product_tag","embeddable":true,"href":"https:\/\/www.vivre-covid19.fr\/pharmacie\/wp-json\/wp\/v2\/product_tag?post=952"}],"curies":[{"name":"wp","href":"https:\/\/api.w.org\/{rel}","templated":true}]}}